{"id":1245,"date":"2020-06-30T09:35:58","date_gmt":"2020-06-30T07:35:58","guid":{"rendered":"https:\/\/maisondoramaar.org\/events\/salon-virtuel-avec-la-poete-katheleen-winter\/"},"modified":"2020-07-24T15:54:33","modified_gmt":"2020-07-24T13:54:33","slug":"salon-virtuel-avec-la-poete-katheleen-winter","status":"publish","type":"ajde_events","link":"https:\/\/maisondoramaar.org\/fr\/events\/salon-virtuel-avec-la-poete-katheleen-winter\/","title":{"rendered":"Salon virtuel avec la po\u00e8te Katheleen Winter"},"content":{"rendered":"<h2><b>Salon virtuel avec la po\u00e8te Katheleen Winter le 17 juillet<\/b><\/h2>\n<ul>\n<li style=\"list-style-type: none;\">\n<ul>\n<li style=\"font-weight: 400;\"><b>\u00e0 11h, heure du Pacifique, \u00e0 14h sur la C\u00f4te est, \u00e0 20h en France.\u00a0<\/b><\/li>\n<\/ul>\n<\/li>\n<\/ul>\n<p>Pour vous enregistrer :\u00a0<a href=\"https:\/\/us02web.zoom.us\/j\/83718836468?pwd=eWYvTzZ4RFE1VUIwbkJ4Z0doUVdZZz09\">cliquer ici<\/a>\u00a0(en anglais)<\/p>\n","protected":false},"author":3,"featured_media":1243,"menu_order":0,"comment_status":"open","ping_status":"closed","template":"","meta":{"_acf_changed":false,"_uag_custom_page_level_css":"","site-sidebar-layout":"default","site-content-layout":"","ast-site-content-layout":"default","site-content-style":"default","site-sidebar-style":"default","ast-global-header-display":"","ast-banner-title-visibility":"","ast-main-header-display":"","ast-hfb-above-header-display":"","ast-hfb-below-header-display":"","ast-hfb-mobile-header-display":"","site-post-title":"","ast-breadcrumbs-content":"","ast-featured-img":"","footer-sml-layout":"","theme-transparent-header-meta":"","adv-header-id-meta":"","stick-header-meta":"","header-above-stick-meta":"","header-main-stick-meta":"","header-below-stick-meta":"","astra-migrate-meta-layouts":"default","ast-page-background-enabled":"default","ast-page-background-meta":{"desktop":{"background-color":"var(--ast-global-color-4)","background-image":"","background-repeat":"repeat","background-position":"center center","background-size":"auto","background-attachment":"scroll","background-type":"","background-media":"","overlay-type":"","overlay-color":"","overlay-opacity":"","overlay-gradient":""},"tablet":{"background-color":"","background-image":"","background-repeat":"repeat","background-position":"center center","background-size":"auto","background-attachment":"scroll","background-type":"","background-media":"","overlay-type":"","overlay-color":"","overlay-opacity":"","overlay-gradient":""},"mobile":{"background-color":"","background-image":"","background-repeat":"repeat","background-position":"center center","background-size":"auto","background-attachment":"scroll","background-type":"","background-media":"","overlay-type":"","overlay-color":"","overlay-opacity":"","overlay-gradient":""}},"ast-content-background-meta":{"desktop":{"background-color":"var(--ast-global-color-5)","background-image":"","background-repeat":"repeat","background-position":"center center","background-size":"auto","background-attachment":"scroll","background-type":"","background-media":"","overlay-type":"","overlay-color":"","overlay-opacity":"","overlay-gradient":""},"tablet":{"background-color":"var(--ast-global-color-5)","background-image":"","background-repeat":"repeat","background-position":"center center","background-size":"auto","background-attachment":"scroll","background-type":"","background-media":"","overlay-type":"","overlay-color":"","overlay-opacity":"","overlay-gradient":""},"mobile":{"background-color":"var(--ast-global-color-5)","background-image":"","background-repeat":"repeat","background-position":"center center","background-size":"auto","background-attachment":"scroll","background-type":"","background-media":"","overlay-type":"","overlay-color":"","overlay-opacity":"","overlay-gradient":""}},"_links_to":"","_links_to_target":""},"tags":[],"event_type":[59],"event_type_2":[],"class_list":["post-1245","ajde_events","type-ajde_events","status-publish","has-post-thumbnail","hentry","event_type-salon-fr"],"acf":[],"yoast_head":"<!-- This site is optimized with the Yoast SEO plugin v26.8 - https:\/\/yoast.com\/product\/yoast-seo-wordpress\/ -->\n<title>Salon virtuel avec la po\u00e8te Katheleen Winter - La Maison Dora Maar et L&#039;H\u00f4tel Tingry<\/title>\n<meta name=\"robots\" content=\"index, follow, max-snippet:-1, max-image-preview:large, max-video-preview:-1\" \/>\n<link rel=\"canonical\" href=\"https:\/\/maisondoramaar.org\/events\/virtual-salon-with-poet-katheleen-winter\/\" \/>\n<meta property=\"og:locale\" content=\"fr_FR\" \/>\n<meta property=\"og:type\" content=\"article\" \/>\n<meta property=\"og:title\" content=\"Salon virtuel avec la po\u00e8te Katheleen Winter - La Maison Dora Maar et L&#039;H\u00f4tel Tingry\" \/>\n<meta property=\"og:description\" content=\"Salon virtuel avec la po\u00e8te Katheleen Winter le 17 juillet \u00e0 11h, heure du Pacifique, \u00e0 14h sur la C\u00f4te [&hellip;]\" \/>\n<meta property=\"og:url\" content=\"https:\/\/maisondoramaar.org\/events\/virtual-salon-with-poet-katheleen-winter\/\" \/>\n<meta property=\"og:site_name\" content=\"La Maison Dora Maar et L&#039;H\u00f4tel Tingry\" \/>\n<meta property=\"article:publisher\" content=\"https:\/\/fr-fr.facebook.com\/doramaarhouse\/\" \/>\n<meta property=\"article:modified_time\" content=\"2020-07-24T13:54:33+00:00\" \/>\n<meta property=\"og:image\" content=\"https:\/\/maisondoramaar.org\/wp-content\/uploads\/2020\/06\/Kathleen-Winter.jpg\" \/>\n\t<meta property=\"og:image:width\" content=\"1769\" \/>\n\t<meta property=\"og:image:height\" content=\"1881\" \/>\n\t<meta property=\"og:image:type\" content=\"image\/jpeg\" \/>\n<meta name=\"twitter:card\" content=\"summary_large_image\" \/>\n<script type=\"application\/ld+json\" class=\"yoast-schema-graph\">{\"@context\":\"https:\/\/schema.org\",\"@graph\":[{\"@type\":\"WebPage\",\"@id\":\"https:\/\/maisondoramaar.org\/events\/virtual-salon-with-poet-katheleen-winter\/\",\"url\":\"https:\/\/maisondoramaar.org\/events\/virtual-salon-with-poet-katheleen-winter\/\",\"name\":\"Salon virtuel avec la po\u00e8te Katheleen Winter - La Maison Dora Maar et L&#039;H\u00f4tel Tingry\",\"isPartOf\":{\"@id\":\"https:\/\/maisondoramaar.org\/#website\"},\"primaryImageOfPage\":{\"@id\":\"https:\/\/maisondoramaar.org\/events\/virtual-salon-with-poet-katheleen-winter\/#primaryimage\"},\"image\":{\"@id\":\"https:\/\/maisondoramaar.org\/events\/virtual-salon-with-poet-katheleen-winter\/#primaryimage\"},\"thumbnailUrl\":\"https:\/\/maisondoramaar.org\/wp-content\/uploads\/2020\/06\/Kathleen-Winter.jpg\",\"datePublished\":\"2020-06-30T07:35:58+00:00\",\"dateModified\":\"2020-07-24T13:54:33+00:00\",\"breadcrumb\":{\"@id\":\"https:\/\/maisondoramaar.org\/events\/virtual-salon-with-poet-katheleen-winter\/#breadcrumb\"},\"inLanguage\":\"fr-FR\",\"potentialAction\":[{\"@type\":\"ReadAction\",\"target\":[\"https:\/\/maisondoramaar.org\/events\/virtual-salon-with-poet-katheleen-winter\/\"]}]},{\"@type\":\"ImageObject\",\"inLanguage\":\"fr-FR\",\"@id\":\"https:\/\/maisondoramaar.org\/events\/virtual-salon-with-poet-katheleen-winter\/#primaryimage\",\"url\":\"https:\/\/maisondoramaar.org\/wp-content\/uploads\/2020\/06\/Kathleen-Winter.jpg\",\"contentUrl\":\"https:\/\/maisondoramaar.org\/wp-content\/uploads\/2020\/06\/Kathleen-Winter.jpg\",\"width\":1769,\"height\":1881},{\"@type\":\"BreadcrumbList\",\"@id\":\"https:\/\/maisondoramaar.org\/events\/virtual-salon-with-poet-katheleen-winter\/#breadcrumb\",\"itemListElement\":[{\"@type\":\"ListItem\",\"position\":1,\"name\":\"Accueil\",\"item\":\"https:\/\/maisondoramaar.org\/fr\/\"},{\"@type\":\"ListItem\",\"position\":2,\"name\":\"Events\",\"item\":\"https:\/\/maisondoramaar.org\/events\/\"},{\"@type\":\"ListItem\",\"position\":3,\"name\":\"Salon virtuel avec la po\u00e8te Katheleen Winter\"}]},{\"@type\":\"WebSite\",\"@id\":\"https:\/\/maisondoramaar.org\/#website\",\"url\":\"https:\/\/maisondoramaar.org\/\",\"name\":\"La Maison Dora Maar et L&#039;H\u00f4tel Tingry\",\"description\":\"Des lieux d&#039;arts de la Fondation Nancy Brown Negley \u00e0 M\u00e9nerbes (Vaucluse), France\",\"publisher\":{\"@id\":\"https:\/\/maisondoramaar.org\/#organization\"},\"potentialAction\":[{\"@type\":\"SearchAction\",\"target\":{\"@type\":\"EntryPoint\",\"urlTemplate\":\"https:\/\/maisondoramaar.org\/?s={search_term_string}\"},\"query-input\":{\"@type\":\"PropertyValueSpecification\",\"valueRequired\":true,\"valueName\":\"search_term_string\"}}],\"inLanguage\":\"fr-FR\"},{\"@type\":\"Organization\",\"@id\":\"https:\/\/maisondoramaar.org\/#organization\",\"name\":\"La Maison Dora Maar et L&#039;H\u00f4tel Tingry\",\"url\":\"https:\/\/maisondoramaar.org\/\",\"logo\":{\"@type\":\"ImageObject\",\"inLanguage\":\"fr-FR\",\"@id\":\"https:\/\/maisondoramaar.org\/#\/schema\/logo\/image\/\",\"url\":\"https:\/\/maisondoramaar.org\/wp-content\/uploads\/2024\/06\/DMCC_logo.png\",\"contentUrl\":\"https:\/\/maisondoramaar.org\/wp-content\/uploads\/2024\/06\/DMCC_logo.png\",\"width\":521,\"height\":362,\"caption\":\"La Maison Dora Maar et L&#039;H\u00f4tel Tingry\"},\"image\":{\"@id\":\"https:\/\/maisondoramaar.org\/#\/schema\/logo\/image\/\"},\"sameAs\":[\"https:\/\/fr-fr.facebook.com\/doramaarhouse\/\",\"https:\/\/www.instagram.com\/lamaisondoramaar\"]}]}<\/script>\n<!-- \/ Yoast SEO plugin. -->","yoast_head_json":{"title":"Salon virtuel avec la po\u00e8te Katheleen Winter - La Maison Dora Maar et L&#039;H\u00f4tel Tingry","robots":{"index":"index","follow":"follow","max-snippet":"max-snippet:-1","max-image-preview":"max-image-preview:large","max-video-preview":"max-video-preview:-1"},"canonical":"https:\/\/maisondoramaar.org\/events\/virtual-salon-with-poet-katheleen-winter\/","og_locale":"fr_FR","og_type":"article","og_title":"Salon virtuel avec la po\u00e8te Katheleen Winter - La Maison Dora Maar et L&#039;H\u00f4tel Tingry","og_description":"Salon virtuel avec la po\u00e8te Katheleen Winter le 17 juillet \u00e0 11h, heure du Pacifique, \u00e0 14h sur la C\u00f4te [&hellip;]","og_url":"https:\/\/maisondoramaar.org\/events\/virtual-salon-with-poet-katheleen-winter\/","og_site_name":"La Maison Dora Maar et L&#039;H\u00f4tel Tingry","article_publisher":"https:\/\/fr-fr.facebook.com\/doramaarhouse\/","article_modified_time":"2020-07-24T13:54:33+00:00","og_image":[{"width":1769,"height":1881,"url":"https:\/\/maisondoramaar.org\/wp-content\/uploads\/2020\/06\/Kathleen-Winter.jpg","type":"image\/jpeg"}],"twitter_card":"summary_large_image","schema":{"@context":"https:\/\/schema.org","@graph":[{"@type":"WebPage","@id":"https:\/\/maisondoramaar.org\/events\/virtual-salon-with-poet-katheleen-winter\/","url":"https:\/\/maisondoramaar.org\/events\/virtual-salon-with-poet-katheleen-winter\/","name":"Salon virtuel avec la po\u00e8te Katheleen Winter - La Maison Dora Maar et L&#039;H\u00f4tel Tingry","isPartOf":{"@id":"https:\/\/maisondoramaar.org\/#website"},"primaryImageOfPage":{"@id":"https:\/\/maisondoramaar.org\/events\/virtual-salon-with-poet-katheleen-winter\/#primaryimage"},"image":{"@id":"https:\/\/maisondoramaar.org\/events\/virtual-salon-with-poet-katheleen-winter\/#primaryimage"},"thumbnailUrl":"https:\/\/maisondoramaar.org\/wp-content\/uploads\/2020\/06\/Kathleen-Winter.jpg","datePublished":"2020-06-30T07:35:58+00:00","dateModified":"2020-07-24T13:54:33+00:00","breadcrumb":{"@id":"https:\/\/maisondoramaar.org\/events\/virtual-salon-with-poet-katheleen-winter\/#breadcrumb"},"inLanguage":"fr-FR","potentialAction":[{"@type":"ReadAction","target":["https:\/\/maisondoramaar.org\/events\/virtual-salon-with-poet-katheleen-winter\/"]}]},{"@type":"ImageObject","inLanguage":"fr-FR","@id":"https:\/\/maisondoramaar.org\/events\/virtual-salon-with-poet-katheleen-winter\/#primaryimage","url":"https:\/\/maisondoramaar.org\/wp-content\/uploads\/2020\/06\/Kathleen-Winter.jpg","contentUrl":"https:\/\/maisondoramaar.org\/wp-content\/uploads\/2020\/06\/Kathleen-Winter.jpg","width":1769,"height":1881},{"@type":"BreadcrumbList","@id":"https:\/\/maisondoramaar.org\/events\/virtual-salon-with-poet-katheleen-winter\/#breadcrumb","itemListElement":[{"@type":"ListItem","position":1,"name":"Accueil","item":"https:\/\/maisondoramaar.org\/fr\/"},{"@type":"ListItem","position":2,"name":"Events","item":"https:\/\/maisondoramaar.org\/events\/"},{"@type":"ListItem","position":3,"name":"Salon virtuel avec la po\u00e8te Katheleen Winter"}]},{"@type":"WebSite","@id":"https:\/\/maisondoramaar.org\/#website","url":"https:\/\/maisondoramaar.org\/","name":"La Maison Dora Maar et L&#039;H\u00f4tel Tingry","description":"Des lieux d&#039;arts de la Fondation Nancy Brown Negley \u00e0 M\u00e9nerbes (Vaucluse), France","publisher":{"@id":"https:\/\/maisondoramaar.org\/#organization"},"potentialAction":[{"@type":"SearchAction","target":{"@type":"EntryPoint","urlTemplate":"https:\/\/maisondoramaar.org\/?s={search_term_string}"},"query-input":{"@type":"PropertyValueSpecification","valueRequired":true,"valueName":"search_term_string"}}],"inLanguage":"fr-FR"},{"@type":"Organization","@id":"https:\/\/maisondoramaar.org\/#organization","name":"La Maison Dora Maar et L&#039;H\u00f4tel Tingry","url":"https:\/\/maisondoramaar.org\/","logo":{"@type":"ImageObject","inLanguage":"fr-FR","@id":"https:\/\/maisondoramaar.org\/#\/schema\/logo\/image\/","url":"https:\/\/maisondoramaar.org\/wp-content\/uploads\/2024\/06\/DMCC_logo.png","contentUrl":"https:\/\/maisondoramaar.org\/wp-content\/uploads\/2024\/06\/DMCC_logo.png","width":521,"height":362,"caption":"La Maison Dora Maar et L&#039;H\u00f4tel Tingry"},"image":{"@id":"https:\/\/maisondoramaar.org\/#\/schema\/logo\/image\/"},"sameAs":["https:\/\/fr-fr.facebook.com\/doramaarhouse\/","https:\/\/www.instagram.com\/lamaisondoramaar"]}]}},"uagb_featured_image_src":{"full":["https:\/\/maisondoramaar.org\/wp-content\/uploads\/2020\/06\/Kathleen-Winter.jpg",1769,1881,false],"thumbnail":["https:\/\/maisondoramaar.org\/wp-content\/uploads\/2020\/06\/Kathleen-Winter-150x150.jpg",150,150,true],"medium":["https:\/\/maisondoramaar.org\/wp-content\/uploads\/2020\/06\/Kathleen-Winter-282x300.jpg",282,300,true],"medium_large":["https:\/\/maisondoramaar.org\/wp-content\/uploads\/2020\/06\/Kathleen-Winter-768x817.jpg",768,817,true],"large":["https:\/\/maisondoramaar.org\/wp-content\/uploads\/2020\/06\/Kathleen-Winter-963x1024.jpg",963,1024,true],"1536x1536":["https:\/\/maisondoramaar.org\/wp-content\/uploads\/2020\/06\/Kathleen-Winter-1445x1536.jpg",1445,1536,true],"2048x2048":["https:\/\/maisondoramaar.org\/wp-content\/uploads\/2020\/06\/Kathleen-Winter.jpg",1769,1881,false],"featured":["https:\/\/maisondoramaar.org\/wp-content\/uploads\/2020\/06\/Kathleen-Winter.jpg",531,565,false],"gform-image-choice-sm":["https:\/\/maisondoramaar.org\/wp-content\/uploads\/2020\/06\/Kathleen-Winter.jpg",282,300,false],"gform-image-choice-md":["https:\/\/maisondoramaar.org\/wp-content\/uploads\/2020\/06\/Kathleen-Winter.jpg",376,400,false],"gform-image-choice-lg":["https:\/\/maisondoramaar.org\/wp-content\/uploads\/2020\/06\/Kathleen-Winter.jpg",564,600,false],"xl":["https:\/\/maisondoramaar.org\/wp-content\/uploads\/2020\/06\/Kathleen-Winter.jpg",1600,1701,false],"xxl":["https:\/\/maisondoramaar.org\/wp-content\/uploads\/2020\/06\/Kathleen-Winter.jpg",1769,1881,false],"xxxl":["https:\/\/maisondoramaar.org\/wp-content\/uploads\/2020\/06\/Kathleen-Winter.jpg",1769,1881,false],"xxxxl":["https:\/\/maisondoramaar.org\/wp-content\/uploads\/2020\/06\/Kathleen-Winter.jpg",1769,1881,false],"xxxxxl":["https:\/\/maisondoramaar.org\/wp-content\/uploads\/2020\/06\/Kathleen-Winter.jpg",1769,1881,false],"awb_sm":["https:\/\/maisondoramaar.org\/wp-content\/uploads\/2020\/06\/Kathleen-Winter.jpg",500,532,false],"awb_md":["https:\/\/maisondoramaar.org\/wp-content\/uploads\/2020\/06\/Kathleen-Winter.jpg",800,851,false],"awb_lg":["https:\/\/maisondoramaar.org\/wp-content\/uploads\/2020\/06\/Kathleen-Winter.jpg",1280,1361,false],"awb_xl":["https:\/\/maisondoramaar.org\/wp-content\/uploads\/2020\/06\/Kathleen-Winter.jpg",1769,1881,false]},"uagb_author_info":{"display_name":"stagiaireMDM","author_link":"https:\/\/maisondoramaar.org\/fr\/author\/stagiairemdm\/"},"uagb_comment_info":0,"uagb_excerpt":"Salon virtuel avec la po\u00e8te Katheleen Winter le 17 juillet \u00e0 11h, heure du Pacifique, \u00e0 14h sur la C\u00f4te [&hellip;]","_links":{"self":[{"href":"https:\/\/maisondoramaar.org\/fr\/wp-json\/wp\/v2\/ajde_events\/1245","targetHints":{"allow":["GET"]}}],"collection":[{"href":"https:\/\/maisondoramaar.org\/fr\/wp-json\/wp\/v2\/ajde_events"}],"about":[{"href":"https:\/\/maisondoramaar.org\/fr\/wp-json\/wp\/v2\/types\/ajde_events"}],"author":[{"embeddable":true,"href":"https:\/\/maisondoramaar.org\/fr\/wp-json\/wp\/v2\/users\/3"}],"replies":[{"embeddable":true,"href":"https:\/\/maisondoramaar.org\/fr\/wp-json\/wp\/v2\/comments?post=1245"}],"wp:featuredmedia":[{"embeddable":true,"href":"https:\/\/maisondoramaar.org\/fr\/wp-json\/wp\/v2\/media\/1243"}],"wp:attachment":[{"href":"https:\/\/maisondoramaar.org\/fr\/wp-json\/wp\/v2\/media?parent=1245"}],"wp:term":[{"taxonomy":"post_tag","embeddable":true,"href":"https:\/\/maisondoramaar.org\/fr\/wp-json\/wp\/v2\/tags?post=1245"},{"taxonomy":"event_type","embeddable":true,"href":"https:\/\/maisondoramaar.org\/fr\/wp-json\/wp\/v2\/event_type?post=1245"},{"taxonomy":"event_type_2","embeddable":true,"href":"https:\/\/maisondoramaar.org\/fr\/wp-json\/wp\/v2\/event_type_2?post=1245"}],"curies":[{"name":"wp","href":"https:\/\/api.w.org\/{rel}","templated":true}]}}