{"id":1478,"date":"2020-10-20T10:49:48","date_gmt":"2020-10-20T08:49:48","guid":{"rendered":"https:\/\/maisondoramaar.org\/events\/concert-musique-interdite-in-memoriam-foyer-de-lopera-marseille\/"},"modified":"2020-10-20T10:56:41","modified_gmt":"2020-10-20T08:56:41","slug":"concert-musique-interdite-in-memoriam-foyer-de-lopera-marseille","status":"publish","type":"ajde_events","link":"https:\/\/maisondoramaar.org\/fr\/events\/concert-musique-interdite-in-memoriam-foyer-de-lopera-marseille\/","title":{"rendered":"Concert &#8211; Musique interdite &#8220;In Memoriam&#8221; (Foyer de l&#8217;Op\u00e9ra, Marseille)"},"content":{"rendered":"<p>Dans le cadre de Manifesta 13, Musiques Interdites a \u00e9t\u00e9 invit\u00e9 par le programme de r\u00e9sidence Nancy B Negley \u00e0 participer \u00e0 une r\u00e9sidence d&#8217;une semaine \u00e0 l&#8217;H\u00f4tel de Tingry et de cr\u00e9\u00e9 en partenariat avec l&#8217;American Gallery of Marseille pour leur expo \u00ab Disobey orders Save the Artists \u00bb une \u0153uvre, une \u00e9pitaphe lyrique de Jan MEYEROWITZ \u2026 Compositeur n\u00e9 en 1913 et intern\u00e9 au Camp des Milles ou il compose un chant in\u00e9dit sur un po\u00e8me de Ren\u00e9 Char.<\/p>\n<p>Dans le m\u00eame temps en juin 1940 un contingent de 44 tirailleurs s\u00e9n\u00e9galais est massacr\u00e9 \u00e0 Clamecy par l&#8217;arm\u00e9e allemande. Meyerowitz fut sauv\u00e9 par Varian FRY et un r\u00e9seau d&#8217;intellectuels dont Pierre GUERRE \u00e0 qui il d\u00e9diera son chant. Chant de base pour cet IN MEMORIAM D\u00e9di\u00e9 \u00e0 toutes les victimes et \u00e0 tous les courages.<\/p>\n<p>Chrystelle DI MARCO Soprano \/ Maria KHOLER R\u00e9citante \/ Pap NDIAYE Chant et percussions \/ Yoann POURRE Piano et clavier \/ Textes et conception : Michel PASTORE Foyer de l&#8217;Opera de MARSEILLE 18 OCTOBRE 2020<\/p>\n<p><iframe loading=\"lazy\" title=\"IN MEMORIAM cr\u00e9ation de Michel PASTORE pour MUSIQUES INTERDITES\" width=\"500\" height=\"281\" src=\"https:\/\/www.youtube.com\/embed\/20PGp4_bEXc?feature=oembed\" frameborder=\"0\" allow=\"accelerometer; autoplay; clipboard-write; encrypted-media; gyroscope; picture-in-picture; web-share\" referrerpolicy=\"strict-origin-when-cross-origin\" allowfullscreen><\/iframe><\/p>\n","protected":false},"author":3,"featured_media":1360,"menu_order":0,"comment_status":"open","ping_status":"closed","template":"","meta":{"_acf_changed":false,"_uag_custom_page_level_css":"","site-sidebar-layout":"default","site-content-layout":"","ast-site-content-layout":"default","site-content-style":"default","site-sidebar-style":"default","ast-global-header-display":"","ast-banner-title-visibility":"","ast-main-header-display":"","ast-hfb-above-header-display":"","ast-hfb-below-header-display":"","ast-hfb-mobile-header-display":"","site-post-title":"","ast-breadcrumbs-content":"","ast-featured-img":"","footer-sml-layout":"","theme-transparent-header-meta":"","adv-header-id-meta":"","stick-header-meta":"","header-above-stick-meta":"","header-main-stick-meta":"","header-below-stick-meta":"","astra-migrate-meta-layouts":"default","ast-page-background-enabled":"default","ast-page-background-meta":{"desktop":{"background-color":"var(--ast-global-color-4)","background-image":"","background-repeat":"repeat","background-position":"center center","background-size":"auto","background-attachment":"scroll","background-type":"","background-media":"","overlay-type":"","overlay-color":"","overlay-opacity":"","overlay-gradient":""},"tablet":{"background-color":"","background-image":"","background-repeat":"repeat","background-position":"center center","background-size":"auto","background-attachment":"scroll","background-type":"","background-media":"","overlay-type":"","overlay-color":"","overlay-opacity":"","overlay-gradient":""},"mobile":{"background-color":"","background-image":"","background-repeat":"repeat","background-position":"center center","background-size":"auto","background-attachment":"scroll","background-type":"","background-media":"","overlay-type":"","overlay-color":"","overlay-opacity":"","overlay-gradient":""}},"ast-content-background-meta":{"desktop":{"background-color":"var(--ast-global-color-5)","background-image":"","background-repeat":"repeat","background-position":"center center","background-size":"auto","background-attachment":"scroll","background-type":"","background-media":"","overlay-type":"","overlay-color":"","overlay-opacity":"","overlay-gradient":""},"tablet":{"background-color":"var(--ast-global-color-5)","background-image":"","background-repeat":"repeat","background-position":"center center","background-size":"auto","background-attachment":"scroll","background-type":"","background-media":"","overlay-type":"","overlay-color":"","overlay-opacity":"","overlay-gradient":""},"mobile":{"background-color":"var(--ast-global-color-5)","background-image":"","background-repeat":"repeat","background-position":"center center","background-size":"auto","background-attachment":"scroll","background-type":"","background-media":"","overlay-type":"","overlay-color":"","overlay-opacity":"","overlay-gradient":""}},"_links_to":"","_links_to_target":""},"tags":[],"event_type":[],"event_type_2":[],"class_list":["post-1478","ajde_events","type-ajde_events","status-publish","has-post-thumbnail","hentry"],"acf":[],"yoast_head":"<!-- This site is optimized with the Yoast SEO plugin v26.8 - https:\/\/yoast.com\/product\/yoast-seo-wordpress\/ -->\n<title>Concert - Musique interdite &quot;In Memoriam&quot; (Foyer de l&#039;Op\u00e9ra, Marseille) - La Maison Dora Maar et L&#039;H\u00f4tel Tingry<\/title>\n<meta name=\"robots\" content=\"index, follow, max-snippet:-1, max-image-preview:large, max-video-preview:-1\" \/>\n<link rel=\"canonical\" href=\"https:\/\/maisondoramaar.org\/events\/concert-in-memoriam-foyer-de-lopera-marseille\/\" \/>\n<meta property=\"og:locale\" content=\"fr_FR\" \/>\n<meta property=\"og:type\" content=\"article\" \/>\n<meta property=\"og:title\" content=\"Concert - Musique interdite &quot;In Memoriam&quot; (Foyer de l&#039;Op\u00e9ra, Marseille) - La Maison Dora Maar et L&#039;H\u00f4tel Tingry\" \/>\n<meta property=\"og:description\" content=\"Dans le cadre de Manifesta 13, Musiques Interdites a \u00e9t\u00e9 invit\u00e9 par le programme de r\u00e9sidence Nancy B Negley \u00e0 [&hellip;]\" \/>\n<meta property=\"og:url\" content=\"https:\/\/maisondoramaar.org\/events\/concert-in-memoriam-foyer-de-lopera-marseille\/\" \/>\n<meta property=\"og:site_name\" content=\"La Maison Dora Maar et L&#039;H\u00f4tel Tingry\" \/>\n<meta property=\"article:publisher\" content=\"https:\/\/fr-fr.facebook.com\/doramaarhouse\/\" \/>\n<meta property=\"article:modified_time\" content=\"2020-10-20T08:56:41+00:00\" \/>\n<meta property=\"og:image\" content=\"https:\/\/maisondoramaar.org\/wp-content\/uploads\/2020\/08\/01PHOTO-EN-ATELIER-FORMAT-17-24CM-300DPI-AVEC-COPYRIGHT-JLS-Musiques-Interdites-1024x725.jpg\" \/>\n\t<meta property=\"og:image:width\" content=\"1024\" \/>\n\t<meta property=\"og:image:height\" content=\"725\" \/>\n\t<meta property=\"og:image:type\" content=\"image\/jpeg\" \/>\n<meta name=\"twitter:card\" content=\"summary_large_image\" \/>\n<meta name=\"twitter:label1\" content=\"Est. reading time\" \/>\n\t<meta name=\"twitter:data1\" content=\"1 minute\" \/>\n<script type=\"application\/ld+json\" class=\"yoast-schema-graph\">{\"@context\":\"https:\/\/schema.org\",\"@graph\":[{\"@type\":\"WebPage\",\"@id\":\"https:\/\/maisondoramaar.org\/events\/concert-in-memoriam-foyer-de-lopera-marseille\/\",\"url\":\"https:\/\/maisondoramaar.org\/events\/concert-in-memoriam-foyer-de-lopera-marseille\/\",\"name\":\"Concert - Musique interdite \\\"In Memoriam\\\" (Foyer de l'Op\u00e9ra, Marseille) - La Maison Dora Maar et L&#039;H\u00f4tel Tingry\",\"isPartOf\":{\"@id\":\"https:\/\/maisondoramaar.org\/#website\"},\"primaryImageOfPage\":{\"@id\":\"https:\/\/maisondoramaar.org\/events\/concert-in-memoriam-foyer-de-lopera-marseille\/#primaryimage\"},\"image\":{\"@id\":\"https:\/\/maisondoramaar.org\/events\/concert-in-memoriam-foyer-de-lopera-marseille\/#primaryimage\"},\"thumbnailUrl\":\"https:\/\/maisondoramaar.org\/wp-content\/uploads\/2020\/08\/01PHOTO-EN-ATELIER-FORMAT-17-24CM-300DPI-AVEC-COPYRIGHT-JLS-Musiques-Interdites-scaled.jpg\",\"datePublished\":\"2020-10-20T08:49:48+00:00\",\"dateModified\":\"2020-10-20T08:56:41+00:00\",\"breadcrumb\":{\"@id\":\"https:\/\/maisondoramaar.org\/events\/concert-in-memoriam-foyer-de-lopera-marseille\/#breadcrumb\"},\"inLanguage\":\"fr-FR\",\"potentialAction\":[{\"@type\":\"ReadAction\",\"target\":[\"https:\/\/maisondoramaar.org\/events\/concert-in-memoriam-foyer-de-lopera-marseille\/\"]}]},{\"@type\":\"ImageObject\",\"inLanguage\":\"fr-FR\",\"@id\":\"https:\/\/maisondoramaar.org\/events\/concert-in-memoriam-foyer-de-lopera-marseille\/#primaryimage\",\"url\":\"https:\/\/maisondoramaar.org\/wp-content\/uploads\/2020\/08\/01PHOTO-EN-ATELIER-FORMAT-17-24CM-300DPI-AVEC-COPYRIGHT-JLS-Musiques-Interdites-scaled.jpg\",\"contentUrl\":\"https:\/\/maisondoramaar.org\/wp-content\/uploads\/2020\/08\/01PHOTO-EN-ATELIER-FORMAT-17-24CM-300DPI-AVEC-COPYRIGHT-JLS-Musiques-Interdites-scaled.jpg\",\"width\":2560,\"height\":1812},{\"@type\":\"BreadcrumbList\",\"@id\":\"https:\/\/maisondoramaar.org\/events\/concert-in-memoriam-foyer-de-lopera-marseille\/#breadcrumb\",\"itemListElement\":[{\"@type\":\"ListItem\",\"position\":1,\"name\":\"Accueil\",\"item\":\"https:\/\/maisondoramaar.org\/fr\/\"},{\"@type\":\"ListItem\",\"position\":2,\"name\":\"Events\",\"item\":\"https:\/\/maisondoramaar.org\/events\/\"},{\"@type\":\"ListItem\",\"position\":3,\"name\":\"Concert &#8211; Musique interdite &#8220;In Memoriam&#8221; (Foyer de l&#8217;Op\u00e9ra, Marseille)\"}]},{\"@type\":\"WebSite\",\"@id\":\"https:\/\/maisondoramaar.org\/#website\",\"url\":\"https:\/\/maisondoramaar.org\/\",\"name\":\"La Maison Dora Maar et L&#039;H\u00f4tel Tingry\",\"description\":\"Des lieux d&#039;arts de la Fondation Nancy Brown Negley \u00e0 M\u00e9nerbes (Vaucluse), France\",\"publisher\":{\"@id\":\"https:\/\/maisondoramaar.org\/#organization\"},\"potentialAction\":[{\"@type\":\"SearchAction\",\"target\":{\"@type\":\"EntryPoint\",\"urlTemplate\":\"https:\/\/maisondoramaar.org\/?s={search_term_string}\"},\"query-input\":{\"@type\":\"PropertyValueSpecification\",\"valueRequired\":true,\"valueName\":\"search_term_string\"}}],\"inLanguage\":\"fr-FR\"},{\"@type\":\"Organization\",\"@id\":\"https:\/\/maisondoramaar.org\/#organization\",\"name\":\"La Maison Dora Maar et L&#039;H\u00f4tel Tingry\",\"url\":\"https:\/\/maisondoramaar.org\/\",\"logo\":{\"@type\":\"ImageObject\",\"inLanguage\":\"fr-FR\",\"@id\":\"https:\/\/maisondoramaar.org\/#\/schema\/logo\/image\/\",\"url\":\"https:\/\/maisondoramaar.org\/wp-content\/uploads\/2024\/06\/DMCC_logo.png\",\"contentUrl\":\"https:\/\/maisondoramaar.org\/wp-content\/uploads\/2024\/06\/DMCC_logo.png\",\"width\":521,\"height\":362,\"caption\":\"La Maison Dora Maar et L&#039;H\u00f4tel Tingry\"},\"image\":{\"@id\":\"https:\/\/maisondoramaar.org\/#\/schema\/logo\/image\/\"},\"sameAs\":[\"https:\/\/fr-fr.facebook.com\/doramaarhouse\/\",\"https:\/\/www.instagram.com\/lamaisondoramaar\"]}]}<\/script>\n<!-- \/ Yoast SEO plugin. -->","yoast_head_json":{"title":"Concert - Musique interdite \"In Memoriam\" (Foyer de l'Op\u00e9ra, Marseille) - La Maison Dora Maar et L&#039;H\u00f4tel Tingry","robots":{"index":"index","follow":"follow","max-snippet":"max-snippet:-1","max-image-preview":"max-image-preview:large","max-video-preview":"max-video-preview:-1"},"canonical":"https:\/\/maisondoramaar.org\/events\/concert-in-memoriam-foyer-de-lopera-marseille\/","og_locale":"fr_FR","og_type":"article","og_title":"Concert - Musique interdite \"In Memoriam\" (Foyer de l'Op\u00e9ra, Marseille) - La Maison Dora Maar et L&#039;H\u00f4tel Tingry","og_description":"Dans le cadre de Manifesta 13, Musiques Interdites a \u00e9t\u00e9 invit\u00e9 par le programme de r\u00e9sidence Nancy B Negley \u00e0 [&hellip;]","og_url":"https:\/\/maisondoramaar.org\/events\/concert-in-memoriam-foyer-de-lopera-marseille\/","og_site_name":"La Maison Dora Maar et L&#039;H\u00f4tel Tingry","article_publisher":"https:\/\/fr-fr.facebook.com\/doramaarhouse\/","article_modified_time":"2020-10-20T08:56:41+00:00","og_image":[{"width":1024,"height":725,"url":"https:\/\/maisondoramaar.org\/wp-content\/uploads\/2020\/08\/01PHOTO-EN-ATELIER-FORMAT-17-24CM-300DPI-AVEC-COPYRIGHT-JLS-Musiques-Interdites-1024x725.jpg","type":"image\/jpeg"}],"twitter_card":"summary_large_image","twitter_misc":{"Est. reading time":"1 minute"},"schema":{"@context":"https:\/\/schema.org","@graph":[{"@type":"WebPage","@id":"https:\/\/maisondoramaar.org\/events\/concert-in-memoriam-foyer-de-lopera-marseille\/","url":"https:\/\/maisondoramaar.org\/events\/concert-in-memoriam-foyer-de-lopera-marseille\/","name":"Concert - Musique interdite \"In Memoriam\" (Foyer de l'Op\u00e9ra, Marseille) - La Maison Dora Maar et L&#039;H\u00f4tel Tingry","isPartOf":{"@id":"https:\/\/maisondoramaar.org\/#website"},"primaryImageOfPage":{"@id":"https:\/\/maisondoramaar.org\/events\/concert-in-memoriam-foyer-de-lopera-marseille\/#primaryimage"},"image":{"@id":"https:\/\/maisondoramaar.org\/events\/concert-in-memoriam-foyer-de-lopera-marseille\/#primaryimage"},"thumbnailUrl":"https:\/\/maisondoramaar.org\/wp-content\/uploads\/2020\/08\/01PHOTO-EN-ATELIER-FORMAT-17-24CM-300DPI-AVEC-COPYRIGHT-JLS-Musiques-Interdites-scaled.jpg","datePublished":"2020-10-20T08:49:48+00:00","dateModified":"2020-10-20T08:56:41+00:00","breadcrumb":{"@id":"https:\/\/maisondoramaar.org\/events\/concert-in-memoriam-foyer-de-lopera-marseille\/#breadcrumb"},"inLanguage":"fr-FR","potentialAction":[{"@type":"ReadAction","target":["https:\/\/maisondoramaar.org\/events\/concert-in-memoriam-foyer-de-lopera-marseille\/"]}]},{"@type":"ImageObject","inLanguage":"fr-FR","@id":"https:\/\/maisondoramaar.org\/events\/concert-in-memoriam-foyer-de-lopera-marseille\/#primaryimage","url":"https:\/\/maisondoramaar.org\/wp-content\/uploads\/2020\/08\/01PHOTO-EN-ATELIER-FORMAT-17-24CM-300DPI-AVEC-COPYRIGHT-JLS-Musiques-Interdites-scaled.jpg","contentUrl":"https:\/\/maisondoramaar.org\/wp-content\/uploads\/2020\/08\/01PHOTO-EN-ATELIER-FORMAT-17-24CM-300DPI-AVEC-COPYRIGHT-JLS-Musiques-Interdites-scaled.jpg","width":2560,"height":1812},{"@type":"BreadcrumbList","@id":"https:\/\/maisondoramaar.org\/events\/concert-in-memoriam-foyer-de-lopera-marseille\/#breadcrumb","itemListElement":[{"@type":"ListItem","position":1,"name":"Accueil","item":"https:\/\/maisondoramaar.org\/fr\/"},{"@type":"ListItem","position":2,"name":"Events","item":"https:\/\/maisondoramaar.org\/events\/"},{"@type":"ListItem","position":3,"name":"Concert &#8211; Musique interdite &#8220;In Memoriam&#8221; (Foyer de l&#8217;Op\u00e9ra, Marseille)"}]},{"@type":"WebSite","@id":"https:\/\/maisondoramaar.org\/#website","url":"https:\/\/maisondoramaar.org\/","name":"La Maison Dora Maar et L&#039;H\u00f4tel Tingry","description":"Des lieux d&#039;arts de la Fondation Nancy Brown Negley \u00e0 M\u00e9nerbes (Vaucluse), France","publisher":{"@id":"https:\/\/maisondoramaar.org\/#organization"},"potentialAction":[{"@type":"SearchAction","target":{"@type":"EntryPoint","urlTemplate":"https:\/\/maisondoramaar.org\/?s={search_term_string}"},"query-input":{"@type":"PropertyValueSpecification","valueRequired":true,"valueName":"search_term_string"}}],"inLanguage":"fr-FR"},{"@type":"Organization","@id":"https:\/\/maisondoramaar.org\/#organization","name":"La Maison Dora Maar et L&#039;H\u00f4tel Tingry","url":"https:\/\/maisondoramaar.org\/","logo":{"@type":"ImageObject","inLanguage":"fr-FR","@id":"https:\/\/maisondoramaar.org\/#\/schema\/logo\/image\/","url":"https:\/\/maisondoramaar.org\/wp-content\/uploads\/2024\/06\/DMCC_logo.png","contentUrl":"https:\/\/maisondoramaar.org\/wp-content\/uploads\/2024\/06\/DMCC_logo.png","width":521,"height":362,"caption":"La Maison Dora Maar et L&#039;H\u00f4tel Tingry"},"image":{"@id":"https:\/\/maisondoramaar.org\/#\/schema\/logo\/image\/"},"sameAs":["https:\/\/fr-fr.facebook.com\/doramaarhouse\/","https:\/\/www.instagram.com\/lamaisondoramaar"]}]}},"uagb_featured_image_src":{"full":["https:\/\/maisondoramaar.org\/wp-content\/uploads\/2020\/08\/01PHOTO-EN-ATELIER-FORMAT-17-24CM-300DPI-AVEC-COPYRIGHT-JLS-Musiques-Interdites-scaled.jpg",2560,1812,false],"thumbnail":["https:\/\/maisondoramaar.org\/wp-content\/uploads\/2020\/08\/01PHOTO-EN-ATELIER-FORMAT-17-24CM-300DPI-AVEC-COPYRIGHT-JLS-Musiques-Interdites-150x150.jpg",150,150,true],"medium":["https:\/\/maisondoramaar.org\/wp-content\/uploads\/2020\/08\/01PHOTO-EN-ATELIER-FORMAT-17-24CM-300DPI-AVEC-COPYRIGHT-JLS-Musiques-Interdites-300x212.jpg",300,212,true],"medium_large":["https:\/\/maisondoramaar.org\/wp-content\/uploads\/2020\/08\/01PHOTO-EN-ATELIER-FORMAT-17-24CM-300DPI-AVEC-COPYRIGHT-JLS-Musiques-Interdites-768x544.jpg",768,544,true],"large":["https:\/\/maisondoramaar.org\/wp-content\/uploads\/2020\/08\/01PHOTO-EN-ATELIER-FORMAT-17-24CM-300DPI-AVEC-COPYRIGHT-JLS-Musiques-Interdites-1024x725.jpg",1024,725,true],"1536x1536":["https:\/\/maisondoramaar.org\/wp-content\/uploads\/2020\/08\/01PHOTO-EN-ATELIER-FORMAT-17-24CM-300DPI-AVEC-COPYRIGHT-JLS-Musiques-Interdites-1536x1087.jpg",1536,1087,true],"2048x2048":["https:\/\/maisondoramaar.org\/wp-content\/uploads\/2020\/08\/01PHOTO-EN-ATELIER-FORMAT-17-24CM-300DPI-AVEC-COPYRIGHT-JLS-Musiques-Interdites-2048x1450.jpg",2048,1450,true],"featured":["https:\/\/maisondoramaar.org\/wp-content\/uploads\/2020\/08\/01PHOTO-EN-ATELIER-FORMAT-17-24CM-300DPI-AVEC-COPYRIGHT-JLS-Musiques-Interdites-scaled.jpg",798,565,false],"gform-image-choice-sm":["https:\/\/maisondoramaar.org\/wp-content\/uploads\/2020\/08\/01PHOTO-EN-ATELIER-FORMAT-17-24CM-300DPI-AVEC-COPYRIGHT-JLS-Musiques-Interdites-scaled.jpg",300,212,false],"gform-image-choice-md":["https:\/\/maisondoramaar.org\/wp-content\/uploads\/2020\/08\/01PHOTO-EN-ATELIER-FORMAT-17-24CM-300DPI-AVEC-COPYRIGHT-JLS-Musiques-Interdites-scaled.jpg",400,283,false],"gform-image-choice-lg":["https:\/\/maisondoramaar.org\/wp-content\/uploads\/2020\/08\/01PHOTO-EN-ATELIER-FORMAT-17-24CM-300DPI-AVEC-COPYRIGHT-JLS-Musiques-Interdites-scaled.jpg",600,425,false],"xl":["https:\/\/maisondoramaar.org\/wp-content\/uploads\/2020\/08\/01PHOTO-EN-ATELIER-FORMAT-17-24CM-300DPI-AVEC-COPYRIGHT-JLS-Musiques-Interdites-scaled.jpg",1600,1133,false],"xxl":["https:\/\/maisondoramaar.org\/wp-content\/uploads\/2020\/08\/01PHOTO-EN-ATELIER-FORMAT-17-24CM-300DPI-AVEC-COPYRIGHT-JLS-Musiques-Interdites-scaled.jpg",2200,1557,false],"xxxl":["https:\/\/maisondoramaar.org\/wp-content\/uploads\/2020\/08\/01PHOTO-EN-ATELIER-FORMAT-17-24CM-300DPI-AVEC-COPYRIGHT-JLS-Musiques-Interdites-scaled.jpg",2560,1812,false],"xxxxl":["https:\/\/maisondoramaar.org\/wp-content\/uploads\/2020\/08\/01PHOTO-EN-ATELIER-FORMAT-17-24CM-300DPI-AVEC-COPYRIGHT-JLS-Musiques-Interdites-scaled.jpg",2560,1812,false],"xxxxxl":["https:\/\/maisondoramaar.org\/wp-content\/uploads\/2020\/08\/01PHOTO-EN-ATELIER-FORMAT-17-24CM-300DPI-AVEC-COPYRIGHT-JLS-Musiques-Interdites-scaled.jpg",2560,1812,false],"awb_sm":["https:\/\/maisondoramaar.org\/wp-content\/uploads\/2020\/08\/01PHOTO-EN-ATELIER-FORMAT-17-24CM-300DPI-AVEC-COPYRIGHT-JLS-Musiques-Interdites-scaled.jpg",500,354,false],"awb_md":["https:\/\/maisondoramaar.org\/wp-content\/uploads\/2020\/08\/01PHOTO-EN-ATELIER-FORMAT-17-24CM-300DPI-AVEC-COPYRIGHT-JLS-Musiques-Interdites-scaled.jpg",800,566,false],"awb_lg":["https:\/\/maisondoramaar.org\/wp-content\/uploads\/2020\/08\/01PHOTO-EN-ATELIER-FORMAT-17-24CM-300DPI-AVEC-COPYRIGHT-JLS-Musiques-Interdites-scaled.jpg",1280,906,false],"awb_xl":["https:\/\/maisondoramaar.org\/wp-content\/uploads\/2020\/08\/01PHOTO-EN-ATELIER-FORMAT-17-24CM-300DPI-AVEC-COPYRIGHT-JLS-Musiques-Interdites-scaled.jpg",1920,1359,false]},"uagb_author_info":{"display_name":"stagiaireMDM","author_link":"https:\/\/maisondoramaar.org\/fr\/author\/stagiairemdm\/"},"uagb_comment_info":0,"uagb_excerpt":"Dans le cadre de Manifesta 13, Musiques Interdites a \u00e9t\u00e9 invit\u00e9 par le programme de r\u00e9sidence Nancy B Negley \u00e0 [&hellip;]","_links":{"self":[{"href":"https:\/\/maisondoramaar.org\/fr\/wp-json\/wp\/v2\/ajde_events\/1478","targetHints":{"allow":["GET"]}}],"collection":[{"href":"https:\/\/maisondoramaar.org\/fr\/wp-json\/wp\/v2\/ajde_events"}],"about":[{"href":"https:\/\/maisondoramaar.org\/fr\/wp-json\/wp\/v2\/types\/ajde_events"}],"author":[{"embeddable":true,"href":"https:\/\/maisondoramaar.org\/fr\/wp-json\/wp\/v2\/users\/3"}],"replies":[{"embeddable":true,"href":"https:\/\/maisondoramaar.org\/fr\/wp-json\/wp\/v2\/comments?post=1478"}],"wp:featuredmedia":[{"embeddable":true,"href":"https:\/\/maisondoramaar.org\/fr\/wp-json\/wp\/v2\/media\/1360"}],"wp:attachment":[{"href":"https:\/\/maisondoramaar.org\/fr\/wp-json\/wp\/v2\/media?parent=1478"}],"wp:term":[{"taxonomy":"post_tag","embeddable":true,"href":"https:\/\/maisondoramaar.org\/fr\/wp-json\/wp\/v2\/tags?post=1478"},{"taxonomy":"event_type","embeddable":true,"href":"https:\/\/maisondoramaar.org\/fr\/wp-json\/wp\/v2\/event_type?post=1478"},{"taxonomy":"event_type_2","embeddable":true,"href":"https:\/\/maisondoramaar.org\/fr\/wp-json\/wp\/v2\/event_type_2?post=1478"}],"curies":[{"name":"wp","href":"https:\/\/api.w.org\/{rel}","templated":true}]}}