{"id":2161,"date":"2021-10-13T17:15:43","date_gmt":"2021-10-13T15:15:43","guid":{"rendered":"https:\/\/maisondoramaar.org\/?post_type=ajde_events&#038;p=2161"},"modified":"2022-03-30T17:01:05","modified_gmt":"2022-03-30T15:01:05","slug":"ablaye-cissoko-in-the-lyrical-oratorio-in-memory-of-at-the-salle-polyvante-jean-bonansera-menerbes","status":"publish","type":"ajde_events","link":"https:\/\/maisondoramaar.org\/fr\/events\/ablaye-cissoko-in-the-lyrical-oratorio-in-memory-of-at-the-salle-polyvante-jean-bonansera-menerbes\/","title":{"rendered":"Ablaye Cissoko dans l\u2019oratorio lyrique &#8220;En M\u00e9moire de&#8230;&#8221; \u00e0 la Salle Polyvante Jean Bonans\u00e9ra (M\u00e9nerbes)"},"content":{"rendered":"\n<p><strong>Un concert pour cl\u00f4turer l\u2019ann\u00e9e :&nbsp;Ablaye Cissoko dans l\u2019oratorio lyrique &#8220;En M\u00e9moire de&#8230;&#8221; le 25 Novembre \u00e0&nbsp;19h, \u00e0 la Salle Polyvante Jean Bonans\u00e9ra (M\u00e9nerbes)<\/strong><\/p>\n\n\n\n<p>Le Mus\u00e9e d\u2019Histoire de Marseille, dans le cadre de sa programmation d\u2019automne 2021, a command\u00e9 la derni\u00e8re version du triptyque \u00ab En M\u00e9moire De\u2026 \u00bb cr\u00e9\u00e9 pour le XVI\u00b0 Festival Musiques Interdites de Marseille. Il a sollicit\u00e9 la Maison Dora Maar et l\u2019H\u00f4tel de Tingry pour offrir une r\u00e9sidence au groupe d\u2019artistes afin qu\u2019il cr\u00e9e le nouvel oratorio..<\/p>\n\n\n\n<p>L&#8217;oratorio, &#8221; En m\u00e9moire de&#8230; &#8220;, bas\u00e9 sur un livret original de Michel Pastore, associera la tradition folklorique s\u00e9n\u00e9galaise au chant lyrique pour aborder les questions de m\u00e9moire face aux horreurs historiques, la Shoah comme le massacre des tirailleurs s\u00e9n\u00e9galais \u00e0 Clamecy. La musique m\u00e9lange le lyrisme occidental sous la forme d&#8217;un chant dramatique pour soprano et t\u00e9nor accompagn\u00e9 par un piano et un clavier, avec le lyrisme s\u00e9n\u00e9galais dans la composition et les variations libres de la Kora.<\/p>\n\n\n\n<p>Ablaye Cissoko, musicien de renomm\u00e9e internationale, est issu d&#8217;une famille de griots et est d\u00e9termin\u00e9 \u00e0 pr\u00e9server sa tradition mill\u00e9naire de la Kora.<\/p>\n\n\n\n<p>Nos artistes en r\u00e9sidence donneront une repr\u00e9sentation de cette pi\u00e8ce \u00e0 la fin de leur r\u00e9sidence.<\/p>\n\n\n\n<ul class=\"wp-block-list\"><li>Ablaye Cissoko chant kora&nbsp;<\/li><li>Chrystelle Di Marco soprano&nbsp;<\/li><li>Maria Kohler r\u00e9citante&nbsp;<\/li><li>Pap Ndiaye chant guitare percussions&nbsp;<\/li><li>Thomas Morris r\u00e9citant t\u00e9nor&nbsp;<\/li><li>Yoann Pourre piano clavier&nbsp;<\/li><li>Naomie Kremer peintures anim\u00e9es vid\u00e9os&nbsp;<\/li><li>Fabrice Duhamel r\u00e9gie technique<\/li><li>Michel Pastore compositeur<\/li><\/ul>\n\n\n\n<p>R\u00e9servez vos billets ici : <a href=\"https:\/\/www.eventbrite.fr\/e\/billets-ablaye-cissoko-dans-loratorio-lyrique-en-memoire-de-176289545777\" target=\"_blank\" rel=\"noreferrer noopener\">https:\/\/www.eventbrite.fr\/e\/billets-ablaye-cissoko-dans-loratorio-lyrique-en-memoire-de-176289545777<\/a><\/p>\n","protected":false},"author":6,"featured_media":2162,"menu_order":0,"comment_status":"closed","ping_status":"closed","template":"","meta":{"_acf_changed":true,"_uag_custom_page_level_css":"","site-sidebar-layout":"default","site-content-layout":"","ast-site-content-layout":"default","site-content-style":"default","site-sidebar-style":"default","ast-global-header-display":"","ast-banner-title-visibility":"","ast-main-header-display":"","ast-hfb-above-header-display":"","ast-hfb-below-header-display":"","ast-hfb-mobile-header-display":"","site-post-title":"","ast-breadcrumbs-content":"","ast-featured-img":"","footer-sml-layout":"","theme-transparent-header-meta":"","adv-header-id-meta":"","stick-header-meta":"","header-above-stick-meta":"","header-main-stick-meta":"","header-below-stick-meta":"","astra-migrate-meta-layouts":"default","ast-page-background-enabled":"default","ast-page-background-meta":{"desktop":{"background-color":"var(--ast-global-color-4)","background-image":"","background-repeat":"repeat","background-position":"center center","background-size":"auto","background-attachment":"scroll","background-type":"","background-media":"","overlay-type":"","overlay-color":"","overlay-opacity":"","overlay-gradient":""},"tablet":{"background-color":"","background-image":"","background-repeat":"repeat","background-position":"center center","background-size":"auto","background-attachment":"scroll","background-type":"","background-media":"","overlay-type":"","overlay-color":"","overlay-opacity":"","overlay-gradient":""},"mobile":{"background-color":"","background-image":"","background-repeat":"repeat","background-position":"center center","background-size":"auto","background-attachment":"scroll","background-type":"","background-media":"","overlay-type":"","overlay-color":"","overlay-opacity":"","overlay-gradient":""}},"ast-content-background-meta":{"desktop":{"background-color":"var(--ast-global-color-5)","background-image":"","background-repeat":"repeat","background-position":"center center","background-size":"auto","background-attachment":"scroll","background-type":"","background-media":"","overlay-type":"","overlay-color":"","overlay-opacity":"","overlay-gradient":""},"tablet":{"background-color":"var(--ast-global-color-5)","background-image":"","background-repeat":"repeat","background-position":"center center","background-size":"auto","background-attachment":"scroll","background-type":"","background-media":"","overlay-type":"","overlay-color":"","overlay-opacity":"","overlay-gradient":""},"mobile":{"background-color":"var(--ast-global-color-5)","background-image":"","background-repeat":"repeat","background-position":"center center","background-size":"auto","background-attachment":"scroll","background-type":"","background-media":"","overlay-type":"","overlay-color":"","overlay-opacity":"","overlay-gradient":""}},"_links_to":"","_links_to_target":""},"tags":[],"event_type":[63],"event_type_2":[],"class_list":["post-2161","ajde_events","type-ajde_events","status-publish","has-post-thumbnail","hentry","event_location-salle-polyvante-jean-bonansera","event_type-concert-fr"],"acf":[],"yoast_head":"<!-- This site is optimized with the Yoast SEO plugin v26.8 - https:\/\/yoast.com\/product\/yoast-seo-wordpress\/ -->\n<title>Ablaye Cissoko dans l\u2019oratorio lyrique &quot;En M\u00e9moire de...&quot; \u00e0 la Salle Polyvante Jean Bonans\u00e9ra (M\u00e9nerbes) - La Maison Dora Maar et L&#039;H\u00f4tel Tingry<\/title>\n<meta name=\"robots\" content=\"index, follow, max-snippet:-1, max-image-preview:large, max-video-preview:-1\" \/>\n<link rel=\"canonical\" href=\"https:\/\/maisondoramaar.org\/fr\/events\/ablaye-cissoko-in-the-lyrical-oratorio-in-memory-of-at-the-salle-polyvante-jean-bonansera-menerbes\/\" \/>\n<meta property=\"og:locale\" content=\"fr_FR\" \/>\n<meta property=\"og:type\" content=\"article\" \/>\n<meta property=\"og:title\" content=\"Ablaye Cissoko dans l\u2019oratorio lyrique &quot;En M\u00e9moire de...&quot; \u00e0 la Salle Polyvante Jean Bonans\u00e9ra (M\u00e9nerbes) - La Maison Dora Maar et L&#039;H\u00f4tel Tingry\" \/>\n<meta property=\"og:description\" content=\"Un concert pour cl\u00f4turer l\u2019ann\u00e9e :&nbsp;Ablaye Cissoko dans l\u2019oratorio lyrique &#8220;En M\u00e9moire de&#8230;&#8221; le 25 Novembre \u00e0&nbsp;19h, \u00e0 la Salle [&hellip;]\" \/>\n<meta property=\"og:url\" content=\"https:\/\/maisondoramaar.org\/fr\/events\/ablaye-cissoko-in-the-lyrical-oratorio-in-memory-of-at-the-salle-polyvante-jean-bonansera-menerbes\/\" \/>\n<meta property=\"og:site_name\" content=\"La Maison Dora Maar et L&#039;H\u00f4tel Tingry\" \/>\n<meta property=\"article:publisher\" content=\"https:\/\/fr-fr.facebook.com\/doramaarhouse\/\" \/>\n<meta property=\"article:modified_time\" content=\"2022-03-30T15:01:05+00:00\" \/>\n<meta property=\"og:image\" content=\"https:\/\/maisondoramaar.org\/wp-content\/uploads\/2021\/10\/cissoko-2.jpg\" \/>\n\t<meta property=\"og:image:width\" content=\"225\" \/>\n\t<meta property=\"og:image:height\" content=\"225\" \/>\n\t<meta property=\"og:image:type\" content=\"image\/jpeg\" \/>\n<meta name=\"twitter:card\" content=\"summary_large_image\" \/>\n<meta name=\"twitter:label1\" content=\"Est. reading time\" \/>\n\t<meta name=\"twitter:data1\" content=\"2 minutes\" \/>\n<script type=\"application\/ld+json\" class=\"yoast-schema-graph\">{\"@context\":\"https:\/\/schema.org\",\"@graph\":[{\"@type\":\"WebPage\",\"@id\":\"https:\/\/maisondoramaar.org\/fr\/events\/ablaye-cissoko-in-the-lyrical-oratorio-in-memory-of-at-the-salle-polyvante-jean-bonansera-menerbes\/\",\"url\":\"https:\/\/maisondoramaar.org\/fr\/events\/ablaye-cissoko-in-the-lyrical-oratorio-in-memory-of-at-the-salle-polyvante-jean-bonansera-menerbes\/\",\"name\":\"Ablaye Cissoko dans l\u2019oratorio lyrique \\\"En M\u00e9moire de...\\\" \u00e0 la Salle Polyvante Jean Bonans\u00e9ra (M\u00e9nerbes) - La Maison Dora Maar et L&#039;H\u00f4tel Tingry\",\"isPartOf\":{\"@id\":\"https:\/\/maisondoramaar.org\/#website\"},\"primaryImageOfPage\":{\"@id\":\"https:\/\/maisondoramaar.org\/fr\/events\/ablaye-cissoko-in-the-lyrical-oratorio-in-memory-of-at-the-salle-polyvante-jean-bonansera-menerbes\/#primaryimage\"},\"image\":{\"@id\":\"https:\/\/maisondoramaar.org\/fr\/events\/ablaye-cissoko-in-the-lyrical-oratorio-in-memory-of-at-the-salle-polyvante-jean-bonansera-menerbes\/#primaryimage\"},\"thumbnailUrl\":\"https:\/\/maisondoramaar.org\/wp-content\/uploads\/2021\/10\/cissoko-2.jpg\",\"datePublished\":\"2021-10-13T15:15:43+00:00\",\"dateModified\":\"2022-03-30T15:01:05+00:00\",\"breadcrumb\":{\"@id\":\"https:\/\/maisondoramaar.org\/fr\/events\/ablaye-cissoko-in-the-lyrical-oratorio-in-memory-of-at-the-salle-polyvante-jean-bonansera-menerbes\/#breadcrumb\"},\"inLanguage\":\"fr-FR\",\"potentialAction\":[{\"@type\":\"ReadAction\",\"target\":[\"https:\/\/maisondoramaar.org\/fr\/events\/ablaye-cissoko-in-the-lyrical-oratorio-in-memory-of-at-the-salle-polyvante-jean-bonansera-menerbes\/\"]}]},{\"@type\":\"ImageObject\",\"inLanguage\":\"fr-FR\",\"@id\":\"https:\/\/maisondoramaar.org\/fr\/events\/ablaye-cissoko-in-the-lyrical-oratorio-in-memory-of-at-the-salle-polyvante-jean-bonansera-menerbes\/#primaryimage\",\"url\":\"https:\/\/maisondoramaar.org\/wp-content\/uploads\/2021\/10\/cissoko-2.jpg\",\"contentUrl\":\"https:\/\/maisondoramaar.org\/wp-content\/uploads\/2021\/10\/cissoko-2.jpg\",\"width\":225,\"height\":225},{\"@type\":\"BreadcrumbList\",\"@id\":\"https:\/\/maisondoramaar.org\/fr\/events\/ablaye-cissoko-in-the-lyrical-oratorio-in-memory-of-at-the-salle-polyvante-jean-bonansera-menerbes\/#breadcrumb\",\"itemListElement\":[{\"@type\":\"ListItem\",\"position\":1,\"name\":\"Accueil\",\"item\":\"https:\/\/maisondoramaar.org\/fr\/\"},{\"@type\":\"ListItem\",\"position\":2,\"name\":\"Events\",\"item\":\"https:\/\/maisondoramaar.org\/events\/\"},{\"@type\":\"ListItem\",\"position\":3,\"name\":\"Ablaye Cissoko dans l\u2019oratorio lyrique &#8220;En M\u00e9moire de&#8230;&#8221; \u00e0 la Salle Polyvante Jean Bonans\u00e9ra (M\u00e9nerbes)\"}]},{\"@type\":\"WebSite\",\"@id\":\"https:\/\/maisondoramaar.org\/#website\",\"url\":\"https:\/\/maisondoramaar.org\/\",\"name\":\"La Maison Dora Maar et L&#039;H\u00f4tel Tingry\",\"description\":\"Des lieux d&#039;arts de la Fondation Nancy Brown Negley \u00e0 M\u00e9nerbes (Vaucluse), France\",\"publisher\":{\"@id\":\"https:\/\/maisondoramaar.org\/#organization\"},\"potentialAction\":[{\"@type\":\"SearchAction\",\"target\":{\"@type\":\"EntryPoint\",\"urlTemplate\":\"https:\/\/maisondoramaar.org\/?s={search_term_string}\"},\"query-input\":{\"@type\":\"PropertyValueSpecification\",\"valueRequired\":true,\"valueName\":\"search_term_string\"}}],\"inLanguage\":\"fr-FR\"},{\"@type\":\"Organization\",\"@id\":\"https:\/\/maisondoramaar.org\/#organization\",\"name\":\"La Maison Dora Maar et L&#039;H\u00f4tel Tingry\",\"url\":\"https:\/\/maisondoramaar.org\/\",\"logo\":{\"@type\":\"ImageObject\",\"inLanguage\":\"fr-FR\",\"@id\":\"https:\/\/maisondoramaar.org\/#\/schema\/logo\/image\/\",\"url\":\"https:\/\/maisondoramaar.org\/wp-content\/uploads\/2024\/06\/DMCC_logo.png\",\"contentUrl\":\"https:\/\/maisondoramaar.org\/wp-content\/uploads\/2024\/06\/DMCC_logo.png\",\"width\":521,\"height\":362,\"caption\":\"La Maison Dora Maar et L&#039;H\u00f4tel Tingry\"},\"image\":{\"@id\":\"https:\/\/maisondoramaar.org\/#\/schema\/logo\/image\/\"},\"sameAs\":[\"https:\/\/fr-fr.facebook.com\/doramaarhouse\/\",\"https:\/\/www.instagram.com\/lamaisondoramaar\"]}]}<\/script>\n<!-- \/ Yoast SEO plugin. -->","yoast_head_json":{"title":"Ablaye Cissoko dans l\u2019oratorio lyrique \"En M\u00e9moire de...\" \u00e0 la Salle Polyvante Jean Bonans\u00e9ra (M\u00e9nerbes) - La Maison Dora Maar et L&#039;H\u00f4tel Tingry","robots":{"index":"index","follow":"follow","max-snippet":"max-snippet:-1","max-image-preview":"max-image-preview:large","max-video-preview":"max-video-preview:-1"},"canonical":"https:\/\/maisondoramaar.org\/fr\/events\/ablaye-cissoko-in-the-lyrical-oratorio-in-memory-of-at-the-salle-polyvante-jean-bonansera-menerbes\/","og_locale":"fr_FR","og_type":"article","og_title":"Ablaye Cissoko dans l\u2019oratorio lyrique \"En M\u00e9moire de...\" \u00e0 la Salle Polyvante Jean Bonans\u00e9ra (M\u00e9nerbes) - La Maison Dora Maar et L&#039;H\u00f4tel Tingry","og_description":"Un concert pour cl\u00f4turer l\u2019ann\u00e9e :&nbsp;Ablaye Cissoko dans l\u2019oratorio lyrique &#8220;En M\u00e9moire de&#8230;&#8221; le 25 Novembre \u00e0&nbsp;19h, \u00e0 la Salle [&hellip;]","og_url":"https:\/\/maisondoramaar.org\/fr\/events\/ablaye-cissoko-in-the-lyrical-oratorio-in-memory-of-at-the-salle-polyvante-jean-bonansera-menerbes\/","og_site_name":"La Maison Dora Maar et L&#039;H\u00f4tel Tingry","article_publisher":"https:\/\/fr-fr.facebook.com\/doramaarhouse\/","article_modified_time":"2022-03-30T15:01:05+00:00","og_image":[{"width":225,"height":225,"url":"https:\/\/maisondoramaar.org\/wp-content\/uploads\/2021\/10\/cissoko-2.jpg","type":"image\/jpeg"}],"twitter_card":"summary_large_image","twitter_misc":{"Est. reading time":"2 minutes"},"schema":{"@context":"https:\/\/schema.org","@graph":[{"@type":"WebPage","@id":"https:\/\/maisondoramaar.org\/fr\/events\/ablaye-cissoko-in-the-lyrical-oratorio-in-memory-of-at-the-salle-polyvante-jean-bonansera-menerbes\/","url":"https:\/\/maisondoramaar.org\/fr\/events\/ablaye-cissoko-in-the-lyrical-oratorio-in-memory-of-at-the-salle-polyvante-jean-bonansera-menerbes\/","name":"Ablaye Cissoko dans l\u2019oratorio lyrique \"En M\u00e9moire de...\" \u00e0 la Salle Polyvante Jean Bonans\u00e9ra (M\u00e9nerbes) - La Maison Dora Maar et L&#039;H\u00f4tel Tingry","isPartOf":{"@id":"https:\/\/maisondoramaar.org\/#website"},"primaryImageOfPage":{"@id":"https:\/\/maisondoramaar.org\/fr\/events\/ablaye-cissoko-in-the-lyrical-oratorio-in-memory-of-at-the-salle-polyvante-jean-bonansera-menerbes\/#primaryimage"},"image":{"@id":"https:\/\/maisondoramaar.org\/fr\/events\/ablaye-cissoko-in-the-lyrical-oratorio-in-memory-of-at-the-salle-polyvante-jean-bonansera-menerbes\/#primaryimage"},"thumbnailUrl":"https:\/\/maisondoramaar.org\/wp-content\/uploads\/2021\/10\/cissoko-2.jpg","datePublished":"2021-10-13T15:15:43+00:00","dateModified":"2022-03-30T15:01:05+00:00","breadcrumb":{"@id":"https:\/\/maisondoramaar.org\/fr\/events\/ablaye-cissoko-in-the-lyrical-oratorio-in-memory-of-at-the-salle-polyvante-jean-bonansera-menerbes\/#breadcrumb"},"inLanguage":"fr-FR","potentialAction":[{"@type":"ReadAction","target":["https:\/\/maisondoramaar.org\/fr\/events\/ablaye-cissoko-in-the-lyrical-oratorio-in-memory-of-at-the-salle-polyvante-jean-bonansera-menerbes\/"]}]},{"@type":"ImageObject","inLanguage":"fr-FR","@id":"https:\/\/maisondoramaar.org\/fr\/events\/ablaye-cissoko-in-the-lyrical-oratorio-in-memory-of-at-the-salle-polyvante-jean-bonansera-menerbes\/#primaryimage","url":"https:\/\/maisondoramaar.org\/wp-content\/uploads\/2021\/10\/cissoko-2.jpg","contentUrl":"https:\/\/maisondoramaar.org\/wp-content\/uploads\/2021\/10\/cissoko-2.jpg","width":225,"height":225},{"@type":"BreadcrumbList","@id":"https:\/\/maisondoramaar.org\/fr\/events\/ablaye-cissoko-in-the-lyrical-oratorio-in-memory-of-at-the-salle-polyvante-jean-bonansera-menerbes\/#breadcrumb","itemListElement":[{"@type":"ListItem","position":1,"name":"Accueil","item":"https:\/\/maisondoramaar.org\/fr\/"},{"@type":"ListItem","position":2,"name":"Events","item":"https:\/\/maisondoramaar.org\/events\/"},{"@type":"ListItem","position":3,"name":"Ablaye Cissoko dans l\u2019oratorio lyrique &#8220;En M\u00e9moire de&#8230;&#8221; \u00e0 la Salle Polyvante Jean Bonans\u00e9ra (M\u00e9nerbes)"}]},{"@type":"WebSite","@id":"https:\/\/maisondoramaar.org\/#website","url":"https:\/\/maisondoramaar.org\/","name":"La Maison Dora Maar et L&#039;H\u00f4tel Tingry","description":"Des lieux d&#039;arts de la Fondation Nancy Brown Negley \u00e0 M\u00e9nerbes (Vaucluse), France","publisher":{"@id":"https:\/\/maisondoramaar.org\/#organization"},"potentialAction":[{"@type":"SearchAction","target":{"@type":"EntryPoint","urlTemplate":"https:\/\/maisondoramaar.org\/?s={search_term_string}"},"query-input":{"@type":"PropertyValueSpecification","valueRequired":true,"valueName":"search_term_string"}}],"inLanguage":"fr-FR"},{"@type":"Organization","@id":"https:\/\/maisondoramaar.org\/#organization","name":"La Maison Dora Maar et L&#039;H\u00f4tel Tingry","url":"https:\/\/maisondoramaar.org\/","logo":{"@type":"ImageObject","inLanguage":"fr-FR","@id":"https:\/\/maisondoramaar.org\/#\/schema\/logo\/image\/","url":"https:\/\/maisondoramaar.org\/wp-content\/uploads\/2024\/06\/DMCC_logo.png","contentUrl":"https:\/\/maisondoramaar.org\/wp-content\/uploads\/2024\/06\/DMCC_logo.png","width":521,"height":362,"caption":"La Maison Dora Maar et L&#039;H\u00f4tel Tingry"},"image":{"@id":"https:\/\/maisondoramaar.org\/#\/schema\/logo\/image\/"},"sameAs":["https:\/\/fr-fr.facebook.com\/doramaarhouse\/","https:\/\/www.instagram.com\/lamaisondoramaar"]}]}},"uagb_featured_image_src":{"full":["https:\/\/maisondoramaar.org\/wp-content\/uploads\/2021\/10\/cissoko-2.jpg",225,225,false],"thumbnail":["https:\/\/maisondoramaar.org\/wp-content\/uploads\/2021\/10\/cissoko-2-150x150.jpg",150,150,true],"medium":["https:\/\/maisondoramaar.org\/wp-content\/uploads\/2021\/10\/cissoko-2.jpg",225,225,false],"medium_large":["https:\/\/maisondoramaar.org\/wp-content\/uploads\/2021\/10\/cissoko-2.jpg",225,225,false],"large":["https:\/\/maisondoramaar.org\/wp-content\/uploads\/2021\/10\/cissoko-2.jpg",225,225,false],"1536x1536":["https:\/\/maisondoramaar.org\/wp-content\/uploads\/2021\/10\/cissoko-2.jpg",225,225,false],"2048x2048":["https:\/\/maisondoramaar.org\/wp-content\/uploads\/2021\/10\/cissoko-2.jpg",225,225,false],"featured":["https:\/\/maisondoramaar.org\/wp-content\/uploads\/2021\/10\/cissoko-2.jpg",225,225,false],"gform-image-choice-sm":["https:\/\/maisondoramaar.org\/wp-content\/uploads\/2021\/10\/cissoko-2.jpg",225,225,false],"gform-image-choice-md":["https:\/\/maisondoramaar.org\/wp-content\/uploads\/2021\/10\/cissoko-2.jpg",225,225,false],"gform-image-choice-lg":["https:\/\/maisondoramaar.org\/wp-content\/uploads\/2021\/10\/cissoko-2.jpg",225,225,false],"xl":["https:\/\/maisondoramaar.org\/wp-content\/uploads\/2021\/10\/cissoko-2.jpg",225,225,false],"xxl":["https:\/\/maisondoramaar.org\/wp-content\/uploads\/2021\/10\/cissoko-2.jpg",225,225,false],"xxxl":["https:\/\/maisondoramaar.org\/wp-content\/uploads\/2021\/10\/cissoko-2.jpg",225,225,false],"xxxxl":["https:\/\/maisondoramaar.org\/wp-content\/uploads\/2021\/10\/cissoko-2.jpg",225,225,false],"xxxxxl":["https:\/\/maisondoramaar.org\/wp-content\/uploads\/2021\/10\/cissoko-2.jpg",225,225,false],"awb_sm":["https:\/\/maisondoramaar.org\/wp-content\/uploads\/2021\/10\/cissoko-2.jpg",225,225,false],"awb_md":["https:\/\/maisondoramaar.org\/wp-content\/uploads\/2021\/10\/cissoko-2.jpg",225,225,false],"awb_lg":["https:\/\/maisondoramaar.org\/wp-content\/uploads\/2021\/10\/cissoko-2.jpg",225,225,false],"awb_xl":["https:\/\/maisondoramaar.org\/wp-content\/uploads\/2021\/10\/cissoko-2.jpg",225,225,false]},"uagb_author_info":{"display_name":"MacKenzie","author_link":"https:\/\/maisondoramaar.org\/fr\/author\/mackenzie_dm\/"},"uagb_comment_info":0,"uagb_excerpt":"Un concert pour cl\u00f4turer l\u2019ann\u00e9e :&nbsp;Ablaye Cissoko dans l\u2019oratorio lyrique &#8220;En M\u00e9moire de&#8230;&#8221; le 25 Novembre \u00e0&nbsp;19h, \u00e0 la Salle [&hellip;]","_links":{"self":[{"href":"https:\/\/maisondoramaar.org\/fr\/wp-json\/wp\/v2\/ajde_events\/2161","targetHints":{"allow":["GET"]}}],"collection":[{"href":"https:\/\/maisondoramaar.org\/fr\/wp-json\/wp\/v2\/ajde_events"}],"about":[{"href":"https:\/\/maisondoramaar.org\/fr\/wp-json\/wp\/v2\/types\/ajde_events"}],"author":[{"embeddable":true,"href":"https:\/\/maisondoramaar.org\/fr\/wp-json\/wp\/v2\/users\/6"}],"replies":[{"embeddable":true,"href":"https:\/\/maisondoramaar.org\/fr\/wp-json\/wp\/v2\/comments?post=2161"}],"wp:featuredmedia":[{"embeddable":true,"href":"https:\/\/maisondoramaar.org\/fr\/wp-json\/wp\/v2\/media\/2162"}],"wp:attachment":[{"href":"https:\/\/maisondoramaar.org\/fr\/wp-json\/wp\/v2\/media?parent=2161"}],"wp:term":[{"taxonomy":"post_tag","embeddable":true,"href":"https:\/\/maisondoramaar.org\/fr\/wp-json\/wp\/v2\/tags?post=2161"},{"taxonomy":"event_type","embeddable":true,"href":"https:\/\/maisondoramaar.org\/fr\/wp-json\/wp\/v2\/event_type?post=2161"},{"taxonomy":"event_type_2","embeddable":true,"href":"https:\/\/maisondoramaar.org\/fr\/wp-json\/wp\/v2\/event_type_2?post=2161"}],"curies":[{"name":"wp","href":"https:\/\/api.w.org\/{rel}","templated":true}]}}