{"id":3333,"date":"2022-10-20T16:50:16","date_gmt":"2022-10-20T14:50:16","guid":{"rendered":"https:\/\/maisondoramaar.org\/?post_type=ajde_events&#038;p=3333"},"modified":"2022-11-22T12:23:34","modified_gmt":"2022-11-22T11:23:34","slug":"last-exposition-a-la-mob","status":"publish","type":"ajde_events","link":"https:\/\/maisondoramaar.org\/fr\/events\/last-exposition-a-la-mob\/","title":{"rendered":"&#8220;Last&#8221; exposition \u00e0 La Mob"},"content":{"rendered":"\n<p>L&#8217;association Nancy B Negley a le plaisir d&#8217;annoncer l&#8217;ouverture de sa toute nouvelle exposition, LAST. Last est une exposition en l\u2019honneur des po\u00e8tes et des po\u00e8mes \u00e9crits \u00e0 la Maison Dora Maar.<\/p>\n\n\n\n<p>La po\u00e9sie est devenue l\u2019un des principaux moyens d\u2019exploration cr\u00e9ative pour Dora Maar lorsqu\u2019elle \u00e9tait \u00e0 M\u00e9nerbes.&nbsp;Lorsqu\u2019elle \u00e9tait ici, elle cherchait le temps pour travailler et pour contempler, pr\u00e9cis\u00e9ment ce que font nos artistes lorsqu\u2019ils viennent ici. &nbsp;&nbsp;&nbsp;&nbsp;&nbsp;&nbsp;&nbsp;&nbsp;&nbsp;&nbsp;&nbsp;&nbsp;&nbsp;&nbsp;&nbsp;&nbsp;&nbsp;&nbsp;&nbsp;&nbsp;&nbsp;&nbsp;&nbsp;&nbsp;&nbsp;&nbsp;&nbsp;&nbsp;<\/p>\n\n\n\n<p>La po\u00e9sie de Dora Maar, ainsi que les po\u00e8mes de cette exposition, sont souvent concern\u00e9s par le langage de l\u2019\u00e9ternel, situ\u00e9 dans les sp\u00e9cificit\u00e9s temporelles du lieu. Le paradoxe est que ce qui durera se trouve souvent dans ce qui a \u00e9t\u00e9 le dernier ou perdu. Dans son po\u00e8me intitul\u00e9 The Lost Photograph of Dora Maar, Siobhan Scarry \u00e9crit : \u00abLes r\u00eaves surr\u00e9alistes ne finissent jamais.\u00bb&nbsp;La Mob d\u00e9crypte les imaginaires et la vie de Dora Maar, comme ceux des artistes d\u00e9sormais en r\u00e9sidence \u00e0 M\u00e9nerbes. L\u2019exposition Last parcourt le lien entre ces temporalit\u00e9s. Afin d\u2019animer les juxtapositions et les superpositions des oeuvres pass\u00e9es, pr\u00e9sentes et futures, CreativeTech conjugue des techniques de sc\u00e9nographie faisant appel \u00e0 diff\u00e9rents sens. <strong>L\u2019exposition se d\u00e9roulera du 28 octobre 2022 au 31 mars 2023 \u00e0 La Mob \u00e0 la Maison Dora Maar. Vernissage le 28 octobre \u00e0 18h.<\/strong><\/p>\n\n\n\n<p><\/p>\n\n\n\n<p class=\"has-text-align-center\"><strong>Les po\u00e8tes inclus dans cette exposition :<\/strong><\/p>\n\n\n\n<p class=\"has-text-align-center\">Paula Bohince | Christina Davis | Mary Flanagan | Allison Funk | Jody Gladding | Jennifer Grotz<\/p>\n\n\n\n<p class=\"has-text-align-center\">Sally Keith | Cleopatra Mathis | Melanie Noel | Eric Pankey | Elizabeth Robinson | Zack Rogow<\/p>\n\n\n\n<p class=\"has-text-align-center\">Siobhan Scarry | Tom Sleigh | Donna Stonecipher | Lisa Williams | Kathleen Winter | Matvei Yankelevich<\/p>\n\n\n\n<p><\/p>\n\n\n\n<p><strong>Horaires : <\/strong>Mercredi de 13h \u00e0 17h et Jeudi au Dimanche de 11h \u00e0 13h et 14h \u00e0 17h | Entr\u00e9e Libre<\/p>\n\n\n\n<p>Fermeture annuelle de mi-d\u00e9cembre \u00e0 fin f\u00e9vrier<\/p>\n\n\n\n<p><strong>Adresse : <\/strong>La Mob | La Maison Dora Maar | 58 rue du portail neuf | 84560 M\u00e9nerbes France <a href=\"https:\/\/maisondoramaar.org\/\">https:\/\/maisondoramaar.or<\/a>g<\/p>\n\n\n\n<p><strong>Contact<\/strong> : MacKenzie Mercurio | <a href=\"mailto:mmercurio@maisondoramaar.org\">mmercurio@maisondoramaar.org<\/a> | 04 90 72 54 70<\/p>\n","protected":false},"author":6,"featured_media":3331,"menu_order":0,"comment_status":"closed","ping_status":"closed","template":"","meta":{"_acf_changed":false,"_uag_custom_page_level_css":"","site-sidebar-layout":"default","site-content-layout":"","ast-site-content-layout":"default","site-content-style":"default","site-sidebar-style":"default","ast-global-header-display":"","ast-banner-title-visibility":"","ast-main-header-display":"","ast-hfb-above-header-display":"","ast-hfb-below-header-display":"","ast-hfb-mobile-header-display":"","site-post-title":"","ast-breadcrumbs-content":"","ast-featured-img":"","footer-sml-layout":"","theme-transparent-header-meta":"","adv-header-id-meta":"","stick-header-meta":"","header-above-stick-meta":"","header-main-stick-meta":"","header-below-stick-meta":"","astra-migrate-meta-layouts":"default","ast-page-background-enabled":"default","ast-page-background-meta":{"desktop":{"background-color":"var(--ast-global-color-4)","background-image":"","background-repeat":"repeat","background-position":"center center","background-size":"auto","background-attachment":"scroll","background-type":"","background-media":"","overlay-type":"","overlay-color":"","overlay-opacity":"","overlay-gradient":""},"tablet":{"background-color":"","background-image":"","background-repeat":"repeat","background-position":"center center","background-size":"auto","background-attachment":"scroll","background-type":"","background-media":"","overlay-type":"","overlay-color":"","overlay-opacity":"","overlay-gradient":""},"mobile":{"background-color":"","background-image":"","background-repeat":"repeat","background-position":"center center","background-size":"auto","background-attachment":"scroll","background-type":"","background-media":"","overlay-type":"","overlay-color":"","overlay-opacity":"","overlay-gradient":""}},"ast-content-background-meta":{"desktop":{"background-color":"var(--ast-global-color-5)","background-image":"","background-repeat":"repeat","background-position":"center center","background-size":"auto","background-attachment":"scroll","background-type":"","background-media":"","overlay-type":"","overlay-color":"","overlay-opacity":"","overlay-gradient":""},"tablet":{"background-color":"var(--ast-global-color-5)","background-image":"","background-repeat":"repeat","background-position":"center center","background-size":"auto","background-attachment":"scroll","background-type":"","background-media":"","overlay-type":"","overlay-color":"","overlay-opacity":"","overlay-gradient":""},"mobile":{"background-color":"var(--ast-global-color-5)","background-image":"","background-repeat":"repeat","background-position":"center center","background-size":"auto","background-attachment":"scroll","background-type":"","background-media":"","overlay-type":"","overlay-color":"","overlay-opacity":"","overlay-gradient":""}},"_links_to":"","_links_to_target":""},"tags":[],"event_type":[78],"event_type_2":[],"class_list":["post-3333","ajde_events","type-ajde_events","status-publish","has-post-thumbnail","hentry","event_location-dora-maar-house-fr","event_type-exhibition-2"],"acf":[],"yoast_head":"<!-- This site is optimized with the Yoast SEO plugin v26.8 - https:\/\/yoast.com\/product\/yoast-seo-wordpress\/ -->\n<title>&quot;Last&quot; exposition \u00e0 La Mob - La Maison Dora Maar et L&#039;H\u00f4tel Tingry<\/title>\n<meta name=\"robots\" content=\"index, follow, max-snippet:-1, max-image-preview:large, max-video-preview:-1\" \/>\n<link rel=\"canonical\" href=\"https:\/\/maisondoramaar.org\/fr\/events\/last-exposition-a-la-mob\/\" \/>\n<meta property=\"og:locale\" content=\"fr_FR\" \/>\n<meta property=\"og:type\" content=\"article\" \/>\n<meta property=\"og:title\" content=\"&quot;Last&quot; exposition \u00e0 La Mob - La Maison Dora Maar et L&#039;H\u00f4tel Tingry\" \/>\n<meta property=\"og:description\" content=\"L&#8217;association Nancy B Negley a le plaisir d&#8217;annoncer l&#8217;ouverture de sa toute nouvelle exposition, LAST. Last est une exposition en [&hellip;]\" \/>\n<meta property=\"og:url\" content=\"https:\/\/maisondoramaar.org\/fr\/events\/last-exposition-a-la-mob\/\" \/>\n<meta property=\"og:site_name\" content=\"La Maison Dora Maar et L&#039;H\u00f4tel Tingry\" \/>\n<meta property=\"article:publisher\" content=\"https:\/\/fr-fr.facebook.com\/doramaarhouse\/\" \/>\n<meta property=\"article:modified_time\" content=\"2022-11-22T11:23:34+00:00\" \/>\n<meta property=\"og:image\" content=\"https:\/\/maisondoramaar.org\/wp-content\/uploads\/2022\/10\/Nenesmall.jpg\" \/>\n\t<meta property=\"og:image:width\" content=\"1806\" \/>\n\t<meta property=\"og:image:height\" content=\"2057\" \/>\n\t<meta property=\"og:image:type\" content=\"image\/jpeg\" \/>\n<meta name=\"twitter:card\" content=\"summary_large_image\" \/>\n<meta name=\"twitter:label1\" content=\"Est. reading time\" \/>\n\t<meta name=\"twitter:data1\" content=\"2 minutes\" \/>\n<script type=\"application\/ld+json\" class=\"yoast-schema-graph\">{\"@context\":\"https:\/\/schema.org\",\"@graph\":[{\"@type\":\"WebPage\",\"@id\":\"https:\/\/maisondoramaar.org\/fr\/events\/last-exposition-a-la-mob\/\",\"url\":\"https:\/\/maisondoramaar.org\/fr\/events\/last-exposition-a-la-mob\/\",\"name\":\"\\\"Last\\\" exposition \u00e0 La Mob - La Maison Dora Maar et L&#039;H\u00f4tel Tingry\",\"isPartOf\":{\"@id\":\"https:\/\/maisondoramaar.org\/#website\"},\"primaryImageOfPage\":{\"@id\":\"https:\/\/maisondoramaar.org\/fr\/events\/last-exposition-a-la-mob\/#primaryimage\"},\"image\":{\"@id\":\"https:\/\/maisondoramaar.org\/fr\/events\/last-exposition-a-la-mob\/#primaryimage\"},\"thumbnailUrl\":\"https:\/\/maisondoramaar.org\/wp-content\/uploads\/2022\/10\/Nenesmall.jpg\",\"datePublished\":\"2022-10-20T14:50:16+00:00\",\"dateModified\":\"2022-11-22T11:23:34+00:00\",\"breadcrumb\":{\"@id\":\"https:\/\/maisondoramaar.org\/fr\/events\/last-exposition-a-la-mob\/#breadcrumb\"},\"inLanguage\":\"fr-FR\",\"potentialAction\":[{\"@type\":\"ReadAction\",\"target\":[\"https:\/\/maisondoramaar.org\/fr\/events\/last-exposition-a-la-mob\/\"]}]},{\"@type\":\"ImageObject\",\"inLanguage\":\"fr-FR\",\"@id\":\"https:\/\/maisondoramaar.org\/fr\/events\/last-exposition-a-la-mob\/#primaryimage\",\"url\":\"https:\/\/maisondoramaar.org\/wp-content\/uploads\/2022\/10\/Nenesmall.jpg\",\"contentUrl\":\"https:\/\/maisondoramaar.org\/wp-content\/uploads\/2022\/10\/Nenesmall.jpg\",\"width\":1806,\"height\":2057},{\"@type\":\"BreadcrumbList\",\"@id\":\"https:\/\/maisondoramaar.org\/fr\/events\/last-exposition-a-la-mob\/#breadcrumb\",\"itemListElement\":[{\"@type\":\"ListItem\",\"position\":1,\"name\":\"Accueil\",\"item\":\"https:\/\/maisondoramaar.org\/fr\/\"},{\"@type\":\"ListItem\",\"position\":2,\"name\":\"Events\",\"item\":\"https:\/\/maisondoramaar.org\/events\/\"},{\"@type\":\"ListItem\",\"position\":3,\"name\":\"&#8220;Last&#8221; exposition \u00e0 La Mob\"}]},{\"@type\":\"WebSite\",\"@id\":\"https:\/\/maisondoramaar.org\/#website\",\"url\":\"https:\/\/maisondoramaar.org\/\",\"name\":\"La Maison Dora Maar et L&#039;H\u00f4tel Tingry\",\"description\":\"Des lieux d&#039;arts de la Fondation Nancy Brown Negley \u00e0 M\u00e9nerbes (Vaucluse), France\",\"publisher\":{\"@id\":\"https:\/\/maisondoramaar.org\/#organization\"},\"potentialAction\":[{\"@type\":\"SearchAction\",\"target\":{\"@type\":\"EntryPoint\",\"urlTemplate\":\"https:\/\/maisondoramaar.org\/?s={search_term_string}\"},\"query-input\":{\"@type\":\"PropertyValueSpecification\",\"valueRequired\":true,\"valueName\":\"search_term_string\"}}],\"inLanguage\":\"fr-FR\"},{\"@type\":\"Organization\",\"@id\":\"https:\/\/maisondoramaar.org\/#organization\",\"name\":\"La Maison Dora Maar et L&#039;H\u00f4tel Tingry\",\"url\":\"https:\/\/maisondoramaar.org\/\",\"logo\":{\"@type\":\"ImageObject\",\"inLanguage\":\"fr-FR\",\"@id\":\"https:\/\/maisondoramaar.org\/#\/schema\/logo\/image\/\",\"url\":\"https:\/\/maisondoramaar.org\/wp-content\/uploads\/2024\/06\/DMCC_logo.png\",\"contentUrl\":\"https:\/\/maisondoramaar.org\/wp-content\/uploads\/2024\/06\/DMCC_logo.png\",\"width\":521,\"height\":362,\"caption\":\"La Maison Dora Maar et L&#039;H\u00f4tel Tingry\"},\"image\":{\"@id\":\"https:\/\/maisondoramaar.org\/#\/schema\/logo\/image\/\"},\"sameAs\":[\"https:\/\/fr-fr.facebook.com\/doramaarhouse\/\",\"https:\/\/www.instagram.com\/lamaisondoramaar\"]}]}<\/script>\n<!-- \/ Yoast SEO plugin. -->","yoast_head_json":{"title":"\"Last\" exposition \u00e0 La Mob - La Maison Dora Maar et L&#039;H\u00f4tel Tingry","robots":{"index":"index","follow":"follow","max-snippet":"max-snippet:-1","max-image-preview":"max-image-preview:large","max-video-preview":"max-video-preview:-1"},"canonical":"https:\/\/maisondoramaar.org\/fr\/events\/last-exposition-a-la-mob\/","og_locale":"fr_FR","og_type":"article","og_title":"\"Last\" exposition \u00e0 La Mob - La Maison Dora Maar et L&#039;H\u00f4tel Tingry","og_description":"L&#8217;association Nancy B Negley a le plaisir d&#8217;annoncer l&#8217;ouverture de sa toute nouvelle exposition, LAST. Last est une exposition en [&hellip;]","og_url":"https:\/\/maisondoramaar.org\/fr\/events\/last-exposition-a-la-mob\/","og_site_name":"La Maison Dora Maar et L&#039;H\u00f4tel Tingry","article_publisher":"https:\/\/fr-fr.facebook.com\/doramaarhouse\/","article_modified_time":"2022-11-22T11:23:34+00:00","og_image":[{"width":1806,"height":2057,"url":"https:\/\/maisondoramaar.org\/wp-content\/uploads\/2022\/10\/Nenesmall.jpg","type":"image\/jpeg"}],"twitter_card":"summary_large_image","twitter_misc":{"Est. reading time":"2 minutes"},"schema":{"@context":"https:\/\/schema.org","@graph":[{"@type":"WebPage","@id":"https:\/\/maisondoramaar.org\/fr\/events\/last-exposition-a-la-mob\/","url":"https:\/\/maisondoramaar.org\/fr\/events\/last-exposition-a-la-mob\/","name":"\"Last\" exposition \u00e0 La Mob - La Maison Dora Maar et L&#039;H\u00f4tel Tingry","isPartOf":{"@id":"https:\/\/maisondoramaar.org\/#website"},"primaryImageOfPage":{"@id":"https:\/\/maisondoramaar.org\/fr\/events\/last-exposition-a-la-mob\/#primaryimage"},"image":{"@id":"https:\/\/maisondoramaar.org\/fr\/events\/last-exposition-a-la-mob\/#primaryimage"},"thumbnailUrl":"https:\/\/maisondoramaar.org\/wp-content\/uploads\/2022\/10\/Nenesmall.jpg","datePublished":"2022-10-20T14:50:16+00:00","dateModified":"2022-11-22T11:23:34+00:00","breadcrumb":{"@id":"https:\/\/maisondoramaar.org\/fr\/events\/last-exposition-a-la-mob\/#breadcrumb"},"inLanguage":"fr-FR","potentialAction":[{"@type":"ReadAction","target":["https:\/\/maisondoramaar.org\/fr\/events\/last-exposition-a-la-mob\/"]}]},{"@type":"ImageObject","inLanguage":"fr-FR","@id":"https:\/\/maisondoramaar.org\/fr\/events\/last-exposition-a-la-mob\/#primaryimage","url":"https:\/\/maisondoramaar.org\/wp-content\/uploads\/2022\/10\/Nenesmall.jpg","contentUrl":"https:\/\/maisondoramaar.org\/wp-content\/uploads\/2022\/10\/Nenesmall.jpg","width":1806,"height":2057},{"@type":"BreadcrumbList","@id":"https:\/\/maisondoramaar.org\/fr\/events\/last-exposition-a-la-mob\/#breadcrumb","itemListElement":[{"@type":"ListItem","position":1,"name":"Accueil","item":"https:\/\/maisondoramaar.org\/fr\/"},{"@type":"ListItem","position":2,"name":"Events","item":"https:\/\/maisondoramaar.org\/events\/"},{"@type":"ListItem","position":3,"name":"&#8220;Last&#8221; exposition \u00e0 La Mob"}]},{"@type":"WebSite","@id":"https:\/\/maisondoramaar.org\/#website","url":"https:\/\/maisondoramaar.org\/","name":"La Maison Dora Maar et L&#039;H\u00f4tel Tingry","description":"Des lieux d&#039;arts de la Fondation Nancy Brown Negley \u00e0 M\u00e9nerbes (Vaucluse), France","publisher":{"@id":"https:\/\/maisondoramaar.org\/#organization"},"potentialAction":[{"@type":"SearchAction","target":{"@type":"EntryPoint","urlTemplate":"https:\/\/maisondoramaar.org\/?s={search_term_string}"},"query-input":{"@type":"PropertyValueSpecification","valueRequired":true,"valueName":"search_term_string"}}],"inLanguage":"fr-FR"},{"@type":"Organization","@id":"https:\/\/maisondoramaar.org\/#organization","name":"La Maison Dora Maar et L&#039;H\u00f4tel Tingry","url":"https:\/\/maisondoramaar.org\/","logo":{"@type":"ImageObject","inLanguage":"fr-FR","@id":"https:\/\/maisondoramaar.org\/#\/schema\/logo\/image\/","url":"https:\/\/maisondoramaar.org\/wp-content\/uploads\/2024\/06\/DMCC_logo.png","contentUrl":"https:\/\/maisondoramaar.org\/wp-content\/uploads\/2024\/06\/DMCC_logo.png","width":521,"height":362,"caption":"La Maison Dora Maar et L&#039;H\u00f4tel Tingry"},"image":{"@id":"https:\/\/maisondoramaar.org\/#\/schema\/logo\/image\/"},"sameAs":["https:\/\/fr-fr.facebook.com\/doramaarhouse\/","https:\/\/www.instagram.com\/lamaisondoramaar"]}]}},"uagb_featured_image_src":{"full":["https:\/\/maisondoramaar.org\/wp-content\/uploads\/2022\/10\/Nenesmall.jpg",1806,2057,false],"thumbnail":["https:\/\/maisondoramaar.org\/wp-content\/uploads\/2022\/10\/Nenesmall-150x150.jpg",150,150,true],"medium":["https:\/\/maisondoramaar.org\/wp-content\/uploads\/2022\/10\/Nenesmall-263x300.jpg",263,300,true],"medium_large":["https:\/\/maisondoramaar.org\/wp-content\/uploads\/2022\/10\/Nenesmall-768x875.jpg",768,875,true],"large":["https:\/\/maisondoramaar.org\/wp-content\/uploads\/2022\/10\/Nenesmall-899x1024.jpg",899,1024,true],"1536x1536":["https:\/\/maisondoramaar.org\/wp-content\/uploads\/2022\/10\/Nenesmall-1349x1536.jpg",1349,1536,true],"2048x2048":["https:\/\/maisondoramaar.org\/wp-content\/uploads\/2022\/10\/Nenesmall-1798x2048.jpg",1798,2048,true],"featured":["https:\/\/maisondoramaar.org\/wp-content\/uploads\/2022\/10\/Nenesmall.jpg",496,565,false],"gform-image-choice-sm":["https:\/\/maisondoramaar.org\/wp-content\/uploads\/2022\/10\/Nenesmall.jpg",263,300,false],"gform-image-choice-md":["https:\/\/maisondoramaar.org\/wp-content\/uploads\/2022\/10\/Nenesmall.jpg",351,400,false],"gform-image-choice-lg":["https:\/\/maisondoramaar.org\/wp-content\/uploads\/2022\/10\/Nenesmall.jpg",527,600,false],"xl":["https:\/\/maisondoramaar.org\/wp-content\/uploads\/2022\/10\/Nenesmall.jpg",1600,1822,false],"xxl":["https:\/\/maisondoramaar.org\/wp-content\/uploads\/2022\/10\/Nenesmall.jpg",1806,2057,false],"xxxl":["https:\/\/maisondoramaar.org\/wp-content\/uploads\/2022\/10\/Nenesmall.jpg",1806,2057,false],"xxxxl":["https:\/\/maisondoramaar.org\/wp-content\/uploads\/2022\/10\/Nenesmall.jpg",1806,2057,false],"xxxxxl":["https:\/\/maisondoramaar.org\/wp-content\/uploads\/2022\/10\/Nenesmall.jpg",1806,2057,false],"awb_sm":["https:\/\/maisondoramaar.org\/wp-content\/uploads\/2022\/10\/Nenesmall.jpg",500,569,false],"awb_md":["https:\/\/maisondoramaar.org\/wp-content\/uploads\/2022\/10\/Nenesmall.jpg",800,911,false],"awb_lg":["https:\/\/maisondoramaar.org\/wp-content\/uploads\/2022\/10\/Nenesmall.jpg",1280,1458,false],"awb_xl":["https:\/\/maisondoramaar.org\/wp-content\/uploads\/2022\/10\/Nenesmall.jpg",1806,2057,false]},"uagb_author_info":{"display_name":"MacKenzie","author_link":"https:\/\/maisondoramaar.org\/fr\/author\/mackenzie_dm\/"},"uagb_comment_info":0,"uagb_excerpt":"L&#8217;association Nancy B Negley a le plaisir d&#8217;annoncer l&#8217;ouverture de sa toute nouvelle exposition, LAST. Last est une exposition en [&hellip;]","_links":{"self":[{"href":"https:\/\/maisondoramaar.org\/fr\/wp-json\/wp\/v2\/ajde_events\/3333","targetHints":{"allow":["GET"]}}],"collection":[{"href":"https:\/\/maisondoramaar.org\/fr\/wp-json\/wp\/v2\/ajde_events"}],"about":[{"href":"https:\/\/maisondoramaar.org\/fr\/wp-json\/wp\/v2\/types\/ajde_events"}],"author":[{"embeddable":true,"href":"https:\/\/maisondoramaar.org\/fr\/wp-json\/wp\/v2\/users\/6"}],"replies":[{"embeddable":true,"href":"https:\/\/maisondoramaar.org\/fr\/wp-json\/wp\/v2\/comments?post=3333"}],"wp:featuredmedia":[{"embeddable":true,"href":"https:\/\/maisondoramaar.org\/fr\/wp-json\/wp\/v2\/media\/3331"}],"wp:attachment":[{"href":"https:\/\/maisondoramaar.org\/fr\/wp-json\/wp\/v2\/media?parent=3333"}],"wp:term":[{"taxonomy":"post_tag","embeddable":true,"href":"https:\/\/maisondoramaar.org\/fr\/wp-json\/wp\/v2\/tags?post=3333"},{"taxonomy":"event_type","embeddable":true,"href":"https:\/\/maisondoramaar.org\/fr\/wp-json\/wp\/v2\/event_type?post=3333"},{"taxonomy":"event_type_2","embeddable":true,"href":"https:\/\/maisondoramaar.org\/fr\/wp-json\/wp\/v2\/event_type_2?post=3333"}],"curies":[{"name":"wp","href":"https:\/\/api.w.org\/{rel}","templated":true}]}}