{"id":3680,"date":"2022-11-26T10:58:00","date_gmt":"2022-11-26T09:58:00","guid":{"rendered":"https:\/\/maisondoramaar.org\/?post_type=ajde_events&#038;p=3680"},"modified":"2022-12-28T12:58:10","modified_gmt":"2022-12-28T11:58:10","slug":"marche-de-noel-2022","status":"publish","type":"ajde_events","link":"https:\/\/maisondoramaar.org\/fr\/events\/marche-de-noel-2022\/","title":{"rendered":"March\u00e9 de No\u00ebl 2022"},"content":{"rendered":"\n\n\n<p>D\u00e9couvrez la magie de No\u00ebl \u00e0 La Maison Dora Maar avec FAIRE Magazine en partenariat avec Maison Victoire ! Entr\u00e9e Libre. Plus d&#8217;information sur les vendeurs ici : <a href=\"https:\/\/www.fairepress.com\/marchedenoel2022\" target=\"_blank\" rel=\"noreferrer noopener\">https:\/\/www.fairepress.com\/marchedenoel2022<\/a><\/p>\n\n\n\n<p><strong>Acheter des produits artisan et locaux:<\/strong><\/p>\n\n\n\n<ul class=\"wp-block-list\"><li>Mode et Accessoires<\/li><li>Decor<\/li><li>Tableaux et Photographies<\/li><li>Doudous Fait-Main<\/li><li>Cr\u00e9ations de Bijoux<\/li><li>C\u00e9ramiques<\/li><li>Coin gourmand<\/li><\/ul>\n\n\n\n<p><strong>\u00c9v\u00e9nements sp\u00e9ciaux :<\/strong><\/p>\n\n\n\n<ul class=\"wp-block-list\"><li><strong>Vendredi 9 d\u00e9cembre, de 16 \u00e0 17&nbsp;heures :&nbsp;<\/strong>Heure de Shopping et Cocktail VIP&nbsp;<strong>Nous sommes heureux d&#8217;offrir une heure de shopping priv\u00e9 en avant-premi\u00e8re aux m\u00e9c\u00e8nes VIP de la Maison Dora Maar !&nbsp;<strong>Profitez d&#8217;une heure pour parcourir le march\u00e9 de No\u00ebl, rencontrer les cr\u00e9ateurs et siroter une boisson gratuite de gin tonic artisanal ou de champagne avant la foule !&nbsp;<\/strong>Cette offre est r\u00e9serv\u00e9e \u00e0 nos donateurs de 500 euros ou plus. Votre don ajoute des avantages \u00e0 votre adh\u00e9sion et nous aidera \u00e0 maintenir&nbsp;l\u2019important programme international permettant aux artistes, penseurs et \u00e9crivains d&#8217;explorer, de r\u00e9v\u00e9ler et d&#8217;enrichir le monde qui nous entoure.&nbsp;<strong>Pour devenir un.e m\u00e9c\u00e8ne VIP, veuillez suivre ce lien <a href=\"https:\/\/www.helloasso.com\/associations\/nancy-b-negley-association\/formulaires\/1\" target=\"_blank\" rel=\"noreferrer noopener\">https:\/\/www.helloasso.com\/associations\/nancy-b-negley-association\/formulaires\/1<\/a><\/strong><\/strong> <strong><strong>ou nous envoyer un courriel directement \u00e0&nbsp;<a href=\"mailto:gstrauss@maisondoramaar.org\" target=\"_blank\" rel=\"noreferrer noopener\">gstrauss@maisondoramaar.org<\/a>.<\/strong><\/strong><\/li><li><strong>Vendredi 9 d\u00e9cembre, de 18 \u00e0 19 heures :<\/strong>&nbsp;s\u00e9ance de d\u00e9dicace &#8220;The Nine&#8221; \u00e0 La Mob avec l&#8217;auteure et la directrice de la Maison Dora Maar,&nbsp;Gwen Strauss.<\/li><li><strong>Samedi 10 d\u00e9cembre, de 16 \u00e0 17 heures :<\/strong>&nbsp;s\u00e9ance de d\u00e9dicace&nbsp;&#8220;Source&#8221; \u00e0 La Mob avec l&#8217;artiste local, Gabriel Sobin.<\/li><li><strong>Dimanche 11 d\u00e9cembre, 16 \u00e0 17 heures :<\/strong>&nbsp;Rejoignez Jamie Beck \u00e0 La Mob pour un &#8220;Shop and Sip&#8221; ! Nous avons une quantit\u00e9 limit\u00e9e de son livre &#8220;An American in Provence&#8221;, alors venez d\u00e8s 16h&nbsp;quand l&#8217;\u00e9v\u00e9nement commence !&nbsp;<\/li><li>Pendant le March\u00e9 de No\u00ebl, La Mob proposera une promotion sur certains articles.<\/li><\/ul>\n","protected":false},"author":6,"featured_media":3677,"menu_order":0,"comment_status":"closed","ping_status":"closed","template":"","meta":{"_acf_changed":true,"_uag_custom_page_level_css":"","site-sidebar-layout":"default","site-content-layout":"","ast-site-content-layout":"default","site-content-style":"default","site-sidebar-style":"default","ast-global-header-display":"","ast-banner-title-visibility":"","ast-main-header-display":"","ast-hfb-above-header-display":"","ast-hfb-below-header-display":"","ast-hfb-mobile-header-display":"","site-post-title":"","ast-breadcrumbs-content":"","ast-featured-img":"","footer-sml-layout":"","theme-transparent-header-meta":"","adv-header-id-meta":"","stick-header-meta":"","header-above-stick-meta":"","header-main-stick-meta":"","header-below-stick-meta":"","astra-migrate-meta-layouts":"default","ast-page-background-enabled":"default","ast-page-background-meta":{"desktop":{"background-color":"var(--ast-global-color-4)","background-image":"","background-repeat":"repeat","background-position":"center center","background-size":"auto","background-attachment":"scroll","background-type":"","background-media":"","overlay-type":"","overlay-color":"","overlay-opacity":"","overlay-gradient":""},"tablet":{"background-color":"","background-image":"","background-repeat":"repeat","background-position":"center center","background-size":"auto","background-attachment":"scroll","background-type":"","background-media":"","overlay-type":"","overlay-color":"","overlay-opacity":"","overlay-gradient":""},"mobile":{"background-color":"","background-image":"","background-repeat":"repeat","background-position":"center center","background-size":"auto","background-attachment":"scroll","background-type":"","background-media":"","overlay-type":"","overlay-color":"","overlay-opacity":"","overlay-gradient":""}},"ast-content-background-meta":{"desktop":{"background-color":"var(--ast-global-color-5)","background-image":"","background-repeat":"repeat","background-position":"center center","background-size":"auto","background-attachment":"scroll","background-type":"","background-media":"","overlay-type":"","overlay-color":"","overlay-opacity":"","overlay-gradient":""},"tablet":{"background-color":"var(--ast-global-color-5)","background-image":"","background-repeat":"repeat","background-position":"center center","background-size":"auto","background-attachment":"scroll","background-type":"","background-media":"","overlay-type":"","overlay-color":"","overlay-opacity":"","overlay-gradient":""},"mobile":{"background-color":"var(--ast-global-color-5)","background-image":"","background-repeat":"repeat","background-position":"center center","background-size":"auto","background-attachment":"scroll","background-type":"","background-media":"","overlay-type":"","overlay-color":"","overlay-opacity":"","overlay-gradient":""}},"_links_to":"","_links_to_target":""},"tags":[],"event_type":[],"event_type_2":[],"class_list":["post-3680","ajde_events","type-ajde_events","status-publish","has-post-thumbnail","hentry"],"acf":[],"yoast_head":"<!-- This site is optimized with the Yoast SEO plugin v26.8 - https:\/\/yoast.com\/product\/yoast-seo-wordpress\/ -->\n<title>March\u00e9 de No\u00ebl 2022 - La Maison Dora Maar et L&#039;H\u00f4tel Tingry<\/title>\n<meta name=\"robots\" content=\"index, follow, max-snippet:-1, max-image-preview:large, max-video-preview:-1\" \/>\n<link rel=\"canonical\" href=\"https:\/\/maisondoramaar.org\/fr\/events\/marche-de-noel-2022\/\" \/>\n<meta property=\"og:locale\" content=\"fr_FR\" \/>\n<meta property=\"og:type\" content=\"article\" \/>\n<meta property=\"og:title\" content=\"March\u00e9 de No\u00ebl 2022 - La Maison Dora Maar et L&#039;H\u00f4tel Tingry\" \/>\n<meta property=\"og:description\" content=\"D\u00e9couvrez la magie de No\u00ebl \u00e0 La Maison Dora Maar avec FAIRE Magazine en partenariat avec Maison Victoire ! Entr\u00e9e [&hellip;]\" \/>\n<meta property=\"og:url\" content=\"https:\/\/maisondoramaar.org\/fr\/events\/marche-de-noel-2022\/\" \/>\n<meta property=\"og:site_name\" content=\"La Maison Dora Maar et L&#039;H\u00f4tel Tingry\" \/>\n<meta property=\"article:publisher\" content=\"https:\/\/fr-fr.facebook.com\/doramaarhouse\/\" \/>\n<meta property=\"article:modified_time\" content=\"2022-12-28T11:58:10+00:00\" \/>\n<meta property=\"og:image\" content=\"https:\/\/maisondoramaar.org\/wp-content\/uploads\/2022\/11\/MarchedeNoel-A2Poster-3-copy.jpg\" \/>\n\t<meta property=\"og:image:width\" content=\"848\" \/>\n\t<meta property=\"og:image:height\" content=\"1200\" \/>\n\t<meta property=\"og:image:type\" content=\"image\/jpeg\" \/>\n<meta name=\"twitter:card\" content=\"summary_large_image\" \/>\n<meta name=\"twitter:label1\" content=\"Est. reading time\" \/>\n\t<meta name=\"twitter:data1\" content=\"2 minutes\" \/>\n<script type=\"application\/ld+json\" class=\"yoast-schema-graph\">{\"@context\":\"https:\/\/schema.org\",\"@graph\":[{\"@type\":\"WebPage\",\"@id\":\"https:\/\/maisondoramaar.org\/fr\/events\/marche-de-noel-2022\/\",\"url\":\"https:\/\/maisondoramaar.org\/fr\/events\/marche-de-noel-2022\/\",\"name\":\"March\u00e9 de No\u00ebl 2022 - La Maison Dora Maar et L&#039;H\u00f4tel Tingry\",\"isPartOf\":{\"@id\":\"https:\/\/maisondoramaar.org\/#website\"},\"primaryImageOfPage\":{\"@id\":\"https:\/\/maisondoramaar.org\/fr\/events\/marche-de-noel-2022\/#primaryimage\"},\"image\":{\"@id\":\"https:\/\/maisondoramaar.org\/fr\/events\/marche-de-noel-2022\/#primaryimage\"},\"thumbnailUrl\":\"https:\/\/maisondoramaar.org\/wp-content\/uploads\/2022\/11\/MarchedeNoel-A2Poster-3-copy.jpg\",\"datePublished\":\"2022-11-26T09:58:00+00:00\",\"dateModified\":\"2022-12-28T11:58:10+00:00\",\"breadcrumb\":{\"@id\":\"https:\/\/maisondoramaar.org\/fr\/events\/marche-de-noel-2022\/#breadcrumb\"},\"inLanguage\":\"fr-FR\",\"potentialAction\":[{\"@type\":\"ReadAction\",\"target\":[\"https:\/\/maisondoramaar.org\/fr\/events\/marche-de-noel-2022\/\"]}]},{\"@type\":\"ImageObject\",\"inLanguage\":\"fr-FR\",\"@id\":\"https:\/\/maisondoramaar.org\/fr\/events\/marche-de-noel-2022\/#primaryimage\",\"url\":\"https:\/\/maisondoramaar.org\/wp-content\/uploads\/2022\/11\/MarchedeNoel-A2Poster-3-copy.jpg\",\"contentUrl\":\"https:\/\/maisondoramaar.org\/wp-content\/uploads\/2022\/11\/MarchedeNoel-A2Poster-3-copy.jpg\",\"width\":848,\"height\":1200},{\"@type\":\"BreadcrumbList\",\"@id\":\"https:\/\/maisondoramaar.org\/fr\/events\/marche-de-noel-2022\/#breadcrumb\",\"itemListElement\":[{\"@type\":\"ListItem\",\"position\":1,\"name\":\"Accueil\",\"item\":\"https:\/\/maisondoramaar.org\/fr\/\"},{\"@type\":\"ListItem\",\"position\":2,\"name\":\"Events\",\"item\":\"https:\/\/maisondoramaar.org\/events\/\"},{\"@type\":\"ListItem\",\"position\":3,\"name\":\"March\u00e9 de No\u00ebl 2022\"}]},{\"@type\":\"WebSite\",\"@id\":\"https:\/\/maisondoramaar.org\/#website\",\"url\":\"https:\/\/maisondoramaar.org\/\",\"name\":\"La Maison Dora Maar et L&#039;H\u00f4tel Tingry\",\"description\":\"Des lieux d&#039;arts de la Fondation Nancy Brown Negley \u00e0 M\u00e9nerbes (Vaucluse), France\",\"publisher\":{\"@id\":\"https:\/\/maisondoramaar.org\/#organization\"},\"potentialAction\":[{\"@type\":\"SearchAction\",\"target\":{\"@type\":\"EntryPoint\",\"urlTemplate\":\"https:\/\/maisondoramaar.org\/?s={search_term_string}\"},\"query-input\":{\"@type\":\"PropertyValueSpecification\",\"valueRequired\":true,\"valueName\":\"search_term_string\"}}],\"inLanguage\":\"fr-FR\"},{\"@type\":\"Organization\",\"@id\":\"https:\/\/maisondoramaar.org\/#organization\",\"name\":\"La Maison Dora Maar et L&#039;H\u00f4tel Tingry\",\"url\":\"https:\/\/maisondoramaar.org\/\",\"logo\":{\"@type\":\"ImageObject\",\"inLanguage\":\"fr-FR\",\"@id\":\"https:\/\/maisondoramaar.org\/#\/schema\/logo\/image\/\",\"url\":\"https:\/\/maisondoramaar.org\/wp-content\/uploads\/2024\/06\/DMCC_logo.png\",\"contentUrl\":\"https:\/\/maisondoramaar.org\/wp-content\/uploads\/2024\/06\/DMCC_logo.png\",\"width\":521,\"height\":362,\"caption\":\"La Maison Dora Maar et L&#039;H\u00f4tel Tingry\"},\"image\":{\"@id\":\"https:\/\/maisondoramaar.org\/#\/schema\/logo\/image\/\"},\"sameAs\":[\"https:\/\/fr-fr.facebook.com\/doramaarhouse\/\",\"https:\/\/www.instagram.com\/lamaisondoramaar\"]}]}<\/script>\n<!-- \/ Yoast SEO plugin. -->","yoast_head_json":{"title":"March\u00e9 de No\u00ebl 2022 - La Maison Dora Maar et L&#039;H\u00f4tel Tingry","robots":{"index":"index","follow":"follow","max-snippet":"max-snippet:-1","max-image-preview":"max-image-preview:large","max-video-preview":"max-video-preview:-1"},"canonical":"https:\/\/maisondoramaar.org\/fr\/events\/marche-de-noel-2022\/","og_locale":"fr_FR","og_type":"article","og_title":"March\u00e9 de No\u00ebl 2022 - La Maison Dora Maar et L&#039;H\u00f4tel Tingry","og_description":"D\u00e9couvrez la magie de No\u00ebl \u00e0 La Maison Dora Maar avec FAIRE Magazine en partenariat avec Maison Victoire ! Entr\u00e9e [&hellip;]","og_url":"https:\/\/maisondoramaar.org\/fr\/events\/marche-de-noel-2022\/","og_site_name":"La Maison Dora Maar et L&#039;H\u00f4tel Tingry","article_publisher":"https:\/\/fr-fr.facebook.com\/doramaarhouse\/","article_modified_time":"2022-12-28T11:58:10+00:00","og_image":[{"width":848,"height":1200,"url":"https:\/\/maisondoramaar.org\/wp-content\/uploads\/2022\/11\/MarchedeNoel-A2Poster-3-copy.jpg","type":"image\/jpeg"}],"twitter_card":"summary_large_image","twitter_misc":{"Est. reading time":"2 minutes"},"schema":{"@context":"https:\/\/schema.org","@graph":[{"@type":"WebPage","@id":"https:\/\/maisondoramaar.org\/fr\/events\/marche-de-noel-2022\/","url":"https:\/\/maisondoramaar.org\/fr\/events\/marche-de-noel-2022\/","name":"March\u00e9 de No\u00ebl 2022 - La Maison Dora Maar et L&#039;H\u00f4tel Tingry","isPartOf":{"@id":"https:\/\/maisondoramaar.org\/#website"},"primaryImageOfPage":{"@id":"https:\/\/maisondoramaar.org\/fr\/events\/marche-de-noel-2022\/#primaryimage"},"image":{"@id":"https:\/\/maisondoramaar.org\/fr\/events\/marche-de-noel-2022\/#primaryimage"},"thumbnailUrl":"https:\/\/maisondoramaar.org\/wp-content\/uploads\/2022\/11\/MarchedeNoel-A2Poster-3-copy.jpg","datePublished":"2022-11-26T09:58:00+00:00","dateModified":"2022-12-28T11:58:10+00:00","breadcrumb":{"@id":"https:\/\/maisondoramaar.org\/fr\/events\/marche-de-noel-2022\/#breadcrumb"},"inLanguage":"fr-FR","potentialAction":[{"@type":"ReadAction","target":["https:\/\/maisondoramaar.org\/fr\/events\/marche-de-noel-2022\/"]}]},{"@type":"ImageObject","inLanguage":"fr-FR","@id":"https:\/\/maisondoramaar.org\/fr\/events\/marche-de-noel-2022\/#primaryimage","url":"https:\/\/maisondoramaar.org\/wp-content\/uploads\/2022\/11\/MarchedeNoel-A2Poster-3-copy.jpg","contentUrl":"https:\/\/maisondoramaar.org\/wp-content\/uploads\/2022\/11\/MarchedeNoel-A2Poster-3-copy.jpg","width":848,"height":1200},{"@type":"BreadcrumbList","@id":"https:\/\/maisondoramaar.org\/fr\/events\/marche-de-noel-2022\/#breadcrumb","itemListElement":[{"@type":"ListItem","position":1,"name":"Accueil","item":"https:\/\/maisondoramaar.org\/fr\/"},{"@type":"ListItem","position":2,"name":"Events","item":"https:\/\/maisondoramaar.org\/events\/"},{"@type":"ListItem","position":3,"name":"March\u00e9 de No\u00ebl 2022"}]},{"@type":"WebSite","@id":"https:\/\/maisondoramaar.org\/#website","url":"https:\/\/maisondoramaar.org\/","name":"La Maison Dora Maar et L&#039;H\u00f4tel Tingry","description":"Des lieux d&#039;arts de la Fondation Nancy Brown Negley \u00e0 M\u00e9nerbes (Vaucluse), France","publisher":{"@id":"https:\/\/maisondoramaar.org\/#organization"},"potentialAction":[{"@type":"SearchAction","target":{"@type":"EntryPoint","urlTemplate":"https:\/\/maisondoramaar.org\/?s={search_term_string}"},"query-input":{"@type":"PropertyValueSpecification","valueRequired":true,"valueName":"search_term_string"}}],"inLanguage":"fr-FR"},{"@type":"Organization","@id":"https:\/\/maisondoramaar.org\/#organization","name":"La Maison Dora Maar et L&#039;H\u00f4tel Tingry","url":"https:\/\/maisondoramaar.org\/","logo":{"@type":"ImageObject","inLanguage":"fr-FR","@id":"https:\/\/maisondoramaar.org\/#\/schema\/logo\/image\/","url":"https:\/\/maisondoramaar.org\/wp-content\/uploads\/2024\/06\/DMCC_logo.png","contentUrl":"https:\/\/maisondoramaar.org\/wp-content\/uploads\/2024\/06\/DMCC_logo.png","width":521,"height":362,"caption":"La Maison Dora Maar et L&#039;H\u00f4tel Tingry"},"image":{"@id":"https:\/\/maisondoramaar.org\/#\/schema\/logo\/image\/"},"sameAs":["https:\/\/fr-fr.facebook.com\/doramaarhouse\/","https:\/\/www.instagram.com\/lamaisondoramaar"]}]}},"uagb_featured_image_src":{"full":["https:\/\/maisondoramaar.org\/wp-content\/uploads\/2022\/11\/MarchedeNoel-A2Poster-3-copy.jpg",848,1200,false],"thumbnail":["https:\/\/maisondoramaar.org\/wp-content\/uploads\/2022\/11\/MarchedeNoel-A2Poster-3-copy-150x150.jpg",150,150,true],"medium":["https:\/\/maisondoramaar.org\/wp-content\/uploads\/2022\/11\/MarchedeNoel-A2Poster-3-copy-212x300.jpg",212,300,true],"medium_large":["https:\/\/maisondoramaar.org\/wp-content\/uploads\/2022\/11\/MarchedeNoel-A2Poster-3-copy-768x1087.jpg",768,1087,true],"large":["https:\/\/maisondoramaar.org\/wp-content\/uploads\/2022\/11\/MarchedeNoel-A2Poster-3-copy-724x1024.jpg",724,1024,true],"1536x1536":["https:\/\/maisondoramaar.org\/wp-content\/uploads\/2022\/11\/MarchedeNoel-A2Poster-3-copy.jpg",848,1200,false],"2048x2048":["https:\/\/maisondoramaar.org\/wp-content\/uploads\/2022\/11\/MarchedeNoel-A2Poster-3-copy.jpg",848,1200,false],"featured":["https:\/\/maisondoramaar.org\/wp-content\/uploads\/2022\/11\/MarchedeNoel-A2Poster-3-copy.jpg",399,565,false],"gform-image-choice-sm":["https:\/\/maisondoramaar.org\/wp-content\/uploads\/2022\/11\/MarchedeNoel-A2Poster-3-copy.jpg",212,300,false],"gform-image-choice-md":["https:\/\/maisondoramaar.org\/wp-content\/uploads\/2022\/11\/MarchedeNoel-A2Poster-3-copy.jpg",283,400,false],"gform-image-choice-lg":["https:\/\/maisondoramaar.org\/wp-content\/uploads\/2022\/11\/MarchedeNoel-A2Poster-3-copy.jpg",424,600,false],"xl":["https:\/\/maisondoramaar.org\/wp-content\/uploads\/2022\/11\/MarchedeNoel-A2Poster-3-copy.jpg",848,1200,false],"xxl":["https:\/\/maisondoramaar.org\/wp-content\/uploads\/2022\/11\/MarchedeNoel-A2Poster-3-copy.jpg",848,1200,false],"xxxl":["https:\/\/maisondoramaar.org\/wp-content\/uploads\/2022\/11\/MarchedeNoel-A2Poster-3-copy.jpg",848,1200,false],"xxxxl":["https:\/\/maisondoramaar.org\/wp-content\/uploads\/2022\/11\/MarchedeNoel-A2Poster-3-copy.jpg",848,1200,false],"xxxxxl":["https:\/\/maisondoramaar.org\/wp-content\/uploads\/2022\/11\/MarchedeNoel-A2Poster-3-copy.jpg",848,1200,false],"awb_sm":["https:\/\/maisondoramaar.org\/wp-content\/uploads\/2022\/11\/MarchedeNoel-A2Poster-3-copy.jpg",500,708,false],"awb_md":["https:\/\/maisondoramaar.org\/wp-content\/uploads\/2022\/11\/MarchedeNoel-A2Poster-3-copy.jpg",800,1132,false],"awb_lg":["https:\/\/maisondoramaar.org\/wp-content\/uploads\/2022\/11\/MarchedeNoel-A2Poster-3-copy.jpg",848,1200,false],"awb_xl":["https:\/\/maisondoramaar.org\/wp-content\/uploads\/2022\/11\/MarchedeNoel-A2Poster-3-copy.jpg",848,1200,false]},"uagb_author_info":{"display_name":"MacKenzie","author_link":"https:\/\/maisondoramaar.org\/fr\/author\/mackenzie_dm\/"},"uagb_comment_info":0,"uagb_excerpt":"D\u00e9couvrez la magie de No\u00ebl \u00e0 La Maison Dora Maar avec FAIRE Magazine en partenariat avec Maison Victoire ! Entr\u00e9e [&hellip;]","_links":{"self":[{"href":"https:\/\/maisondoramaar.org\/fr\/wp-json\/wp\/v2\/ajde_events\/3680","targetHints":{"allow":["GET"]}}],"collection":[{"href":"https:\/\/maisondoramaar.org\/fr\/wp-json\/wp\/v2\/ajde_events"}],"about":[{"href":"https:\/\/maisondoramaar.org\/fr\/wp-json\/wp\/v2\/types\/ajde_events"}],"author":[{"embeddable":true,"href":"https:\/\/maisondoramaar.org\/fr\/wp-json\/wp\/v2\/users\/6"}],"replies":[{"embeddable":true,"href":"https:\/\/maisondoramaar.org\/fr\/wp-json\/wp\/v2\/comments?post=3680"}],"wp:featuredmedia":[{"embeddable":true,"href":"https:\/\/maisondoramaar.org\/fr\/wp-json\/wp\/v2\/media\/3677"}],"wp:attachment":[{"href":"https:\/\/maisondoramaar.org\/fr\/wp-json\/wp\/v2\/media?parent=3680"}],"wp:term":[{"taxonomy":"post_tag","embeddable":true,"href":"https:\/\/maisondoramaar.org\/fr\/wp-json\/wp\/v2\/tags?post=3680"},{"taxonomy":"event_type","embeddable":true,"href":"https:\/\/maisondoramaar.org\/fr\/wp-json\/wp\/v2\/event_type?post=3680"},{"taxonomy":"event_type_2","embeddable":true,"href":"https:\/\/maisondoramaar.org\/fr\/wp-json\/wp\/v2\/event_type_2?post=3680"}],"curies":[{"name":"wp","href":"https:\/\/api.w.org\/{rel}","templated":true}]}}