{"id":8226,"date":"2025-05-06T10:20:51","date_gmt":"2025-05-06T08:20:51","guid":{"rendered":"https:\/\/maisondoramaar.org\/?post_type=ajde_events&#038;p=8226"},"modified":"2025-06-04T17:35:41","modified_gmt":"2025-06-04T15:35:41","slug":"projection-framing-menerbes-de-daniel-gwirtzman","status":"publish","type":"ajde_events","link":"https:\/\/maisondoramaar.org\/fr\/events\/projection-framing-menerbes-de-daniel-gwirtzman\/","title":{"rendered":"framing m\u00e9nerbes par daniel gwirtzman"},"content":{"rendered":"\n<p>Le Centre culturel Dora Maar et la Daniel Gwirtzman Dance Company, bas\u00e9e \u00e0 New York, ont le plaisir de pr\u00e9senter la premi\u00e8re mondiale de Framing M\u00e9nerbes, tourn\u00e9 int\u00e9gralement \u00e0 M\u00e9nerbes. Le film, r\u00e9alis\u00e9 par le chor\u00e9graphe, danseur et cin\u00e9aste Daniel Gwirtzman, Fellow en 2024 et 2016, c\u00e9l\u00e8bre la beaut\u00e9 de la danse et la beaut\u00e9 du village. Plusieurs participants de la r\u00e9gion se sont joints \u00e0 Daniel pour participer \u00e0 ce long m\u00e9trage.<br><\/p>\n\n\n\n<p>Daniel explique : \u00ab J&#8217;ai re\u00e7u un \u00e9norme cadeau et j&#8217;ai saisi cette chance, en suivant la trajectoire du soleil et en l&#8217;exploitant pour filmer. Les journ\u00e9es \u00e9taient longues parce que les jours \u00e9taient longs. J&#8217;\u00e9tais debout avant que le soleil ne se l\u00e8ve et apr\u00e8s qu&#8217;il se soit couch\u00e9, tard dans la nuit, pour essayer de capturer les vastes panoramas et la lumi\u00e8re qui font la r\u00e9putation de M\u00e9nerbes. Framing M\u00e9nerbes est le r\u00e9sultat de tout cela. L&#8217;excitation de cette magie naturelle impr\u00e8gne le film \u00bb.<\/p>\n\n\n\n<p><br>Daniel, qui f\u00eate en 2025 ses trente ans de carri\u00e8re en tant qu&#8217;artiste et directeur de compagnie \u00e0 New York, a pris chaque photo et tourn\u00e9 chaque image du film, mettant en valeur, comme il l&#8217;a souvent dit, le danseur qui l&#8217;accompagne depuis toujours, c&#8217;est-\u00e0-dire lui-m\u00eame ! Rejoignez-nous pour cette soir\u00e9e sp\u00e9ciale avant la premi\u00e8re am\u00e9ricaine du film \u00e0 New York le 26 juin.<\/p>\n\n\n\n<p>Pour regarder la bande-annonce et avoir plus d&#8217;informations sur le film <strong><a href=\"https:\/\/www.eventbrite.com\/e\/billets-european-premiere-framing-menerbes-film-screening-and-reception-1358449712659\">cliquez ici<\/a><\/strong>!<\/p>\n\n\n\n<p>Lieu de l&#8217;\u00e9v\u00e8nement : La Strada Cin\u00e9ma Itin\u00e9rant &#8211; Salle polyvalente de M\u00e9nerbes<\/p>\n\n\n\n<p>19h30 : Ouverture des portes<br>20h: Projection du film<br>21h: Discussion avec Daniel et certains participants du film suivie d&#8217;un pot d&#8217;amiti\u00e9<\/p>\n\n\n\n<figure class=\"wp-block-image size-large\"><a href=\"https:\/\/www.eventbrite.com\/e\/billets-european-premiere-framing-menerbes-film-screening-and-reception-1358449712659\" target=\"_blank\" rel=\" noreferrer noopener\"><img loading=\"lazy\" decoding=\"async\" width=\"1024\" height=\"647\" src=\"https:\/\/maisondoramaar.org\/wp-content\/uploads\/2025\/05\/Capture-decran-2025-06-02-a-15.06.19-1024x647.png\" alt=\"\" class=\"wp-image-8286\" srcset=\"https:\/\/maisondoramaar.org\/wp-content\/uploads\/2025\/05\/Capture-decran-2025-06-02-a-15.06.19-1024x647.png 1024w, https:\/\/maisondoramaar.org\/wp-content\/uploads\/2025\/05\/Capture-decran-2025-06-02-a-15.06.19-300x190.png 300w, https:\/\/maisondoramaar.org\/wp-content\/uploads\/2025\/05\/Capture-decran-2025-06-02-a-15.06.19-768x485.png 768w, https:\/\/maisondoramaar.org\/wp-content\/uploads\/2025\/05\/Capture-decran-2025-06-02-a-15.06.19-500x316.png 500w, https:\/\/maisondoramaar.org\/wp-content\/uploads\/2025\/05\/Capture-decran-2025-06-02-a-15.06.19-800x505.png 800w, https:\/\/maisondoramaar.org\/wp-content\/uploads\/2025\/05\/Capture-decran-2025-06-02-a-15.06.19.png 1124w\" sizes=\"auto, (max-width: 1024px) 100vw, 1024px\" \/><\/a><\/figure>\n","protected":false},"author":13,"featured_media":0,"menu_order":0,"comment_status":"closed","ping_status":"closed","template":"","meta":{"_acf_changed":false,"_uag_custom_page_level_css":"","site-sidebar-layout":"default","site-content-layout":"","ast-site-content-layout":"","site-content-style":"default","site-sidebar-style":"default","ast-global-header-display":"","ast-banner-title-visibility":"","ast-main-header-display":"","ast-hfb-above-header-display":"","ast-hfb-below-header-display":"","ast-hfb-mobile-header-display":"","site-post-title":"","ast-breadcrumbs-content":"","ast-featured-img":"","footer-sml-layout":"","theme-transparent-header-meta":"","adv-header-id-meta":"","stick-header-meta":"","header-above-stick-meta":"","header-main-stick-meta":"","header-below-stick-meta":"","astra-migrate-meta-layouts":"default","ast-page-background-enabled":"default","ast-page-background-meta":{"desktop":{"background-color":"var(--ast-global-color-4)","background-image":"","background-repeat":"repeat","background-position":"center center","background-size":"auto","background-attachment":"scroll","background-type":"","background-media":"","overlay-type":"","overlay-color":"","overlay-opacity":"","overlay-gradient":""},"tablet":{"background-color":"","background-image":"","background-repeat":"repeat","background-position":"center center","background-size":"auto","background-attachment":"scroll","background-type":"","background-media":"","overlay-type":"","overlay-color":"","overlay-opacity":"","overlay-gradient":""},"mobile":{"background-color":"","background-image":"","background-repeat":"repeat","background-position":"center center","background-size":"auto","background-attachment":"scroll","background-type":"","background-media":"","overlay-type":"","overlay-color":"","overlay-opacity":"","overlay-gradient":""}},"ast-content-background-meta":{"desktop":{"background-color":"var(--ast-global-color-5)","background-image":"","background-repeat":"repeat","background-position":"center center","background-size":"auto","background-attachment":"scroll","background-type":"","background-media":"","overlay-type":"","overlay-color":"","overlay-opacity":"","overlay-gradient":""},"tablet":{"background-color":"var(--ast-global-color-5)","background-image":"","background-repeat":"repeat","background-position":"center center","background-size":"auto","background-attachment":"scroll","background-type":"","background-media":"","overlay-type":"","overlay-color":"","overlay-opacity":"","overlay-gradient":""},"mobile":{"background-color":"var(--ast-global-color-5)","background-image":"","background-repeat":"repeat","background-position":"center center","background-size":"auto","background-attachment":"scroll","background-type":"","background-media":"","overlay-type":"","overlay-color":"","overlay-opacity":"","overlay-gradient":""}},"_links_to":"","_links_to_target":""},"tags":[],"event_type":[],"event_type_2":[],"class_list":["post-8226","ajde_events","type-ajde_events","status-publish","hentry","event_location-la-strada-cinema-itinerant"],"acf":[],"yoast_head":"<!-- This site is optimized with the Yoast SEO plugin v26.8 - https:\/\/yoast.com\/product\/yoast-seo-wordpress\/ -->\n<title>framing m\u00e9nerbes par daniel gwirtzman - La Maison Dora Maar et L&#039;H\u00f4tel Tingry<\/title>\n<meta name=\"robots\" content=\"index, follow, max-snippet:-1, max-image-preview:large, max-video-preview:-1\" \/>\n<link rel=\"canonical\" href=\"https:\/\/maisondoramaar.org\/fr\/events\/projection-framing-menerbes-de-daniel-gwirtzman\/\" \/>\n<meta property=\"og:locale\" content=\"fr_FR\" \/>\n<meta property=\"og:type\" content=\"article\" \/>\n<meta property=\"og:title\" content=\"framing m\u00e9nerbes par daniel gwirtzman - La Maison Dora Maar et L&#039;H\u00f4tel Tingry\" \/>\n<meta property=\"og:description\" content=\"Le Centre culturel Dora Maar et la Daniel Gwirtzman Dance Company, bas\u00e9e \u00e0 New York, ont le plaisir de pr\u00e9senter [&hellip;]\" \/>\n<meta property=\"og:url\" content=\"https:\/\/maisondoramaar.org\/fr\/events\/projection-framing-menerbes-de-daniel-gwirtzman\/\" \/>\n<meta property=\"og:site_name\" content=\"La Maison Dora Maar et L&#039;H\u00f4tel Tingry\" \/>\n<meta property=\"article:publisher\" content=\"https:\/\/fr-fr.facebook.com\/doramaarhouse\/\" \/>\n<meta property=\"article:modified_time\" content=\"2025-06-04T15:35:41+00:00\" \/>\n<meta property=\"og:image\" content=\"https:\/\/maisondoramaar.org\/wp-content\/uploads\/2025\/05\/Capture-decran-2025-06-02-a-15.06.19.png\" \/>\n\t<meta property=\"og:image:width\" content=\"1124\" \/>\n\t<meta property=\"og:image:height\" content=\"710\" \/>\n\t<meta property=\"og:image:type\" content=\"image\/png\" \/>\n<meta name=\"twitter:card\" content=\"summary_large_image\" \/>\n<meta name=\"twitter:label1\" content=\"Est. reading time\" \/>\n\t<meta name=\"twitter:data1\" content=\"2 minutes\" \/>\n<script type=\"application\/ld+json\" class=\"yoast-schema-graph\">{\"@context\":\"https:\/\/schema.org\",\"@graph\":[{\"@type\":\"WebPage\",\"@id\":\"https:\/\/maisondoramaar.org\/fr\/events\/projection-framing-menerbes-de-daniel-gwirtzman\/\",\"url\":\"https:\/\/maisondoramaar.org\/fr\/events\/projection-framing-menerbes-de-daniel-gwirtzman\/\",\"name\":\"framing m\u00e9nerbes par daniel gwirtzman - La Maison Dora Maar et L&#039;H\u00f4tel Tingry\",\"isPartOf\":{\"@id\":\"https:\/\/maisondoramaar.org\/#website\"},\"primaryImageOfPage\":{\"@id\":\"https:\/\/maisondoramaar.org\/fr\/events\/projection-framing-menerbes-de-daniel-gwirtzman\/#primaryimage\"},\"image\":{\"@id\":\"https:\/\/maisondoramaar.org\/fr\/events\/projection-framing-menerbes-de-daniel-gwirtzman\/#primaryimage\"},\"thumbnailUrl\":\"https:\/\/maisondoramaar.org\/wp-content\/uploads\/2025\/05\/Capture-decran-2025-06-02-a-15.06.19-1024x647.png\",\"datePublished\":\"2025-05-06T08:20:51+00:00\",\"dateModified\":\"2025-06-04T15:35:41+00:00\",\"breadcrumb\":{\"@id\":\"https:\/\/maisondoramaar.org\/fr\/events\/projection-framing-menerbes-de-daniel-gwirtzman\/#breadcrumb\"},\"inLanguage\":\"fr-FR\",\"potentialAction\":[{\"@type\":\"ReadAction\",\"target\":[\"https:\/\/maisondoramaar.org\/fr\/events\/projection-framing-menerbes-de-daniel-gwirtzman\/\"]}]},{\"@type\":\"ImageObject\",\"inLanguage\":\"fr-FR\",\"@id\":\"https:\/\/maisondoramaar.org\/fr\/events\/projection-framing-menerbes-de-daniel-gwirtzman\/#primaryimage\",\"url\":\"https:\/\/maisondoramaar.org\/wp-content\/uploads\/2025\/05\/Capture-decran-2025-06-02-a-15.06.19-1024x647.png\",\"contentUrl\":\"https:\/\/maisondoramaar.org\/wp-content\/uploads\/2025\/05\/Capture-decran-2025-06-02-a-15.06.19-1024x647.png\"},{\"@type\":\"BreadcrumbList\",\"@id\":\"https:\/\/maisondoramaar.org\/fr\/events\/projection-framing-menerbes-de-daniel-gwirtzman\/#breadcrumb\",\"itemListElement\":[{\"@type\":\"ListItem\",\"position\":1,\"name\":\"Accueil\",\"item\":\"https:\/\/maisondoramaar.org\/fr\/\"},{\"@type\":\"ListItem\",\"position\":2,\"name\":\"Events\",\"item\":\"https:\/\/maisondoramaar.org\/events\/\"},{\"@type\":\"ListItem\",\"position\":3,\"name\":\"framing m\u00e9nerbes par daniel gwirtzman\"}]},{\"@type\":\"WebSite\",\"@id\":\"https:\/\/maisondoramaar.org\/#website\",\"url\":\"https:\/\/maisondoramaar.org\/\",\"name\":\"La Maison Dora Maar et L&#039;H\u00f4tel Tingry\",\"description\":\"Des lieux d&#039;arts de la Fondation Nancy Brown Negley \u00e0 M\u00e9nerbes (Vaucluse), France\",\"publisher\":{\"@id\":\"https:\/\/maisondoramaar.org\/#organization\"},\"potentialAction\":[{\"@type\":\"SearchAction\",\"target\":{\"@type\":\"EntryPoint\",\"urlTemplate\":\"https:\/\/maisondoramaar.org\/?s={search_term_string}\"},\"query-input\":{\"@type\":\"PropertyValueSpecification\",\"valueRequired\":true,\"valueName\":\"search_term_string\"}}],\"inLanguage\":\"fr-FR\"},{\"@type\":\"Organization\",\"@id\":\"https:\/\/maisondoramaar.org\/#organization\",\"name\":\"La Maison Dora Maar et L&#039;H\u00f4tel Tingry\",\"url\":\"https:\/\/maisondoramaar.org\/\",\"logo\":{\"@type\":\"ImageObject\",\"inLanguage\":\"fr-FR\",\"@id\":\"https:\/\/maisondoramaar.org\/#\/schema\/logo\/image\/\",\"url\":\"https:\/\/maisondoramaar.org\/wp-content\/uploads\/2024\/06\/DMCC_logo.png\",\"contentUrl\":\"https:\/\/maisondoramaar.org\/wp-content\/uploads\/2024\/06\/DMCC_logo.png\",\"width\":521,\"height\":362,\"caption\":\"La Maison Dora Maar et L&#039;H\u00f4tel Tingry\"},\"image\":{\"@id\":\"https:\/\/maisondoramaar.org\/#\/schema\/logo\/image\/\"},\"sameAs\":[\"https:\/\/fr-fr.facebook.com\/doramaarhouse\/\",\"https:\/\/www.instagram.com\/lamaisondoramaar\"]}]}<\/script>\n<!-- \/ Yoast SEO plugin. -->","yoast_head_json":{"title":"framing m\u00e9nerbes par daniel gwirtzman - La Maison Dora Maar et L&#039;H\u00f4tel Tingry","robots":{"index":"index","follow":"follow","max-snippet":"max-snippet:-1","max-image-preview":"max-image-preview:large","max-video-preview":"max-video-preview:-1"},"canonical":"https:\/\/maisondoramaar.org\/fr\/events\/projection-framing-menerbes-de-daniel-gwirtzman\/","og_locale":"fr_FR","og_type":"article","og_title":"framing m\u00e9nerbes par daniel gwirtzman - La Maison Dora Maar et L&#039;H\u00f4tel Tingry","og_description":"Le Centre culturel Dora Maar et la Daniel Gwirtzman Dance Company, bas\u00e9e \u00e0 New York, ont le plaisir de pr\u00e9senter [&hellip;]","og_url":"https:\/\/maisondoramaar.org\/fr\/events\/projection-framing-menerbes-de-daniel-gwirtzman\/","og_site_name":"La Maison Dora Maar et L&#039;H\u00f4tel Tingry","article_publisher":"https:\/\/fr-fr.facebook.com\/doramaarhouse\/","article_modified_time":"2025-06-04T15:35:41+00:00","og_image":[{"width":1124,"height":710,"url":"https:\/\/maisondoramaar.org\/wp-content\/uploads\/2025\/05\/Capture-decran-2025-06-02-a-15.06.19.png","type":"image\/png"}],"twitter_card":"summary_large_image","twitter_misc":{"Est. reading time":"2 minutes"},"schema":{"@context":"https:\/\/schema.org","@graph":[{"@type":"WebPage","@id":"https:\/\/maisondoramaar.org\/fr\/events\/projection-framing-menerbes-de-daniel-gwirtzman\/","url":"https:\/\/maisondoramaar.org\/fr\/events\/projection-framing-menerbes-de-daniel-gwirtzman\/","name":"framing m\u00e9nerbes par daniel gwirtzman - La Maison Dora Maar et L&#039;H\u00f4tel Tingry","isPartOf":{"@id":"https:\/\/maisondoramaar.org\/#website"},"primaryImageOfPage":{"@id":"https:\/\/maisondoramaar.org\/fr\/events\/projection-framing-menerbes-de-daniel-gwirtzman\/#primaryimage"},"image":{"@id":"https:\/\/maisondoramaar.org\/fr\/events\/projection-framing-menerbes-de-daniel-gwirtzman\/#primaryimage"},"thumbnailUrl":"https:\/\/maisondoramaar.org\/wp-content\/uploads\/2025\/05\/Capture-decran-2025-06-02-a-15.06.19-1024x647.png","datePublished":"2025-05-06T08:20:51+00:00","dateModified":"2025-06-04T15:35:41+00:00","breadcrumb":{"@id":"https:\/\/maisondoramaar.org\/fr\/events\/projection-framing-menerbes-de-daniel-gwirtzman\/#breadcrumb"},"inLanguage":"fr-FR","potentialAction":[{"@type":"ReadAction","target":["https:\/\/maisondoramaar.org\/fr\/events\/projection-framing-menerbes-de-daniel-gwirtzman\/"]}]},{"@type":"ImageObject","inLanguage":"fr-FR","@id":"https:\/\/maisondoramaar.org\/fr\/events\/projection-framing-menerbes-de-daniel-gwirtzman\/#primaryimage","url":"https:\/\/maisondoramaar.org\/wp-content\/uploads\/2025\/05\/Capture-decran-2025-06-02-a-15.06.19-1024x647.png","contentUrl":"https:\/\/maisondoramaar.org\/wp-content\/uploads\/2025\/05\/Capture-decran-2025-06-02-a-15.06.19-1024x647.png"},{"@type":"BreadcrumbList","@id":"https:\/\/maisondoramaar.org\/fr\/events\/projection-framing-menerbes-de-daniel-gwirtzman\/#breadcrumb","itemListElement":[{"@type":"ListItem","position":1,"name":"Accueil","item":"https:\/\/maisondoramaar.org\/fr\/"},{"@type":"ListItem","position":2,"name":"Events","item":"https:\/\/maisondoramaar.org\/events\/"},{"@type":"ListItem","position":3,"name":"framing m\u00e9nerbes par daniel gwirtzman"}]},{"@type":"WebSite","@id":"https:\/\/maisondoramaar.org\/#website","url":"https:\/\/maisondoramaar.org\/","name":"La Maison Dora Maar et L&#039;H\u00f4tel Tingry","description":"Des lieux d&#039;arts de la Fondation Nancy Brown Negley \u00e0 M\u00e9nerbes (Vaucluse), France","publisher":{"@id":"https:\/\/maisondoramaar.org\/#organization"},"potentialAction":[{"@type":"SearchAction","target":{"@type":"EntryPoint","urlTemplate":"https:\/\/maisondoramaar.org\/?s={search_term_string}"},"query-input":{"@type":"PropertyValueSpecification","valueRequired":true,"valueName":"search_term_string"}}],"inLanguage":"fr-FR"},{"@type":"Organization","@id":"https:\/\/maisondoramaar.org\/#organization","name":"La Maison Dora Maar et L&#039;H\u00f4tel Tingry","url":"https:\/\/maisondoramaar.org\/","logo":{"@type":"ImageObject","inLanguage":"fr-FR","@id":"https:\/\/maisondoramaar.org\/#\/schema\/logo\/image\/","url":"https:\/\/maisondoramaar.org\/wp-content\/uploads\/2024\/06\/DMCC_logo.png","contentUrl":"https:\/\/maisondoramaar.org\/wp-content\/uploads\/2024\/06\/DMCC_logo.png","width":521,"height":362,"caption":"La Maison Dora Maar et L&#039;H\u00f4tel Tingry"},"image":{"@id":"https:\/\/maisondoramaar.org\/#\/schema\/logo\/image\/"},"sameAs":["https:\/\/fr-fr.facebook.com\/doramaarhouse\/","https:\/\/www.instagram.com\/lamaisondoramaar"]}]}},"uagb_featured_image_src":{"full":false,"thumbnail":false,"medium":false,"medium_large":false,"large":false,"1536x1536":false,"2048x2048":false,"featured":false,"gform-image-choice-sm":false,"gform-image-choice-md":false,"gform-image-choice-lg":false,"xl":false,"xxl":false,"xxxl":false,"xxxxl":false,"xxxxxl":false,"awb_sm":false,"awb_md":false,"awb_lg":false,"awb_xl":false},"uagb_author_info":{"display_name":"Camille","author_link":"https:\/\/maisondoramaar.org\/fr\/author\/camille\/"},"uagb_comment_info":0,"uagb_excerpt":"Le Centre culturel Dora Maar et la Daniel Gwirtzman Dance Company, bas\u00e9e \u00e0 New York, ont le plaisir de pr\u00e9senter [&hellip;]","_links":{"self":[{"href":"https:\/\/maisondoramaar.org\/fr\/wp-json\/wp\/v2\/ajde_events\/8226","targetHints":{"allow":["GET"]}}],"collection":[{"href":"https:\/\/maisondoramaar.org\/fr\/wp-json\/wp\/v2\/ajde_events"}],"about":[{"href":"https:\/\/maisondoramaar.org\/fr\/wp-json\/wp\/v2\/types\/ajde_events"}],"author":[{"embeddable":true,"href":"https:\/\/maisondoramaar.org\/fr\/wp-json\/wp\/v2\/users\/13"}],"replies":[{"embeddable":true,"href":"https:\/\/maisondoramaar.org\/fr\/wp-json\/wp\/v2\/comments?post=8226"}],"wp:attachment":[{"href":"https:\/\/maisondoramaar.org\/fr\/wp-json\/wp\/v2\/media?parent=8226"}],"wp:term":[{"taxonomy":"post_tag","embeddable":true,"href":"https:\/\/maisondoramaar.org\/fr\/wp-json\/wp\/v2\/tags?post=8226"},{"taxonomy":"event_type","embeddable":true,"href":"https:\/\/maisondoramaar.org\/fr\/wp-json\/wp\/v2\/event_type?post=8226"},{"taxonomy":"event_type_2","embeddable":true,"href":"https:\/\/maisondoramaar.org\/fr\/wp-json\/wp\/v2\/event_type_2?post=8226"}],"curies":[{"name":"wp","href":"https:\/\/api.w.org\/{rel}","templated":true}]}}