{"id":8232,"date":"2025-05-06T16:06:40","date_gmt":"2025-05-06T14:06:40","guid":{"rendered":"https:\/\/maisondoramaar.org\/?post_type=ajde_events&#038;p=8232"},"modified":"2025-07-08T13:35:43","modified_gmt":"2025-07-08T11:35:43","slug":"hangama-amiri-a-travers-les-objets-exposition-a-lhotel-de-tingry","status":"publish","type":"ajde_events","link":"https:\/\/maisondoramaar.org\/fr\/events\/hangama-amiri-a-travers-les-objets-exposition-a-lhotel-de-tingry\/","title":{"rendered":"HANGAMA AMIRI : \u00c0 travers les objets &#8211; exposition \u00c0 l&#8217;H\u00d4TEL DE TINGRY"},"content":{"rendered":"\n<p><strong>27 juin \u2013 27 septembre, 2025<\/strong>\u00a0<strong>\u00e0 l&#8217;H\u00f4tel de Tingry, M\u00e9nerbes (rue Cornille)<\/strong><\/p>\n\n\n\n<p><strong>Horaires d&#8217;ouverture: mercredi, samedi et dimanche de 13h \u00e0 18h (entr\u00e9e libre)<\/strong><\/p>\n\n\n\n<p>Le Centre Culturel Dora Maar propose une programmation culturelle tout au long de l\u2019ann\u00e9e dans ce lieu historique, l\u2019H\u00f4tel de Tingry.\u00a0<strong>Du 27 juin au 27 septembre<\/strong>, le DMCC et la commissaire d\u2019exposition Frauke V. Josenhans pr\u00e9sentent la premi\u00e8re exposition en France de l\u2019artiste Afghano-Canadienne\u00a0<strong>Hangama Amiri<\/strong>.\u00a0La pr\u00e9sentation \u00e0 l\u2019H\u00f4tel de Tingry met en avant quinze \u0153uvres r\u00e9centes de l\u2019artiste, illustrant son engagement dans l\u2019utilisation des textiles pour cr\u00e9er des images qui \u00e9voquent la m\u00e9moire culturelle et le sentiment d\u2019appartenance. L\u2019exposition\u00a0<strong><em>Hangama Amiri : \u00c0 travers les objets<\/em><\/strong>\u00a0explore la notion des \u00ab objets domestiques \u00bb et la mani\u00e8re dont leur fonction et leur charge \u00e9motionnelle se m\u00ealent, faisant d\u2019eux les porteurs de d\u00e9sirs complexes, tout en offrant une mani\u00e8re de s\u2019ancrer dans un nouvel environnement.<\/p>\n\n\n\n<figure class=\"wp-block-image size-large\"><img loading=\"lazy\" decoding=\"async\" width=\"733\" height=\"1024\" src=\"https:\/\/maisondoramaar.org\/wp-content\/uploads\/2025\/05\/affiche-1-733x1024.png\" alt=\"\" class=\"wp-image-8366\" srcset=\"https:\/\/maisondoramaar.org\/wp-content\/uploads\/2025\/05\/affiche-1-733x1024.png 733w, https:\/\/maisondoramaar.org\/wp-content\/uploads\/2025\/05\/affiche-1-215x300.png 215w, https:\/\/maisondoramaar.org\/wp-content\/uploads\/2025\/05\/affiche-1-768x1073.png 768w, https:\/\/maisondoramaar.org\/wp-content\/uploads\/2025\/05\/affiche-1-500x698.png 500w, https:\/\/maisondoramaar.org\/wp-content\/uploads\/2025\/05\/affiche-1-800x1117.png 800w, https:\/\/maisondoramaar.org\/wp-content\/uploads\/2025\/05\/affiche-1.png 1044w\" sizes=\"auto, (max-width: 733px) 100vw, 733px\" \/><\/figure>\n","protected":false},"author":13,"featured_media":0,"menu_order":0,"comment_status":"closed","ping_status":"closed","template":"","meta":{"_acf_changed":false,"_uag_custom_page_level_css":"","site-sidebar-layout":"default","site-content-layout":"","ast-site-content-layout":"default","site-content-style":"default","site-sidebar-style":"default","ast-global-header-display":"","ast-banner-title-visibility":"","ast-main-header-display":"","ast-hfb-above-header-display":"","ast-hfb-below-header-display":"","ast-hfb-mobile-header-display":"","site-post-title":"","ast-breadcrumbs-content":"","ast-featured-img":"","footer-sml-layout":"","theme-transparent-header-meta":"","adv-header-id-meta":"","stick-header-meta":"","header-above-stick-meta":"","header-main-stick-meta":"","header-below-stick-meta":"","astra-migrate-meta-layouts":"default","ast-page-background-enabled":"default","ast-page-background-meta":{"desktop":{"background-color":"var(--ast-global-color-4)","background-image":"","background-repeat":"repeat","background-position":"center center","background-size":"auto","background-attachment":"scroll","background-type":"","background-media":"","overlay-type":"","overlay-color":"","overlay-opacity":"","overlay-gradient":""},"tablet":{"background-color":"","background-image":"","background-repeat":"repeat","background-position":"center center","background-size":"auto","background-attachment":"scroll","background-type":"","background-media":"","overlay-type":"","overlay-color":"","overlay-opacity":"","overlay-gradient":""},"mobile":{"background-color":"","background-image":"","background-repeat":"repeat","background-position":"center center","background-size":"auto","background-attachment":"scroll","background-type":"","background-media":"","overlay-type":"","overlay-color":"","overlay-opacity":"","overlay-gradient":""}},"ast-content-background-meta":{"desktop":{"background-color":"var(--ast-global-color-5)","background-image":"","background-repeat":"repeat","background-position":"center center","background-size":"auto","background-attachment":"scroll","background-type":"","background-media":"","overlay-type":"","overlay-color":"","overlay-opacity":"","overlay-gradient":""},"tablet":{"background-color":"var(--ast-global-color-5)","background-image":"","background-repeat":"repeat","background-position":"center center","background-size":"auto","background-attachment":"scroll","background-type":"","background-media":"","overlay-type":"","overlay-color":"","overlay-opacity":"","overlay-gradient":""},"mobile":{"background-color":"var(--ast-global-color-5)","background-image":"","background-repeat":"repeat","background-position":"center center","background-size":"auto","background-attachment":"scroll","background-type":"","background-media":"","overlay-type":"","overlay-color":"","overlay-opacity":"","overlay-gradient":""}},"_links_to":"","_links_to_target":""},"tags":[],"event_type":[],"event_type_2":[],"class_list":["post-8232","ajde_events","type-ajde_events","status-publish","hentry"],"acf":[],"yoast_head":"<!-- This site is optimized with the Yoast SEO plugin v26.8 - https:\/\/yoast.com\/product\/yoast-seo-wordpress\/ -->\n<title>HANGAMA AMIRI : \u00c0 travers les objets - exposition \u00c0 l&#039;H\u00d4TEL DE TINGRY - La Maison Dora Maar et L&#039;H\u00f4tel Tingry<\/title>\n<meta name=\"robots\" content=\"index, follow, max-snippet:-1, max-image-preview:large, max-video-preview:-1\" \/>\n<link rel=\"canonical\" href=\"https:\/\/maisondoramaar.org\/fr\/events\/hangama-amiri-a-travers-les-objets-exposition-a-lhotel-de-tingry\/\" \/>\n<meta property=\"og:locale\" content=\"fr_FR\" \/>\n<meta property=\"og:type\" content=\"article\" \/>\n<meta property=\"og:title\" content=\"HANGAMA AMIRI : \u00c0 travers les objets - exposition \u00c0 l&#039;H\u00d4TEL DE TINGRY - La Maison Dora Maar et L&#039;H\u00f4tel Tingry\" \/>\n<meta property=\"og:description\" content=\"27 juin \u2013 27 septembre, 2025\u00a0\u00e0 l&#8217;H\u00f4tel de Tingry, M\u00e9nerbes (rue Cornille) Horaires d&#8217;ouverture: mercredi, samedi et dimanche de 13h [&hellip;]\" \/>\n<meta property=\"og:url\" content=\"https:\/\/maisondoramaar.org\/fr\/events\/hangama-amiri-a-travers-les-objets-exposition-a-lhotel-de-tingry\/\" \/>\n<meta property=\"og:site_name\" content=\"La Maison Dora Maar et L&#039;H\u00f4tel Tingry\" \/>\n<meta property=\"article:publisher\" content=\"https:\/\/fr-fr.facebook.com\/doramaarhouse\/\" \/>\n<meta property=\"article:modified_time\" content=\"2025-07-08T11:35:43+00:00\" \/>\n<meta property=\"og:image\" content=\"https:\/\/maisondoramaar.org\/wp-content\/uploads\/2025\/05\/affiche-1.png\" \/>\n\t<meta property=\"og:image:width\" content=\"1044\" \/>\n\t<meta property=\"og:image:height\" content=\"1458\" \/>\n\t<meta property=\"og:image:type\" content=\"image\/png\" \/>\n<meta name=\"twitter:card\" content=\"summary_large_image\" \/>\n<meta name=\"twitter:label1\" content=\"Est. reading time\" \/>\n\t<meta name=\"twitter:data1\" content=\"1 minute\" \/>\n<script type=\"application\/ld+json\" class=\"yoast-schema-graph\">{\"@context\":\"https:\/\/schema.org\",\"@graph\":[{\"@type\":\"WebPage\",\"@id\":\"https:\/\/maisondoramaar.org\/fr\/events\/hangama-amiri-a-travers-les-objets-exposition-a-lhotel-de-tingry\/\",\"url\":\"https:\/\/maisondoramaar.org\/fr\/events\/hangama-amiri-a-travers-les-objets-exposition-a-lhotel-de-tingry\/\",\"name\":\"HANGAMA AMIRI : \u00c0 travers les objets - exposition \u00c0 l'H\u00d4TEL DE TINGRY - La Maison Dora Maar et L&#039;H\u00f4tel Tingry\",\"isPartOf\":{\"@id\":\"https:\/\/maisondoramaar.org\/#website\"},\"primaryImageOfPage\":{\"@id\":\"https:\/\/maisondoramaar.org\/fr\/events\/hangama-amiri-a-travers-les-objets-exposition-a-lhotel-de-tingry\/#primaryimage\"},\"image\":{\"@id\":\"https:\/\/maisondoramaar.org\/fr\/events\/hangama-amiri-a-travers-les-objets-exposition-a-lhotel-de-tingry\/#primaryimage\"},\"thumbnailUrl\":\"https:\/\/maisondoramaar.org\/wp-content\/uploads\/2025\/05\/affiche-1-733x1024.png\",\"datePublished\":\"2025-05-06T14:06:40+00:00\",\"dateModified\":\"2025-07-08T11:35:43+00:00\",\"breadcrumb\":{\"@id\":\"https:\/\/maisondoramaar.org\/fr\/events\/hangama-amiri-a-travers-les-objets-exposition-a-lhotel-de-tingry\/#breadcrumb\"},\"inLanguage\":\"fr-FR\",\"potentialAction\":[{\"@type\":\"ReadAction\",\"target\":[\"https:\/\/maisondoramaar.org\/fr\/events\/hangama-amiri-a-travers-les-objets-exposition-a-lhotel-de-tingry\/\"]}]},{\"@type\":\"ImageObject\",\"inLanguage\":\"fr-FR\",\"@id\":\"https:\/\/maisondoramaar.org\/fr\/events\/hangama-amiri-a-travers-les-objets-exposition-a-lhotel-de-tingry\/#primaryimage\",\"url\":\"https:\/\/maisondoramaar.org\/wp-content\/uploads\/2025\/05\/affiche-1-733x1024.png\",\"contentUrl\":\"https:\/\/maisondoramaar.org\/wp-content\/uploads\/2025\/05\/affiche-1-733x1024.png\"},{\"@type\":\"BreadcrumbList\",\"@id\":\"https:\/\/maisondoramaar.org\/fr\/events\/hangama-amiri-a-travers-les-objets-exposition-a-lhotel-de-tingry\/#breadcrumb\",\"itemListElement\":[{\"@type\":\"ListItem\",\"position\":1,\"name\":\"Accueil\",\"item\":\"https:\/\/maisondoramaar.org\/fr\/\"},{\"@type\":\"ListItem\",\"position\":2,\"name\":\"Events\",\"item\":\"https:\/\/maisondoramaar.org\/events\/\"},{\"@type\":\"ListItem\",\"position\":3,\"name\":\"HANGAMA AMIRI : \u00c0 travers les objets &#8211; exposition \u00c0 l&#8217;H\u00d4TEL DE TINGRY\"}]},{\"@type\":\"WebSite\",\"@id\":\"https:\/\/maisondoramaar.org\/#website\",\"url\":\"https:\/\/maisondoramaar.org\/\",\"name\":\"La Maison Dora Maar et L&#039;H\u00f4tel Tingry\",\"description\":\"Des lieux d&#039;arts de la Fondation Nancy Brown Negley \u00e0 M\u00e9nerbes (Vaucluse), France\",\"publisher\":{\"@id\":\"https:\/\/maisondoramaar.org\/#organization\"},\"potentialAction\":[{\"@type\":\"SearchAction\",\"target\":{\"@type\":\"EntryPoint\",\"urlTemplate\":\"https:\/\/maisondoramaar.org\/?s={search_term_string}\"},\"query-input\":{\"@type\":\"PropertyValueSpecification\",\"valueRequired\":true,\"valueName\":\"search_term_string\"}}],\"inLanguage\":\"fr-FR\"},{\"@type\":\"Organization\",\"@id\":\"https:\/\/maisondoramaar.org\/#organization\",\"name\":\"La Maison Dora Maar et L&#039;H\u00f4tel Tingry\",\"url\":\"https:\/\/maisondoramaar.org\/\",\"logo\":{\"@type\":\"ImageObject\",\"inLanguage\":\"fr-FR\",\"@id\":\"https:\/\/maisondoramaar.org\/#\/schema\/logo\/image\/\",\"url\":\"https:\/\/maisondoramaar.org\/wp-content\/uploads\/2024\/06\/DMCC_logo.png\",\"contentUrl\":\"https:\/\/maisondoramaar.org\/wp-content\/uploads\/2024\/06\/DMCC_logo.png\",\"width\":521,\"height\":362,\"caption\":\"La Maison Dora Maar et L&#039;H\u00f4tel Tingry\"},\"image\":{\"@id\":\"https:\/\/maisondoramaar.org\/#\/schema\/logo\/image\/\"},\"sameAs\":[\"https:\/\/fr-fr.facebook.com\/doramaarhouse\/\",\"https:\/\/www.instagram.com\/lamaisondoramaar\"]}]}<\/script>\n<!-- \/ Yoast SEO plugin. -->","yoast_head_json":{"title":"HANGAMA AMIRI : \u00c0 travers les objets - exposition \u00c0 l'H\u00d4TEL DE TINGRY - La Maison Dora Maar et L&#039;H\u00f4tel Tingry","robots":{"index":"index","follow":"follow","max-snippet":"max-snippet:-1","max-image-preview":"max-image-preview:large","max-video-preview":"max-video-preview:-1"},"canonical":"https:\/\/maisondoramaar.org\/fr\/events\/hangama-amiri-a-travers-les-objets-exposition-a-lhotel-de-tingry\/","og_locale":"fr_FR","og_type":"article","og_title":"HANGAMA AMIRI : \u00c0 travers les objets - exposition \u00c0 l'H\u00d4TEL DE TINGRY - La Maison Dora Maar et L&#039;H\u00f4tel Tingry","og_description":"27 juin \u2013 27 septembre, 2025\u00a0\u00e0 l&#8217;H\u00f4tel de Tingry, M\u00e9nerbes (rue Cornille) Horaires d&#8217;ouverture: mercredi, samedi et dimanche de 13h [&hellip;]","og_url":"https:\/\/maisondoramaar.org\/fr\/events\/hangama-amiri-a-travers-les-objets-exposition-a-lhotel-de-tingry\/","og_site_name":"La Maison Dora Maar et L&#039;H\u00f4tel Tingry","article_publisher":"https:\/\/fr-fr.facebook.com\/doramaarhouse\/","article_modified_time":"2025-07-08T11:35:43+00:00","og_image":[{"width":1044,"height":1458,"url":"https:\/\/maisondoramaar.org\/wp-content\/uploads\/2025\/05\/affiche-1.png","type":"image\/png"}],"twitter_card":"summary_large_image","twitter_misc":{"Est. reading time":"1 minute"},"schema":{"@context":"https:\/\/schema.org","@graph":[{"@type":"WebPage","@id":"https:\/\/maisondoramaar.org\/fr\/events\/hangama-amiri-a-travers-les-objets-exposition-a-lhotel-de-tingry\/","url":"https:\/\/maisondoramaar.org\/fr\/events\/hangama-amiri-a-travers-les-objets-exposition-a-lhotel-de-tingry\/","name":"HANGAMA AMIRI : \u00c0 travers les objets - exposition \u00c0 l'H\u00d4TEL DE TINGRY - La Maison Dora Maar et L&#039;H\u00f4tel Tingry","isPartOf":{"@id":"https:\/\/maisondoramaar.org\/#website"},"primaryImageOfPage":{"@id":"https:\/\/maisondoramaar.org\/fr\/events\/hangama-amiri-a-travers-les-objets-exposition-a-lhotel-de-tingry\/#primaryimage"},"image":{"@id":"https:\/\/maisondoramaar.org\/fr\/events\/hangama-amiri-a-travers-les-objets-exposition-a-lhotel-de-tingry\/#primaryimage"},"thumbnailUrl":"https:\/\/maisondoramaar.org\/wp-content\/uploads\/2025\/05\/affiche-1-733x1024.png","datePublished":"2025-05-06T14:06:40+00:00","dateModified":"2025-07-08T11:35:43+00:00","breadcrumb":{"@id":"https:\/\/maisondoramaar.org\/fr\/events\/hangama-amiri-a-travers-les-objets-exposition-a-lhotel-de-tingry\/#breadcrumb"},"inLanguage":"fr-FR","potentialAction":[{"@type":"ReadAction","target":["https:\/\/maisondoramaar.org\/fr\/events\/hangama-amiri-a-travers-les-objets-exposition-a-lhotel-de-tingry\/"]}]},{"@type":"ImageObject","inLanguage":"fr-FR","@id":"https:\/\/maisondoramaar.org\/fr\/events\/hangama-amiri-a-travers-les-objets-exposition-a-lhotel-de-tingry\/#primaryimage","url":"https:\/\/maisondoramaar.org\/wp-content\/uploads\/2025\/05\/affiche-1-733x1024.png","contentUrl":"https:\/\/maisondoramaar.org\/wp-content\/uploads\/2025\/05\/affiche-1-733x1024.png"},{"@type":"BreadcrumbList","@id":"https:\/\/maisondoramaar.org\/fr\/events\/hangama-amiri-a-travers-les-objets-exposition-a-lhotel-de-tingry\/#breadcrumb","itemListElement":[{"@type":"ListItem","position":1,"name":"Accueil","item":"https:\/\/maisondoramaar.org\/fr\/"},{"@type":"ListItem","position":2,"name":"Events","item":"https:\/\/maisondoramaar.org\/events\/"},{"@type":"ListItem","position":3,"name":"HANGAMA AMIRI : \u00c0 travers les objets &#8211; exposition \u00c0 l&#8217;H\u00d4TEL DE TINGRY"}]},{"@type":"WebSite","@id":"https:\/\/maisondoramaar.org\/#website","url":"https:\/\/maisondoramaar.org\/","name":"La Maison Dora Maar et L&#039;H\u00f4tel Tingry","description":"Des lieux d&#039;arts de la Fondation Nancy Brown Negley \u00e0 M\u00e9nerbes (Vaucluse), France","publisher":{"@id":"https:\/\/maisondoramaar.org\/#organization"},"potentialAction":[{"@type":"SearchAction","target":{"@type":"EntryPoint","urlTemplate":"https:\/\/maisondoramaar.org\/?s={search_term_string}"},"query-input":{"@type":"PropertyValueSpecification","valueRequired":true,"valueName":"search_term_string"}}],"inLanguage":"fr-FR"},{"@type":"Organization","@id":"https:\/\/maisondoramaar.org\/#organization","name":"La Maison Dora Maar et L&#039;H\u00f4tel Tingry","url":"https:\/\/maisondoramaar.org\/","logo":{"@type":"ImageObject","inLanguage":"fr-FR","@id":"https:\/\/maisondoramaar.org\/#\/schema\/logo\/image\/","url":"https:\/\/maisondoramaar.org\/wp-content\/uploads\/2024\/06\/DMCC_logo.png","contentUrl":"https:\/\/maisondoramaar.org\/wp-content\/uploads\/2024\/06\/DMCC_logo.png","width":521,"height":362,"caption":"La Maison Dora Maar et L&#039;H\u00f4tel Tingry"},"image":{"@id":"https:\/\/maisondoramaar.org\/#\/schema\/logo\/image\/"},"sameAs":["https:\/\/fr-fr.facebook.com\/doramaarhouse\/","https:\/\/www.instagram.com\/lamaisondoramaar"]}]}},"uagb_featured_image_src":{"full":false,"thumbnail":false,"medium":false,"medium_large":false,"large":false,"1536x1536":false,"2048x2048":false,"featured":false,"gform-image-choice-sm":false,"gform-image-choice-md":false,"gform-image-choice-lg":false,"xl":false,"xxl":false,"xxxl":false,"xxxxl":false,"xxxxxl":false,"awb_sm":false,"awb_md":false,"awb_lg":false,"awb_xl":false},"uagb_author_info":{"display_name":"Camille","author_link":"https:\/\/maisondoramaar.org\/fr\/author\/camille\/"},"uagb_comment_info":0,"uagb_excerpt":"27 juin \u2013 27 septembre, 2025\u00a0\u00e0 l&#8217;H\u00f4tel de Tingry, M\u00e9nerbes (rue Cornille) Horaires d&#8217;ouverture: mercredi, samedi et dimanche de 13h [&hellip;]","_links":{"self":[{"href":"https:\/\/maisondoramaar.org\/fr\/wp-json\/wp\/v2\/ajde_events\/8232","targetHints":{"allow":["GET"]}}],"collection":[{"href":"https:\/\/maisondoramaar.org\/fr\/wp-json\/wp\/v2\/ajde_events"}],"about":[{"href":"https:\/\/maisondoramaar.org\/fr\/wp-json\/wp\/v2\/types\/ajde_events"}],"author":[{"embeddable":true,"href":"https:\/\/maisondoramaar.org\/fr\/wp-json\/wp\/v2\/users\/13"}],"replies":[{"embeddable":true,"href":"https:\/\/maisondoramaar.org\/fr\/wp-json\/wp\/v2\/comments?post=8232"}],"wp:attachment":[{"href":"https:\/\/maisondoramaar.org\/fr\/wp-json\/wp\/v2\/media?parent=8232"}],"wp:term":[{"taxonomy":"post_tag","embeddable":true,"href":"https:\/\/maisondoramaar.org\/fr\/wp-json\/wp\/v2\/tags?post=8232"},{"taxonomy":"event_type","embeddable":true,"href":"https:\/\/maisondoramaar.org\/fr\/wp-json\/wp\/v2\/event_type?post=8232"},{"taxonomy":"event_type_2","embeddable":true,"href":"https:\/\/maisondoramaar.org\/fr\/wp-json\/wp\/v2\/event_type_2?post=8232"}],"curies":[{"name":"wp","href":"https:\/\/api.w.org\/{rel}","templated":true}]}}