{"id":9432,"date":"2026-04-08T10:30:38","date_gmt":"2026-04-08T08:30:38","guid":{"rendered":"https:\/\/maisondoramaar.org\/?post_type=ajde_events&#038;p=9432"},"modified":"2026-04-13T11:04:33","modified_gmt":"2026-04-13T09:04:33","slug":"rendez-vous-aux-jardins-a-la-maison-dora-maar","status":"publish","type":"ajde_events","link":"https:\/\/maisondoramaar.org\/fr\/events\/rendez-vous-aux-jardins-a-la-maison-dora-maar\/","title":{"rendered":"Rendez-vous aux jardins \u00e0 la Maison Dora Maar"},"content":{"rendered":"\n<p><strong>Venez c\u00e9l\u00e9brer l&#8217;\u00e9v\u00e8nement national <em>Rendez-vous aux jardins<\/em> dans le jardin de la Maison Dora Maar, exceptionnellement ouvert \u00e0 cette occasion !<\/strong> La Maison Dora Maar poss\u00e8de un jardin qui offre des <strong>vues imprenables<\/strong> sur la vall\u00e9e. Le jardin sera exceptionnellement ouvert au public pendant le week-end et des <strong>animateurs sur place<\/strong> partageront plus d&#8217;informations sur le jardin et la maison. Un <strong>concert surprise<\/strong> organis\u00e9 par les <strong><em>Musicales du Luberon<\/em><\/strong> sera donn\u00e9 au coeur du jardin le dimanche.<\/p>\n\n\n\n<p><strong>Samedi 6 juin<\/strong>, <strong>11h-18h<\/strong> : Visite libre du jardin de la Maison Dora Maar<br><strong>Dimanche 7 juin<\/strong>, <strong>11h-18h<\/strong> : Visite libre du jardin de la Maison Dora Maar et concert surprise par les <strong><em>Musicales du Luberon<\/em><\/strong> !<\/p>\n\n\n\n<figure class=\"wp-block-image aligncenter size-large is-resized\"><a href=\"https:\/\/openagenda.com\/rdvj-2026-provence-alpes-cote-dazur\/events\/visite-decouverte-du-jardin-de-la-maison-dora-maar?cl=fr\"><img loading=\"lazy\" decoding=\"async\" width=\"724\" height=\"1024\" src=\"https:\/\/maisondoramaar.org\/wp-content\/uploads\/2026\/04\/RDVJARDINS2026-A4-web_v2-1-724x1024.jpg\" alt=\"\" class=\"wp-image-9441\" style=\"width:353px;height:auto\" srcset=\"https:\/\/maisondoramaar.org\/wp-content\/uploads\/2026\/04\/RDVJARDINS2026-A4-web_v2-1-724x1024.jpg 724w, https:\/\/maisondoramaar.org\/wp-content\/uploads\/2026\/04\/RDVJARDINS2026-A4-web_v2-1-212x300.jpg 212w, https:\/\/maisondoramaar.org\/wp-content\/uploads\/2026\/04\/RDVJARDINS2026-A4-web_v2-1-768x1087.jpg 768w, https:\/\/maisondoramaar.org\/wp-content\/uploads\/2026\/04\/RDVJARDINS2026-A4-web_v2-1-1086x1536.jpg 1086w, https:\/\/maisondoramaar.org\/wp-content\/uploads\/2026\/04\/RDVJARDINS2026-A4-web_v2-1-1448x2048.jpg 1448w, https:\/\/maisondoramaar.org\/wp-content\/uploads\/2026\/04\/RDVJARDINS2026-A4-web_v2-1-1600x2264.jpg 1600w, https:\/\/maisondoramaar.org\/wp-content\/uploads\/2026\/04\/RDVJARDINS2026-A4-web_v2-1-500x707.jpg 500w, https:\/\/maisondoramaar.org\/wp-content\/uploads\/2026\/04\/RDVJARDINS2026-A4-web_v2-1-800x1132.jpg 800w, https:\/\/maisondoramaar.org\/wp-content\/uploads\/2026\/04\/RDVJARDINS2026-A4-web_v2-1-1280x1811.jpg 1280w, https:\/\/maisondoramaar.org\/wp-content\/uploads\/2026\/04\/RDVJARDINS2026-A4-web_v2-1.jpg 1767w\" sizes=\"auto, (max-width: 724px) 100vw, 724px\" \/><\/a><\/figure>\n","protected":false},"author":13,"featured_media":9439,"menu_order":0,"comment_status":"closed","ping_status":"closed","template":"","meta":{"_acf_changed":false,"_uag_custom_page_level_css":"","site-sidebar-layout":"default","site-content-layout":"","ast-site-content-layout":"default","site-content-style":"default","site-sidebar-style":"default","ast-global-header-display":"","ast-banner-title-visibility":"","ast-main-header-display":"","ast-hfb-above-header-display":"","ast-hfb-below-header-display":"","ast-hfb-mobile-header-display":"","site-post-title":"","ast-breadcrumbs-content":"","ast-featured-img":"","footer-sml-layout":"","theme-transparent-header-meta":"","adv-header-id-meta":"","stick-header-meta":"","header-above-stick-meta":"","header-main-stick-meta":"","header-below-stick-meta":"","astra-migrate-meta-layouts":"default","ast-page-background-enabled":"default","ast-page-background-meta":{"desktop":{"background-color":"var(--ast-global-color-4)","background-image":"","background-repeat":"repeat","background-position":"center center","background-size":"auto","background-attachment":"scroll","background-type":"","background-media":"","overlay-type":"","overlay-color":"","overlay-opacity":"","overlay-gradient":""},"tablet":{"background-color":"","background-image":"","background-repeat":"repeat","background-position":"center center","background-size":"auto","background-attachment":"scroll","background-type":"","background-media":"","overlay-type":"","overlay-color":"","overlay-opacity":"","overlay-gradient":""},"mobile":{"background-color":"","background-image":"","background-repeat":"repeat","background-position":"center center","background-size":"auto","background-attachment":"scroll","background-type":"","background-media":"","overlay-type":"","overlay-color":"","overlay-opacity":"","overlay-gradient":""}},"ast-content-background-meta":{"desktop":{"background-color":"var(--ast-global-color-5)","background-image":"","background-repeat":"repeat","background-position":"center center","background-size":"auto","background-attachment":"scroll","background-type":"","background-media":"","overlay-type":"","overlay-color":"","overlay-opacity":"","overlay-gradient":""},"tablet":{"background-color":"var(--ast-global-color-5)","background-image":"","background-repeat":"repeat","background-position":"center center","background-size":"auto","background-attachment":"scroll","background-type":"","background-media":"","overlay-type":"","overlay-color":"","overlay-opacity":"","overlay-gradient":""},"mobile":{"background-color":"var(--ast-global-color-5)","background-image":"","background-repeat":"repeat","background-position":"center center","background-size":"auto","background-attachment":"scroll","background-type":"","background-media":"","overlay-type":"","overlay-color":"","overlay-opacity":"","overlay-gradient":""}},"_links_to":"","_links_to_target":""},"tags":[],"event_type":[],"event_type_2":[],"class_list":["post-9432","ajde_events","type-ajde_events","status-publish","has-post-thumbnail","hentry"],"acf":[],"yoast_head":"<!-- This site is optimized with the Yoast SEO plugin v26.8 - https:\/\/yoast.com\/product\/yoast-seo-wordpress\/ -->\n<title>Rendez-vous aux jardins \u00e0 la Maison Dora Maar - La Maison Dora Maar et L&#039;H\u00f4tel Tingry<\/title>\n<meta name=\"robots\" content=\"index, follow, max-snippet:-1, max-image-preview:large, max-video-preview:-1\" \/>\n<link rel=\"canonical\" href=\"https:\/\/maisondoramaar.org\/fr\/events\/rendez-vous-aux-jardins-a-la-maison-dora-maar\/\" \/>\n<meta property=\"og:locale\" content=\"fr_FR\" \/>\n<meta property=\"og:type\" content=\"article\" \/>\n<meta property=\"og:title\" content=\"Rendez-vous aux jardins \u00e0 la Maison Dora Maar - La Maison Dora Maar et L&#039;H\u00f4tel Tingry\" \/>\n<meta property=\"og:description\" content=\"Venez c\u00e9l\u00e9brer l&#8217;\u00e9v\u00e8nement national Rendez-vous aux jardins dans le jardin de la Maison Dora Maar, exceptionnellement ouvert \u00e0 cette occasion [&hellip;]\" \/>\n<meta property=\"og:url\" content=\"https:\/\/maisondoramaar.org\/fr\/events\/rendez-vous-aux-jardins-a-la-maison-dora-maar\/\" \/>\n<meta property=\"og:site_name\" content=\"La Maison Dora Maar et L&#039;H\u00f4tel Tingry\" \/>\n<meta property=\"article:publisher\" content=\"https:\/\/fr-fr.facebook.com\/doramaarhouse\/\" \/>\n<meta property=\"article:modified_time\" content=\"2026-04-13T09:04:33+00:00\" \/>\n<meta property=\"og:image\" content=\"https:\/\/maisondoramaar.org\/wp-content\/uploads\/2026\/04\/RDVJARDINS2026-A4-web_v2.jpg\" \/>\n\t<meta property=\"og:image:width\" content=\"1767\" \/>\n\t<meta property=\"og:image:height\" content=\"2500\" \/>\n\t<meta property=\"og:image:type\" content=\"image\/jpeg\" \/>\n<meta name=\"twitter:card\" content=\"summary_large_image\" \/>\n<meta name=\"twitter:label1\" content=\"Est. reading time\" \/>\n\t<meta name=\"twitter:data1\" content=\"1 minute\" \/>\n<script type=\"application\/ld+json\" class=\"yoast-schema-graph\">{\"@context\":\"https:\/\/schema.org\",\"@graph\":[{\"@type\":\"WebPage\",\"@id\":\"https:\/\/maisondoramaar.org\/fr\/events\/rendez-vous-aux-jardins-a-la-maison-dora-maar\/\",\"url\":\"https:\/\/maisondoramaar.org\/fr\/events\/rendez-vous-aux-jardins-a-la-maison-dora-maar\/\",\"name\":\"Rendez-vous aux jardins \u00e0 la Maison Dora Maar - La Maison Dora Maar et L&#039;H\u00f4tel Tingry\",\"isPartOf\":{\"@id\":\"https:\/\/maisondoramaar.org\/#website\"},\"primaryImageOfPage\":{\"@id\":\"https:\/\/maisondoramaar.org\/fr\/events\/rendez-vous-aux-jardins-a-la-maison-dora-maar\/#primaryimage\"},\"image\":{\"@id\":\"https:\/\/maisondoramaar.org\/fr\/events\/rendez-vous-aux-jardins-a-la-maison-dora-maar\/#primaryimage\"},\"thumbnailUrl\":\"https:\/\/maisondoramaar.org\/wp-content\/uploads\/2026\/04\/RDVJARDINS2026-A4-web_v2.jpg\",\"datePublished\":\"2026-04-08T08:30:38+00:00\",\"dateModified\":\"2026-04-13T09:04:33+00:00\",\"breadcrumb\":{\"@id\":\"https:\/\/maisondoramaar.org\/fr\/events\/rendez-vous-aux-jardins-a-la-maison-dora-maar\/#breadcrumb\"},\"inLanguage\":\"fr-FR\",\"potentialAction\":[{\"@type\":\"ReadAction\",\"target\":[\"https:\/\/maisondoramaar.org\/fr\/events\/rendez-vous-aux-jardins-a-la-maison-dora-maar\/\"]}]},{\"@type\":\"ImageObject\",\"inLanguage\":\"fr-FR\",\"@id\":\"https:\/\/maisondoramaar.org\/fr\/events\/rendez-vous-aux-jardins-a-la-maison-dora-maar\/#primaryimage\",\"url\":\"https:\/\/maisondoramaar.org\/wp-content\/uploads\/2026\/04\/RDVJARDINS2026-A4-web_v2.jpg\",\"contentUrl\":\"https:\/\/maisondoramaar.org\/wp-content\/uploads\/2026\/04\/RDVJARDINS2026-A4-web_v2.jpg\",\"width\":1767,\"height\":2500},{\"@type\":\"BreadcrumbList\",\"@id\":\"https:\/\/maisondoramaar.org\/fr\/events\/rendez-vous-aux-jardins-a-la-maison-dora-maar\/#breadcrumb\",\"itemListElement\":[{\"@type\":\"ListItem\",\"position\":1,\"name\":\"Accueil\",\"item\":\"https:\/\/maisondoramaar.org\/fr\/\"},{\"@type\":\"ListItem\",\"position\":2,\"name\":\"Events\",\"item\":\"https:\/\/maisondoramaar.org\/events\/\"},{\"@type\":\"ListItem\",\"position\":3,\"name\":\"Rendez-vous aux jardins \u00e0 la Maison Dora Maar\"}]},{\"@type\":\"WebSite\",\"@id\":\"https:\/\/maisondoramaar.org\/#website\",\"url\":\"https:\/\/maisondoramaar.org\/\",\"name\":\"La Maison Dora Maar et L&#039;H\u00f4tel Tingry\",\"description\":\"Des lieux d&#039;arts de la Fondation Nancy Brown Negley \u00e0 M\u00e9nerbes (Vaucluse), France\",\"publisher\":{\"@id\":\"https:\/\/maisondoramaar.org\/#organization\"},\"potentialAction\":[{\"@type\":\"SearchAction\",\"target\":{\"@type\":\"EntryPoint\",\"urlTemplate\":\"https:\/\/maisondoramaar.org\/?s={search_term_string}\"},\"query-input\":{\"@type\":\"PropertyValueSpecification\",\"valueRequired\":true,\"valueName\":\"search_term_string\"}}],\"inLanguage\":\"fr-FR\"},{\"@type\":\"Organization\",\"@id\":\"https:\/\/maisondoramaar.org\/#organization\",\"name\":\"La Maison Dora Maar et L&#039;H\u00f4tel Tingry\",\"url\":\"https:\/\/maisondoramaar.org\/\",\"logo\":{\"@type\":\"ImageObject\",\"inLanguage\":\"fr-FR\",\"@id\":\"https:\/\/maisondoramaar.org\/#\/schema\/logo\/image\/\",\"url\":\"https:\/\/maisondoramaar.org\/wp-content\/uploads\/2024\/06\/DMCC_logo.png\",\"contentUrl\":\"https:\/\/maisondoramaar.org\/wp-content\/uploads\/2024\/06\/DMCC_logo.png\",\"width\":521,\"height\":362,\"caption\":\"La Maison Dora Maar et L&#039;H\u00f4tel Tingry\"},\"image\":{\"@id\":\"https:\/\/maisondoramaar.org\/#\/schema\/logo\/image\/\"},\"sameAs\":[\"https:\/\/fr-fr.facebook.com\/doramaarhouse\/\",\"https:\/\/www.instagram.com\/lamaisondoramaar\"]}]}<\/script>\n<!-- \/ Yoast SEO plugin. -->","yoast_head_json":{"title":"Rendez-vous aux jardins \u00e0 la Maison Dora Maar - La Maison Dora Maar et L&#039;H\u00f4tel Tingry","robots":{"index":"index","follow":"follow","max-snippet":"max-snippet:-1","max-image-preview":"max-image-preview:large","max-video-preview":"max-video-preview:-1"},"canonical":"https:\/\/maisondoramaar.org\/fr\/events\/rendez-vous-aux-jardins-a-la-maison-dora-maar\/","og_locale":"fr_FR","og_type":"article","og_title":"Rendez-vous aux jardins \u00e0 la Maison Dora Maar - La Maison Dora Maar et L&#039;H\u00f4tel Tingry","og_description":"Venez c\u00e9l\u00e9brer l&#8217;\u00e9v\u00e8nement national Rendez-vous aux jardins dans le jardin de la Maison Dora Maar, exceptionnellement ouvert \u00e0 cette occasion [&hellip;]","og_url":"https:\/\/maisondoramaar.org\/fr\/events\/rendez-vous-aux-jardins-a-la-maison-dora-maar\/","og_site_name":"La Maison Dora Maar et L&#039;H\u00f4tel Tingry","article_publisher":"https:\/\/fr-fr.facebook.com\/doramaarhouse\/","article_modified_time":"2026-04-13T09:04:33+00:00","og_image":[{"width":1767,"height":2500,"url":"https:\/\/maisondoramaar.org\/wp-content\/uploads\/2026\/04\/RDVJARDINS2026-A4-web_v2.jpg","type":"image\/jpeg"}],"twitter_card":"summary_large_image","twitter_misc":{"Est. reading time":"1 minute"},"schema":{"@context":"https:\/\/schema.org","@graph":[{"@type":"WebPage","@id":"https:\/\/maisondoramaar.org\/fr\/events\/rendez-vous-aux-jardins-a-la-maison-dora-maar\/","url":"https:\/\/maisondoramaar.org\/fr\/events\/rendez-vous-aux-jardins-a-la-maison-dora-maar\/","name":"Rendez-vous aux jardins \u00e0 la Maison Dora Maar - La Maison Dora Maar et L&#039;H\u00f4tel Tingry","isPartOf":{"@id":"https:\/\/maisondoramaar.org\/#website"},"primaryImageOfPage":{"@id":"https:\/\/maisondoramaar.org\/fr\/events\/rendez-vous-aux-jardins-a-la-maison-dora-maar\/#primaryimage"},"image":{"@id":"https:\/\/maisondoramaar.org\/fr\/events\/rendez-vous-aux-jardins-a-la-maison-dora-maar\/#primaryimage"},"thumbnailUrl":"https:\/\/maisondoramaar.org\/wp-content\/uploads\/2026\/04\/RDVJARDINS2026-A4-web_v2.jpg","datePublished":"2026-04-08T08:30:38+00:00","dateModified":"2026-04-13T09:04:33+00:00","breadcrumb":{"@id":"https:\/\/maisondoramaar.org\/fr\/events\/rendez-vous-aux-jardins-a-la-maison-dora-maar\/#breadcrumb"},"inLanguage":"fr-FR","potentialAction":[{"@type":"ReadAction","target":["https:\/\/maisondoramaar.org\/fr\/events\/rendez-vous-aux-jardins-a-la-maison-dora-maar\/"]}]},{"@type":"ImageObject","inLanguage":"fr-FR","@id":"https:\/\/maisondoramaar.org\/fr\/events\/rendez-vous-aux-jardins-a-la-maison-dora-maar\/#primaryimage","url":"https:\/\/maisondoramaar.org\/wp-content\/uploads\/2026\/04\/RDVJARDINS2026-A4-web_v2.jpg","contentUrl":"https:\/\/maisondoramaar.org\/wp-content\/uploads\/2026\/04\/RDVJARDINS2026-A4-web_v2.jpg","width":1767,"height":2500},{"@type":"BreadcrumbList","@id":"https:\/\/maisondoramaar.org\/fr\/events\/rendez-vous-aux-jardins-a-la-maison-dora-maar\/#breadcrumb","itemListElement":[{"@type":"ListItem","position":1,"name":"Accueil","item":"https:\/\/maisondoramaar.org\/fr\/"},{"@type":"ListItem","position":2,"name":"Events","item":"https:\/\/maisondoramaar.org\/events\/"},{"@type":"ListItem","position":3,"name":"Rendez-vous aux jardins \u00e0 la Maison Dora Maar"}]},{"@type":"WebSite","@id":"https:\/\/maisondoramaar.org\/#website","url":"https:\/\/maisondoramaar.org\/","name":"La Maison Dora Maar et L&#039;H\u00f4tel Tingry","description":"Des lieux d&#039;arts de la Fondation Nancy Brown Negley \u00e0 M\u00e9nerbes (Vaucluse), France","publisher":{"@id":"https:\/\/maisondoramaar.org\/#organization"},"potentialAction":[{"@type":"SearchAction","target":{"@type":"EntryPoint","urlTemplate":"https:\/\/maisondoramaar.org\/?s={search_term_string}"},"query-input":{"@type":"PropertyValueSpecification","valueRequired":true,"valueName":"search_term_string"}}],"inLanguage":"fr-FR"},{"@type":"Organization","@id":"https:\/\/maisondoramaar.org\/#organization","name":"La Maison Dora Maar et L&#039;H\u00f4tel Tingry","url":"https:\/\/maisondoramaar.org\/","logo":{"@type":"ImageObject","inLanguage":"fr-FR","@id":"https:\/\/maisondoramaar.org\/#\/schema\/logo\/image\/","url":"https:\/\/maisondoramaar.org\/wp-content\/uploads\/2024\/06\/DMCC_logo.png","contentUrl":"https:\/\/maisondoramaar.org\/wp-content\/uploads\/2024\/06\/DMCC_logo.png","width":521,"height":362,"caption":"La Maison Dora Maar et L&#039;H\u00f4tel Tingry"},"image":{"@id":"https:\/\/maisondoramaar.org\/#\/schema\/logo\/image\/"},"sameAs":["https:\/\/fr-fr.facebook.com\/doramaarhouse\/","https:\/\/www.instagram.com\/lamaisondoramaar"]}]}},"uagb_featured_image_src":{"full":["https:\/\/maisondoramaar.org\/wp-content\/uploads\/2026\/04\/RDVJARDINS2026-A4-web_v2.jpg",1767,2500,false],"thumbnail":["https:\/\/maisondoramaar.org\/wp-content\/uploads\/2026\/04\/RDVJARDINS2026-A4-web_v2-150x150.jpg",150,150,true],"medium":["https:\/\/maisondoramaar.org\/wp-content\/uploads\/2026\/04\/RDVJARDINS2026-A4-web_v2-212x300.jpg",212,300,true],"medium_large":["https:\/\/maisondoramaar.org\/wp-content\/uploads\/2026\/04\/RDVJARDINS2026-A4-web_v2-768x1087.jpg",768,1087,true],"large":["https:\/\/maisondoramaar.org\/wp-content\/uploads\/2026\/04\/RDVJARDINS2026-A4-web_v2-724x1024.jpg",724,1024,true],"1536x1536":["https:\/\/maisondoramaar.org\/wp-content\/uploads\/2026\/04\/RDVJARDINS2026-A4-web_v2-1086x1536.jpg",1086,1536,true],"2048x2048":["https:\/\/maisondoramaar.org\/wp-content\/uploads\/2026\/04\/RDVJARDINS2026-A4-web_v2-1448x2048.jpg",1448,2048,true],"featured":["https:\/\/maisondoramaar.org\/wp-content\/uploads\/2026\/04\/RDVJARDINS2026-A4-web_v2-1000x565.jpg",1000,565,true],"gform-image-choice-sm":["https:\/\/maisondoramaar.org\/wp-content\/uploads\/2026\/04\/RDVJARDINS2026-A4-web_v2.jpg",212,300,false],"gform-image-choice-md":["https:\/\/maisondoramaar.org\/wp-content\/uploads\/2026\/04\/RDVJARDINS2026-A4-web_v2.jpg",283,400,false],"gform-image-choice-lg":["https:\/\/maisondoramaar.org\/wp-content\/uploads\/2026\/04\/RDVJARDINS2026-A4-web_v2.jpg",424,600,false],"xl":["https:\/\/maisondoramaar.org\/wp-content\/uploads\/2026\/04\/RDVJARDINS2026-A4-web_v2-1600x2264.jpg",1600,2264,true],"xxl":["https:\/\/maisondoramaar.org\/wp-content\/uploads\/2026\/04\/RDVJARDINS2026-A4-web_v2.jpg",1767,2500,false],"xxxl":["https:\/\/maisondoramaar.org\/wp-content\/uploads\/2026\/04\/RDVJARDINS2026-A4-web_v2.jpg",1767,2500,false],"xxxxl":["https:\/\/maisondoramaar.org\/wp-content\/uploads\/2026\/04\/RDVJARDINS2026-A4-web_v2.jpg",1767,2500,false],"xxxxxl":["https:\/\/maisondoramaar.org\/wp-content\/uploads\/2026\/04\/RDVJARDINS2026-A4-web_v2.jpg",1767,2500,false],"awb_sm":["https:\/\/maisondoramaar.org\/wp-content\/uploads\/2026\/04\/RDVJARDINS2026-A4-web_v2-500x707.jpg",500,707,true],"awb_md":["https:\/\/maisondoramaar.org\/wp-content\/uploads\/2026\/04\/RDVJARDINS2026-A4-web_v2-800x1132.jpg",800,1132,true],"awb_lg":["https:\/\/maisondoramaar.org\/wp-content\/uploads\/2026\/04\/RDVJARDINS2026-A4-web_v2-1280x1811.jpg",1280,1811,true],"awb_xl":["https:\/\/maisondoramaar.org\/wp-content\/uploads\/2026\/04\/RDVJARDINS2026-A4-web_v2.jpg",1767,2500,false]},"uagb_author_info":{"display_name":"Camille","author_link":"https:\/\/maisondoramaar.org\/fr\/author\/camille\/"},"uagb_comment_info":0,"uagb_excerpt":"Venez c\u00e9l\u00e9brer l&#8217;\u00e9v\u00e8nement national Rendez-vous aux jardins dans le jardin de la Maison Dora Maar, exceptionnellement ouvert \u00e0 cette occasion [&hellip;]","_links":{"self":[{"href":"https:\/\/maisondoramaar.org\/fr\/wp-json\/wp\/v2\/ajde_events\/9432","targetHints":{"allow":["GET"]}}],"collection":[{"href":"https:\/\/maisondoramaar.org\/fr\/wp-json\/wp\/v2\/ajde_events"}],"about":[{"href":"https:\/\/maisondoramaar.org\/fr\/wp-json\/wp\/v2\/types\/ajde_events"}],"author":[{"embeddable":true,"href":"https:\/\/maisondoramaar.org\/fr\/wp-json\/wp\/v2\/users\/13"}],"replies":[{"embeddable":true,"href":"https:\/\/maisondoramaar.org\/fr\/wp-json\/wp\/v2\/comments?post=9432"}],"wp:featuredmedia":[{"embeddable":true,"href":"https:\/\/maisondoramaar.org\/fr\/wp-json\/wp\/v2\/media\/9439"}],"wp:attachment":[{"href":"https:\/\/maisondoramaar.org\/fr\/wp-json\/wp\/v2\/media?parent=9432"}],"wp:term":[{"taxonomy":"post_tag","embeddable":true,"href":"https:\/\/maisondoramaar.org\/fr\/wp-json\/wp\/v2\/tags?post=9432"},{"taxonomy":"event_type","embeddable":true,"href":"https:\/\/maisondoramaar.org\/fr\/wp-json\/wp\/v2\/event_type?post=9432"},{"taxonomy":"event_type_2","embeddable":true,"href":"https:\/\/maisondoramaar.org\/fr\/wp-json\/wp\/v2\/event_type_2?post=9432"}],"curies":[{"name":"wp","href":"https:\/\/api.w.org\/{rel}","templated":true}]}}