{"id":1384,"date":"2020-08-17T15:52:09","date_gmt":"2020-08-17T13:52:09","guid":{"rendered":"https:\/\/maisondoramaar.org\/fellows\/enrico-minaglia\/"},"modified":"2022-12-08T16:03:56","modified_gmt":"2022-12-08T15:03:56","slug":"enrico-minaglia","status":"publish","type":"fellows","link":"https:\/\/maisondoramaar.org\/fr\/residents\/enrico-minaglia\/","title":{"rendered":"Enrico Minaglia"},"content":{"rendered":"<p><b>Enrico Minaglia<\/b> est n\u00e9 \u00e0 Bologne et vit \u00e0 Rome. Il est compositeur et chef d&#8217;orchestre dipl\u00f4m\u00e9 et a \u00e9galement obtenu son dipl\u00f4me de philosophie. Son registre va des oeuvres pour orchestre, en passant par la musique d&#8217;ensemble, les compositions vocales, les solos d&#8217;instruments \u00e0 la musique \u00e9lectronique. Il a aussi compos\u00e9 de la musique pour des court-m\u00e9trages, des documentaires, des pi\u00e8ces de th\u00e9\u00e2tre, des vid\u00e9os d&#8217;art et des expositions. En tant qu&#8217;arrangeur et chef d&#8217;orchestre, il a travaill\u00e9 sur plusieurs productions musicales de t\u00e9l\u00e9visions\/films\/th\u00e9\u00e2tre pour de grandes cha\u00eenes et th\u00e9\u00e2tres italiens. En 2016, il a remport\u00e9 le Concours Kompolize de Composition musicale \u00e0 Berlin, en 2019 le 3e prix du Concours de Composition musicale F.J. Reinl de Vienne,\u00a0et la Mention honorable au 40e Concours \u201cValentino Bucchi\u201d \u00e0 Rome.<\/p>\n","protected":false},"featured_media":1374,"template":"","meta":{"_acf_changed":false,"_uag_custom_page_level_css":"","site-sidebar-layout":"default","site-content-layout":"","ast-site-content-layout":"default","site-content-style":"default","site-sidebar-style":"default","ast-global-header-display":"","ast-banner-title-visibility":"","ast-main-header-display":"","ast-hfb-above-header-display":"","ast-hfb-below-header-display":"","ast-hfb-mobile-header-display":"","site-post-title":"","ast-breadcrumbs-content":"","ast-featured-img":"","footer-sml-layout":"","theme-transparent-header-meta":"","adv-header-id-meta":"","stick-header-meta":"","header-above-stick-meta":"","header-main-stick-meta":"","header-below-stick-meta":"","astra-migrate-meta-layouts":"default","ast-page-background-enabled":"default","ast-page-background-meta":{"desktop":{"background-color":"var(--ast-global-color-4)","background-image":"","background-repeat":"repeat","background-position":"center center","background-size":"auto","background-attachment":"scroll","background-type":"","background-media":"","overlay-type":"","overlay-color":"","overlay-opacity":"","overlay-gradient":""},"tablet":{"background-color":"","background-image":"","background-repeat":"repeat","background-position":"center center","background-size":"auto","background-attachment":"scroll","background-type":"","background-media":"","overlay-type":"","overlay-color":"","overlay-opacity":"","overlay-gradient":""},"mobile":{"background-color":"","background-image":"","background-repeat":"repeat","background-position":"center center","background-size":"auto","background-attachment":"scroll","background-type":"","background-media":"","overlay-type":"","overlay-color":"","overlay-opacity":"","overlay-gradient":""}},"ast-content-background-meta":{"desktop":{"background-color":"var(--ast-global-color-5)","background-image":"","background-repeat":"repeat","background-position":"center center","background-size":"auto","background-attachment":"scroll","background-type":"","background-media":"","overlay-type":"","overlay-color":"","overlay-opacity":"","overlay-gradient":""},"tablet":{"background-color":"var(--ast-global-color-5)","background-image":"","background-repeat":"repeat","background-position":"center center","background-size":"auto","background-attachment":"scroll","background-type":"","background-media":"","overlay-type":"","overlay-color":"","overlay-opacity":"","overlay-gradient":""},"mobile":{"background-color":"var(--ast-global-color-5)","background-image":"","background-repeat":"repeat","background-position":"center center","background-size":"auto","background-attachment":"scroll","background-type":"","background-media":"","overlay-type":"","overlay-color":"","overlay-opacity":"","overlay-gradient":""}},"_links_to":"","_links_to_target":""},"fellows-categories":[32,33],"class_list":["post-1384","fellows","type-fellows","status-publish","has-post-thumbnail","hentry","fellows-categories-film-et-video-fr","fellows-categories-musique-fr"],"acf":[],"yoast_head":"<!-- This site is optimized with the Yoast SEO plugin v26.8 - https:\/\/yoast.com\/product\/yoast-seo-wordpress\/ -->\n<title>Enrico Minaglia - La Maison Dora Maar et L&#039;H\u00f4tel Tingry<\/title>\n<meta name=\"robots\" content=\"index, follow, max-snippet:-1, max-image-preview:large, max-video-preview:-1\" \/>\n<link rel=\"canonical\" href=\"https:\/\/maisondoramaar.org\/fr\/residents\/enrico-minaglia\/\" \/>\n<meta property=\"og:locale\" content=\"fr_FR\" \/>\n<meta property=\"og:type\" content=\"article\" \/>\n<meta property=\"og:title\" content=\"Enrico Minaglia - La Maison Dora Maar et L&#039;H\u00f4tel Tingry\" \/>\n<meta property=\"og:description\" content=\"Enrico Minaglia est n\u00e9 \u00e0 Bologne et vit \u00e0 Rome. Il est compositeur et chef d&#8217;orchestre dipl\u00f4m\u00e9 et a \u00e9galement [&hellip;]\" \/>\n<meta property=\"og:url\" content=\"https:\/\/maisondoramaar.org\/fr\/residents\/enrico-minaglia\/\" \/>\n<meta property=\"og:site_name\" content=\"La Maison Dora Maar et L&#039;H\u00f4tel Tingry\" \/>\n<meta property=\"article:publisher\" content=\"https:\/\/fr-fr.facebook.com\/doramaarhouse\/\" \/>\n<meta property=\"article:modified_time\" content=\"2022-12-08T15:03:56+00:00\" \/>\n<meta property=\"og:image\" content=\"https:\/\/maisondoramaar.org\/wp-content\/uploads\/2020\/08\/Capture-d\u2019\u00e9cran-2020-08-17-\u00e0-14.54.29.png\" \/>\n\t<meta property=\"og:image:width\" content=\"600\" \/>\n\t<meta property=\"og:image:height\" content=\"800\" \/>\n\t<meta property=\"og:image:type\" content=\"image\/png\" \/>\n<meta name=\"twitter:card\" content=\"summary_large_image\" \/>\n<meta name=\"twitter:label1\" content=\"Est. reading time\" \/>\n\t<meta name=\"twitter:data1\" content=\"1 minute\" \/>\n<script type=\"application\/ld+json\" class=\"yoast-schema-graph\">{\"@context\":\"https:\/\/schema.org\",\"@graph\":[{\"@type\":\"WebPage\",\"@id\":\"https:\/\/maisondoramaar.org\/fr\/residents\/enrico-minaglia\/\",\"url\":\"https:\/\/maisondoramaar.org\/fr\/residents\/enrico-minaglia\/\",\"name\":\"Enrico Minaglia - La Maison Dora Maar et L&#039;H\u00f4tel Tingry\",\"isPartOf\":{\"@id\":\"https:\/\/maisondoramaar.org\/#website\"},\"primaryImageOfPage\":{\"@id\":\"https:\/\/maisondoramaar.org\/fr\/residents\/enrico-minaglia\/#primaryimage\"},\"image\":{\"@id\":\"https:\/\/maisondoramaar.org\/fr\/residents\/enrico-minaglia\/#primaryimage\"},\"thumbnailUrl\":\"https:\/\/maisondoramaar.org\/wp-content\/uploads\/2020\/08\/Capture-d\u2019\u00e9cran-2020-08-17-\u00e0-14.54.29.png\",\"datePublished\":\"2020-08-17T13:52:09+00:00\",\"dateModified\":\"2022-12-08T15:03:56+00:00\",\"breadcrumb\":{\"@id\":\"https:\/\/maisondoramaar.org\/fr\/residents\/enrico-minaglia\/#breadcrumb\"},\"inLanguage\":\"fr-FR\",\"potentialAction\":[{\"@type\":\"ReadAction\",\"target\":[\"https:\/\/maisondoramaar.org\/fr\/residents\/enrico-minaglia\/\"]}]},{\"@type\":\"ImageObject\",\"inLanguage\":\"fr-FR\",\"@id\":\"https:\/\/maisondoramaar.org\/fr\/residents\/enrico-minaglia\/#primaryimage\",\"url\":\"https:\/\/maisondoramaar.org\/wp-content\/uploads\/2020\/08\/Capture-d\u2019\u00e9cran-2020-08-17-\u00e0-14.54.29.png\",\"contentUrl\":\"https:\/\/maisondoramaar.org\/wp-content\/uploads\/2020\/08\/Capture-d\u2019\u00e9cran-2020-08-17-\u00e0-14.54.29.png\",\"width\":600,\"height\":800},{\"@type\":\"BreadcrumbList\",\"@id\":\"https:\/\/maisondoramaar.org\/fr\/residents\/enrico-minaglia\/#breadcrumb\",\"itemListElement\":[{\"@type\":\"ListItem\",\"position\":1,\"name\":\"Accueil\",\"item\":\"https:\/\/maisondoramaar.org\/fr\/\"},{\"@type\":\"ListItem\",\"position\":2,\"name\":\"Enrico Minaglia\"}]},{\"@type\":\"WebSite\",\"@id\":\"https:\/\/maisondoramaar.org\/#website\",\"url\":\"https:\/\/maisondoramaar.org\/\",\"name\":\"La Maison Dora Maar et L&#039;H\u00f4tel Tingry\",\"description\":\"Des lieux d&#039;arts de la Fondation Nancy Brown Negley \u00e0 M\u00e9nerbes (Vaucluse), France\",\"publisher\":{\"@id\":\"https:\/\/maisondoramaar.org\/#organization\"},\"potentialAction\":[{\"@type\":\"SearchAction\",\"target\":{\"@type\":\"EntryPoint\",\"urlTemplate\":\"https:\/\/maisondoramaar.org\/?s={search_term_string}\"},\"query-input\":{\"@type\":\"PropertyValueSpecification\",\"valueRequired\":true,\"valueName\":\"search_term_string\"}}],\"inLanguage\":\"fr-FR\"},{\"@type\":\"Organization\",\"@id\":\"https:\/\/maisondoramaar.org\/#organization\",\"name\":\"La Maison Dora Maar et L&#039;H\u00f4tel Tingry\",\"url\":\"https:\/\/maisondoramaar.org\/\",\"logo\":{\"@type\":\"ImageObject\",\"inLanguage\":\"fr-FR\",\"@id\":\"https:\/\/maisondoramaar.org\/#\/schema\/logo\/image\/\",\"url\":\"https:\/\/maisondoramaar.org\/wp-content\/uploads\/2024\/06\/DMCC_logo.png\",\"contentUrl\":\"https:\/\/maisondoramaar.org\/wp-content\/uploads\/2024\/06\/DMCC_logo.png\",\"width\":521,\"height\":362,\"caption\":\"La Maison Dora Maar et L&#039;H\u00f4tel Tingry\"},\"image\":{\"@id\":\"https:\/\/maisondoramaar.org\/#\/schema\/logo\/image\/\"},\"sameAs\":[\"https:\/\/fr-fr.facebook.com\/doramaarhouse\/\",\"https:\/\/www.instagram.com\/lamaisondoramaar\"]}]}<\/script>\n<!-- \/ Yoast SEO plugin. -->","yoast_head_json":{"title":"Enrico Minaglia - La Maison Dora Maar et L&#039;H\u00f4tel Tingry","robots":{"index":"index","follow":"follow","max-snippet":"max-snippet:-1","max-image-preview":"max-image-preview:large","max-video-preview":"max-video-preview:-1"},"canonical":"https:\/\/maisondoramaar.org\/fr\/residents\/enrico-minaglia\/","og_locale":"fr_FR","og_type":"article","og_title":"Enrico Minaglia - La Maison Dora Maar et L&#039;H\u00f4tel Tingry","og_description":"Enrico Minaglia est n\u00e9 \u00e0 Bologne et vit \u00e0 Rome. Il est compositeur et chef d&#8217;orchestre dipl\u00f4m\u00e9 et a \u00e9galement [&hellip;]","og_url":"https:\/\/maisondoramaar.org\/fr\/residents\/enrico-minaglia\/","og_site_name":"La Maison Dora Maar et L&#039;H\u00f4tel Tingry","article_publisher":"https:\/\/fr-fr.facebook.com\/doramaarhouse\/","article_modified_time":"2022-12-08T15:03:56+00:00","og_image":[{"width":600,"height":800,"url":"https:\/\/maisondoramaar.org\/wp-content\/uploads\/2020\/08\/Capture-d\u2019\u00e9cran-2020-08-17-\u00e0-14.54.29.png","type":"image\/png"}],"twitter_card":"summary_large_image","twitter_misc":{"Est. reading time":"1 minute"},"schema":{"@context":"https:\/\/schema.org","@graph":[{"@type":"WebPage","@id":"https:\/\/maisondoramaar.org\/fr\/residents\/enrico-minaglia\/","url":"https:\/\/maisondoramaar.org\/fr\/residents\/enrico-minaglia\/","name":"Enrico Minaglia - La Maison Dora Maar et L&#039;H\u00f4tel Tingry","isPartOf":{"@id":"https:\/\/maisondoramaar.org\/#website"},"primaryImageOfPage":{"@id":"https:\/\/maisondoramaar.org\/fr\/residents\/enrico-minaglia\/#primaryimage"},"image":{"@id":"https:\/\/maisondoramaar.org\/fr\/residents\/enrico-minaglia\/#primaryimage"},"thumbnailUrl":"https:\/\/maisondoramaar.org\/wp-content\/uploads\/2020\/08\/Capture-d\u2019\u00e9cran-2020-08-17-\u00e0-14.54.29.png","datePublished":"2020-08-17T13:52:09+00:00","dateModified":"2022-12-08T15:03:56+00:00","breadcrumb":{"@id":"https:\/\/maisondoramaar.org\/fr\/residents\/enrico-minaglia\/#breadcrumb"},"inLanguage":"fr-FR","potentialAction":[{"@type":"ReadAction","target":["https:\/\/maisondoramaar.org\/fr\/residents\/enrico-minaglia\/"]}]},{"@type":"ImageObject","inLanguage":"fr-FR","@id":"https:\/\/maisondoramaar.org\/fr\/residents\/enrico-minaglia\/#primaryimage","url":"https:\/\/maisondoramaar.org\/wp-content\/uploads\/2020\/08\/Capture-d\u2019\u00e9cran-2020-08-17-\u00e0-14.54.29.png","contentUrl":"https:\/\/maisondoramaar.org\/wp-content\/uploads\/2020\/08\/Capture-d\u2019\u00e9cran-2020-08-17-\u00e0-14.54.29.png","width":600,"height":800},{"@type":"BreadcrumbList","@id":"https:\/\/maisondoramaar.org\/fr\/residents\/enrico-minaglia\/#breadcrumb","itemListElement":[{"@type":"ListItem","position":1,"name":"Accueil","item":"https:\/\/maisondoramaar.org\/fr\/"},{"@type":"ListItem","position":2,"name":"Enrico Minaglia"}]},{"@type":"WebSite","@id":"https:\/\/maisondoramaar.org\/#website","url":"https:\/\/maisondoramaar.org\/","name":"La Maison Dora Maar et L&#039;H\u00f4tel Tingry","description":"Des lieux d&#039;arts de la Fondation Nancy Brown Negley \u00e0 M\u00e9nerbes (Vaucluse), France","publisher":{"@id":"https:\/\/maisondoramaar.org\/#organization"},"potentialAction":[{"@type":"SearchAction","target":{"@type":"EntryPoint","urlTemplate":"https:\/\/maisondoramaar.org\/?s={search_term_string}"},"query-input":{"@type":"PropertyValueSpecification","valueRequired":true,"valueName":"search_term_string"}}],"inLanguage":"fr-FR"},{"@type":"Organization","@id":"https:\/\/maisondoramaar.org\/#organization","name":"La Maison Dora Maar et L&#039;H\u00f4tel Tingry","url":"https:\/\/maisondoramaar.org\/","logo":{"@type":"ImageObject","inLanguage":"fr-FR","@id":"https:\/\/maisondoramaar.org\/#\/schema\/logo\/image\/","url":"https:\/\/maisondoramaar.org\/wp-content\/uploads\/2024\/06\/DMCC_logo.png","contentUrl":"https:\/\/maisondoramaar.org\/wp-content\/uploads\/2024\/06\/DMCC_logo.png","width":521,"height":362,"caption":"La Maison Dora Maar et L&#039;H\u00f4tel Tingry"},"image":{"@id":"https:\/\/maisondoramaar.org\/#\/schema\/logo\/image\/"},"sameAs":["https:\/\/fr-fr.facebook.com\/doramaarhouse\/","https:\/\/www.instagram.com\/lamaisondoramaar"]}]}},"uagb_featured_image_src":{"full":["https:\/\/maisondoramaar.org\/wp-content\/uploads\/2020\/08\/Capture-d\u2019\u00e9cran-2020-08-17-\u00e0-14.54.29.png",600,800,false],"thumbnail":["https:\/\/maisondoramaar.org\/wp-content\/uploads\/2020\/08\/Capture-d\u2019\u00e9cran-2020-08-17-\u00e0-14.54.29-150x150.png",150,150,true],"medium":["https:\/\/maisondoramaar.org\/wp-content\/uploads\/2020\/08\/Capture-d\u2019\u00e9cran-2020-08-17-\u00e0-14.54.29-225x300.png",225,300,true],"medium_large":["https:\/\/maisondoramaar.org\/wp-content\/uploads\/2020\/08\/Capture-d\u2019\u00e9cran-2020-08-17-\u00e0-14.54.29.png",600,800,false],"large":["https:\/\/maisondoramaar.org\/wp-content\/uploads\/2020\/08\/Capture-d\u2019\u00e9cran-2020-08-17-\u00e0-14.54.29.png",600,800,false],"1536x1536":["https:\/\/maisondoramaar.org\/wp-content\/uploads\/2020\/08\/Capture-d\u2019\u00e9cran-2020-08-17-\u00e0-14.54.29.png",600,800,false],"2048x2048":["https:\/\/maisondoramaar.org\/wp-content\/uploads\/2020\/08\/Capture-d\u2019\u00e9cran-2020-08-17-\u00e0-14.54.29.png",600,800,false],"featured":["https:\/\/maisondoramaar.org\/wp-content\/uploads\/2020\/08\/Capture-d\u2019\u00e9cran-2020-08-17-\u00e0-14.54.29.png",424,565,false],"gform-image-choice-sm":["https:\/\/maisondoramaar.org\/wp-content\/uploads\/2020\/08\/Capture-d\u2019\u00e9cran-2020-08-17-\u00e0-14.54.29.png",225,300,false],"gform-image-choice-md":["https:\/\/maisondoramaar.org\/wp-content\/uploads\/2020\/08\/Capture-d\u2019\u00e9cran-2020-08-17-\u00e0-14.54.29.png",300,400,false],"gform-image-choice-lg":["https:\/\/maisondoramaar.org\/wp-content\/uploads\/2020\/08\/Capture-d\u2019\u00e9cran-2020-08-17-\u00e0-14.54.29.png",450,600,false],"xl":["https:\/\/maisondoramaar.org\/wp-content\/uploads\/2020\/08\/Capture-d\u2019\u00e9cran-2020-08-17-\u00e0-14.54.29.png",600,800,false],"xxl":["https:\/\/maisondoramaar.org\/wp-content\/uploads\/2020\/08\/Capture-d\u2019\u00e9cran-2020-08-17-\u00e0-14.54.29.png",600,800,false],"xxxl":["https:\/\/maisondoramaar.org\/wp-content\/uploads\/2020\/08\/Capture-d\u2019\u00e9cran-2020-08-17-\u00e0-14.54.29.png",600,800,false],"xxxxl":["https:\/\/maisondoramaar.org\/wp-content\/uploads\/2020\/08\/Capture-d\u2019\u00e9cran-2020-08-17-\u00e0-14.54.29.png",600,800,false],"xxxxxl":["https:\/\/maisondoramaar.org\/wp-content\/uploads\/2020\/08\/Capture-d\u2019\u00e9cran-2020-08-17-\u00e0-14.54.29.png",600,800,false],"awb_sm":["https:\/\/maisondoramaar.org\/wp-content\/uploads\/2020\/08\/Capture-d\u2019\u00e9cran-2020-08-17-\u00e0-14.54.29.png",500,667,false],"awb_md":["https:\/\/maisondoramaar.org\/wp-content\/uploads\/2020\/08\/Capture-d\u2019\u00e9cran-2020-08-17-\u00e0-14.54.29.png",600,800,false],"awb_lg":["https:\/\/maisondoramaar.org\/wp-content\/uploads\/2020\/08\/Capture-d\u2019\u00e9cran-2020-08-17-\u00e0-14.54.29.png",600,800,false],"awb_xl":["https:\/\/maisondoramaar.org\/wp-content\/uploads\/2020\/08\/Capture-d\u2019\u00e9cran-2020-08-17-\u00e0-14.54.29.png",600,800,false]},"uagb_author_info":{"display_name":"stagiaireMDM","author_link":"https:\/\/maisondoramaar.org\/fr\/author\/"},"uagb_comment_info":0,"uagb_excerpt":"Enrico Minaglia est n\u00e9 \u00e0 Bologne et vit \u00e0 Rome. Il est compositeur et chef d&#8217;orchestre dipl\u00f4m\u00e9 et a \u00e9galement [&hellip;]","_links":{"self":[{"href":"https:\/\/maisondoramaar.org\/fr\/wp-json\/wp\/v2\/fellows\/1384","targetHints":{"allow":["GET"]}}],"collection":[{"href":"https:\/\/maisondoramaar.org\/fr\/wp-json\/wp\/v2\/fellows"}],"about":[{"href":"https:\/\/maisondoramaar.org\/fr\/wp-json\/wp\/v2\/types\/fellows"}],"wp:featuredmedia":[{"embeddable":true,"href":"https:\/\/maisondoramaar.org\/fr\/wp-json\/wp\/v2\/media\/1374"}],"wp:attachment":[{"href":"https:\/\/maisondoramaar.org\/fr\/wp-json\/wp\/v2\/media?parent=1384"}],"wp:term":[{"taxonomy":"fellows-categories","embeddable":true,"href":"https:\/\/maisondoramaar.org\/fr\/wp-json\/wp\/v2\/fellows-categories?post=1384"}],"curies":[{"name":"wp","href":"https:\/\/api.w.org\/{rel}","templated":true}]}}