{"id":2286,"date":"2021-10-29T17:59:58","date_gmt":"2021-10-29T15:59:58","guid":{"rendered":"https:\/\/maisondoramaar.org\/?post_type=fellows&#038;p=2286"},"modified":"2022-11-27T14:49:22","modified_gmt":"2022-11-27T13:49:22","slug":"aurelia-georges","status":"publish","type":"fellows","link":"https:\/\/maisondoramaar.org\/fr\/residents\/aurelia-georges\/","title":{"rendered":"Aur\u00e9lia Georges"},"content":{"rendered":"<p>Aur\u00e9lia Georges a r\u00e9alis\u00e9 et co\u00e9crit plusieurs films prim\u00e9s, dont <em>L&#8217;homme qui marche<\/em> et <em>La fille et le fleuve<\/em>, pr\u00e9sent\u00e9s en avant-premi\u00e8re \u00e0 l&#8217;ACID lors du Festival de Cannes en mai 2014.<\/p>\n","protected":false},"featured_media":2284,"template":"","meta":{"_acf_changed":false,"_uag_custom_page_level_css":"","site-sidebar-layout":"default","site-content-layout":"","ast-site-content-layout":"default","site-content-style":"default","site-sidebar-style":"default","ast-global-header-display":"","ast-banner-title-visibility":"","ast-main-header-display":"","ast-hfb-above-header-display":"","ast-hfb-below-header-display":"","ast-hfb-mobile-header-display":"","site-post-title":"","ast-breadcrumbs-content":"","ast-featured-img":"","footer-sml-layout":"","theme-transparent-header-meta":"","adv-header-id-meta":"","stick-header-meta":"","header-above-stick-meta":"","header-main-stick-meta":"","header-below-stick-meta":"","astra-migrate-meta-layouts":"default","ast-page-background-enabled":"default","ast-page-background-meta":{"desktop":{"background-color":"var(--ast-global-color-4)","background-image":"","background-repeat":"repeat","background-position":"center center","background-size":"auto","background-attachment":"scroll","background-type":"","background-media":"","overlay-type":"","overlay-color":"","overlay-opacity":"","overlay-gradient":""},"tablet":{"background-color":"","background-image":"","background-repeat":"repeat","background-position":"center center","background-size":"auto","background-attachment":"scroll","background-type":"","background-media":"","overlay-type":"","overlay-color":"","overlay-opacity":"","overlay-gradient":""},"mobile":{"background-color":"","background-image":"","background-repeat":"repeat","background-position":"center center","background-size":"auto","background-attachment":"scroll","background-type":"","background-media":"","overlay-type":"","overlay-color":"","overlay-opacity":"","overlay-gradient":""}},"ast-content-background-meta":{"desktop":{"background-color":"var(--ast-global-color-5)","background-image":"","background-repeat":"repeat","background-position":"center center","background-size":"auto","background-attachment":"scroll","background-type":"","background-media":"","overlay-type":"","overlay-color":"","overlay-opacity":"","overlay-gradient":""},"tablet":{"background-color":"var(--ast-global-color-5)","background-image":"","background-repeat":"repeat","background-position":"center center","background-size":"auto","background-attachment":"scroll","background-type":"","background-media":"","overlay-type":"","overlay-color":"","overlay-opacity":"","overlay-gradient":""},"mobile":{"background-color":"var(--ast-global-color-5)","background-image":"","background-repeat":"repeat","background-position":"center center","background-size":"auto","background-attachment":"scroll","background-type":"","background-media":"","overlay-type":"","overlay-color":"","overlay-opacity":"","overlay-gradient":""}},"_links_to":"","_links_to_target":""},"fellows-categories":[32],"class_list":["post-2286","fellows","type-fellows","status-publish","has-post-thumbnail","hentry","fellows-categories-film-et-video-fr"],"acf":[],"yoast_head":"<!-- This site is optimized with the Yoast SEO plugin v26.8 - https:\/\/yoast.com\/product\/yoast-seo-wordpress\/ -->\n<title>Aur\u00e9lia Georges - La Maison Dora Maar et L&#039;H\u00f4tel Tingry<\/title>\n<meta name=\"robots\" content=\"index, follow, max-snippet:-1, max-image-preview:large, max-video-preview:-1\" \/>\n<link rel=\"canonical\" href=\"https:\/\/maisondoramaar.org\/fr\/residents\/aurelia-georges\/\" \/>\n<meta property=\"og:locale\" content=\"fr_FR\" \/>\n<meta property=\"og:type\" content=\"article\" \/>\n<meta property=\"og:title\" content=\"Aur\u00e9lia Georges - La Maison Dora Maar et L&#039;H\u00f4tel Tingry\" \/>\n<meta property=\"og:description\" content=\"Aur\u00e9lia Georges a r\u00e9alis\u00e9 et co\u00e9crit plusieurs films prim\u00e9s, dont L&#8217;homme qui marche et La fille et le fleuve, pr\u00e9sent\u00e9s [&hellip;]\" \/>\n<meta property=\"og:url\" content=\"https:\/\/maisondoramaar.org\/fr\/residents\/aurelia-georges\/\" \/>\n<meta property=\"og:site_name\" content=\"La Maison Dora Maar et L&#039;H\u00f4tel Tingry\" \/>\n<meta property=\"article:publisher\" content=\"https:\/\/fr-fr.facebook.com\/doramaarhouse\/\" \/>\n<meta property=\"article:modified_time\" content=\"2022-11-27T13:49:22+00:00\" \/>\n<meta property=\"og:image\" content=\"https:\/\/maisondoramaar.org\/wp-content\/uploads\/2021\/10\/Portrait-Aurelia-Georges-2.jpg\" \/>\n\t<meta property=\"og:image:width\" content=\"836\" \/>\n\t<meta property=\"og:image:height\" content=\"1369\" \/>\n\t<meta property=\"og:image:type\" content=\"image\/jpeg\" \/>\n<meta name=\"twitter:card\" content=\"summary_large_image\" \/>\n<meta name=\"twitter:label1\" content=\"Est. reading time\" \/>\n\t<meta name=\"twitter:data1\" content=\"1 minute\" \/>\n<script type=\"application\/ld+json\" class=\"yoast-schema-graph\">{\"@context\":\"https:\/\/schema.org\",\"@graph\":[{\"@type\":\"WebPage\",\"@id\":\"https:\/\/maisondoramaar.org\/fr\/residents\/aurelia-georges\/\",\"url\":\"https:\/\/maisondoramaar.org\/fr\/residents\/aurelia-georges\/\",\"name\":\"Aur\u00e9lia Georges - La Maison Dora Maar et L&#039;H\u00f4tel Tingry\",\"isPartOf\":{\"@id\":\"https:\/\/maisondoramaar.org\/#website\"},\"primaryImageOfPage\":{\"@id\":\"https:\/\/maisondoramaar.org\/fr\/residents\/aurelia-georges\/#primaryimage\"},\"image\":{\"@id\":\"https:\/\/maisondoramaar.org\/fr\/residents\/aurelia-georges\/#primaryimage\"},\"thumbnailUrl\":\"https:\/\/maisondoramaar.org\/wp-content\/uploads\/2021\/10\/Portrait-Aurelia-Georges-2.jpg\",\"datePublished\":\"2021-10-29T15:59:58+00:00\",\"dateModified\":\"2022-11-27T13:49:22+00:00\",\"breadcrumb\":{\"@id\":\"https:\/\/maisondoramaar.org\/fr\/residents\/aurelia-georges\/#breadcrumb\"},\"inLanguage\":\"fr-FR\",\"potentialAction\":[{\"@type\":\"ReadAction\",\"target\":[\"https:\/\/maisondoramaar.org\/fr\/residents\/aurelia-georges\/\"]}]},{\"@type\":\"ImageObject\",\"inLanguage\":\"fr-FR\",\"@id\":\"https:\/\/maisondoramaar.org\/fr\/residents\/aurelia-georges\/#primaryimage\",\"url\":\"https:\/\/maisondoramaar.org\/wp-content\/uploads\/2021\/10\/Portrait-Aurelia-Georges-2.jpg\",\"contentUrl\":\"https:\/\/maisondoramaar.org\/wp-content\/uploads\/2021\/10\/Portrait-Aurelia-Georges-2.jpg\",\"width\":836,\"height\":1369},{\"@type\":\"BreadcrumbList\",\"@id\":\"https:\/\/maisondoramaar.org\/fr\/residents\/aurelia-georges\/#breadcrumb\",\"itemListElement\":[{\"@type\":\"ListItem\",\"position\":1,\"name\":\"Accueil\",\"item\":\"https:\/\/maisondoramaar.org\/fr\/\"},{\"@type\":\"ListItem\",\"position\":2,\"name\":\"Aur\u00e9lia Georges\"}]},{\"@type\":\"WebSite\",\"@id\":\"https:\/\/maisondoramaar.org\/#website\",\"url\":\"https:\/\/maisondoramaar.org\/\",\"name\":\"La Maison Dora Maar et L&#039;H\u00f4tel Tingry\",\"description\":\"Des lieux d&#039;arts de la Fondation Nancy Brown Negley \u00e0 M\u00e9nerbes (Vaucluse), France\",\"publisher\":{\"@id\":\"https:\/\/maisondoramaar.org\/#organization\"},\"potentialAction\":[{\"@type\":\"SearchAction\",\"target\":{\"@type\":\"EntryPoint\",\"urlTemplate\":\"https:\/\/maisondoramaar.org\/?s={search_term_string}\"},\"query-input\":{\"@type\":\"PropertyValueSpecification\",\"valueRequired\":true,\"valueName\":\"search_term_string\"}}],\"inLanguage\":\"fr-FR\"},{\"@type\":\"Organization\",\"@id\":\"https:\/\/maisondoramaar.org\/#organization\",\"name\":\"La Maison Dora Maar et L&#039;H\u00f4tel Tingry\",\"url\":\"https:\/\/maisondoramaar.org\/\",\"logo\":{\"@type\":\"ImageObject\",\"inLanguage\":\"fr-FR\",\"@id\":\"https:\/\/maisondoramaar.org\/#\/schema\/logo\/image\/\",\"url\":\"https:\/\/maisondoramaar.org\/wp-content\/uploads\/2024\/06\/DMCC_logo.png\",\"contentUrl\":\"https:\/\/maisondoramaar.org\/wp-content\/uploads\/2024\/06\/DMCC_logo.png\",\"width\":521,\"height\":362,\"caption\":\"La Maison Dora Maar et L&#039;H\u00f4tel Tingry\"},\"image\":{\"@id\":\"https:\/\/maisondoramaar.org\/#\/schema\/logo\/image\/\"},\"sameAs\":[\"https:\/\/fr-fr.facebook.com\/doramaarhouse\/\",\"https:\/\/www.instagram.com\/lamaisondoramaar\"]}]}<\/script>\n<!-- \/ Yoast SEO plugin. -->","yoast_head_json":{"title":"Aur\u00e9lia Georges - La Maison Dora Maar et L&#039;H\u00f4tel Tingry","robots":{"index":"index","follow":"follow","max-snippet":"max-snippet:-1","max-image-preview":"max-image-preview:large","max-video-preview":"max-video-preview:-1"},"canonical":"https:\/\/maisondoramaar.org\/fr\/residents\/aurelia-georges\/","og_locale":"fr_FR","og_type":"article","og_title":"Aur\u00e9lia Georges - La Maison Dora Maar et L&#039;H\u00f4tel Tingry","og_description":"Aur\u00e9lia Georges a r\u00e9alis\u00e9 et co\u00e9crit plusieurs films prim\u00e9s, dont L&#8217;homme qui marche et La fille et le fleuve, pr\u00e9sent\u00e9s [&hellip;]","og_url":"https:\/\/maisondoramaar.org\/fr\/residents\/aurelia-georges\/","og_site_name":"La Maison Dora Maar et L&#039;H\u00f4tel Tingry","article_publisher":"https:\/\/fr-fr.facebook.com\/doramaarhouse\/","article_modified_time":"2022-11-27T13:49:22+00:00","og_image":[{"width":836,"height":1369,"url":"https:\/\/maisondoramaar.org\/wp-content\/uploads\/2021\/10\/Portrait-Aurelia-Georges-2.jpg","type":"image\/jpeg"}],"twitter_card":"summary_large_image","twitter_misc":{"Est. reading time":"1 minute"},"schema":{"@context":"https:\/\/schema.org","@graph":[{"@type":"WebPage","@id":"https:\/\/maisondoramaar.org\/fr\/residents\/aurelia-georges\/","url":"https:\/\/maisondoramaar.org\/fr\/residents\/aurelia-georges\/","name":"Aur\u00e9lia Georges - La Maison Dora Maar et L&#039;H\u00f4tel Tingry","isPartOf":{"@id":"https:\/\/maisondoramaar.org\/#website"},"primaryImageOfPage":{"@id":"https:\/\/maisondoramaar.org\/fr\/residents\/aurelia-georges\/#primaryimage"},"image":{"@id":"https:\/\/maisondoramaar.org\/fr\/residents\/aurelia-georges\/#primaryimage"},"thumbnailUrl":"https:\/\/maisondoramaar.org\/wp-content\/uploads\/2021\/10\/Portrait-Aurelia-Georges-2.jpg","datePublished":"2021-10-29T15:59:58+00:00","dateModified":"2022-11-27T13:49:22+00:00","breadcrumb":{"@id":"https:\/\/maisondoramaar.org\/fr\/residents\/aurelia-georges\/#breadcrumb"},"inLanguage":"fr-FR","potentialAction":[{"@type":"ReadAction","target":["https:\/\/maisondoramaar.org\/fr\/residents\/aurelia-georges\/"]}]},{"@type":"ImageObject","inLanguage":"fr-FR","@id":"https:\/\/maisondoramaar.org\/fr\/residents\/aurelia-georges\/#primaryimage","url":"https:\/\/maisondoramaar.org\/wp-content\/uploads\/2021\/10\/Portrait-Aurelia-Georges-2.jpg","contentUrl":"https:\/\/maisondoramaar.org\/wp-content\/uploads\/2021\/10\/Portrait-Aurelia-Georges-2.jpg","width":836,"height":1369},{"@type":"BreadcrumbList","@id":"https:\/\/maisondoramaar.org\/fr\/residents\/aurelia-georges\/#breadcrumb","itemListElement":[{"@type":"ListItem","position":1,"name":"Accueil","item":"https:\/\/maisondoramaar.org\/fr\/"},{"@type":"ListItem","position":2,"name":"Aur\u00e9lia Georges"}]},{"@type":"WebSite","@id":"https:\/\/maisondoramaar.org\/#website","url":"https:\/\/maisondoramaar.org\/","name":"La Maison Dora Maar et L&#039;H\u00f4tel Tingry","description":"Des lieux d&#039;arts de la Fondation Nancy Brown Negley \u00e0 M\u00e9nerbes (Vaucluse), France","publisher":{"@id":"https:\/\/maisondoramaar.org\/#organization"},"potentialAction":[{"@type":"SearchAction","target":{"@type":"EntryPoint","urlTemplate":"https:\/\/maisondoramaar.org\/?s={search_term_string}"},"query-input":{"@type":"PropertyValueSpecification","valueRequired":true,"valueName":"search_term_string"}}],"inLanguage":"fr-FR"},{"@type":"Organization","@id":"https:\/\/maisondoramaar.org\/#organization","name":"La Maison Dora Maar et L&#039;H\u00f4tel Tingry","url":"https:\/\/maisondoramaar.org\/","logo":{"@type":"ImageObject","inLanguage":"fr-FR","@id":"https:\/\/maisondoramaar.org\/#\/schema\/logo\/image\/","url":"https:\/\/maisondoramaar.org\/wp-content\/uploads\/2024\/06\/DMCC_logo.png","contentUrl":"https:\/\/maisondoramaar.org\/wp-content\/uploads\/2024\/06\/DMCC_logo.png","width":521,"height":362,"caption":"La Maison Dora Maar et L&#039;H\u00f4tel Tingry"},"image":{"@id":"https:\/\/maisondoramaar.org\/#\/schema\/logo\/image\/"},"sameAs":["https:\/\/fr-fr.facebook.com\/doramaarhouse\/","https:\/\/www.instagram.com\/lamaisondoramaar"]}]}},"uagb_featured_image_src":{"full":["https:\/\/maisondoramaar.org\/wp-content\/uploads\/2021\/10\/Portrait-Aurelia-Georges-2.jpg",836,1369,false],"thumbnail":["https:\/\/maisondoramaar.org\/wp-content\/uploads\/2021\/10\/Portrait-Aurelia-Georges-2-150x150.jpg",150,150,true],"medium":["https:\/\/maisondoramaar.org\/wp-content\/uploads\/2021\/10\/Portrait-Aurelia-Georges-2-183x300.jpg",183,300,true],"medium_large":["https:\/\/maisondoramaar.org\/wp-content\/uploads\/2021\/10\/Portrait-Aurelia-Georges-2-768x1258.jpg",768,1258,true],"large":["https:\/\/maisondoramaar.org\/wp-content\/uploads\/2021\/10\/Portrait-Aurelia-Georges-2-625x1024.jpg",625,1024,true],"1536x1536":["https:\/\/maisondoramaar.org\/wp-content\/uploads\/2021\/10\/Portrait-Aurelia-Georges-2.jpg",836,1369,false],"2048x2048":["https:\/\/maisondoramaar.org\/wp-content\/uploads\/2021\/10\/Portrait-Aurelia-Georges-2.jpg",836,1369,false],"featured":["https:\/\/maisondoramaar.org\/wp-content\/uploads\/2021\/10\/Portrait-Aurelia-Georges-2.jpg",345,565,false],"gform-image-choice-sm":["https:\/\/maisondoramaar.org\/wp-content\/uploads\/2021\/10\/Portrait-Aurelia-Georges-2.jpg",183,300,false],"gform-image-choice-md":["https:\/\/maisondoramaar.org\/wp-content\/uploads\/2021\/10\/Portrait-Aurelia-Georges-2.jpg",244,400,false],"gform-image-choice-lg":["https:\/\/maisondoramaar.org\/wp-content\/uploads\/2021\/10\/Portrait-Aurelia-Georges-2.jpg",366,600,false],"xl":["https:\/\/maisondoramaar.org\/wp-content\/uploads\/2021\/10\/Portrait-Aurelia-Georges-2.jpg",836,1369,false],"xxl":["https:\/\/maisondoramaar.org\/wp-content\/uploads\/2021\/10\/Portrait-Aurelia-Georges-2.jpg",836,1369,false],"xxxl":["https:\/\/maisondoramaar.org\/wp-content\/uploads\/2021\/10\/Portrait-Aurelia-Georges-2.jpg",836,1369,false],"xxxxl":["https:\/\/maisondoramaar.org\/wp-content\/uploads\/2021\/10\/Portrait-Aurelia-Georges-2.jpg",836,1369,false],"xxxxxl":["https:\/\/maisondoramaar.org\/wp-content\/uploads\/2021\/10\/Portrait-Aurelia-Georges-2.jpg",836,1369,false],"awb_sm":["https:\/\/maisondoramaar.org\/wp-content\/uploads\/2021\/10\/Portrait-Aurelia-Georges-2.jpg",500,819,false],"awb_md":["https:\/\/maisondoramaar.org\/wp-content\/uploads\/2021\/10\/Portrait-Aurelia-Georges-2.jpg",800,1310,false],"awb_lg":["https:\/\/maisondoramaar.org\/wp-content\/uploads\/2021\/10\/Portrait-Aurelia-Georges-2.jpg",836,1369,false],"awb_xl":["https:\/\/maisondoramaar.org\/wp-content\/uploads\/2021\/10\/Portrait-Aurelia-Georges-2.jpg",836,1369,false]},"uagb_author_info":{"display_name":"stagiaireMDM","author_link":"https:\/\/maisondoramaar.org\/fr\/author\/"},"uagb_comment_info":0,"uagb_excerpt":"Aur\u00e9lia Georges a r\u00e9alis\u00e9 et co\u00e9crit plusieurs films prim\u00e9s, dont L&#8217;homme qui marche et La fille et le fleuve, pr\u00e9sent\u00e9s [&hellip;]","_links":{"self":[{"href":"https:\/\/maisondoramaar.org\/fr\/wp-json\/wp\/v2\/fellows\/2286","targetHints":{"allow":["GET"]}}],"collection":[{"href":"https:\/\/maisondoramaar.org\/fr\/wp-json\/wp\/v2\/fellows"}],"about":[{"href":"https:\/\/maisondoramaar.org\/fr\/wp-json\/wp\/v2\/types\/fellows"}],"wp:featuredmedia":[{"embeddable":true,"href":"https:\/\/maisondoramaar.org\/fr\/wp-json\/wp\/v2\/media\/2284"}],"wp:attachment":[{"href":"https:\/\/maisondoramaar.org\/fr\/wp-json\/wp\/v2\/media?parent=2286"}],"wp:term":[{"taxonomy":"fellows-categories","embeddable":true,"href":"https:\/\/maisondoramaar.org\/fr\/wp-json\/wp\/v2\/fellows-categories?post=2286"}],"curies":[{"name":"wp","href":"https:\/\/api.w.org\/{rel}","templated":true}]}}