{"id":2942,"date":"2022-07-18T12:09:34","date_gmt":"2022-07-18T10:09:34","guid":{"rendered":"https:\/\/maisondoramaar.org\/?post_type=fellows&#038;p=2942"},"modified":"2022-12-09T10:46:22","modified_gmt":"2022-12-09T09:46:22","slug":"patrick-autreaux","status":"publish","type":"fellows","link":"https:\/\/maisondoramaar.org\/fr\/residents\/patrick-autreaux\/","title":{"rendered":"Patrick Autr\u00e9aux"},"content":{"rendered":"<p><span style=\"font-weight: 400;\">En parall\u00e8le de ses \u00e9tudes de m\u00e9decine et d&#8217;anthropologie culturelle, <\/span><b>Patrick Autr\u00e9aux<\/b><span style=\"font-weight: 400;\"> a publi\u00e9 divers ouvrages de po\u00e9sie et des critiques portant sur l&#8217;art contemporain. En 2006, apr\u00e8s avoir exerc\u00e9 la profession de psychiatre urgentiste, il d\u00e9cide de se consacrer enti\u00e8rement \u00e0 l&#8217;\u00e9criture. La vision de la maladie comme une exp\u00e9rience intime inspire son premier cycle d&#8217;\u00e9criture, qui s&#8217;ach\u00e8ve avec <\/span><i><span style=\"font-weight: 400;\">Se survivre<\/span><\/i><span style=\"font-weight: 400;\"> (Verdier). Il est l&#8217;auteur de <\/span><i><span style=\"font-weight: 400;\">Dans la vall\u00e9e des larmes<\/span><\/i><span style=\"font-weight: 400;\"> (traduit en anglais chez UIT Books, 2019), de <\/span><i><span style=\"font-weight: 400;\">Soigner<\/span><\/i><span style=\"font-weight: 400;\">, et de <\/span><i><span style=\"font-weight: 400;\">Le Dedans des choses<\/span><\/i><span style=\"font-weight: 400;\">, qui sont tous des romans publi\u00e9s chez Gallimard. En 2015, il a \u00e9galement publi\u00e9 <\/span><i><span style=\"font-weight: 400;\">Les Irr\u00e9guliers<\/span><\/i><span style=\"font-weight: 400;\">, un roman portant sur l\u2019histoire d\u2019un immigr\u00e9 clandestin en France. Il a \u00e9t\u00e9 nomm\u00e9 pour le Prix D\u00e9cembre et le Prix Femina pour son roman <\/span><i><span style=\"font-weight: 400;\">Quand la parole attend la nuit<\/span><\/i><span style=\"font-weight: 400;\"> (Verdier, 2019). Son dernier livre <\/span><i><span style=\"font-weight: 400;\">Pussyboy<\/span><\/i><span style=\"font-weight: 400;\"> est paru au printemps 2021.<\/span><\/p>\n","protected":false},"featured_media":2940,"template":"","meta":{"_acf_changed":false,"_uag_custom_page_level_css":"","site-sidebar-layout":"default","site-content-layout":"","ast-site-content-layout":"default","site-content-style":"default","site-sidebar-style":"default","ast-global-header-display":"","ast-banner-title-visibility":"","ast-main-header-display":"","ast-hfb-above-header-display":"","ast-hfb-below-header-display":"","ast-hfb-mobile-header-display":"","site-post-title":"","ast-breadcrumbs-content":"","ast-featured-img":"","footer-sml-layout":"","theme-transparent-header-meta":"","adv-header-id-meta":"","stick-header-meta":"","header-above-stick-meta":"","header-main-stick-meta":"","header-below-stick-meta":"","astra-migrate-meta-layouts":"default","ast-page-background-enabled":"default","ast-page-background-meta":{"desktop":{"background-color":"var(--ast-global-color-4)","background-image":"","background-repeat":"repeat","background-position":"center center","background-size":"auto","background-attachment":"scroll","background-type":"","background-media":"","overlay-type":"","overlay-color":"","overlay-opacity":"","overlay-gradient":""},"tablet":{"background-color":"","background-image":"","background-repeat":"repeat","background-position":"center center","background-size":"auto","background-attachment":"scroll","background-type":"","background-media":"","overlay-type":"","overlay-color":"","overlay-opacity":"","overlay-gradient":""},"mobile":{"background-color":"","background-image":"","background-repeat":"repeat","background-position":"center center","background-size":"auto","background-attachment":"scroll","background-type":"","background-media":"","overlay-type":"","overlay-color":"","overlay-opacity":"","overlay-gradient":""}},"ast-content-background-meta":{"desktop":{"background-color":"var(--ast-global-color-5)","background-image":"","background-repeat":"repeat","background-position":"center center","background-size":"auto","background-attachment":"scroll","background-type":"","background-media":"","overlay-type":"","overlay-color":"","overlay-opacity":"","overlay-gradient":""},"tablet":{"background-color":"var(--ast-global-color-5)","background-image":"","background-repeat":"repeat","background-position":"center center","background-size":"auto","background-attachment":"scroll","background-type":"","background-media":"","overlay-type":"","overlay-color":"","overlay-opacity":"","overlay-gradient":""},"mobile":{"background-color":"var(--ast-global-color-5)","background-image":"","background-repeat":"repeat","background-position":"center center","background-size":"auto","background-attachment":"scroll","background-type":"","background-media":"","overlay-type":"","overlay-color":"","overlay-opacity":"","overlay-gradient":""}},"_links_to":"","_links_to_target":""},"fellows-categories":[28,29],"class_list":["post-2942","fellows","type-fellows","status-publish","has-post-thumbnail","hentry","fellows-categories-litterature-fr","fellows-categories-poete-fr"],"acf":[],"yoast_head":"<!-- This site is optimized with the Yoast SEO plugin v26.8 - https:\/\/yoast.com\/product\/yoast-seo-wordpress\/ -->\n<title>Patrick Autr\u00e9aux - La Maison Dora Maar et L&#039;H\u00f4tel Tingry<\/title>\n<meta name=\"robots\" content=\"index, follow, max-snippet:-1, max-image-preview:large, max-video-preview:-1\" \/>\n<link rel=\"canonical\" href=\"https:\/\/maisondoramaar.org\/fr\/residents\/patrick-autreaux\/\" \/>\n<meta property=\"og:locale\" content=\"fr_FR\" \/>\n<meta property=\"og:type\" content=\"article\" \/>\n<meta property=\"og:title\" content=\"Patrick Autr\u00e9aux - La Maison Dora Maar et L&#039;H\u00f4tel Tingry\" \/>\n<meta property=\"og:description\" content=\"En parall\u00e8le de ses \u00e9tudes de m\u00e9decine et d&#8217;anthropologie culturelle, Patrick Autr\u00e9aux a publi\u00e9 divers ouvrages de po\u00e9sie et des [&hellip;]\" \/>\n<meta property=\"og:url\" content=\"https:\/\/maisondoramaar.org\/fr\/residents\/patrick-autreaux\/\" \/>\n<meta property=\"og:site_name\" content=\"La Maison Dora Maar et L&#039;H\u00f4tel Tingry\" \/>\n<meta property=\"article:publisher\" content=\"https:\/\/fr-fr.facebook.com\/doramaarhouse\/\" \/>\n<meta property=\"article:modified_time\" content=\"2022-12-09T09:46:22+00:00\" \/>\n<meta property=\"og:image\" content=\"https:\/\/maisondoramaar.org\/wp-content\/uploads\/2022\/07\/C-Han-Lei-bis-2019-mini-copie-scaled.jpg\" \/>\n\t<meta property=\"og:image:width\" content=\"2560\" \/>\n\t<meta property=\"og:image:height\" content=\"1710\" \/>\n\t<meta property=\"og:image:type\" content=\"image\/jpeg\" \/>\n<meta name=\"twitter:card\" content=\"summary_large_image\" \/>\n<meta name=\"twitter:label1\" content=\"Est. reading time\" \/>\n\t<meta name=\"twitter:data1\" content=\"1 minute\" \/>\n<script type=\"application\/ld+json\" class=\"yoast-schema-graph\">{\"@context\":\"https:\/\/schema.org\",\"@graph\":[{\"@type\":\"WebPage\",\"@id\":\"https:\/\/maisondoramaar.org\/fr\/residents\/patrick-autreaux\/\",\"url\":\"https:\/\/maisondoramaar.org\/fr\/residents\/patrick-autreaux\/\",\"name\":\"Patrick Autr\u00e9aux - La Maison Dora Maar et L&#039;H\u00f4tel Tingry\",\"isPartOf\":{\"@id\":\"https:\/\/maisondoramaar.org\/#website\"},\"primaryImageOfPage\":{\"@id\":\"https:\/\/maisondoramaar.org\/fr\/residents\/patrick-autreaux\/#primaryimage\"},\"image\":{\"@id\":\"https:\/\/maisondoramaar.org\/fr\/residents\/patrick-autreaux\/#primaryimage\"},\"thumbnailUrl\":\"https:\/\/maisondoramaar.org\/wp-content\/uploads\/2022\/07\/C-Han-Lei-bis-2019-mini-copie-scaled.jpg\",\"datePublished\":\"2022-07-18T10:09:34+00:00\",\"dateModified\":\"2022-12-09T09:46:22+00:00\",\"breadcrumb\":{\"@id\":\"https:\/\/maisondoramaar.org\/fr\/residents\/patrick-autreaux\/#breadcrumb\"},\"inLanguage\":\"fr-FR\",\"potentialAction\":[{\"@type\":\"ReadAction\",\"target\":[\"https:\/\/maisondoramaar.org\/fr\/residents\/patrick-autreaux\/\"]}]},{\"@type\":\"ImageObject\",\"inLanguage\":\"fr-FR\",\"@id\":\"https:\/\/maisondoramaar.org\/fr\/residents\/patrick-autreaux\/#primaryimage\",\"url\":\"https:\/\/maisondoramaar.org\/wp-content\/uploads\/2022\/07\/C-Han-Lei-bis-2019-mini-copie-scaled.jpg\",\"contentUrl\":\"https:\/\/maisondoramaar.org\/wp-content\/uploads\/2022\/07\/C-Han-Lei-bis-2019-mini-copie-scaled.jpg\",\"width\":2560,\"height\":1710},{\"@type\":\"BreadcrumbList\",\"@id\":\"https:\/\/maisondoramaar.org\/fr\/residents\/patrick-autreaux\/#breadcrumb\",\"itemListElement\":[{\"@type\":\"ListItem\",\"position\":1,\"name\":\"Accueil\",\"item\":\"https:\/\/maisondoramaar.org\/fr\/\"},{\"@type\":\"ListItem\",\"position\":2,\"name\":\"Patrick Autr\u00e9aux\"}]},{\"@type\":\"WebSite\",\"@id\":\"https:\/\/maisondoramaar.org\/#website\",\"url\":\"https:\/\/maisondoramaar.org\/\",\"name\":\"La Maison Dora Maar et L&#039;H\u00f4tel Tingry\",\"description\":\"Des lieux d&#039;arts de la Fondation Nancy Brown Negley \u00e0 M\u00e9nerbes (Vaucluse), France\",\"publisher\":{\"@id\":\"https:\/\/maisondoramaar.org\/#organization\"},\"potentialAction\":[{\"@type\":\"SearchAction\",\"target\":{\"@type\":\"EntryPoint\",\"urlTemplate\":\"https:\/\/maisondoramaar.org\/?s={search_term_string}\"},\"query-input\":{\"@type\":\"PropertyValueSpecification\",\"valueRequired\":true,\"valueName\":\"search_term_string\"}}],\"inLanguage\":\"fr-FR\"},{\"@type\":\"Organization\",\"@id\":\"https:\/\/maisondoramaar.org\/#organization\",\"name\":\"La Maison Dora Maar et L&#039;H\u00f4tel Tingry\",\"url\":\"https:\/\/maisondoramaar.org\/\",\"logo\":{\"@type\":\"ImageObject\",\"inLanguage\":\"fr-FR\",\"@id\":\"https:\/\/maisondoramaar.org\/#\/schema\/logo\/image\/\",\"url\":\"https:\/\/maisondoramaar.org\/wp-content\/uploads\/2024\/06\/DMCC_logo.png\",\"contentUrl\":\"https:\/\/maisondoramaar.org\/wp-content\/uploads\/2024\/06\/DMCC_logo.png\",\"width\":521,\"height\":362,\"caption\":\"La Maison Dora Maar et L&#039;H\u00f4tel Tingry\"},\"image\":{\"@id\":\"https:\/\/maisondoramaar.org\/#\/schema\/logo\/image\/\"},\"sameAs\":[\"https:\/\/fr-fr.facebook.com\/doramaarhouse\/\",\"https:\/\/www.instagram.com\/lamaisondoramaar\"]}]}<\/script>\n<!-- \/ Yoast SEO plugin. -->","yoast_head_json":{"title":"Patrick Autr\u00e9aux - La Maison Dora Maar et L&#039;H\u00f4tel Tingry","robots":{"index":"index","follow":"follow","max-snippet":"max-snippet:-1","max-image-preview":"max-image-preview:large","max-video-preview":"max-video-preview:-1"},"canonical":"https:\/\/maisondoramaar.org\/fr\/residents\/patrick-autreaux\/","og_locale":"fr_FR","og_type":"article","og_title":"Patrick Autr\u00e9aux - La Maison Dora Maar et L&#039;H\u00f4tel Tingry","og_description":"En parall\u00e8le de ses \u00e9tudes de m\u00e9decine et d&#8217;anthropologie culturelle, Patrick Autr\u00e9aux a publi\u00e9 divers ouvrages de po\u00e9sie et des [&hellip;]","og_url":"https:\/\/maisondoramaar.org\/fr\/residents\/patrick-autreaux\/","og_site_name":"La Maison Dora Maar et L&#039;H\u00f4tel Tingry","article_publisher":"https:\/\/fr-fr.facebook.com\/doramaarhouse\/","article_modified_time":"2022-12-09T09:46:22+00:00","og_image":[{"width":2560,"height":1710,"url":"https:\/\/maisondoramaar.org\/wp-content\/uploads\/2022\/07\/C-Han-Lei-bis-2019-mini-copie-scaled.jpg","type":"image\/jpeg"}],"twitter_card":"summary_large_image","twitter_misc":{"Est. reading time":"1 minute"},"schema":{"@context":"https:\/\/schema.org","@graph":[{"@type":"WebPage","@id":"https:\/\/maisondoramaar.org\/fr\/residents\/patrick-autreaux\/","url":"https:\/\/maisondoramaar.org\/fr\/residents\/patrick-autreaux\/","name":"Patrick Autr\u00e9aux - La Maison Dora Maar et L&#039;H\u00f4tel Tingry","isPartOf":{"@id":"https:\/\/maisondoramaar.org\/#website"},"primaryImageOfPage":{"@id":"https:\/\/maisondoramaar.org\/fr\/residents\/patrick-autreaux\/#primaryimage"},"image":{"@id":"https:\/\/maisondoramaar.org\/fr\/residents\/patrick-autreaux\/#primaryimage"},"thumbnailUrl":"https:\/\/maisondoramaar.org\/wp-content\/uploads\/2022\/07\/C-Han-Lei-bis-2019-mini-copie-scaled.jpg","datePublished":"2022-07-18T10:09:34+00:00","dateModified":"2022-12-09T09:46:22+00:00","breadcrumb":{"@id":"https:\/\/maisondoramaar.org\/fr\/residents\/patrick-autreaux\/#breadcrumb"},"inLanguage":"fr-FR","potentialAction":[{"@type":"ReadAction","target":["https:\/\/maisondoramaar.org\/fr\/residents\/patrick-autreaux\/"]}]},{"@type":"ImageObject","inLanguage":"fr-FR","@id":"https:\/\/maisondoramaar.org\/fr\/residents\/patrick-autreaux\/#primaryimage","url":"https:\/\/maisondoramaar.org\/wp-content\/uploads\/2022\/07\/C-Han-Lei-bis-2019-mini-copie-scaled.jpg","contentUrl":"https:\/\/maisondoramaar.org\/wp-content\/uploads\/2022\/07\/C-Han-Lei-bis-2019-mini-copie-scaled.jpg","width":2560,"height":1710},{"@type":"BreadcrumbList","@id":"https:\/\/maisondoramaar.org\/fr\/residents\/patrick-autreaux\/#breadcrumb","itemListElement":[{"@type":"ListItem","position":1,"name":"Accueil","item":"https:\/\/maisondoramaar.org\/fr\/"},{"@type":"ListItem","position":2,"name":"Patrick Autr\u00e9aux"}]},{"@type":"WebSite","@id":"https:\/\/maisondoramaar.org\/#website","url":"https:\/\/maisondoramaar.org\/","name":"La Maison Dora Maar et L&#039;H\u00f4tel Tingry","description":"Des lieux d&#039;arts de la Fondation Nancy Brown Negley \u00e0 M\u00e9nerbes (Vaucluse), France","publisher":{"@id":"https:\/\/maisondoramaar.org\/#organization"},"potentialAction":[{"@type":"SearchAction","target":{"@type":"EntryPoint","urlTemplate":"https:\/\/maisondoramaar.org\/?s={search_term_string}"},"query-input":{"@type":"PropertyValueSpecification","valueRequired":true,"valueName":"search_term_string"}}],"inLanguage":"fr-FR"},{"@type":"Organization","@id":"https:\/\/maisondoramaar.org\/#organization","name":"La Maison Dora Maar et L&#039;H\u00f4tel Tingry","url":"https:\/\/maisondoramaar.org\/","logo":{"@type":"ImageObject","inLanguage":"fr-FR","@id":"https:\/\/maisondoramaar.org\/#\/schema\/logo\/image\/","url":"https:\/\/maisondoramaar.org\/wp-content\/uploads\/2024\/06\/DMCC_logo.png","contentUrl":"https:\/\/maisondoramaar.org\/wp-content\/uploads\/2024\/06\/DMCC_logo.png","width":521,"height":362,"caption":"La Maison Dora Maar et L&#039;H\u00f4tel Tingry"},"image":{"@id":"https:\/\/maisondoramaar.org\/#\/schema\/logo\/image\/"},"sameAs":["https:\/\/fr-fr.facebook.com\/doramaarhouse\/","https:\/\/www.instagram.com\/lamaisondoramaar"]}]}},"uagb_featured_image_src":{"full":["https:\/\/maisondoramaar.org\/wp-content\/uploads\/2022\/07\/C-Han-Lei-bis-2019-mini-copie-scaled.jpg",2560,1710,false],"thumbnail":["https:\/\/maisondoramaar.org\/wp-content\/uploads\/2022\/07\/C-Han-Lei-bis-2019-mini-copie-150x150.jpg",150,150,true],"medium":["https:\/\/maisondoramaar.org\/wp-content\/uploads\/2022\/07\/C-Han-Lei-bis-2019-mini-copie-300x200.jpg",300,200,true],"medium_large":["https:\/\/maisondoramaar.org\/wp-content\/uploads\/2022\/07\/C-Han-Lei-bis-2019-mini-copie-768x513.jpg",768,513,true],"large":["https:\/\/maisondoramaar.org\/wp-content\/uploads\/2022\/07\/C-Han-Lei-bis-2019-mini-copie-1024x684.jpg",1024,684,true],"1536x1536":["https:\/\/maisondoramaar.org\/wp-content\/uploads\/2022\/07\/C-Han-Lei-bis-2019-mini-copie-1536x1026.jpg",1536,1026,true],"2048x2048":["https:\/\/maisondoramaar.org\/wp-content\/uploads\/2022\/07\/C-Han-Lei-bis-2019-mini-copie-2048x1368.jpg",2048,1368,true],"featured":["https:\/\/maisondoramaar.org\/wp-content\/uploads\/2022\/07\/C-Han-Lei-bis-2019-mini-copie-scaled.jpg",846,565,false],"gform-image-choice-sm":["https:\/\/maisondoramaar.org\/wp-content\/uploads\/2022\/07\/C-Han-Lei-bis-2019-mini-copie-scaled.jpg",300,200,false],"gform-image-choice-md":["https:\/\/maisondoramaar.org\/wp-content\/uploads\/2022\/07\/C-Han-Lei-bis-2019-mini-copie-scaled.jpg",400,267,false],"gform-image-choice-lg":["https:\/\/maisondoramaar.org\/wp-content\/uploads\/2022\/07\/C-Han-Lei-bis-2019-mini-copie-scaled.jpg",600,401,false],"xl":["https:\/\/maisondoramaar.org\/wp-content\/uploads\/2022\/07\/C-Han-Lei-bis-2019-mini-copie-scaled.jpg",1600,1069,false],"xxl":["https:\/\/maisondoramaar.org\/wp-content\/uploads\/2022\/07\/C-Han-Lei-bis-2019-mini-copie-scaled.jpg",2200,1470,false],"xxxl":["https:\/\/maisondoramaar.org\/wp-content\/uploads\/2022\/07\/C-Han-Lei-bis-2019-mini-copie-scaled.jpg",2560,1710,false],"xxxxl":["https:\/\/maisondoramaar.org\/wp-content\/uploads\/2022\/07\/C-Han-Lei-bis-2019-mini-copie-scaled.jpg",2560,1710,false],"xxxxxl":["https:\/\/maisondoramaar.org\/wp-content\/uploads\/2022\/07\/C-Han-Lei-bis-2019-mini-copie-scaled.jpg",2560,1710,false],"awb_sm":["https:\/\/maisondoramaar.org\/wp-content\/uploads\/2022\/07\/C-Han-Lei-bis-2019-mini-copie-scaled.jpg",500,334,false],"awb_md":["https:\/\/maisondoramaar.org\/wp-content\/uploads\/2022\/07\/C-Han-Lei-bis-2019-mini-copie-scaled.jpg",800,534,false],"awb_lg":["https:\/\/maisondoramaar.org\/wp-content\/uploads\/2022\/07\/C-Han-Lei-bis-2019-mini-copie-scaled.jpg",1280,855,false],"awb_xl":["https:\/\/maisondoramaar.org\/wp-content\/uploads\/2022\/07\/C-Han-Lei-bis-2019-mini-copie-scaled.jpg",1920,1283,false]},"uagb_author_info":{"display_name":"MacKenzie","author_link":"https:\/\/maisondoramaar.org\/fr\/author\/"},"uagb_comment_info":0,"uagb_excerpt":"En parall\u00e8le de ses \u00e9tudes de m\u00e9decine et d&#8217;anthropologie culturelle, Patrick Autr\u00e9aux a publi\u00e9 divers ouvrages de po\u00e9sie et des [&hellip;]","_links":{"self":[{"href":"https:\/\/maisondoramaar.org\/fr\/wp-json\/wp\/v2\/fellows\/2942","targetHints":{"allow":["GET"]}}],"collection":[{"href":"https:\/\/maisondoramaar.org\/fr\/wp-json\/wp\/v2\/fellows"}],"about":[{"href":"https:\/\/maisondoramaar.org\/fr\/wp-json\/wp\/v2\/types\/fellows"}],"wp:featuredmedia":[{"embeddable":true,"href":"https:\/\/maisondoramaar.org\/fr\/wp-json\/wp\/v2\/media\/2940"}],"wp:attachment":[{"href":"https:\/\/maisondoramaar.org\/fr\/wp-json\/wp\/v2\/media?parent=2942"}],"wp:term":[{"taxonomy":"fellows-categories","embeddable":true,"href":"https:\/\/maisondoramaar.org\/fr\/wp-json\/wp\/v2\/fellows-categories?post=2942"}],"curies":[{"name":"wp","href":"https:\/\/api.w.org\/{rel}","templated":true}]}}