{"id":3515,"date":"2022-11-20T14:28:34","date_gmt":"2022-11-20T13:28:34","guid":{"rendered":"https:\/\/maisondoramaar.org\/fellows\/jean-charles-vergne\/"},"modified":"2022-11-20T14:29:45","modified_gmt":"2022-11-20T13:29:45","slug":"jean-charles-vergne","status":"publish","type":"fellows","link":"https:\/\/maisondoramaar.org\/fr\/residents\/jean-charles-vergne\/","title":{"rendered":"Jean-Charles Vergne"},"content":{"rendered":"<p><span lang=\"fr\">Jean-Charles Vergne est directeur du FRAC Auvergne (Fonds R\u00e9gional de l&#8217;Art Contemporain) depuis 1996.\u00a0 Il a organis\u00e9 plus de 150 expositions depuis 1997.<\/span><\/p>\n","protected":false},"featured_media":3514,"template":"","meta":{"_acf_changed":false,"_uag_custom_page_level_css":"","site-sidebar-layout":"default","site-content-layout":"","ast-site-content-layout":"default","site-content-style":"default","site-sidebar-style":"default","ast-global-header-display":"","ast-banner-title-visibility":"","ast-main-header-display":"","ast-hfb-above-header-display":"","ast-hfb-below-header-display":"","ast-hfb-mobile-header-display":"","site-post-title":"","ast-breadcrumbs-content":"","ast-featured-img":"","footer-sml-layout":"","theme-transparent-header-meta":"","adv-header-id-meta":"","stick-header-meta":"","header-above-stick-meta":"","header-main-stick-meta":"","header-below-stick-meta":"","astra-migrate-meta-layouts":"default","ast-page-background-enabled":"default","ast-page-background-meta":{"desktop":{"background-color":"var(--ast-global-color-4)","background-image":"","background-repeat":"repeat","background-position":"center center","background-size":"auto","background-attachment":"scroll","background-type":"","background-media":"","overlay-type":"","overlay-color":"","overlay-opacity":"","overlay-gradient":""},"tablet":{"background-color":"","background-image":"","background-repeat":"repeat","background-position":"center center","background-size":"auto","background-attachment":"scroll","background-type":"","background-media":"","overlay-type":"","overlay-color":"","overlay-opacity":"","overlay-gradient":""},"mobile":{"background-color":"","background-image":"","background-repeat":"repeat","background-position":"center center","background-size":"auto","background-attachment":"scroll","background-type":"","background-media":"","overlay-type":"","overlay-color":"","overlay-opacity":"","overlay-gradient":""}},"ast-content-background-meta":{"desktop":{"background-color":"var(--ast-global-color-5)","background-image":"","background-repeat":"repeat","background-position":"center center","background-size":"auto","background-attachment":"scroll","background-type":"","background-media":"","overlay-type":"","overlay-color":"","overlay-opacity":"","overlay-gradient":""},"tablet":{"background-color":"var(--ast-global-color-5)","background-image":"","background-repeat":"repeat","background-position":"center center","background-size":"auto","background-attachment":"scroll","background-type":"","background-media":"","overlay-type":"","overlay-color":"","overlay-opacity":"","overlay-gradient":""},"mobile":{"background-color":"var(--ast-global-color-5)","background-image":"","background-repeat":"repeat","background-position":"center center","background-size":"auto","background-attachment":"scroll","background-type":"","background-media":"","overlay-type":"","overlay-color":"","overlay-opacity":"","overlay-gradient":""}},"_links_to":"","_links_to_target":""},"fellows-categories":[91],"class_list":["post-3515","fellows","type-fellows","status-publish","has-post-thumbnail","hentry","fellows-categories-conservateur-fr"],"acf":[],"yoast_head":"<!-- This site is optimized with the Yoast SEO plugin v26.8 - https:\/\/yoast.com\/product\/yoast-seo-wordpress\/ -->\n<title>Jean-Charles Vergne - La Maison Dora Maar et L&#039;H\u00f4tel Tingry<\/title>\n<meta name=\"robots\" content=\"index, follow, max-snippet:-1, max-image-preview:large, max-video-preview:-1\" \/>\n<link rel=\"canonical\" href=\"https:\/\/maisondoramaar.org\/residents\/jean-charles-vergne\/\" \/>\n<meta property=\"og:locale\" content=\"fr_FR\" \/>\n<meta property=\"og:type\" content=\"article\" \/>\n<meta property=\"og:title\" content=\"Jean-Charles Vergne - La Maison Dora Maar et L&#039;H\u00f4tel Tingry\" \/>\n<meta property=\"og:description\" content=\"Jean-Charles Vergne est directeur du FRAC Auvergne (Fonds R\u00e9gional de l&#8217;Art Contemporain) depuis 1996.\u00a0 Il a organis\u00e9 plus de 150 [&hellip;]\" \/>\n<meta property=\"og:url\" content=\"https:\/\/maisondoramaar.org\/residents\/jean-charles-vergne\/\" \/>\n<meta property=\"og:site_name\" content=\"La Maison Dora Maar et L&#039;H\u00f4tel Tingry\" \/>\n<meta property=\"article:publisher\" content=\"https:\/\/fr-fr.facebook.com\/doramaarhouse\/\" \/>\n<meta property=\"article:modified_time\" content=\"2022-11-20T13:29:45+00:00\" \/>\n<meta property=\"og:image\" content=\"https:\/\/maisondoramaar.org\/wp-content\/uploads\/2022\/11\/JEAN-CHARLES-VERGNE.jpg\" \/>\n\t<meta property=\"og:image:width\" content=\"506\" \/>\n\t<meta property=\"og:image:height\" content=\"591\" \/>\n\t<meta property=\"og:image:type\" content=\"image\/jpeg\" \/>\n<meta name=\"twitter:card\" content=\"summary_large_image\" \/>\n<meta name=\"twitter:label1\" content=\"Est. reading time\" \/>\n\t<meta name=\"twitter:data1\" content=\"1 minute\" \/>\n<script type=\"application\/ld+json\" class=\"yoast-schema-graph\">{\"@context\":\"https:\/\/schema.org\",\"@graph\":[{\"@type\":\"WebPage\",\"@id\":\"https:\/\/maisondoramaar.org\/residents\/jean-charles-vergne\/\",\"url\":\"https:\/\/maisondoramaar.org\/residents\/jean-charles-vergne\/\",\"name\":\"Jean-Charles Vergne - La Maison Dora Maar et L&#039;H\u00f4tel Tingry\",\"isPartOf\":{\"@id\":\"https:\/\/maisondoramaar.org\/#website\"},\"primaryImageOfPage\":{\"@id\":\"https:\/\/maisondoramaar.org\/residents\/jean-charles-vergne\/#primaryimage\"},\"image\":{\"@id\":\"https:\/\/maisondoramaar.org\/residents\/jean-charles-vergne\/#primaryimage\"},\"thumbnailUrl\":\"https:\/\/maisondoramaar.org\/wp-content\/uploads\/2022\/11\/JEAN-CHARLES-VERGNE.jpg\",\"datePublished\":\"2022-11-20T13:28:34+00:00\",\"dateModified\":\"2022-11-20T13:29:45+00:00\",\"breadcrumb\":{\"@id\":\"https:\/\/maisondoramaar.org\/residents\/jean-charles-vergne\/#breadcrumb\"},\"inLanguage\":\"fr-FR\",\"potentialAction\":[{\"@type\":\"ReadAction\",\"target\":[\"https:\/\/maisondoramaar.org\/residents\/jean-charles-vergne\/\"]}]},{\"@type\":\"ImageObject\",\"inLanguage\":\"fr-FR\",\"@id\":\"https:\/\/maisondoramaar.org\/residents\/jean-charles-vergne\/#primaryimage\",\"url\":\"https:\/\/maisondoramaar.org\/wp-content\/uploads\/2022\/11\/JEAN-CHARLES-VERGNE.jpg\",\"contentUrl\":\"https:\/\/maisondoramaar.org\/wp-content\/uploads\/2022\/11\/JEAN-CHARLES-VERGNE.jpg\",\"width\":506,\"height\":591},{\"@type\":\"BreadcrumbList\",\"@id\":\"https:\/\/maisondoramaar.org\/residents\/jean-charles-vergne\/#breadcrumb\",\"itemListElement\":[{\"@type\":\"ListItem\",\"position\":1,\"name\":\"Accueil\",\"item\":\"https:\/\/maisondoramaar.org\/fr\/\"},{\"@type\":\"ListItem\",\"position\":2,\"name\":\"Jean-Charles Vergne\"}]},{\"@type\":\"WebSite\",\"@id\":\"https:\/\/maisondoramaar.org\/#website\",\"url\":\"https:\/\/maisondoramaar.org\/\",\"name\":\"La Maison Dora Maar et L&#039;H\u00f4tel Tingry\",\"description\":\"Des lieux d&#039;arts de la Fondation Nancy Brown Negley \u00e0 M\u00e9nerbes (Vaucluse), France\",\"publisher\":{\"@id\":\"https:\/\/maisondoramaar.org\/#organization\"},\"potentialAction\":[{\"@type\":\"SearchAction\",\"target\":{\"@type\":\"EntryPoint\",\"urlTemplate\":\"https:\/\/maisondoramaar.org\/?s={search_term_string}\"},\"query-input\":{\"@type\":\"PropertyValueSpecification\",\"valueRequired\":true,\"valueName\":\"search_term_string\"}}],\"inLanguage\":\"fr-FR\"},{\"@type\":\"Organization\",\"@id\":\"https:\/\/maisondoramaar.org\/#organization\",\"name\":\"La Maison Dora Maar et L&#039;H\u00f4tel Tingry\",\"url\":\"https:\/\/maisondoramaar.org\/\",\"logo\":{\"@type\":\"ImageObject\",\"inLanguage\":\"fr-FR\",\"@id\":\"https:\/\/maisondoramaar.org\/#\/schema\/logo\/image\/\",\"url\":\"https:\/\/maisondoramaar.org\/wp-content\/uploads\/2024\/06\/DMCC_logo.png\",\"contentUrl\":\"https:\/\/maisondoramaar.org\/wp-content\/uploads\/2024\/06\/DMCC_logo.png\",\"width\":521,\"height\":362,\"caption\":\"La Maison Dora Maar et L&#039;H\u00f4tel Tingry\"},\"image\":{\"@id\":\"https:\/\/maisondoramaar.org\/#\/schema\/logo\/image\/\"},\"sameAs\":[\"https:\/\/fr-fr.facebook.com\/doramaarhouse\/\",\"https:\/\/www.instagram.com\/lamaisondoramaar\"]}]}<\/script>\n<!-- \/ Yoast SEO plugin. -->","yoast_head_json":{"title":"Jean-Charles Vergne - La Maison Dora Maar et L&#039;H\u00f4tel Tingry","robots":{"index":"index","follow":"follow","max-snippet":"max-snippet:-1","max-image-preview":"max-image-preview:large","max-video-preview":"max-video-preview:-1"},"canonical":"https:\/\/maisondoramaar.org\/residents\/jean-charles-vergne\/","og_locale":"fr_FR","og_type":"article","og_title":"Jean-Charles Vergne - La Maison Dora Maar et L&#039;H\u00f4tel Tingry","og_description":"Jean-Charles Vergne est directeur du FRAC Auvergne (Fonds R\u00e9gional de l&#8217;Art Contemporain) depuis 1996.\u00a0 Il a organis\u00e9 plus de 150 [&hellip;]","og_url":"https:\/\/maisondoramaar.org\/residents\/jean-charles-vergne\/","og_site_name":"La Maison Dora Maar et L&#039;H\u00f4tel Tingry","article_publisher":"https:\/\/fr-fr.facebook.com\/doramaarhouse\/","article_modified_time":"2022-11-20T13:29:45+00:00","og_image":[{"width":506,"height":591,"url":"https:\/\/maisondoramaar.org\/wp-content\/uploads\/2022\/11\/JEAN-CHARLES-VERGNE.jpg","type":"image\/jpeg"}],"twitter_card":"summary_large_image","twitter_misc":{"Est. reading time":"1 minute"},"schema":{"@context":"https:\/\/schema.org","@graph":[{"@type":"WebPage","@id":"https:\/\/maisondoramaar.org\/residents\/jean-charles-vergne\/","url":"https:\/\/maisondoramaar.org\/residents\/jean-charles-vergne\/","name":"Jean-Charles Vergne - La Maison Dora Maar et L&#039;H\u00f4tel Tingry","isPartOf":{"@id":"https:\/\/maisondoramaar.org\/#website"},"primaryImageOfPage":{"@id":"https:\/\/maisondoramaar.org\/residents\/jean-charles-vergne\/#primaryimage"},"image":{"@id":"https:\/\/maisondoramaar.org\/residents\/jean-charles-vergne\/#primaryimage"},"thumbnailUrl":"https:\/\/maisondoramaar.org\/wp-content\/uploads\/2022\/11\/JEAN-CHARLES-VERGNE.jpg","datePublished":"2022-11-20T13:28:34+00:00","dateModified":"2022-11-20T13:29:45+00:00","breadcrumb":{"@id":"https:\/\/maisondoramaar.org\/residents\/jean-charles-vergne\/#breadcrumb"},"inLanguage":"fr-FR","potentialAction":[{"@type":"ReadAction","target":["https:\/\/maisondoramaar.org\/residents\/jean-charles-vergne\/"]}]},{"@type":"ImageObject","inLanguage":"fr-FR","@id":"https:\/\/maisondoramaar.org\/residents\/jean-charles-vergne\/#primaryimage","url":"https:\/\/maisondoramaar.org\/wp-content\/uploads\/2022\/11\/JEAN-CHARLES-VERGNE.jpg","contentUrl":"https:\/\/maisondoramaar.org\/wp-content\/uploads\/2022\/11\/JEAN-CHARLES-VERGNE.jpg","width":506,"height":591},{"@type":"BreadcrumbList","@id":"https:\/\/maisondoramaar.org\/residents\/jean-charles-vergne\/#breadcrumb","itemListElement":[{"@type":"ListItem","position":1,"name":"Accueil","item":"https:\/\/maisondoramaar.org\/fr\/"},{"@type":"ListItem","position":2,"name":"Jean-Charles Vergne"}]},{"@type":"WebSite","@id":"https:\/\/maisondoramaar.org\/#website","url":"https:\/\/maisondoramaar.org\/","name":"La Maison Dora Maar et L&#039;H\u00f4tel Tingry","description":"Des lieux d&#039;arts de la Fondation Nancy Brown Negley \u00e0 M\u00e9nerbes (Vaucluse), France","publisher":{"@id":"https:\/\/maisondoramaar.org\/#organization"},"potentialAction":[{"@type":"SearchAction","target":{"@type":"EntryPoint","urlTemplate":"https:\/\/maisondoramaar.org\/?s={search_term_string}"},"query-input":{"@type":"PropertyValueSpecification","valueRequired":true,"valueName":"search_term_string"}}],"inLanguage":"fr-FR"},{"@type":"Organization","@id":"https:\/\/maisondoramaar.org\/#organization","name":"La Maison Dora Maar et L&#039;H\u00f4tel Tingry","url":"https:\/\/maisondoramaar.org\/","logo":{"@type":"ImageObject","inLanguage":"fr-FR","@id":"https:\/\/maisondoramaar.org\/#\/schema\/logo\/image\/","url":"https:\/\/maisondoramaar.org\/wp-content\/uploads\/2024\/06\/DMCC_logo.png","contentUrl":"https:\/\/maisondoramaar.org\/wp-content\/uploads\/2024\/06\/DMCC_logo.png","width":521,"height":362,"caption":"La Maison Dora Maar et L&#039;H\u00f4tel Tingry"},"image":{"@id":"https:\/\/maisondoramaar.org\/#\/schema\/logo\/image\/"},"sameAs":["https:\/\/fr-fr.facebook.com\/doramaarhouse\/","https:\/\/www.instagram.com\/lamaisondoramaar"]}]}},"uagb_featured_image_src":{"full":["https:\/\/maisondoramaar.org\/wp-content\/uploads\/2022\/11\/JEAN-CHARLES-VERGNE.jpg",506,591,false],"thumbnail":["https:\/\/maisondoramaar.org\/wp-content\/uploads\/2022\/11\/JEAN-CHARLES-VERGNE-150x150.jpg",150,150,true],"medium":["https:\/\/maisondoramaar.org\/wp-content\/uploads\/2022\/11\/JEAN-CHARLES-VERGNE-257x300.jpg",257,300,true],"medium_large":["https:\/\/maisondoramaar.org\/wp-content\/uploads\/2022\/11\/JEAN-CHARLES-VERGNE.jpg",506,591,false],"large":["https:\/\/maisondoramaar.org\/wp-content\/uploads\/2022\/11\/JEAN-CHARLES-VERGNE.jpg",506,591,false],"1536x1536":["https:\/\/maisondoramaar.org\/wp-content\/uploads\/2022\/11\/JEAN-CHARLES-VERGNE.jpg",506,591,false],"2048x2048":["https:\/\/maisondoramaar.org\/wp-content\/uploads\/2022\/11\/JEAN-CHARLES-VERGNE.jpg",506,591,false],"featured":["https:\/\/maisondoramaar.org\/wp-content\/uploads\/2022\/11\/JEAN-CHARLES-VERGNE.jpg",484,565,false],"gform-image-choice-sm":["https:\/\/maisondoramaar.org\/wp-content\/uploads\/2022\/11\/JEAN-CHARLES-VERGNE.jpg",257,300,false],"gform-image-choice-md":["https:\/\/maisondoramaar.org\/wp-content\/uploads\/2022\/11\/JEAN-CHARLES-VERGNE.jpg",342,400,false],"gform-image-choice-lg":["https:\/\/maisondoramaar.org\/wp-content\/uploads\/2022\/11\/JEAN-CHARLES-VERGNE.jpg",506,591,false],"xl":["https:\/\/maisondoramaar.org\/wp-content\/uploads\/2022\/11\/JEAN-CHARLES-VERGNE.jpg",506,591,false],"xxl":["https:\/\/maisondoramaar.org\/wp-content\/uploads\/2022\/11\/JEAN-CHARLES-VERGNE.jpg",506,591,false],"xxxl":["https:\/\/maisondoramaar.org\/wp-content\/uploads\/2022\/11\/JEAN-CHARLES-VERGNE.jpg",506,591,false],"xxxxl":["https:\/\/maisondoramaar.org\/wp-content\/uploads\/2022\/11\/JEAN-CHARLES-VERGNE.jpg",506,591,false],"xxxxxl":["https:\/\/maisondoramaar.org\/wp-content\/uploads\/2022\/11\/JEAN-CHARLES-VERGNE.jpg",506,591,false],"awb_sm":["https:\/\/maisondoramaar.org\/wp-content\/uploads\/2022\/11\/JEAN-CHARLES-VERGNE.jpg",500,584,false],"awb_md":["https:\/\/maisondoramaar.org\/wp-content\/uploads\/2022\/11\/JEAN-CHARLES-VERGNE.jpg",506,591,false],"awb_lg":["https:\/\/maisondoramaar.org\/wp-content\/uploads\/2022\/11\/JEAN-CHARLES-VERGNE.jpg",506,591,false],"awb_xl":["https:\/\/maisondoramaar.org\/wp-content\/uploads\/2022\/11\/JEAN-CHARLES-VERGNE.jpg",506,591,false]},"uagb_author_info":{"display_name":"stagiaireMDM","author_link":"https:\/\/maisondoramaar.org\/fr\/author\/"},"uagb_comment_info":0,"uagb_excerpt":"Jean-Charles Vergne est directeur du FRAC Auvergne (Fonds R\u00e9gional de l&#8217;Art Contemporain) depuis 1996.\u00a0 Il a organis\u00e9 plus de 150 [&hellip;]","_links":{"self":[{"href":"https:\/\/maisondoramaar.org\/fr\/wp-json\/wp\/v2\/fellows\/3515","targetHints":{"allow":["GET"]}}],"collection":[{"href":"https:\/\/maisondoramaar.org\/fr\/wp-json\/wp\/v2\/fellows"}],"about":[{"href":"https:\/\/maisondoramaar.org\/fr\/wp-json\/wp\/v2\/types\/fellows"}],"wp:featuredmedia":[{"embeddable":true,"href":"https:\/\/maisondoramaar.org\/fr\/wp-json\/wp\/v2\/media\/3514"}],"wp:attachment":[{"href":"https:\/\/maisondoramaar.org\/fr\/wp-json\/wp\/v2\/media?parent=3515"}],"wp:term":[{"taxonomy":"fellows-categories","embeddable":true,"href":"https:\/\/maisondoramaar.org\/fr\/wp-json\/wp\/v2\/fellows-categories?post=3515"}],"curies":[{"name":"wp","href":"https:\/\/api.w.org\/{rel}","templated":true}]}}