{"id":8136,"date":"2025-03-20T15:49:27","date_gmt":"2025-03-20T14:49:27","guid":{"rendered":"https:\/\/maisondoramaar.org\/?post_type=fellows&#038;p=8136"},"modified":"2025-03-20T15:49:30","modified_gmt":"2025-03-20T14:49:30","slug":"ana-devic","status":"publish","type":"fellows","link":"https:\/\/maisondoramaar.org\/fr\/residents\/ana-devic\/","title":{"rendered":"Ana Devic"},"content":{"rendered":"\n<p><strong>Ana Devi\u0107 <\/strong>est une commissaire d&#8217;exposition, une \u00e9ducatrice et une \u00e9crivaine bas\u00e9e \u00e0 Zagreb, en Croatie. Devi\u0107 est membre du collectif de commissaires What, How &amp; for Whom\/WHW, cr\u00e9\u00e9 en 1999. Ses membres fondateurs sont les commissaires Ivet \u0106urlin, Ana Devi\u0107, Nata\u0161a Ili\u0107 et Sabina Sabolovi\u0107, ainsi que le designer et publiciste Dejan Kr\u0161i\u0107. De 2003 \u00e0 2023, WHW a dirig\u00e9 un programme \u00e0 la galerie Gallery Nova, propri\u00e9t\u00e9 de la ville, \u00e0 Zagreb. En 2018, WHW a lanc\u00e9 un programme d&#8217;\u00e9ducation exp\u00e9rimental pour les artistes \u00e9mergents WHW Akademija. Le collectif WHW a \u00e9t\u00e9 r\u00e9compens\u00e9 par le prix Igor Zabel pour la culture et la th\u00e9orie en 2008 et la section croate de l&#8217;Association internationale des critiques d&#8217;art en 2022.<br>Ana Devi\u0107 \u00e9tait membre de l&#8217;\u00e9quipe d&#8217;organisation de la 9e conf\u00e9rence internationale sur la d\u00e9croissance, \u00e0 Zagreb, en 2023. Elle a contribu\u00e9 \u00e0 de nombreux magazines culturels et catalogues d&#8217;exposition. Elle est candidate au doctorat \u00e0 l&#8217;universit\u00e9 de Zadar. Son recueil de po\u00e9sie Ninety-nine contributions to breathing a \u00e9t\u00e9 publi\u00e9 en 2024. Depuis 2019, elle est professeur invit\u00e9 au programme de ma\u00eetrise en arts visuels et \u00e9tudes curatoriales \u00e0 la NABA, Milan.<\/p>\n","protected":false},"featured_media":8134,"template":"","meta":{"_acf_changed":false,"_uag_custom_page_level_css":"","site-sidebar-layout":"default","site-content-layout":"","ast-site-content-layout":"default","site-content-style":"default","site-sidebar-style":"default","ast-global-header-display":"","ast-banner-title-visibility":"","ast-main-header-display":"","ast-hfb-above-header-display":"","ast-hfb-below-header-display":"","ast-hfb-mobile-header-display":"","site-post-title":"","ast-breadcrumbs-content":"","ast-featured-img":"","footer-sml-layout":"","theme-transparent-header-meta":"","adv-header-id-meta":"","stick-header-meta":"","header-above-stick-meta":"","header-main-stick-meta":"","header-below-stick-meta":"","astra-migrate-meta-layouts":"default","ast-page-background-enabled":"default","ast-page-background-meta":{"desktop":{"background-color":"var(--ast-global-color-4)","background-image":"","background-repeat":"repeat","background-position":"center center","background-size":"auto","background-attachment":"scroll","background-type":"","background-media":"","overlay-type":"","overlay-color":"","overlay-opacity":"","overlay-gradient":""},"tablet":{"background-color":"","background-image":"","background-repeat":"repeat","background-position":"center center","background-size":"auto","background-attachment":"scroll","background-type":"","background-media":"","overlay-type":"","overlay-color":"","overlay-opacity":"","overlay-gradient":""},"mobile":{"background-color":"","background-image":"","background-repeat":"repeat","background-position":"center center","background-size":"auto","background-attachment":"scroll","background-type":"","background-media":"","overlay-type":"","overlay-color":"","overlay-opacity":"","overlay-gradient":""}},"ast-content-background-meta":{"desktop":{"background-color":"var(--ast-global-color-5)","background-image":"","background-repeat":"repeat","background-position":"center center","background-size":"auto","background-attachment":"scroll","background-type":"","background-media":"","overlay-type":"","overlay-color":"","overlay-opacity":"","overlay-gradient":""},"tablet":{"background-color":"var(--ast-global-color-5)","background-image":"","background-repeat":"repeat","background-position":"center center","background-size":"auto","background-attachment":"scroll","background-type":"","background-media":"","overlay-type":"","overlay-color":"","overlay-opacity":"","overlay-gradient":""},"mobile":{"background-color":"var(--ast-global-color-5)","background-image":"","background-repeat":"repeat","background-position":"center center","background-size":"auto","background-attachment":"scroll","background-type":"","background-media":"","overlay-type":"","overlay-color":"","overlay-opacity":"","overlay-gradient":""}},"_links_to":"","_links_to_target":""},"fellows-categories":[],"class_list":["post-8136","fellows","type-fellows","status-publish","has-post-thumbnail","hentry"],"acf":[],"yoast_head":"<!-- This site is optimized with the Yoast SEO plugin v26.8 - https:\/\/yoast.com\/product\/yoast-seo-wordpress\/ -->\n<title>Ana Devic - La Maison Dora Maar et L&#039;H\u00f4tel Tingry<\/title>\n<meta name=\"robots\" content=\"index, follow, max-snippet:-1, max-image-preview:large, max-video-preview:-1\" \/>\n<link rel=\"canonical\" href=\"https:\/\/maisondoramaar.org\/fr\/residents\/ana-devic\/\" \/>\n<meta property=\"og:locale\" content=\"fr_FR\" \/>\n<meta property=\"og:type\" content=\"article\" \/>\n<meta property=\"og:title\" content=\"Ana Devic - La Maison Dora Maar et L&#039;H\u00f4tel Tingry\" \/>\n<meta property=\"og:description\" content=\"Ana Devi\u0107 est une commissaire d&#8217;exposition, une \u00e9ducatrice et une \u00e9crivaine bas\u00e9e \u00e0 Zagreb, en Croatie. Devi\u0107 est membre du [&hellip;]\" \/>\n<meta property=\"og:url\" content=\"https:\/\/maisondoramaar.org\/fr\/residents\/ana-devic\/\" \/>\n<meta property=\"og:site_name\" content=\"La Maison Dora Maar et L&#039;H\u00f4tel Tingry\" \/>\n<meta property=\"article:publisher\" content=\"https:\/\/fr-fr.facebook.com\/doramaarhouse\/\" \/>\n<meta property=\"article:modified_time\" content=\"2025-03-20T14:49:30+00:00\" \/>\n<meta property=\"og:image\" content=\"https:\/\/maisondoramaar.org\/wp-content\/uploads\/2025\/03\/ana-devic-credit-_-Ivan-Posavec.jpg\" \/>\n\t<meta property=\"og:image:width\" content=\"1476\" \/>\n\t<meta property=\"og:image:height\" content=\"1483\" \/>\n\t<meta property=\"og:image:type\" content=\"image\/jpeg\" \/>\n<meta name=\"twitter:card\" content=\"summary_large_image\" \/>\n<meta name=\"twitter:label1\" content=\"Est. reading time\" \/>\n\t<meta name=\"twitter:data1\" content=\"2 minutes\" \/>\n<script type=\"application\/ld+json\" class=\"yoast-schema-graph\">{\"@context\":\"https:\/\/schema.org\",\"@graph\":[{\"@type\":\"WebPage\",\"@id\":\"https:\/\/maisondoramaar.org\/fr\/residents\/ana-devic\/\",\"url\":\"https:\/\/maisondoramaar.org\/fr\/residents\/ana-devic\/\",\"name\":\"Ana Devic - La Maison Dora Maar et L&#039;H\u00f4tel Tingry\",\"isPartOf\":{\"@id\":\"https:\/\/maisondoramaar.org\/#website\"},\"primaryImageOfPage\":{\"@id\":\"https:\/\/maisondoramaar.org\/fr\/residents\/ana-devic\/#primaryimage\"},\"image\":{\"@id\":\"https:\/\/maisondoramaar.org\/fr\/residents\/ana-devic\/#primaryimage\"},\"thumbnailUrl\":\"https:\/\/maisondoramaar.org\/wp-content\/uploads\/2025\/03\/ana-devic-credit-_-Ivan-Posavec.jpg\",\"datePublished\":\"2025-03-20T14:49:27+00:00\",\"dateModified\":\"2025-03-20T14:49:30+00:00\",\"breadcrumb\":{\"@id\":\"https:\/\/maisondoramaar.org\/fr\/residents\/ana-devic\/#breadcrumb\"},\"inLanguage\":\"fr-FR\",\"potentialAction\":[{\"@type\":\"ReadAction\",\"target\":[\"https:\/\/maisondoramaar.org\/fr\/residents\/ana-devic\/\"]}]},{\"@type\":\"ImageObject\",\"inLanguage\":\"fr-FR\",\"@id\":\"https:\/\/maisondoramaar.org\/fr\/residents\/ana-devic\/#primaryimage\",\"url\":\"https:\/\/maisondoramaar.org\/wp-content\/uploads\/2025\/03\/ana-devic-credit-_-Ivan-Posavec.jpg\",\"contentUrl\":\"https:\/\/maisondoramaar.org\/wp-content\/uploads\/2025\/03\/ana-devic-credit-_-Ivan-Posavec.jpg\",\"width\":1476,\"height\":1483},{\"@type\":\"BreadcrumbList\",\"@id\":\"https:\/\/maisondoramaar.org\/fr\/residents\/ana-devic\/#breadcrumb\",\"itemListElement\":[{\"@type\":\"ListItem\",\"position\":1,\"name\":\"Accueil\",\"item\":\"https:\/\/maisondoramaar.org\/fr\/\"},{\"@type\":\"ListItem\",\"position\":2,\"name\":\"Ana Devic\"}]},{\"@type\":\"WebSite\",\"@id\":\"https:\/\/maisondoramaar.org\/#website\",\"url\":\"https:\/\/maisondoramaar.org\/\",\"name\":\"La Maison Dora Maar et L&#039;H\u00f4tel Tingry\",\"description\":\"Des lieux d&#039;arts de la Fondation Nancy Brown Negley \u00e0 M\u00e9nerbes (Vaucluse), France\",\"publisher\":{\"@id\":\"https:\/\/maisondoramaar.org\/#organization\"},\"potentialAction\":[{\"@type\":\"SearchAction\",\"target\":{\"@type\":\"EntryPoint\",\"urlTemplate\":\"https:\/\/maisondoramaar.org\/?s={search_term_string}\"},\"query-input\":{\"@type\":\"PropertyValueSpecification\",\"valueRequired\":true,\"valueName\":\"search_term_string\"}}],\"inLanguage\":\"fr-FR\"},{\"@type\":\"Organization\",\"@id\":\"https:\/\/maisondoramaar.org\/#organization\",\"name\":\"La Maison Dora Maar et L&#039;H\u00f4tel Tingry\",\"url\":\"https:\/\/maisondoramaar.org\/\",\"logo\":{\"@type\":\"ImageObject\",\"inLanguage\":\"fr-FR\",\"@id\":\"https:\/\/maisondoramaar.org\/#\/schema\/logo\/image\/\",\"url\":\"https:\/\/maisondoramaar.org\/wp-content\/uploads\/2024\/06\/DMCC_logo.png\",\"contentUrl\":\"https:\/\/maisondoramaar.org\/wp-content\/uploads\/2024\/06\/DMCC_logo.png\",\"width\":521,\"height\":362,\"caption\":\"La Maison Dora Maar et L&#039;H\u00f4tel Tingry\"},\"image\":{\"@id\":\"https:\/\/maisondoramaar.org\/#\/schema\/logo\/image\/\"},\"sameAs\":[\"https:\/\/fr-fr.facebook.com\/doramaarhouse\/\",\"https:\/\/www.instagram.com\/lamaisondoramaar\"]}]}<\/script>\n<!-- \/ Yoast SEO plugin. -->","yoast_head_json":{"title":"Ana Devic - La Maison Dora Maar et L&#039;H\u00f4tel Tingry","robots":{"index":"index","follow":"follow","max-snippet":"max-snippet:-1","max-image-preview":"max-image-preview:large","max-video-preview":"max-video-preview:-1"},"canonical":"https:\/\/maisondoramaar.org\/fr\/residents\/ana-devic\/","og_locale":"fr_FR","og_type":"article","og_title":"Ana Devic - La Maison Dora Maar et L&#039;H\u00f4tel Tingry","og_description":"Ana Devi\u0107 est une commissaire d&#8217;exposition, une \u00e9ducatrice et une \u00e9crivaine bas\u00e9e \u00e0 Zagreb, en Croatie. Devi\u0107 est membre du [&hellip;]","og_url":"https:\/\/maisondoramaar.org\/fr\/residents\/ana-devic\/","og_site_name":"La Maison Dora Maar et L&#039;H\u00f4tel Tingry","article_publisher":"https:\/\/fr-fr.facebook.com\/doramaarhouse\/","article_modified_time":"2025-03-20T14:49:30+00:00","og_image":[{"width":1476,"height":1483,"url":"https:\/\/maisondoramaar.org\/wp-content\/uploads\/2025\/03\/ana-devic-credit-_-Ivan-Posavec.jpg","type":"image\/jpeg"}],"twitter_card":"summary_large_image","twitter_misc":{"Est. reading time":"2 minutes"},"schema":{"@context":"https:\/\/schema.org","@graph":[{"@type":"WebPage","@id":"https:\/\/maisondoramaar.org\/fr\/residents\/ana-devic\/","url":"https:\/\/maisondoramaar.org\/fr\/residents\/ana-devic\/","name":"Ana Devic - La Maison Dora Maar et L&#039;H\u00f4tel Tingry","isPartOf":{"@id":"https:\/\/maisondoramaar.org\/#website"},"primaryImageOfPage":{"@id":"https:\/\/maisondoramaar.org\/fr\/residents\/ana-devic\/#primaryimage"},"image":{"@id":"https:\/\/maisondoramaar.org\/fr\/residents\/ana-devic\/#primaryimage"},"thumbnailUrl":"https:\/\/maisondoramaar.org\/wp-content\/uploads\/2025\/03\/ana-devic-credit-_-Ivan-Posavec.jpg","datePublished":"2025-03-20T14:49:27+00:00","dateModified":"2025-03-20T14:49:30+00:00","breadcrumb":{"@id":"https:\/\/maisondoramaar.org\/fr\/residents\/ana-devic\/#breadcrumb"},"inLanguage":"fr-FR","potentialAction":[{"@type":"ReadAction","target":["https:\/\/maisondoramaar.org\/fr\/residents\/ana-devic\/"]}]},{"@type":"ImageObject","inLanguage":"fr-FR","@id":"https:\/\/maisondoramaar.org\/fr\/residents\/ana-devic\/#primaryimage","url":"https:\/\/maisondoramaar.org\/wp-content\/uploads\/2025\/03\/ana-devic-credit-_-Ivan-Posavec.jpg","contentUrl":"https:\/\/maisondoramaar.org\/wp-content\/uploads\/2025\/03\/ana-devic-credit-_-Ivan-Posavec.jpg","width":1476,"height":1483},{"@type":"BreadcrumbList","@id":"https:\/\/maisondoramaar.org\/fr\/residents\/ana-devic\/#breadcrumb","itemListElement":[{"@type":"ListItem","position":1,"name":"Accueil","item":"https:\/\/maisondoramaar.org\/fr\/"},{"@type":"ListItem","position":2,"name":"Ana Devic"}]},{"@type":"WebSite","@id":"https:\/\/maisondoramaar.org\/#website","url":"https:\/\/maisondoramaar.org\/","name":"La Maison Dora Maar et L&#039;H\u00f4tel Tingry","description":"Des lieux d&#039;arts de la Fondation Nancy Brown Negley \u00e0 M\u00e9nerbes (Vaucluse), France","publisher":{"@id":"https:\/\/maisondoramaar.org\/#organization"},"potentialAction":[{"@type":"SearchAction","target":{"@type":"EntryPoint","urlTemplate":"https:\/\/maisondoramaar.org\/?s={search_term_string}"},"query-input":{"@type":"PropertyValueSpecification","valueRequired":true,"valueName":"search_term_string"}}],"inLanguage":"fr-FR"},{"@type":"Organization","@id":"https:\/\/maisondoramaar.org\/#organization","name":"La Maison Dora Maar et L&#039;H\u00f4tel Tingry","url":"https:\/\/maisondoramaar.org\/","logo":{"@type":"ImageObject","inLanguage":"fr-FR","@id":"https:\/\/maisondoramaar.org\/#\/schema\/logo\/image\/","url":"https:\/\/maisondoramaar.org\/wp-content\/uploads\/2024\/06\/DMCC_logo.png","contentUrl":"https:\/\/maisondoramaar.org\/wp-content\/uploads\/2024\/06\/DMCC_logo.png","width":521,"height":362,"caption":"La Maison Dora Maar et L&#039;H\u00f4tel Tingry"},"image":{"@id":"https:\/\/maisondoramaar.org\/#\/schema\/logo\/image\/"},"sameAs":["https:\/\/fr-fr.facebook.com\/doramaarhouse\/","https:\/\/www.instagram.com\/lamaisondoramaar"]}]}},"uagb_featured_image_src":{"full":["https:\/\/maisondoramaar.org\/wp-content\/uploads\/2025\/03\/ana-devic-credit-_-Ivan-Posavec.jpg",1476,1483,false],"thumbnail":["https:\/\/maisondoramaar.org\/wp-content\/uploads\/2025\/03\/ana-devic-credit-_-Ivan-Posavec-150x150.jpg",150,150,true],"medium":["https:\/\/maisondoramaar.org\/wp-content\/uploads\/2025\/03\/ana-devic-credit-_-Ivan-Posavec-300x300.jpg",300,300,true],"medium_large":["https:\/\/maisondoramaar.org\/wp-content\/uploads\/2025\/03\/ana-devic-credit-_-Ivan-Posavec-768x772.jpg",768,772,true],"large":["https:\/\/maisondoramaar.org\/wp-content\/uploads\/2025\/03\/ana-devic-credit-_-Ivan-Posavec-1019x1024.jpg",1019,1024,true],"1536x1536":["https:\/\/maisondoramaar.org\/wp-content\/uploads\/2025\/03\/ana-devic-credit-_-Ivan-Posavec.jpg",1476,1483,false],"2048x2048":["https:\/\/maisondoramaar.org\/wp-content\/uploads\/2025\/03\/ana-devic-credit-_-Ivan-Posavec.jpg",1476,1483,false],"featured":["https:\/\/maisondoramaar.org\/wp-content\/uploads\/2025\/03\/ana-devic-credit-_-Ivan-Posavec-1000x565.jpg",1000,565,true],"gform-image-choice-sm":["https:\/\/maisondoramaar.org\/wp-content\/uploads\/2025\/03\/ana-devic-credit-_-Ivan-Posavec.jpg",300,300,false],"gform-image-choice-md":["https:\/\/maisondoramaar.org\/wp-content\/uploads\/2025\/03\/ana-devic-credit-_-Ivan-Posavec.jpg",398,400,false],"gform-image-choice-lg":["https:\/\/maisondoramaar.org\/wp-content\/uploads\/2025\/03\/ana-devic-credit-_-Ivan-Posavec.jpg",597,600,false],"xl":["https:\/\/maisondoramaar.org\/wp-content\/uploads\/2025\/03\/ana-devic-credit-_-Ivan-Posavec.jpg",1476,1483,false],"xxl":["https:\/\/maisondoramaar.org\/wp-content\/uploads\/2025\/03\/ana-devic-credit-_-Ivan-Posavec.jpg",1476,1483,false],"xxxl":["https:\/\/maisondoramaar.org\/wp-content\/uploads\/2025\/03\/ana-devic-credit-_-Ivan-Posavec.jpg",1476,1483,false],"xxxxl":["https:\/\/maisondoramaar.org\/wp-content\/uploads\/2025\/03\/ana-devic-credit-_-Ivan-Posavec.jpg",1476,1483,false],"xxxxxl":["https:\/\/maisondoramaar.org\/wp-content\/uploads\/2025\/03\/ana-devic-credit-_-Ivan-Posavec.jpg",1476,1483,false],"awb_sm":["https:\/\/maisondoramaar.org\/wp-content\/uploads\/2025\/03\/ana-devic-credit-_-Ivan-Posavec-500x502.jpg",500,502,true],"awb_md":["https:\/\/maisondoramaar.org\/wp-content\/uploads\/2025\/03\/ana-devic-credit-_-Ivan-Posavec-800x804.jpg",800,804,true],"awb_lg":["https:\/\/maisondoramaar.org\/wp-content\/uploads\/2025\/03\/ana-devic-credit-_-Ivan-Posavec-1280x1286.jpg",1280,1286,true],"awb_xl":["https:\/\/maisondoramaar.org\/wp-content\/uploads\/2025\/03\/ana-devic-credit-_-Ivan-Posavec.jpg",1476,1483,false]},"uagb_author_info":{"display_name":"Camille","author_link":"https:\/\/maisondoramaar.org\/fr\/author\/"},"uagb_comment_info":0,"uagb_excerpt":"Ana Devi\u0107 est une commissaire d&#8217;exposition, une \u00e9ducatrice et une \u00e9crivaine bas\u00e9e \u00e0 Zagreb, en Croatie. Devi\u0107 est membre du [&hellip;]","_links":{"self":[{"href":"https:\/\/maisondoramaar.org\/fr\/wp-json\/wp\/v2\/fellows\/8136","targetHints":{"allow":["GET"]}}],"collection":[{"href":"https:\/\/maisondoramaar.org\/fr\/wp-json\/wp\/v2\/fellows"}],"about":[{"href":"https:\/\/maisondoramaar.org\/fr\/wp-json\/wp\/v2\/types\/fellows"}],"wp:featuredmedia":[{"embeddable":true,"href":"https:\/\/maisondoramaar.org\/fr\/wp-json\/wp\/v2\/media\/8134"}],"wp:attachment":[{"href":"https:\/\/maisondoramaar.org\/fr\/wp-json\/wp\/v2\/media?parent=8136"}],"wp:term":[{"taxonomy":"fellows-categories","embeddable":true,"href":"https:\/\/maisondoramaar.org\/fr\/wp-json\/wp\/v2\/fellows-categories?post=8136"}],"curies":[{"name":"wp","href":"https:\/\/api.w.org\/{rel}","templated":true}]}}