{"id":820,"date":"2019-10-21T15:15:34","date_gmt":"2019-10-21T13:15:34","guid":{"rendered":"https:\/\/maisondoramaar.org\/fellows\/jason-byrne\/"},"modified":"2022-10-23T18:37:05","modified_gmt":"2022-10-23T16:37:05","slug":"jason-byrne","status":"publish","type":"fellows","link":"https:\/\/maisondoramaar.org\/fr\/residents\/jason-byrne\/","title":{"rendered":"Jason Byrne"},"content":{"rendered":"<p><strong>Jason Byrne<\/strong> un cin\u00e9aste qui a \u00e9t\u00e9 fortement influenc\u00e9 par son pass\u00e9 d\u2019archiviste. Il a obtenu son MFA de film\/vid\u00e9o \u00e0 l&#8217;Institut des Arts de Californie. De 2008 \u00e0 2013, il a travaill\u00e9 comme archiviste audiovisuel pour le Tribunal p\u00e9nal des Nations Unies pour le Rwanda \u00e0 Arusha, en Tanzanie. En 2010, il a \u00e9t\u00e9 nomm\u00e9 l\u2019un des \u00ab 25 Nouveaux Visages du Cin\u00e9ma Ind\u00e9pendant \u00bb par le Filmmaker Magazine. Jason Byrne fut en r\u00e9sidence \u00e0 la Macdowell Colony et au MFAH Core Program (2014-16). Pendant la dur\u00e9e du Core Porgram, il fut aussi professeur adjoint en histoire du film \u00e0 Rice University.<\/p>\n","protected":false},"featured_media":802,"template":"","meta":{"_acf_changed":false,"_uag_custom_page_level_css":"","site-sidebar-layout":"default","site-content-layout":"","ast-site-content-layout":"default","site-content-style":"default","site-sidebar-style":"default","ast-global-header-display":"","ast-banner-title-visibility":"","ast-main-header-display":"","ast-hfb-above-header-display":"","ast-hfb-below-header-display":"","ast-hfb-mobile-header-display":"","site-post-title":"","ast-breadcrumbs-content":"","ast-featured-img":"","footer-sml-layout":"","theme-transparent-header-meta":"","adv-header-id-meta":"","stick-header-meta":"","header-above-stick-meta":"","header-main-stick-meta":"","header-below-stick-meta":"","astra-migrate-meta-layouts":"default","ast-page-background-enabled":"default","ast-page-background-meta":{"desktop":{"background-color":"var(--ast-global-color-4)","background-image":"","background-repeat":"repeat","background-position":"center center","background-size":"auto","background-attachment":"scroll","background-type":"","background-media":"","overlay-type":"","overlay-color":"","overlay-opacity":"","overlay-gradient":""},"tablet":{"background-color":"","background-image":"","background-repeat":"repeat","background-position":"center center","background-size":"auto","background-attachment":"scroll","background-type":"","background-media":"","overlay-type":"","overlay-color":"","overlay-opacity":"","overlay-gradient":""},"mobile":{"background-color":"","background-image":"","background-repeat":"repeat","background-position":"center center","background-size":"auto","background-attachment":"scroll","background-type":"","background-media":"","overlay-type":"","overlay-color":"","overlay-opacity":"","overlay-gradient":""}},"ast-content-background-meta":{"desktop":{"background-color":"var(--ast-global-color-5)","background-image":"","background-repeat":"repeat","background-position":"center center","background-size":"auto","background-attachment":"scroll","background-type":"","background-media":"","overlay-type":"","overlay-color":"","overlay-opacity":"","overlay-gradient":""},"tablet":{"background-color":"var(--ast-global-color-5)","background-image":"","background-repeat":"repeat","background-position":"center center","background-size":"auto","background-attachment":"scroll","background-type":"","background-media":"","overlay-type":"","overlay-color":"","overlay-opacity":"","overlay-gradient":""},"mobile":{"background-color":"var(--ast-global-color-5)","background-image":"","background-repeat":"repeat","background-position":"center center","background-size":"auto","background-attachment":"scroll","background-type":"","background-media":"","overlay-type":"","overlay-color":"","overlay-opacity":"","overlay-gradient":""}},"_links_to":"","_links_to_target":""},"fellows-categories":[32],"class_list":["post-820","fellows","type-fellows","status-publish","has-post-thumbnail","hentry","fellows-categories-film-et-video-fr"],"acf":[],"yoast_head":"<!-- This site is optimized with the Yoast SEO plugin v26.8 - https:\/\/yoast.com\/product\/yoast-seo-wordpress\/ -->\n<title>Jason Byrne - La Maison Dora Maar et L&#039;H\u00f4tel Tingry<\/title>\n<meta name=\"robots\" content=\"index, follow, max-snippet:-1, max-image-preview:large, max-video-preview:-1\" \/>\n<link rel=\"canonical\" href=\"https:\/\/maisondoramaar.org\/fr\/residents\/jason-byrne\/\" \/>\n<meta property=\"og:locale\" content=\"fr_FR\" \/>\n<meta property=\"og:type\" content=\"article\" \/>\n<meta property=\"og:title\" content=\"Jason Byrne - La Maison Dora Maar et L&#039;H\u00f4tel Tingry\" \/>\n<meta property=\"og:description\" content=\"Jason Byrne un cin\u00e9aste qui a \u00e9t\u00e9 fortement influenc\u00e9 par son pass\u00e9 d\u2019archiviste. Il a obtenu son MFA de film\/vid\u00e9o [&hellip;]\" \/>\n<meta property=\"og:url\" content=\"https:\/\/maisondoramaar.org\/fr\/residents\/jason-byrne\/\" \/>\n<meta property=\"og:site_name\" content=\"La Maison Dora Maar et L&#039;H\u00f4tel Tingry\" \/>\n<meta property=\"article:publisher\" content=\"https:\/\/fr-fr.facebook.com\/doramaarhouse\/\" \/>\n<meta property=\"article:modified_time\" content=\"2022-10-23T16:37:05+00:00\" \/>\n<meta property=\"og:image\" content=\"https:\/\/maisondoramaar.org\/wp-content\/uploads\/2019\/10\/Jason-Byrne.jpg\" \/>\n\t<meta property=\"og:image:width\" content=\"413\" \/>\n\t<meta property=\"og:image:height\" content=\"551\" \/>\n\t<meta property=\"og:image:type\" content=\"image\/jpeg\" \/>\n<meta name=\"twitter:card\" content=\"summary_large_image\" \/>\n<meta name=\"twitter:label1\" content=\"Est. reading time\" \/>\n\t<meta name=\"twitter:data1\" content=\"1 minute\" \/>\n<script type=\"application\/ld+json\" class=\"yoast-schema-graph\">{\"@context\":\"https:\/\/schema.org\",\"@graph\":[{\"@type\":\"WebPage\",\"@id\":\"https:\/\/maisondoramaar.org\/fr\/residents\/jason-byrne\/\",\"url\":\"https:\/\/maisondoramaar.org\/fr\/residents\/jason-byrne\/\",\"name\":\"Jason Byrne - La Maison Dora Maar et L&#039;H\u00f4tel Tingry\",\"isPartOf\":{\"@id\":\"https:\/\/maisondoramaar.org\/#website\"},\"primaryImageOfPage\":{\"@id\":\"https:\/\/maisondoramaar.org\/fr\/residents\/jason-byrne\/#primaryimage\"},\"image\":{\"@id\":\"https:\/\/maisondoramaar.org\/fr\/residents\/jason-byrne\/#primaryimage\"},\"thumbnailUrl\":\"https:\/\/maisondoramaar.org\/wp-content\/uploads\/2019\/10\/Jason-Byrne.jpg\",\"datePublished\":\"2019-10-21T13:15:34+00:00\",\"dateModified\":\"2022-10-23T16:37:05+00:00\",\"breadcrumb\":{\"@id\":\"https:\/\/maisondoramaar.org\/fr\/residents\/jason-byrne\/#breadcrumb\"},\"inLanguage\":\"fr-FR\",\"potentialAction\":[{\"@type\":\"ReadAction\",\"target\":[\"https:\/\/maisondoramaar.org\/fr\/residents\/jason-byrne\/\"]}]},{\"@type\":\"ImageObject\",\"inLanguage\":\"fr-FR\",\"@id\":\"https:\/\/maisondoramaar.org\/fr\/residents\/jason-byrne\/#primaryimage\",\"url\":\"https:\/\/maisondoramaar.org\/wp-content\/uploads\/2019\/10\/Jason-Byrne.jpg\",\"contentUrl\":\"https:\/\/maisondoramaar.org\/wp-content\/uploads\/2019\/10\/Jason-Byrne.jpg\",\"width\":413,\"height\":551},{\"@type\":\"BreadcrumbList\",\"@id\":\"https:\/\/maisondoramaar.org\/fr\/residents\/jason-byrne\/#breadcrumb\",\"itemListElement\":[{\"@type\":\"ListItem\",\"position\":1,\"name\":\"Accueil\",\"item\":\"https:\/\/maisondoramaar.org\/fr\/\"},{\"@type\":\"ListItem\",\"position\":2,\"name\":\"Jason Byrne\"}]},{\"@type\":\"WebSite\",\"@id\":\"https:\/\/maisondoramaar.org\/#website\",\"url\":\"https:\/\/maisondoramaar.org\/\",\"name\":\"La Maison Dora Maar et L&#039;H\u00f4tel Tingry\",\"description\":\"Des lieux d&#039;arts de la Fondation Nancy Brown Negley \u00e0 M\u00e9nerbes (Vaucluse), France\",\"publisher\":{\"@id\":\"https:\/\/maisondoramaar.org\/#organization\"},\"potentialAction\":[{\"@type\":\"SearchAction\",\"target\":{\"@type\":\"EntryPoint\",\"urlTemplate\":\"https:\/\/maisondoramaar.org\/?s={search_term_string}\"},\"query-input\":{\"@type\":\"PropertyValueSpecification\",\"valueRequired\":true,\"valueName\":\"search_term_string\"}}],\"inLanguage\":\"fr-FR\"},{\"@type\":\"Organization\",\"@id\":\"https:\/\/maisondoramaar.org\/#organization\",\"name\":\"La Maison Dora Maar et L&#039;H\u00f4tel Tingry\",\"url\":\"https:\/\/maisondoramaar.org\/\",\"logo\":{\"@type\":\"ImageObject\",\"inLanguage\":\"fr-FR\",\"@id\":\"https:\/\/maisondoramaar.org\/#\/schema\/logo\/image\/\",\"url\":\"https:\/\/maisondoramaar.org\/wp-content\/uploads\/2024\/06\/DMCC_logo.png\",\"contentUrl\":\"https:\/\/maisondoramaar.org\/wp-content\/uploads\/2024\/06\/DMCC_logo.png\",\"width\":521,\"height\":362,\"caption\":\"La Maison Dora Maar et L&#039;H\u00f4tel Tingry\"},\"image\":{\"@id\":\"https:\/\/maisondoramaar.org\/#\/schema\/logo\/image\/\"},\"sameAs\":[\"https:\/\/fr-fr.facebook.com\/doramaarhouse\/\",\"https:\/\/www.instagram.com\/lamaisondoramaar\"]}]}<\/script>\n<!-- \/ Yoast SEO plugin. -->","yoast_head_json":{"title":"Jason Byrne - La Maison Dora Maar et L&#039;H\u00f4tel Tingry","robots":{"index":"index","follow":"follow","max-snippet":"max-snippet:-1","max-image-preview":"max-image-preview:large","max-video-preview":"max-video-preview:-1"},"canonical":"https:\/\/maisondoramaar.org\/fr\/residents\/jason-byrne\/","og_locale":"fr_FR","og_type":"article","og_title":"Jason Byrne - La Maison Dora Maar et L&#039;H\u00f4tel Tingry","og_description":"Jason Byrne un cin\u00e9aste qui a \u00e9t\u00e9 fortement influenc\u00e9 par son pass\u00e9 d\u2019archiviste. Il a obtenu son MFA de film\/vid\u00e9o [&hellip;]","og_url":"https:\/\/maisondoramaar.org\/fr\/residents\/jason-byrne\/","og_site_name":"La Maison Dora Maar et L&#039;H\u00f4tel Tingry","article_publisher":"https:\/\/fr-fr.facebook.com\/doramaarhouse\/","article_modified_time":"2022-10-23T16:37:05+00:00","og_image":[{"width":413,"height":551,"url":"https:\/\/maisondoramaar.org\/wp-content\/uploads\/2019\/10\/Jason-Byrne.jpg","type":"image\/jpeg"}],"twitter_card":"summary_large_image","twitter_misc":{"Est. reading time":"1 minute"},"schema":{"@context":"https:\/\/schema.org","@graph":[{"@type":"WebPage","@id":"https:\/\/maisondoramaar.org\/fr\/residents\/jason-byrne\/","url":"https:\/\/maisondoramaar.org\/fr\/residents\/jason-byrne\/","name":"Jason Byrne - La Maison Dora Maar et L&#039;H\u00f4tel Tingry","isPartOf":{"@id":"https:\/\/maisondoramaar.org\/#website"},"primaryImageOfPage":{"@id":"https:\/\/maisondoramaar.org\/fr\/residents\/jason-byrne\/#primaryimage"},"image":{"@id":"https:\/\/maisondoramaar.org\/fr\/residents\/jason-byrne\/#primaryimage"},"thumbnailUrl":"https:\/\/maisondoramaar.org\/wp-content\/uploads\/2019\/10\/Jason-Byrne.jpg","datePublished":"2019-10-21T13:15:34+00:00","dateModified":"2022-10-23T16:37:05+00:00","breadcrumb":{"@id":"https:\/\/maisondoramaar.org\/fr\/residents\/jason-byrne\/#breadcrumb"},"inLanguage":"fr-FR","potentialAction":[{"@type":"ReadAction","target":["https:\/\/maisondoramaar.org\/fr\/residents\/jason-byrne\/"]}]},{"@type":"ImageObject","inLanguage":"fr-FR","@id":"https:\/\/maisondoramaar.org\/fr\/residents\/jason-byrne\/#primaryimage","url":"https:\/\/maisondoramaar.org\/wp-content\/uploads\/2019\/10\/Jason-Byrne.jpg","contentUrl":"https:\/\/maisondoramaar.org\/wp-content\/uploads\/2019\/10\/Jason-Byrne.jpg","width":413,"height":551},{"@type":"BreadcrumbList","@id":"https:\/\/maisondoramaar.org\/fr\/residents\/jason-byrne\/#breadcrumb","itemListElement":[{"@type":"ListItem","position":1,"name":"Accueil","item":"https:\/\/maisondoramaar.org\/fr\/"},{"@type":"ListItem","position":2,"name":"Jason Byrne"}]},{"@type":"WebSite","@id":"https:\/\/maisondoramaar.org\/#website","url":"https:\/\/maisondoramaar.org\/","name":"La Maison Dora Maar et L&#039;H\u00f4tel Tingry","description":"Des lieux d&#039;arts de la Fondation Nancy Brown Negley \u00e0 M\u00e9nerbes (Vaucluse), France","publisher":{"@id":"https:\/\/maisondoramaar.org\/#organization"},"potentialAction":[{"@type":"SearchAction","target":{"@type":"EntryPoint","urlTemplate":"https:\/\/maisondoramaar.org\/?s={search_term_string}"},"query-input":{"@type":"PropertyValueSpecification","valueRequired":true,"valueName":"search_term_string"}}],"inLanguage":"fr-FR"},{"@type":"Organization","@id":"https:\/\/maisondoramaar.org\/#organization","name":"La Maison Dora Maar et L&#039;H\u00f4tel Tingry","url":"https:\/\/maisondoramaar.org\/","logo":{"@type":"ImageObject","inLanguage":"fr-FR","@id":"https:\/\/maisondoramaar.org\/#\/schema\/logo\/image\/","url":"https:\/\/maisondoramaar.org\/wp-content\/uploads\/2024\/06\/DMCC_logo.png","contentUrl":"https:\/\/maisondoramaar.org\/wp-content\/uploads\/2024\/06\/DMCC_logo.png","width":521,"height":362,"caption":"La Maison Dora Maar et L&#039;H\u00f4tel Tingry"},"image":{"@id":"https:\/\/maisondoramaar.org\/#\/schema\/logo\/image\/"},"sameAs":["https:\/\/fr-fr.facebook.com\/doramaarhouse\/","https:\/\/www.instagram.com\/lamaisondoramaar"]}]}},"uagb_featured_image_src":{"full":["https:\/\/maisondoramaar.org\/wp-content\/uploads\/2019\/10\/Jason-Byrne.jpg",413,551,false],"thumbnail":["https:\/\/maisondoramaar.org\/wp-content\/uploads\/2019\/10\/Jason-Byrne-150x150.jpg",150,150,true],"medium":["https:\/\/maisondoramaar.org\/wp-content\/uploads\/2019\/10\/Jason-Byrne-225x300.jpg",225,300,true],"medium_large":["https:\/\/maisondoramaar.org\/wp-content\/uploads\/2019\/10\/Jason-Byrne.jpg",413,551,false],"large":["https:\/\/maisondoramaar.org\/wp-content\/uploads\/2019\/10\/Jason-Byrne.jpg",413,551,false],"1536x1536":["https:\/\/maisondoramaar.org\/wp-content\/uploads\/2019\/10\/Jason-Byrne.jpg",413,551,false],"2048x2048":["https:\/\/maisondoramaar.org\/wp-content\/uploads\/2019\/10\/Jason-Byrne.jpg",413,551,false],"featured":["https:\/\/maisondoramaar.org\/wp-content\/uploads\/2019\/10\/Jason-Byrne.jpg",413,551,false],"gform-image-choice-sm":["https:\/\/maisondoramaar.org\/wp-content\/uploads\/2019\/10\/Jason-Byrne.jpg",225,300,false],"gform-image-choice-md":["https:\/\/maisondoramaar.org\/wp-content\/uploads\/2019\/10\/Jason-Byrne.jpg",300,400,false],"gform-image-choice-lg":["https:\/\/maisondoramaar.org\/wp-content\/uploads\/2019\/10\/Jason-Byrne.jpg",413,551,false],"xl":["https:\/\/maisondoramaar.org\/wp-content\/uploads\/2019\/10\/Jason-Byrne.jpg",413,551,false],"xxl":["https:\/\/maisondoramaar.org\/wp-content\/uploads\/2019\/10\/Jason-Byrne.jpg",413,551,false],"xxxl":["https:\/\/maisondoramaar.org\/wp-content\/uploads\/2019\/10\/Jason-Byrne.jpg",413,551,false],"xxxxl":["https:\/\/maisondoramaar.org\/wp-content\/uploads\/2019\/10\/Jason-Byrne.jpg",413,551,false],"xxxxxl":["https:\/\/maisondoramaar.org\/wp-content\/uploads\/2019\/10\/Jason-Byrne.jpg",413,551,false],"awb_sm":["https:\/\/maisondoramaar.org\/wp-content\/uploads\/2019\/10\/Jason-Byrne.jpg",413,551,false],"awb_md":["https:\/\/maisondoramaar.org\/wp-content\/uploads\/2019\/10\/Jason-Byrne.jpg",413,551,false],"awb_lg":["https:\/\/maisondoramaar.org\/wp-content\/uploads\/2019\/10\/Jason-Byrne.jpg",413,551,false],"awb_xl":["https:\/\/maisondoramaar.org\/wp-content\/uploads\/2019\/10\/Jason-Byrne.jpg",413,551,false]},"uagb_author_info":{"display_name":"Bruno","author_link":"https:\/\/maisondoramaar.org\/fr\/author\/"},"uagb_comment_info":0,"uagb_excerpt":"Jason Byrne un cin\u00e9aste qui a \u00e9t\u00e9 fortement influenc\u00e9 par son pass\u00e9 d\u2019archiviste. Il a obtenu son MFA de film\/vid\u00e9o [&hellip;]","_links":{"self":[{"href":"https:\/\/maisondoramaar.org\/fr\/wp-json\/wp\/v2\/fellows\/820","targetHints":{"allow":["GET"]}}],"collection":[{"href":"https:\/\/maisondoramaar.org\/fr\/wp-json\/wp\/v2\/fellows"}],"about":[{"href":"https:\/\/maisondoramaar.org\/fr\/wp-json\/wp\/v2\/types\/fellows"}],"wp:featuredmedia":[{"embeddable":true,"href":"https:\/\/maisondoramaar.org\/fr\/wp-json\/wp\/v2\/media\/802"}],"wp:attachment":[{"href":"https:\/\/maisondoramaar.org\/fr\/wp-json\/wp\/v2\/media?parent=820"}],"wp:term":[{"taxonomy":"fellows-categories","embeddable":true,"href":"https:\/\/maisondoramaar.org\/fr\/wp-json\/wp\/v2\/fellows-categories?post=820"}],"curies":[{"name":"wp","href":"https:\/\/api.w.org\/{rel}","templated":true}]}}