{"id":9018,"date":"2026-01-19T16:47:09","date_gmt":"2026-01-19T15:47:09","guid":{"rendered":"https:\/\/maisondoramaar.org\/?post_type=fellows&#038;p=9018"},"modified":"2026-01-21T13:21:08","modified_gmt":"2026-01-21T12:21:08","slug":"sebastien-berlendis","status":"publish","type":"fellows","link":"https:\/\/maisondoramaar.org\/fr\/residents\/sebastien-berlendis\/","title":{"rendered":"S\u00e9bastien Berlendis"},"content":{"rendered":"\n<p class=\"wp-block-paragraph\">S\u00e9bastien\u00a0Berlendis\u00a0est un \u00e9crivain publi\u00e9 chez Stock et Actes Sud. Son dernier ouvrage,\u00a0<em>Lungomare<\/em>, est paru en 2024. Il vient toutefois du monde de l&#8217;image, qu&#8217;elle soit photographique ou cin\u00e9matographique, et chacun de ses livres est \u00e9crit \u00e0 partir de ses propres photographies. Il r\u00e9alise des films en Super 8 consacr\u00e9s aux lieux, aux paysages et aux \u00eatres qui lui sont chers. Apr\u00e8s\u00a0<em>Vercors<\/em>\u00a0(2021), il a r\u00e9alis\u00e9\u00a0<em>Et la mer est de cendre\u00a0<\/em>(2024). Chaque film suit d\u00e9sormais son propre chemin, passant d&#8217;un festival \u00e0 l&#8217;autre.\u00a0Berlendis\u00a0travaille avec la photographie analogique et expose occasionnellement ses clich\u00e9s. Les th\u00e8mes r\u00e9currents dans son \u0153uvre sont la m\u00e9moire, l&#8217;attention soutenue port\u00e9e au paysage \u2013 souvent m\u00e9diterran\u00e9en \u2013 et l&#8217;envie de laisser parler la g\u00e9ographie et d&#8217;en rendre les sentiments audibles. Il a \u00e9galement enseign\u00e9 la philosophie dans le secondaire avec beaucoup de plaisir. Depuis 2023, il est \u00e9crivain et artiste \u00e0 plein temps.\u00a0<\/p>\n","protected":false},"featured_media":9016,"template":"","meta":{"_acf_changed":false,"_uag_custom_page_level_css":"","site-sidebar-layout":"default","site-content-layout":"","ast-site-content-layout":"default","site-content-style":"default","site-sidebar-style":"default","ast-global-header-display":"","ast-banner-title-visibility":"","ast-main-header-display":"","ast-hfb-above-header-display":"","ast-hfb-below-header-display":"","ast-hfb-mobile-header-display":"","site-post-title":"","ast-breadcrumbs-content":"","ast-featured-img":"","footer-sml-layout":"","ast-disable-related-posts":"","theme-transparent-header-meta":"","adv-header-id-meta":"","stick-header-meta":"","header-above-stick-meta":"","header-main-stick-meta":"","header-below-stick-meta":"","astra-migrate-meta-layouts":"default","ast-page-background-enabled":"default","ast-page-background-meta":{"desktop":{"background-color":"var(--ast-global-color-4)","background-image":"","background-repeat":"repeat","background-position":"center center","background-size":"auto","background-attachment":"scroll","background-type":"","background-media":"","overlay-type":"","overlay-color":"","overlay-opacity":"","overlay-gradient":""},"tablet":{"background-color":"","background-image":"","background-repeat":"repeat","background-position":"center center","background-size":"auto","background-attachment":"scroll","background-type":"","background-media":"","overlay-type":"","overlay-color":"","overlay-opacity":"","overlay-gradient":""},"mobile":{"background-color":"","background-image":"","background-repeat":"repeat","background-position":"center center","background-size":"auto","background-attachment":"scroll","background-type":"","background-media":"","overlay-type":"","overlay-color":"","overlay-opacity":"","overlay-gradient":""}},"ast-content-background-meta":{"desktop":{"background-color":"var(--ast-global-color-5)","background-image":"","background-repeat":"repeat","background-position":"center center","background-size":"auto","background-attachment":"scroll","background-type":"","background-media":"","overlay-type":"","overlay-color":"","overlay-opacity":"","overlay-gradient":""},"tablet":{"background-color":"var(--ast-global-color-5)","background-image":"","background-repeat":"repeat","background-position":"center center","background-size":"auto","background-attachment":"scroll","background-type":"","background-media":"","overlay-type":"","overlay-color":"","overlay-opacity":"","overlay-gradient":""},"mobile":{"background-color":"var(--ast-global-color-5)","background-image":"","background-repeat":"repeat","background-position":"center center","background-size":"auto","background-attachment":"scroll","background-type":"","background-media":"","overlay-type":"","overlay-color":"","overlay-opacity":"","overlay-gradient":""}},"_links_to":"","_links_to_target":""},"fellows-categories":[160],"class_list":["post-9018","fellows","type-fellows","status-publish","has-post-thumbnail","hentry","fellows-categories-ecrivain"],"acf":[],"yoast_head":"<!-- This site is optimized with the Yoast SEO plugin v28.1 - https:\/\/yoast.com\/product\/yoast-seo-wordpress\/ -->\n<title>S\u00e9bastien Berlendis - La Maison Dora Maar et L&#039;H\u00f4tel Tingry<\/title>\n<meta name=\"robots\" content=\"index, follow, max-snippet:-1, max-image-preview:large, max-video-preview:-1\" \/>\n<link rel=\"canonical\" href=\"https:\/\/maisondoramaar.org\/fr\/residents\/sebastien-berlendis\/\" \/>\n<meta property=\"og:locale\" content=\"fr_FR\" \/>\n<meta property=\"og:type\" content=\"article\" \/>\n<meta property=\"og:title\" content=\"S\u00e9bastien Berlendis - La Maison Dora Maar et L&#039;H\u00f4tel Tingry\" \/>\n<meta property=\"og:description\" content=\"S\u00e9bastien\u00a0Berlendis\u00a0est un \u00e9crivain publi\u00e9 chez Stock et Actes Sud. Son dernier ouvrage,\u00a0Lungomare, est paru en 2024. Il vient toutefois du [&hellip;]\" \/>\n<meta property=\"og:url\" content=\"https:\/\/maisondoramaar.org\/fr\/residents\/sebastien-berlendis\/\" \/>\n<meta property=\"og:site_name\" content=\"La Maison Dora Maar et L&#039;H\u00f4tel Tingry\" \/>\n<meta property=\"article:publisher\" content=\"https:\/\/fr-fr.facebook.com\/doramaarhouse\/\" \/>\n<meta property=\"article:modified_time\" content=\"2026-01-21T12:21:08+00:00\" \/>\n<meta property=\"og:image\" content=\"https:\/\/maisondoramaar.org\/wp-content\/uploads\/2026\/01\/9-NOVEMBER-Sebastien-Berlendis-credit-Fabien-Muscio-e1768837478533.jpeg\" \/>\n\t<meta property=\"og:image:width\" content=\"640\" \/>\n\t<meta property=\"og:image:height\" content=\"426\" \/>\n\t<meta property=\"og:image:type\" content=\"image\/jpeg\" \/>\n<meta name=\"twitter:card\" content=\"summary_large_image\" \/>\n<meta name=\"twitter:label1\" content=\"Est. reading time\" \/>\n\t<meta name=\"twitter:data1\" content=\"1 minute\" \/>\n<script type=\"application\/ld+json\" class=\"yoast-schema-graph\">{\"@context\":\"https:\\\/\\\/schema.org\",\"@graph\":[{\"@type\":\"WebPage\",\"@id\":\"https:\\\/\\\/maisondoramaar.org\\\/fr\\\/residents\\\/sebastien-berlendis\\\/\",\"url\":\"https:\\\/\\\/maisondoramaar.org\\\/fr\\\/residents\\\/sebastien-berlendis\\\/\",\"name\":\"S\u00e9bastien Berlendis - La Maison Dora Maar et L&#039;H\u00f4tel Tingry\",\"isPartOf\":{\"@id\":\"https:\\\/\\\/maisondoramaar.org\\\/#website\"},\"primaryImageOfPage\":{\"@id\":\"https:\\\/\\\/maisondoramaar.org\\\/fr\\\/residents\\\/sebastien-berlendis\\\/#primaryimage\"},\"image\":{\"@id\":\"https:\\\/\\\/maisondoramaar.org\\\/fr\\\/residents\\\/sebastien-berlendis\\\/#primaryimage\"},\"thumbnailUrl\":\"https:\\\/\\\/maisondoramaar.org\\\/wp-content\\\/uploads\\\/2026\\\/01\\\/9-NOVEMBER-Sebastien-Berlendis-credit-Fabien-Muscio-e1768837478533.jpeg\",\"datePublished\":\"2026-01-19T15:47:09+00:00\",\"dateModified\":\"2026-01-21T12:21:08+00:00\",\"breadcrumb\":{\"@id\":\"https:\\\/\\\/maisondoramaar.org\\\/fr\\\/residents\\\/sebastien-berlendis\\\/#breadcrumb\"},\"inLanguage\":\"fr-FR\",\"potentialAction\":[{\"@type\":\"ReadAction\",\"target\":[\"https:\\\/\\\/maisondoramaar.org\\\/fr\\\/residents\\\/sebastien-berlendis\\\/\"]}]},{\"@type\":\"ImageObject\",\"inLanguage\":\"fr-FR\",\"@id\":\"https:\\\/\\\/maisondoramaar.org\\\/fr\\\/residents\\\/sebastien-berlendis\\\/#primaryimage\",\"url\":\"https:\\\/\\\/maisondoramaar.org\\\/wp-content\\\/uploads\\\/2026\\\/01\\\/9-NOVEMBER-Sebastien-Berlendis-credit-Fabien-Muscio-e1768837478533.jpeg\",\"contentUrl\":\"https:\\\/\\\/maisondoramaar.org\\\/wp-content\\\/uploads\\\/2026\\\/01\\\/9-NOVEMBER-Sebastien-Berlendis-credit-Fabien-Muscio-e1768837478533.jpeg\",\"width\":640,\"height\":426},{\"@type\":\"BreadcrumbList\",\"@id\":\"https:\\\/\\\/maisondoramaar.org\\\/fr\\\/residents\\\/sebastien-berlendis\\\/#breadcrumb\",\"itemListElement\":[{\"@type\":\"ListItem\",\"position\":1,\"name\":\"Accueil\",\"item\":\"https:\\\/\\\/maisondoramaar.org\\\/fr\\\/\"},{\"@type\":\"ListItem\",\"position\":2,\"name\":\"S\u00e9bastien Berlendis\"}]},{\"@type\":\"WebSite\",\"@id\":\"https:\\\/\\\/maisondoramaar.org\\\/#website\",\"url\":\"https:\\\/\\\/maisondoramaar.org\\\/\",\"name\":\"La Maison Dora Maar et L&#039;H\u00f4tel Tingry\",\"description\":\"Des lieux d&#039;arts de la Fondation Nancy Brown Negley \u00e0 M\u00e9nerbes (Vaucluse), France\",\"publisher\":{\"@id\":\"https:\\\/\\\/maisondoramaar.org\\\/#organization\"},\"potentialAction\":[{\"@type\":\"SearchAction\",\"target\":{\"@type\":\"EntryPoint\",\"urlTemplate\":\"https:\\\/\\\/maisondoramaar.org\\\/?s={search_term_string}\"},\"query-input\":{\"@type\":\"PropertyValueSpecification\",\"valueRequired\":true,\"valueName\":\"search_term_string\"}}],\"inLanguage\":\"fr-FR\"},{\"@type\":\"Organization\",\"@id\":\"https:\\\/\\\/maisondoramaar.org\\\/#organization\",\"name\":\"La Maison Dora Maar et L&#039;H\u00f4tel Tingry\",\"url\":\"https:\\\/\\\/maisondoramaar.org\\\/\",\"logo\":{\"@type\":\"ImageObject\",\"inLanguage\":\"fr-FR\",\"@id\":\"https:\\\/\\\/maisondoramaar.org\\\/#\\\/schema\\\/logo\\\/image\\\/\",\"url\":\"https:\\\/\\\/maisondoramaar.org\\\/wp-content\\\/uploads\\\/2024\\\/06\\\/DMCC_logo.png\",\"contentUrl\":\"https:\\\/\\\/maisondoramaar.org\\\/wp-content\\\/uploads\\\/2024\\\/06\\\/DMCC_logo.png\",\"width\":521,\"height\":362,\"caption\":\"La Maison Dora Maar et L&#039;H\u00f4tel Tingry\"},\"image\":{\"@id\":\"https:\\\/\\\/maisondoramaar.org\\\/#\\\/schema\\\/logo\\\/image\\\/\"},\"sameAs\":[\"https:\\\/\\\/fr-fr.facebook.com\\\/doramaarhouse\\\/\",\"https:\\\/\\\/www.instagram.com\\\/lamaisondoramaar\"]}]}<\/script>\n<!-- \/ Yoast SEO plugin. -->","yoast_head_json":{"title":"S\u00e9bastien Berlendis - La Maison Dora Maar et L&#039;H\u00f4tel Tingry","robots":{"index":"index","follow":"follow","max-snippet":"max-snippet:-1","max-image-preview":"max-image-preview:large","max-video-preview":"max-video-preview:-1"},"canonical":"https:\/\/maisondoramaar.org\/fr\/residents\/sebastien-berlendis\/","og_locale":"fr_FR","og_type":"article","og_title":"S\u00e9bastien Berlendis - La Maison Dora Maar et L&#039;H\u00f4tel Tingry","og_description":"S\u00e9bastien\u00a0Berlendis\u00a0est un \u00e9crivain publi\u00e9 chez Stock et Actes Sud. Son dernier ouvrage,\u00a0Lungomare, est paru en 2024. Il vient toutefois du [&hellip;]","og_url":"https:\/\/maisondoramaar.org\/fr\/residents\/sebastien-berlendis\/","og_site_name":"La Maison Dora Maar et L&#039;H\u00f4tel Tingry","article_publisher":"https:\/\/fr-fr.facebook.com\/doramaarhouse\/","article_modified_time":"2026-01-21T12:21:08+00:00","og_image":[{"width":640,"height":426,"url":"https:\/\/maisondoramaar.org\/wp-content\/uploads\/2026\/01\/9-NOVEMBER-Sebastien-Berlendis-credit-Fabien-Muscio-e1768837478533.jpeg","type":"image\/jpeg"}],"twitter_card":"summary_large_image","twitter_misc":{"Est. reading time":"1 minute"},"schema":{"@context":"https:\/\/schema.org","@graph":[{"@type":"WebPage","@id":"https:\/\/maisondoramaar.org\/fr\/residents\/sebastien-berlendis\/","url":"https:\/\/maisondoramaar.org\/fr\/residents\/sebastien-berlendis\/","name":"S\u00e9bastien Berlendis - La Maison Dora Maar et L&#039;H\u00f4tel Tingry","isPartOf":{"@id":"https:\/\/maisondoramaar.org\/#website"},"primaryImageOfPage":{"@id":"https:\/\/maisondoramaar.org\/fr\/residents\/sebastien-berlendis\/#primaryimage"},"image":{"@id":"https:\/\/maisondoramaar.org\/fr\/residents\/sebastien-berlendis\/#primaryimage"},"thumbnailUrl":"https:\/\/maisondoramaar.org\/wp-content\/uploads\/2026\/01\/9-NOVEMBER-Sebastien-Berlendis-credit-Fabien-Muscio-e1768837478533.jpeg","datePublished":"2026-01-19T15:47:09+00:00","dateModified":"2026-01-21T12:21:08+00:00","breadcrumb":{"@id":"https:\/\/maisondoramaar.org\/fr\/residents\/sebastien-berlendis\/#breadcrumb"},"inLanguage":"fr-FR","potentialAction":[{"@type":"ReadAction","target":["https:\/\/maisondoramaar.org\/fr\/residents\/sebastien-berlendis\/"]}]},{"@type":"ImageObject","inLanguage":"fr-FR","@id":"https:\/\/maisondoramaar.org\/fr\/residents\/sebastien-berlendis\/#primaryimage","url":"https:\/\/maisondoramaar.org\/wp-content\/uploads\/2026\/01\/9-NOVEMBER-Sebastien-Berlendis-credit-Fabien-Muscio-e1768837478533.jpeg","contentUrl":"https:\/\/maisondoramaar.org\/wp-content\/uploads\/2026\/01\/9-NOVEMBER-Sebastien-Berlendis-credit-Fabien-Muscio-e1768837478533.jpeg","width":640,"height":426},{"@type":"BreadcrumbList","@id":"https:\/\/maisondoramaar.org\/fr\/residents\/sebastien-berlendis\/#breadcrumb","itemListElement":[{"@type":"ListItem","position":1,"name":"Accueil","item":"https:\/\/maisondoramaar.org\/fr\/"},{"@type":"ListItem","position":2,"name":"S\u00e9bastien Berlendis"}]},{"@type":"WebSite","@id":"https:\/\/maisondoramaar.org\/#website","url":"https:\/\/maisondoramaar.org\/","name":"La Maison Dora Maar et L&#039;H\u00f4tel Tingry","description":"Des lieux d&#039;arts de la Fondation Nancy Brown Negley \u00e0 M\u00e9nerbes (Vaucluse), France","publisher":{"@id":"https:\/\/maisondoramaar.org\/#organization"},"potentialAction":[{"@type":"SearchAction","target":{"@type":"EntryPoint","urlTemplate":"https:\/\/maisondoramaar.org\/?s={search_term_string}"},"query-input":{"@type":"PropertyValueSpecification","valueRequired":true,"valueName":"search_term_string"}}],"inLanguage":"fr-FR"},{"@type":"Organization","@id":"https:\/\/maisondoramaar.org\/#organization","name":"La Maison Dora Maar et L&#039;H\u00f4tel Tingry","url":"https:\/\/maisondoramaar.org\/","logo":{"@type":"ImageObject","inLanguage":"fr-FR","@id":"https:\/\/maisondoramaar.org\/#\/schema\/logo\/image\/","url":"https:\/\/maisondoramaar.org\/wp-content\/uploads\/2024\/06\/DMCC_logo.png","contentUrl":"https:\/\/maisondoramaar.org\/wp-content\/uploads\/2024\/06\/DMCC_logo.png","width":521,"height":362,"caption":"La Maison Dora Maar et L&#039;H\u00f4tel Tingry"},"image":{"@id":"https:\/\/maisondoramaar.org\/#\/schema\/logo\/image\/"},"sameAs":["https:\/\/fr-fr.facebook.com\/doramaarhouse\/","https:\/\/www.instagram.com\/lamaisondoramaar"]}]}},"uagb_featured_image_src":{"full":["https:\/\/maisondoramaar.org\/wp-content\/uploads\/2026\/01\/9-NOVEMBER-Sebastien-Berlendis-credit-Fabien-Muscio-e1768837478533.jpeg",640,426,false],"thumbnail":["https:\/\/maisondoramaar.org\/wp-content\/uploads\/2026\/01\/9-NOVEMBER-Sebastien-Berlendis-credit-Fabien-Muscio-150x150.jpeg",150,150,true],"medium":["https:\/\/maisondoramaar.org\/wp-content\/uploads\/2026\/01\/9-NOVEMBER-Sebastien-Berlendis-credit-Fabien-Muscio-300x200.jpeg",300,200,true],"medium_large":["https:\/\/maisondoramaar.org\/wp-content\/uploads\/2026\/01\/9-NOVEMBER-Sebastien-Berlendis-credit-Fabien-Muscio-e1768837478533.jpeg",640,426,false],"large":["https:\/\/maisondoramaar.org\/wp-content\/uploads\/2026\/01\/9-NOVEMBER-Sebastien-Berlendis-credit-Fabien-Muscio-e1768837478533.jpeg",640,426,false],"1536x1536":["https:\/\/maisondoramaar.org\/wp-content\/uploads\/2026\/01\/9-NOVEMBER-Sebastien-Berlendis-credit-Fabien-Muscio-e1768837478533.jpeg",640,426,false],"2048x2048":["https:\/\/maisondoramaar.org\/wp-content\/uploads\/2026\/01\/9-NOVEMBER-Sebastien-Berlendis-credit-Fabien-Muscio-e1768837478533.jpeg",640,426,false],"featured":["https:\/\/maisondoramaar.org\/wp-content\/uploads\/2026\/01\/9-NOVEMBER-Sebastien-Berlendis-credit-Fabien-Muscio-e1768837478533.jpeg",640,426,false],"gform-image-choice-sm":["https:\/\/maisondoramaar.org\/wp-content\/uploads\/2026\/01\/9-NOVEMBER-Sebastien-Berlendis-credit-Fabien-Muscio-e1768837478533.jpeg",300,200,false],"gform-image-choice-md":["https:\/\/maisondoramaar.org\/wp-content\/uploads\/2026\/01\/9-NOVEMBER-Sebastien-Berlendis-credit-Fabien-Muscio-e1768837478533.jpeg",400,266,false],"gform-image-choice-lg":["https:\/\/maisondoramaar.org\/wp-content\/uploads\/2026\/01\/9-NOVEMBER-Sebastien-Berlendis-credit-Fabien-Muscio-e1768837478533.jpeg",600,399,false],"xl":["https:\/\/maisondoramaar.org\/wp-content\/uploads\/2026\/01\/9-NOVEMBER-Sebastien-Berlendis-credit-Fabien-Muscio-e1768837478533.jpeg",640,426,false],"xxl":["https:\/\/maisondoramaar.org\/wp-content\/uploads\/2026\/01\/9-NOVEMBER-Sebastien-Berlendis-credit-Fabien-Muscio-e1768837478533.jpeg",640,426,false],"xxxl":["https:\/\/maisondoramaar.org\/wp-content\/uploads\/2026\/01\/9-NOVEMBER-Sebastien-Berlendis-credit-Fabien-Muscio-e1768837478533.jpeg",640,426,false],"xxxxl":["https:\/\/maisondoramaar.org\/wp-content\/uploads\/2026\/01\/9-NOVEMBER-Sebastien-Berlendis-credit-Fabien-Muscio-e1768837478533.jpeg",640,426,false],"xxxxxl":["https:\/\/maisondoramaar.org\/wp-content\/uploads\/2026\/01\/9-NOVEMBER-Sebastien-Berlendis-credit-Fabien-Muscio-e1768837478533.jpeg",640,426,false],"awb_sm":["https:\/\/maisondoramaar.org\/wp-content\/uploads\/2026\/01\/9-NOVEMBER-Sebastien-Berlendis-credit-Fabien-Muscio-500x333.jpeg",500,333,true],"awb_md":["https:\/\/maisondoramaar.org\/wp-content\/uploads\/2026\/01\/9-NOVEMBER-Sebastien-Berlendis-credit-Fabien-Muscio-e1768837478533.jpeg",640,426,false],"awb_lg":["https:\/\/maisondoramaar.org\/wp-content\/uploads\/2026\/01\/9-NOVEMBER-Sebastien-Berlendis-credit-Fabien-Muscio-e1768837478533.jpeg",640,426,false],"awb_xl":["https:\/\/maisondoramaar.org\/wp-content\/uploads\/2026\/01\/9-NOVEMBER-Sebastien-Berlendis-credit-Fabien-Muscio-e1768837478533.jpeg",640,426,false]},"uagb_author_info":{"display_name":"Camille","author_link":"https:\/\/maisondoramaar.org\/fr\/author\/"},"uagb_comment_info":0,"uagb_excerpt":"S\u00e9bastien\u00a0Berlendis\u00a0est un \u00e9crivain publi\u00e9 chez Stock et Actes Sud. Son dernier ouvrage,\u00a0Lungomare, est paru en 2024. Il vient toutefois du [&hellip;]","_links":{"self":[{"href":"https:\/\/maisondoramaar.org\/fr\/wp-json\/wp\/v2\/fellows\/9018","targetHints":{"allow":["GET"]}}],"collection":[{"href":"https:\/\/maisondoramaar.org\/fr\/wp-json\/wp\/v2\/fellows"}],"about":[{"href":"https:\/\/maisondoramaar.org\/fr\/wp-json\/wp\/v2\/types\/fellows"}],"wp:featuredmedia":[{"embeddable":true,"href":"https:\/\/maisondoramaar.org\/fr\/wp-json\/wp\/v2\/media\/9016"}],"wp:attachment":[{"href":"https:\/\/maisondoramaar.org\/fr\/wp-json\/wp\/v2\/media?parent=9018"}],"wp:term":[{"taxonomy":"fellows-categories","embeddable":true,"href":"https:\/\/maisondoramaar.org\/fr\/wp-json\/wp\/v2\/fellows-categories?post=9018"}],"curies":[{"name":"wp","href":"https:\/\/api.w.org\/{rel}","templated":true}]}}