{"id":7384,"date":"2024-10-21T20:51:28","date_gmt":"2024-10-21T18:51:28","guid":{"rendered":"https:\/\/staging.maisondoramaar.org\/rencontre-lequipe-du-dmcc\/conseil-dadministration\/"},"modified":"2025-12-17T14:24:06","modified_gmt":"2025-12-17T13:24:06","slug":"conseil-dadministration","status":"publish","type":"page","link":"https:\/\/maisondoramaar.org\/fr\/rencontre-lequipe-du-dmcc\/conseil-dadministration\/","title":{"rendered":"Conseil d\u2019administration"},"content":{"rendered":"\n<div style=\"height:60px\" aria-hidden=\"true\" class=\"wp-block-spacer\"><\/div>\n\n\n\n<h2 class=\"wp-block-heading has-text-align-center\">Conseil d\u2019administration du CENTRE CULTUREL DORA MAAR (USA)<\/h2>\n\n\n\n<div class=\"wp-block-group alignwide is-layout-constrained wp-block-group-is-layout-constrained\">\n<div class=\"wp-block-columns alignwide is-layout-flex wp-container-core-columns-is-layout-28f84493 wp-block-columns-is-layout-flex\">\n<div class=\"wp-block-column is-layout-flow wp-block-column-is-layout-flow\" style=\"flex-basis:33.33%\">\n<figure class=\"wp-block-image size-full wp-duotone-grayscale\"><img loading=\"lazy\" decoding=\"async\" width=\"281\" height=\"354\" src=\"https:\/\/maisondoramaar.org\/wp-content\/uploads\/2022\/12\/negley_nbnarp_headshot.jpeg\" alt=\"\" class=\"wp-image-3793\" srcset=\"https:\/\/maisondoramaar.org\/wp-content\/uploads\/2022\/12\/negley_nbnarp_headshot.jpeg 281w, https:\/\/maisondoramaar.org\/wp-content\/uploads\/2022\/12\/negley_nbnarp_headshot-238x300.jpeg 238w\" sizes=\"auto, (max-width: 281px) 100vw, 281px\" \/><\/figure>\n<\/div>\n\n\n\n<div class=\"wp-block-column is-layout-flow wp-block-column-is-layout-flow\" style=\"flex-basis:66.66%\">\n<h3 class=\"wp-block-heading\"><strong>Walter<\/strong> Negley<\/h3>\n\n\n\n<p>Walter Negley est le pr\u00e9sident de WN Global, une soci\u00e9t\u00e9 de portefeuille g\u00e9rant deux entreprises de fabrication de produits d\u2019industrie lourde bas\u00e9es \u00e0 Houston, au Texas. Il a aussi fait partie du bureau d\u2019administration de Highland Ressources, une compagnie familiale d\u2019immobilier fond\u00e9e par Herman et George R. Brown, et du bureau d\u2019administration du A. S. Gage Ranch, qui a \u00e9t\u00e9 fond\u00e9 par des membres de sa famille dans les comt\u00e9s de Brewster et Presidio dans l\u2019ouest du Texas en 1883. Il a aussi servi comme pr\u00e9sident du conseil d\u2019administration de la Kinkaid School, du M.D. Anderson Cancer Center, du Neuhaus Center, et du Houston Museum of Natural Science. Walter a \u00e9t\u00e9 dipl\u00f4m\u00e9 d\u2019une licence d\u2019\u00e9conomie \u00e0 l\u2019Universit\u00e9 Trinity en 1977 et a ensuite suivi un master en commerce \u00e0 l\u2019Universit\u00e9 du Texas \u00e0 Austin. Walter a v\u00e9cu son enfance en San Antonio et r\u00e9side actuellement \u00e0 Houston avec sa femme, Suzette, et leurs trois filles.<\/p>\n<\/div>\n<\/div>\n<\/div>\n\n\n\n<div class=\"wp-block-group alignwide is-layout-constrained wp-block-group-is-layout-constrained\">\n<div class=\"wp-block-columns alignwide is-layout-flex wp-container-core-columns-is-layout-28f84493 wp-block-columns-is-layout-flex\">\n<div class=\"wp-block-column is-layout-flow wp-block-column-is-layout-flow\" style=\"flex-basis:33.33%\">\n<figure class=\"wp-block-image size-full wp-duotone-grayscale\"><img loading=\"lazy\" decoding=\"async\" width=\"280\" height=\"353\" src=\"https:\/\/maisondoramaar.org\/wp-content\/uploads\/2022\/12\/havel_nbnarp_headshot.jpeg\" alt=\"\" class=\"wp-image-3798\" srcset=\"https:\/\/maisondoramaar.org\/wp-content\/uploads\/2022\/12\/havel_nbnarp_headshot.jpeg 280w, https:\/\/maisondoramaar.org\/wp-content\/uploads\/2022\/12\/havel_nbnarp_headshot-238x300.jpeg 238w\" sizes=\"auto, (max-width: 280px) 100vw, 280px\" \/><\/figure>\n<\/div>\n\n\n\n<div class=\"wp-block-column is-layout-flow wp-block-column-is-layout-flow\" style=\"flex-basis:66.66%\">\n<h3 class=\"wp-block-heading\"><strong>Joseph<\/strong> Havel<\/h3>\n\n\n\n<p>Joseph Havel est un artiste mondialement connu qui vit et travaille \u00e0 Houston au Texas. En plus de sa pratique artistique, il est le directeur de la Glassell School of Art et de son c\u00e9l\u00e8bre programme de r\u00e9sidence: le Core Residency Program. Ses \u0153uvres ont \u00e9t\u00e9 expos\u00e9es \u00e0 travers les \u00c9tats-Unis et l\u2019Europe, notamment dans le cadre d\u2019expositions individuelles au Centre d\u2019Art Contemporain Baltic \u00e0 Gateshead au Royaume-Uni, au Mus\u00e9e des Beaux-Arts de Houston, au Palais de Tokyo \u00e0 Paris, au Centre d\u2019Art Contemporain Baltic \u00e0 Kiev et au Centre d\u2019\u00c9tudes Curatoriales au Bard College \u00e0 New York. Son art a aussi fait l\u2019objet de nombreuses expositions collectives, dont la Whitney Biennale en 2000. Ses \u0153uvres font partie de plusieurs collections publiques aux \u00c9tats-Unis et ailleurs, dont le Mus\u00e9e Whitney \u00e0 New York, le Mus\u00e9e d\u2019Art Moderne de Fort Worth, le Centre Pompidou \u00e0 Paris, la Galerie nationale d\u2019art \u00e0 Washington, le Mus\u00e9e municipal d\u2019art actuel (Stedelijk voor Actuele Kunst) \u00e0 Gand en Belgique, le Minist\u00e8re de la Culture de Paris, la Collection Menil \u00e0 Houston, le Mus\u00e9e d\u2019Art de Dallas, et l\u2019Universit\u00e9 Rice et le Mus\u00e9e des Beaux-Arts \u00e0 Houston.<\/p>\n<\/div>\n<\/div>\n<\/div>\n\n\n\n<div class=\"wp-block-group alignwide is-layout-constrained wp-block-group-is-layout-constrained\">\n<div class=\"wp-block-columns alignwide is-layout-flex wp-container-core-columns-is-layout-28f84493 wp-block-columns-is-layout-flex\">\n<div class=\"wp-block-column is-layout-flow wp-block-column-is-layout-flow\" style=\"flex-basis:33.33%\">\n<figure class=\"wp-block-image size-full wp-duotone-grayscale\"><img loading=\"lazy\" decoding=\"async\" width=\"280\" height=\"353\" src=\"https:\/\/maisondoramaar.org\/wp-content\/uploads\/2022\/12\/muller_nbnarp_headshot.jpeg\" alt=\"\" class=\"wp-image-3800\" srcset=\"https:\/\/maisondoramaar.org\/wp-content\/uploads\/2022\/12\/muller_nbnarp_headshot.jpeg 280w, https:\/\/maisondoramaar.org\/wp-content\/uploads\/2022\/12\/muller_nbnarp_headshot-238x300.jpeg 238w\" sizes=\"auto, (max-width: 280px) 100vw, 280px\" \/><\/figure>\n<\/div>\n\n\n\n<div class=\"wp-block-column is-layout-flow wp-block-column-is-layout-flow\" style=\"flex-basis:66.66%\">\n<h3 class=\"wp-block-heading\"><strong>Dr. Gordon<\/strong> &#8220;Nick&#8221; Mueller<\/h3>\n\n\n\n<p>Dr. Gordon \u00ab Nick \u00bb Mueller est le pr\u00e9sident et PDG \u00e9m\u00e9rite du Mus\u00e9e National de la Seconde Guerre mondiale (Nouvelle-Orl\u00e9ans). Le Dr. Mueller a assist\u00e9 l\u2019 historien Stephen Ambrose pour la fondation de l\u2019institution, initialement connue comme le Mus\u00e9e National du d\u00e9barquement, et a dirig\u00e9 l\u2019organisation en tant que pr\u00e9sident du conseil d\u2019administration \u00e0 partir de 1998, participant ainsi \u00e0 la construction et la collecte de fonds jusqu\u2019\u00e0 l\u2019inauguration qui a eu lieu le 6 juin 2000. Avant de commencer sa deuxi\u00e8me carri\u00e8re dans le secteur mus\u00e9al, le Dr. Mueller a men\u00e9 pendant 33 ans une carri\u00e8re de professeur d\u2019histoire europ\u00e9enne \u00e0 l\u2019Universit\u00e9 de la Nouvelle Orl\u00e9ans (UNO). Au cours de son mandat, il a \u00e9galement \u00e9t\u00e9 doyen, vice-chancelier et pr\u00e9sident fondateur du Parc de Recherche et de Technologie de l\u2019UNO. Il est connu comme le fondateur du Metropolitan College de l\u2019UNO, de ses campus r\u00e9gionaux, du Business-Higher Education Council et des programmes d\u2019\u00e9tudes internationales de l\u2019universit\u00e9, qui ont envoy\u00e9 plus de 10 000 \u00e9tudiants dans 10 pays pour y \u00e9tudier \u00e0 l\u2019\u00e9tranger depuis 1973. Il a \u00e9galement occup\u00e9 des postes de direction dans des associations nationales d\u2019enseignement sup\u00e9rieur et est membre du University Continuing Education Hall of Fame. Il a obtenu sa licence \u00e0 l\u2019universit\u00e9 de Stetson, un master et un doctorat \u00e0 l\u2019universit\u00e9 de Caroline du Nord, et a effectu\u00e9 des \u00e9tudes sup\u00e9rieures \u00e0 Yale, Harvard et dans plusieurs universit\u00e9s europ\u00e9ennes.<\/p>\n<\/div>\n<\/div>\n<\/div>\n\n\n\n<div class=\"wp-block-group alignwide is-layout-constrained wp-block-group-is-layout-constrained\">\n<div class=\"wp-block-columns alignwide is-layout-flex wp-container-core-columns-is-layout-28f84493 wp-block-columns-is-layout-flex\">\n<div class=\"wp-block-column is-layout-flow wp-block-column-is-layout-flow\" style=\"flex-basis:33.33%\">\n<figure class=\"wp-block-image size-full wp-duotone-grayscale\"><img loading=\"lazy\" decoding=\"async\" width=\"281\" height=\"354\" src=\"https:\/\/maisondoramaar.org\/wp-content\/uploads\/2022\/12\/carman_nbnarp_headshot.jpeg\" alt=\"\" class=\"wp-image-3806\" srcset=\"https:\/\/maisondoramaar.org\/wp-content\/uploads\/2022\/12\/carman_nbnarp_headshot.jpeg 281w, https:\/\/maisondoramaar.org\/wp-content\/uploads\/2022\/12\/carman_nbnarp_headshot-238x300.jpeg 238w\" sizes=\"auto, (max-width: 281px) 100vw, 281px\" \/><\/figure>\n<\/div>\n\n\n\n<div class=\"wp-block-column is-layout-flow wp-block-column-is-layout-flow\" style=\"flex-basis:66.66%\">\n<h3 class=\"wp-block-heading\"><strong>Mari<\/strong> Carmen Ram\u00edRez<\/h3>\n\n\n\n<p>Mari Carmen Ram\u00edrez est la conservatrice de l\u2019art latino-am\u00e9ricain du Wortham Center (Houston) et la directrice du Centre international pour les arts des Am\u00e9riques (ICAA) du Mus\u00e9e des beaux-arts de Houston. Reconnue mondialement comme une sp\u00e9cialiste de l\u2019art moderne et contemporain latino-am\u00e9ricain, Mme Ram\u00edrez a publi\u00e9 de nombreux ouvrages et organis\u00e9 de nombreuses expositions qui ont \u00e9t\u00e9 prim\u00e9es, dont Inverted Utopias : Art d\u2019avant-garde en Am\u00e9rique latine (avec H\u00e9ctor Olea). Elle a \u00e9galement conceptualis\u00e9 et mis en \u0153uvre le projet ICAA Documents of 20th Century Latin American and Latino Art, une importante archive num\u00e9rique et une s\u00e9rie de livres ax\u00e9s sur des sources fondamentales. Depuis son arriv\u00e9e au mus\u00e9e en 2001, Mme Ram\u00edrez a men\u00e9 une transformation \u00e0 long terme dans l\u2019appr\u00e9ciation et la compr\u00e9hension des arts visuels latino-am\u00e9ricains et latinos aux \u00c9tats-Unis et \u00e0 l\u2019\u00e9tranger par le biais d\u2019acquisitions, de recherches, d\u2019expositions, de publications et d\u2019archives num\u00e9riques en ligne gratuites. En 2005, Ram\u00edrez a re\u00e7u le prix d\u2019excellence curatoriale d\u00e9cern\u00e9 par le Centre d\u2019\u00e9tudes curatoriales du Bard College. La m\u00eame ann\u00e9e, le magazine TIME l\u2019a d\u00e9sign\u00e9e comme l\u2019une des \u00ab 25 Hispaniques les plus influents d\u2019Am\u00e9rique \u00bb.<\/p>\n<\/div>\n<\/div>\n<\/div>\n\n\n\n<div class=\"wp-block-group alignwide is-layout-constrained wp-block-group-is-layout-constrained\">\n<div class=\"wp-block-columns alignwide is-layout-flex wp-container-core-columns-is-layout-28f84493 wp-block-columns-is-layout-flex\">\n<div class=\"wp-block-column is-layout-flow wp-block-column-is-layout-flow\" style=\"flex-basis:33.33%\">\n<figure class=\"wp-block-image size-full wp-duotone-grayscale\"><img loading=\"lazy\" decoding=\"async\" width=\"339\" height=\"428\" src=\"https:\/\/maisondoramaar.org\/wp-content\/uploads\/2025\/03\/image-4.png\" alt=\"\" class=\"wp-image-7826\" srcset=\"https:\/\/maisondoramaar.org\/wp-content\/uploads\/2025\/03\/image-4.png 339w, https:\/\/maisondoramaar.org\/wp-content\/uploads\/2025\/03\/image-4-238x300.png 238w\" sizes=\"auto, (max-width: 339px) 100vw, 339px\" \/><\/figure>\n<\/div>\n\n\n\n<div class=\"wp-block-column is-layout-flow wp-block-column-is-layout-flow\" style=\"flex-basis:66.66%\">\n<h3 class=\"wp-block-heading\"><strong>Philippe<\/strong> Lanternier<\/h3>\n\n\n\n<p>Philippe Lanternier est titulaire d&#8217;un dipl\u00f4me d&#8217;ing\u00e9nieur de l&#8217;\u00c9cole sup\u00e9rieure d&#8217;\u00e9lectricit\u00e9 (1979, Paris, France) et d&#8217;un Master of Science en g\u00e9nie \u00e9lectrique de l&#8217;universit\u00e9 de Stanford. Il a commenc\u00e9 sa carri\u00e8re en 1980 chez Fairchild SemiConductor, une filiale de Schlumberger, \u00e0 Palo-Alto, en Californie. De 1987 \u00e0 1992, il a travaill\u00e9 pour le Boston Consulting Group \u00e0 Paris. Il est ensuite devenu directeur g\u00e9n\u00e9ral pour l&#8217;Allemagne d&#8217;Automatic Data Processing, bas\u00e9 \u00e0 Francfort. En 1998, il a rejoint Bureau Veritas en tant que vice-pr\u00e9sident ex\u00e9cutif, o\u00f9 il est rest\u00e9 jusqu&#8217;\u00e0 sa retraite en 2018, exer\u00e7ant diff\u00e9rentes responsabilit\u00e9s g\u00e9ographiques, dont celle de responsable de l&#8217;Asie de 2010 \u00e0 2013, bas\u00e9 \u00e0 Shanghai. Depuis, en plus d&#8217;\u00eatre tr\u00e9sorier de la Fondation M\u00e9rim\u00e9e, Philippe si\u00e8ge \u00e0 diff\u00e9rents conseils d&#8217;administration dont celui de KPMG France. Il vit \u00e0 Paris mais s&#8217;occupe \u00e9galement de sa maison du XVIIe si\u00e8cle pr\u00e8s de Saint-Malo, en Bretagne, et passe le plus de temps possible avec sa grande famille, puisqu&#8217;il a la chance d&#8217;avoir aujourd&#8217;hui quinze petits-enfants.<\/p>\n<\/div>\n<\/div>\n<\/div>\n\n\n\n<div class=\"wp-block-group alignwide is-layout-constrained wp-block-group-is-layout-constrained\">\n<div class=\"wp-block-columns alignwide is-layout-flex wp-container-core-columns-is-layout-28f84493 wp-block-columns-is-layout-flex\">\n<div class=\"wp-block-column is-layout-flow wp-block-column-is-layout-flow\" style=\"flex-basis:33.33%\">\n<figure class=\"wp-block-image size-full wp-duotone-grayscale\"><img loading=\"lazy\" decoding=\"async\" width=\"280\" height=\"421\" src=\"https:\/\/maisondoramaar.org\/wp-content\/uploads\/2025\/03\/image-6.png\" alt=\"\" class=\"wp-image-7831\" srcset=\"https:\/\/maisondoramaar.org\/wp-content\/uploads\/2025\/03\/image-6.png 280w, https:\/\/maisondoramaar.org\/wp-content\/uploads\/2025\/03\/image-6-200x300.png 200w\" sizes=\"auto, (max-width: 280px) 100vw, 280px\" \/><\/figure>\n<\/div>\n\n\n\n<div class=\"wp-block-column is-layout-flow wp-block-column-is-layout-flow\" style=\"flex-basis:66.66%\">\n<h3 class=\"wp-block-heading\"><strong>Pamela<\/strong> Newkirk<\/h3>\n\n\n\n<p>Pamela Newkirk est une journaliste et une chercheuse prim\u00e9e. Elle est l&#8217;auteure de <em>Diversity Inc<\/em>, <em>Spectacle : The Astonishing Life of Ota Benga<\/em> et <em>Within the Veil : Black Journalists, White Media<\/em>. Elle a \u00e9dit\u00e9 <em>Letters from Black America : Intimate Portraits of the African American Experience<\/em> et <em>A Love No Less : Two Centuries of African American Love Letters<\/em>. Parmi les nombreuses r\u00e9compenses obtenues par Mme Newkirk, citons : une bourse de l&#8217;Acad\u00e9mie am\u00e9ricaine des arts et des sciences ; une bourse de la NYU Global Research Initiative Faculty Fellowship, Paris ; <em>Diversity, Inc. <\/em>a \u00e9t\u00e9 class\u00e9 parmi les livres \u00ab\u00e0 lire absolument\u00bb en 2019 par le magazine TIME ; <em>Spectacle<\/em> a \u00e9t\u00e9 class\u00e9 parmi les meilleurs livres de 2015 par NPR, <em>The Boston Globe, The San Francisco Chronicle, The Root,<\/em> et <em>The Huffington Post Black Voices<\/em> et s\u00e9lectionn\u00e9 comme choix de la r\u00e9daction par le <em>New York Times<\/em> ; un NAACP Image Award for Outstanding Literary Work ; Zora Neale Hurston\/Richard Wright Foundation Legacy Award ; American Library Association African American Committee Book Award ; Leon Levy Biography Center Residency\/Fellowship ; et Excellence in Teaching Award de la New York Association of Black Journalists. Elle collabore r\u00e9guli\u00e8rement au <em>Washington Post<\/em>, au <em>Financial Times<\/em>, au <em>Guardian<\/em> et au <em>New York Times<\/em>, entre autres. Elle est membre du conseil d&#8217;administration de la Shubert Foundation et du Leon Levy Biography Center. Elle a \u00e9t\u00e9 \u00e0 deux reprises r\u00e9sidente de la Maison Dora Maar.<br><\/p>\n<\/div>\n<\/div>\n<\/div>\n\n\n\n<div class=\"wp-block-group alignwide is-layout-constrained wp-block-group-is-layout-constrained\">\n<div class=\"wp-block-columns alignwide is-layout-flex wp-container-core-columns-is-layout-28f84493 wp-block-columns-is-layout-flex\">\n<div class=\"wp-block-column is-layout-flow wp-block-column-is-layout-flow\" style=\"flex-basis:33.33%\">\n<figure class=\"wp-block-image size-full is-resized wp-duotone-grayscale\"><img loading=\"lazy\" decoding=\"async\" width=\"428\" height=\"576\" src=\"https:\/\/maisondoramaar.org\/wp-content\/uploads\/2025\/03\/Capture-decran-2025-03-11-a-14.58.11-1.png\" alt=\"\" class=\"wp-image-7833\" style=\"width:201px;height:auto\" srcset=\"https:\/\/maisondoramaar.org\/wp-content\/uploads\/2025\/03\/Capture-decran-2025-03-11-a-14.58.11-1.png 428w, https:\/\/maisondoramaar.org\/wp-content\/uploads\/2025\/03\/Capture-decran-2025-03-11-a-14.58.11-1-223x300.png 223w\" sizes=\"auto, (max-width: 428px) 100vw, 428px\" \/><\/figure>\n<\/div>\n\n\n\n<div class=\"wp-block-column is-layout-flow wp-block-column-is-layout-flow\" style=\"flex-basis:66.66%\">\n<h3 class=\"wp-block-heading\"><strong>William<\/strong> M. Osborne III<\/h3>\n\n\n\n<p>William M. Osborne III est un banquier d&#8217;affaires et un gestionnaire d&#8217;actifs d\u00e9sormais \u00e0 la retraite. Il a fr\u00e9quent\u00e9 l&#8217;universit\u00e9 de Yale et a \u00e9t\u00e9 membre des Spizzwinks, un groupe a cappella exclusivement masculin. Il continue de soutenir son alma mater en tant qu&#8217;administrateur de la Yale Art Gallery, le plus grand mus\u00e9e d&#8217;art universitaire du pays. Depuis 2017, M. Osborne est membre du conseil d&#8217;administration du New World Symphony \u00e0 Miami, en Floride. Il est devenu pr\u00e9sident du conseil d&#8217;administration du New World Symphony en 2021. M. Osborne si\u00e8ge au conseil d&#8217;administration du Mus\u00e9e national de la Seconde Guerre mondiale \u00e0 la Nouvelle-Orl\u00e9ans. En r\u00e9ponse \u00e0 la pand\u00e9mie de Covid-19, M. Osborne, sa femme Karen Hall Bechtel, conseill\u00e8re au sein du groupe Carlyle, et son fils Mac ont fond\u00e9 Meals for Heroes Miami, qui a fourni 40 000 repas aux secouristes de Miami durant les phases les plus intenses de la crise. Avec sa femme Karen, Will est un philanthrope des arts et des artistes, avec une collection d&#8217;art contemporain de renomm\u00e9e mondiale dans leur maison de Miami et une collection exceptionnelle d&#8217;art de l&#8217;Hudson Valley River School dans leur maison du nord de l&#8217;\u00c9tat de New York.<\/p>\n<\/div>\n<\/div>\n<\/div>\n\n\n\n<div class=\"wp-block-group alignwide is-layout-constrained wp-block-group-is-layout-constrained\">\n<div class=\"wp-block-columns alignwide is-layout-flex wp-container-core-columns-is-layout-28f84493 wp-block-columns-is-layout-flex\">\n<div class=\"wp-block-column is-layout-flow wp-block-column-is-layout-flow\" style=\"flex-basis:33.33%\">\n<figure class=\"wp-block-image size-full wp-duotone-grayscale\"><img loading=\"lazy\" decoding=\"async\" width=\"1667\" height=\"2500\" src=\"https:\/\/maisondoramaar.org\/wp-content\/uploads\/2025\/12\/Mike-Dumas.jpg\" alt=\"\" class=\"wp-image-8825\" srcset=\"https:\/\/maisondoramaar.org\/wp-content\/uploads\/2025\/12\/Mike-Dumas.jpg 1667w, https:\/\/maisondoramaar.org\/wp-content\/uploads\/2025\/12\/Mike-Dumas-200x300.jpg 200w, https:\/\/maisondoramaar.org\/wp-content\/uploads\/2025\/12\/Mike-Dumas-683x1024.jpg 683w, https:\/\/maisondoramaar.org\/wp-content\/uploads\/2025\/12\/Mike-Dumas-768x1152.jpg 768w, https:\/\/maisondoramaar.org\/wp-content\/uploads\/2025\/12\/Mike-Dumas-1024x1536.jpg 1024w, https:\/\/maisondoramaar.org\/wp-content\/uploads\/2025\/12\/Mike-Dumas-1366x2048.jpg 1366w, https:\/\/maisondoramaar.org\/wp-content\/uploads\/2025\/12\/Mike-Dumas-1600x2400.jpg 1600w, https:\/\/maisondoramaar.org\/wp-content\/uploads\/2025\/12\/Mike-Dumas-500x750.jpg 500w, https:\/\/maisondoramaar.org\/wp-content\/uploads\/2025\/12\/Mike-Dumas-800x1200.jpg 800w, https:\/\/maisondoramaar.org\/wp-content\/uploads\/2025\/12\/Mike-Dumas-1280x1920.jpg 1280w\" sizes=\"auto, (max-width: 1667px) 100vw, 1667px\" \/><\/figure>\n<\/div>\n\n\n\n<div class=\"wp-block-column is-layout-flow wp-block-column-is-layout-flow\" style=\"flex-basis:66.66%\">\n<h3 class=\"wp-block-heading\"><strong>MICHAEL<\/strong> R. DUMAS<\/h3>\n\n\n\n<p>Michael R. Dumas est un cadre retrait\u00e9 du secteur maritime. Il a \u00e9t\u00e9 propri\u00e9taire de Maritime Holdings Worldwide (MHW) de 1997 \u00e0 2020, p\u00e9riode durant laquelle il a occup\u00e9 le poste de directeur financier de la soci\u00e9t\u00e9 d&#8217;exploitation Intermarine LLC. Il a \u00e9galement \u00e9t\u00e9 pr\u00e9sident des filiales Industrial Terminals et Patriot Shipping.\u202f Avant ses 24 ann\u00e9es dans l&#8217;industrie maritime, il a travaill\u00e9 pour Freeport Copper and Gold (FCX) en tant que vice-pr\u00e9sident du d\u00e9veloppement de l&#8217;entreprise. Au cours de son passage chez Freeport, il a notamment pass\u00e9 trois ans \u00e0 Madrid en tant que directeur financier charg\u00e9 de l&#8217;expansion des projets pour une filiale acquise. Il a r\u00e9cemment fond\u00e9 une start-up sp\u00e9cialis\u00e9e dans les batteries, Option Zero, qui pr\u00e9voit de fournir de grandes batteries mobiles \u00e0 l&#8217;industrie p\u00e9troli\u00e8re et gazi\u00e8re et \u00e0 d&#8217;autres grands consommateurs d&#8217;\u00e9nergie. Au cours des cinq derni\u00e8res ann\u00e9es, il s&#8217;est concentr\u00e9 sur sa participation au conseil d&#8217;administration d&#8217;institutions \u00e0 but non lucratif telles que le Woods Hole Oceanographic Institute \u00e0 Cape Cod, ainsi que sur son r\u00f4le de membre du conseil d&#8217;administration et de pr\u00e9sident de la Greater Houston Community Foundation, un important fonds conseill\u00e9 par des donateurs impliqu\u00e9 dans la communaut\u00e9 philanthropique du Texas.\u202f\u202fIl s&#8217;int\u00e9resse \u00e9galement depuis longtemps \u00e0 sa fondation universitaire, la Southern Arkansas University Foundation, dont il est membre du conseil d&#8217;administration et pr\u00e9sident. Il s&#8217;est \u00e9galement impliqu\u00e9 dans d&#8217;autres petites organisations \u00e0 but non lucratif, telles que le Houston Maritime Museum Center, en tant que tr\u00e9sorier, et le Louisiana Children&#8217;s Museum \u00e0 La Nouvelle-Orl\u00e9ans, en tant que pr\u00e9sident.\u202fMike est consul honorifique d&#8217;Islande pour la ville de Houston. Il aime mettre \u00e0 profit sa longue exp\u00e9rience en mati\u00e8re de planification et son implication dans diverses cultures \u00e0 travers le monde pour collaborer \u00e0 l&#8217;\u00e9laboration de visions strat\u00e9giques pour des organisations \u00e0 but non lucratif. Krista et lui font actuellement partie des comit\u00e9s charg\u00e9s des estampes, des dessins et de la photographie du Mus\u00e9e des beaux-arts de Houston. Krista et Mike aiment voyager et collectionner des \u0153uvres d&#8217;art. Il s&#8217;est r\u00e9cemment mis au dessin et \u00e0 l&#8217;aquarelle. De plus, depuis qu&#8217;ils ont pris leur retraite partielle, Mike et Krista appr\u00e9cient participer \u00e0 des \u00e9v\u00e9nements parrain\u00e9s par le Mus\u00e9e national de la Seconde Guerre mondiale.\u202f\u202f<\/p>\n<\/div>\n<\/div>\n<\/div>\n\n\n\n<div class=\"wp-block-group alignwide is-layout-constrained wp-block-group-is-layout-constrained\">\n<div class=\"wp-block-columns alignwide is-layout-flex wp-container-core-columns-is-layout-28f84493 wp-block-columns-is-layout-flex\">\n<div class=\"wp-block-column is-layout-flow wp-block-column-is-layout-flow\" style=\"flex-basis:33.33%\">\n<figure class=\"wp-block-image size-full wp-duotone-grayscale\"><img loading=\"lazy\" decoding=\"async\" width=\"777\" height=\"988\" src=\"https:\/\/maisondoramaar.org\/wp-content\/uploads\/2025\/12\/Maria-C.-Bechilyfeatred-min.jpg\" alt=\"\" class=\"wp-image-8827\" srcset=\"https:\/\/maisondoramaar.org\/wp-content\/uploads\/2025\/12\/Maria-C.-Bechilyfeatred-min.jpg 777w, https:\/\/maisondoramaar.org\/wp-content\/uploads\/2025\/12\/Maria-C.-Bechilyfeatred-min-236x300.jpg 236w, https:\/\/maisondoramaar.org\/wp-content\/uploads\/2025\/12\/Maria-C.-Bechilyfeatred-min-768x977.jpg 768w, https:\/\/maisondoramaar.org\/wp-content\/uploads\/2025\/12\/Maria-C.-Bechilyfeatred-min-500x636.jpg 500w\" sizes=\"auto, (max-width: 777px) 100vw, 777px\" \/><\/figure>\n<\/div>\n\n\n\n<div class=\"wp-block-column is-layout-flow wp-block-column-is-layout-flow\" style=\"flex-basis:66.66%\">\n<h3 class=\"wp-block-heading\"><strong>MAR\u00cdA<\/strong> C. Bechily<\/h3>\n\n\n\n<p>Mar\u00eda C. Bechily a cr\u00e9\u00e9 l&#8217;une des premi\u00e8res agences de relations publiques et de marketing visant \u00e0 identifier et \u00e0 cibler les consommateurs hispaniques \u00e0 Chicago.\u202f Parmi ses clients figuraient Peoples Energy, Anheuser-Busch Companies, la Fondation Kraft, le Terra Museum of American Art, le procureur g\u00e9n\u00e9ral de l&#8217;Illinois et Hoy, une publication en espagnol du Chicago Tribune. En plus de son travail en arri\u00e8re-plan pour toucher les latino-am\u00e9ricains de Chicago, elle est \u00e9galement apparue devant les cam\u00e9ras en tant qu&#8217;animatrice d&#8217;\u00e9missions de t\u00e9l\u00e9vision en espagnol sur WSNS-TV, Channel 44 (aujourd&#8217;hui Univision).\u202f Deux de ses \u00e9missions ont \u00e9t\u00e9 nomin\u00e9es aux Emmy Awards. Bechily poss\u00e8de une exp\u00e9rience significative dans le domaine des affaires gouvernementales et des politiques publiques, ayant travaill\u00e9 pour un ancien s\u00e9nateur am\u00e9ricain de l&#8217;Illinois. Elle a \u00e9galement si\u00e9g\u00e9 \u00e0 de nombreux conseils d&#8217;administration sur nomination du maire et du pr\u00e9sident. Elle si\u00e8ge actuellement au conseil d&#8217;administration du P\u00e9rez Art Museum Miami.\u202fElle est administratrice permanente du Goodman Theatre, o\u00f9 elle est la pr\u00e9sidente fondatrice du comit\u00e9 d&#8217;\u00e9ducation du conseil d&#8217;administration. Elle est une ancienne membre du comit\u00e9 ex\u00e9cutif du Chicago Community Trust et copr\u00e9sidente fondatrice de Nuestro Futuro, une fondation conseill\u00e9e par des donateurs qui promeut la philanthropie parmi les Latinos.\u202f Maria est \u00e9galement administratrice permanente de la Northwestern Memorial Foundation. Pendant son mandat au conseil d&#8217;administration, elle a copr\u00e9sid\u00e9 \u00ab Enhancing our Lives \u00bb, une campagne de financement de 207 millions de dollars.\u202f\u202fBechily a obtenu une licence en sociologie \u00e0 l&#8217;universit\u00e9 Loyola de Chicago et une ma\u00eetrise en \u00e9tudes de politique publique \u00e0 la Harris School of Public Policy de l&#8217;universit\u00e9 de Chicago. En 2022, elle a \u00e9t\u00e9 \u00e9lue pr\u00e9sidente du conseil d&#8217;administration d&#8217;ArtesMiami, Inc., une organisation 501(c)3 qui soutient et promeut les artistes et les organisations culturelles hispaniques.<\/p>\n<\/div>\n<\/div>\n<\/div>\n\n\n\n<div class=\"wp-block-group alignwide is-layout-constrained wp-block-group-is-layout-constrained\">\n<div class=\"wp-block-columns alignwide is-layout-flex wp-container-core-columns-is-layout-28f84493 wp-block-columns-is-layout-flex\">\n<div class=\"wp-block-column is-layout-flow wp-block-column-is-layout-flow\" style=\"flex-basis:33.33%\">\n<figure class=\"wp-block-image size-full wp-duotone-grayscale\"><img decoding=\"async\" src=\"https:\/\/maisondoramaar.org\/wp-content\/uploads\/2025\/12\/Caroline-Negley-e1765965848893.jpg\" alt=\"\" class=\"wp-image-8829\"\/><\/figure>\n<\/div>\n\n\n\n<div class=\"wp-block-column is-layout-flow wp-block-column-is-layout-flow\" style=\"flex-basis:66.66%\">\n<h3 class=\"wp-block-heading\"><strong>CAROLINE<\/strong> NEGLEY<\/h3>\n\n\n\n<p>Caroline Negley est n\u00e9e et a grandi \u00e0 Houston, au Texas, puis a v\u00e9cu dans la r\u00e9gion d&#8217;Austin, \u00e0 Washington D.C. et \u00e0 Londres. Elle est dipl\u00f4m\u00e9e de l&#8217;universit\u00e9 Southwestern de Georgetown, au Texas. Elle a notamment occup\u00e9 les postes de coordinatrice de campagne pour un membre de la Chambre des repr\u00e9sentants, de directrice de district pour un repr\u00e9sentant de l&#8217;\u00c9tat et de responsable du d\u00e9veloppement commercial pour une start-up sp\u00e9cialis\u00e9e dans les dispositifs m\u00e9dicaux, Otricath. Elle travaille actuellement chez TSP Manufacturing \u00e0 Houston.\u202f Elle si\u00e8ge au conseil d&#8217;administration de la Brown Foundation et au comit\u00e9 de sant\u00e9 comportementale de l&#8217;h\u00f4pital m\u00e9thodiste.<\/p>\n<\/div>\n<\/div>\n<\/div>\n\n\n\n<div class=\"wp-block-group alignwide is-layout-constrained wp-block-group-is-layout-constrained\">\n<div class=\"wp-block-columns alignwide is-layout-flex wp-container-core-columns-is-layout-28f84493 wp-block-columns-is-layout-flex\">\n<div class=\"wp-block-column is-layout-flow wp-block-column-is-layout-flow\" style=\"flex-basis:33.33%\">\n<figure class=\"wp-block-image size-full wp-duotone-grayscale\"><img loading=\"lazy\" decoding=\"async\" width=\"280\" height=\"353\" src=\"https:\/\/maisondoramaar.org\/wp-content\/uploads\/2022\/12\/strauss_nbnarp_headshot.jpeg\" alt=\"\" class=\"wp-image-3808\" srcset=\"https:\/\/maisondoramaar.org\/wp-content\/uploads\/2022\/12\/strauss_nbnarp_headshot.jpeg 280w, https:\/\/maisondoramaar.org\/wp-content\/uploads\/2022\/12\/strauss_nbnarp_headshot-238x300.jpeg 238w\" sizes=\"auto, (max-width: 280px) 100vw, 280px\" \/><\/figure>\n<\/div>\n\n\n\n<div class=\"wp-block-column is-layout-flow wp-block-column-is-layout-flow\" style=\"flex-basis:66.66%\">\n<h3 class=\"wp-block-heading\"><strong>Gwen<\/strong> Strauss<\/h3>\n\n\n\n<p>Directrice g\u00e9n\u00e9rale depuis la cr\u00e9ation du programme de r\u00e9sidence \u00e0 la Maison Dora Maar en 2007, Gwen Strauss a jou\u00e9 un r\u00f4le de premier plan dans ce projet, d\u2019abord en tant que directrice adjointe, puis en tant que directrice. Avant de travailler \u00e0 la Maison Dora Maar, Gwen Strauss a \u00e9t\u00e9 directrice du campus du Savannah College of Art and Design \u00e0 Lacoste. Elle est \u00e9galement \u00e9crivaine. Parmi ses livres figurent : <em>The Hiding Game<\/em>, un Middle Grade Reader portant sur des artistes r\u00e9fugi\u00e9s \u00e0 Marseille gr\u00e2ce \u00e0 l\u2019aide de Varian Fry en 1940 ; <em>Trail of Stones<\/em>, un recueil de po\u00e9sie ; <em>The Night Shimmy<\/em>, un livre pour enfants ; et <em>Ruth and the Green Book<\/em>, qui a re\u00e7u une importante reconnaissance, notamment le <em>ALA 2011 Most Notable Middle Grade Reader<\/em> et le <em>Honor book for the Jane Adam\u2019s Peace Prize<\/em>. Elle a \u00e9galement \u00e9crit <em>The Nine<\/em> (<em>Elles \u00c9taient Neuf<\/em>, 2021), et son ouvrage le plus r\u00e9cent est <em>Milena And Margarete<\/em> (2025).<\/p>\n<\/div>\n<\/div>\n<\/div>\n\n\n\n<div class=\"wp-block-buttons is-content-justification-center is-layout-flex wp-container-core-buttons-is-layout-a89b3969 wp-block-buttons-is-layout-flex\">\n<div class=\"wp-block-button\"><a class=\"wp-block-button__link wp-element-button\">t\u00e9l\u00e9charger le rapport annuel<\/a><\/div>\n<\/div>\n\n\n\n<div style=\"height:60px\" aria-hidden=\"true\" class=\"wp-block-spacer\"><\/div>\n\n\n\n<h2 class=\"wp-block-heading has-text-align-center\">Conseil d\u2019administration de l&#8217;Association Nancy B. Negley (France)<\/h2>\n\n\n\n<div class=\"wp-block-group alignwide is-layout-constrained wp-block-group-is-layout-constrained\">\n<div class=\"wp-block-columns alignwide is-layout-flex wp-container-core-columns-is-layout-28f84493 wp-block-columns-is-layout-flex\">\n<div class=\"wp-block-column is-layout-flow wp-block-column-is-layout-flow\" style=\"flex-basis:33.33%\">\n<figure class=\"wp-block-image size-full wp-duotone-grayscale\"><img loading=\"lazy\" decoding=\"async\" width=\"500\" height=\"488\" src=\"https:\/\/maisondoramaar.org\/wp-content\/uploads\/2022\/12\/Yves-rousset-rouard.jpg\" alt=\"\" class=\"wp-image-3811\" srcset=\"https:\/\/maisondoramaar.org\/wp-content\/uploads\/2022\/12\/Yves-rousset-rouard.jpg 500w, https:\/\/maisondoramaar.org\/wp-content\/uploads\/2022\/12\/Yves-rousset-rouard-300x293.jpg 300w, https:\/\/maisondoramaar.org\/wp-content\/uploads\/2022\/12\/Yves-rousset-rouard-480x468.jpg 480w\" sizes=\"auto, (max-width: 500px) 100vw, 500px\" \/><\/figure>\n<\/div>\n\n\n\n<div class=\"wp-block-column is-layout-flow wp-block-column-is-layout-flow\" style=\"flex-basis:66.66%\">\n<h3 class=\"wp-block-heading\"><strong>Yves<\/strong> Rousset-Rouard<\/h3>\n\n\n\n<p>Maire de M\u00e9nerbes de 1995 \u00e0 2014, Yves Rousset-Rouard est un producteur de cin\u00e9ma, un viticulteur, un homme d\u2019affaires et un homme politique reconnu. Parmi ses nombreux films, citons Emmanuelle, qui a connu un succ\u00e8s international et a \u00e9t\u00e9 projet\u00e9 pendant treize ans dans les cin\u00e9mas parisiens, Les Bronz\u00e9s, un classique des s\u00e9ries cultes; Je vais craquer; I love you, je t\u2019aime; Le P\u00e8re No\u00ebl est une ordure; et Le souper. En 1983, il ach\u00e8te le \u00ab France III \u00bb, le voilier de course qui a particip\u00e9 \u00e0 la 25e America\u2019s Cup. En 1989, il a fond\u00e9 la domaine La Citadelle, dans les vignobles en contrebas de M\u00e9nerbes, o\u00f9 il a \u00e9galement construit le mus\u00e9e du tire-bouchon pour abriter son impressionnante collection. Plus r\u00e9cemment, il a cr\u00e9\u00e9 un jardin botanique \u00e0 c\u00f4t\u00e9 du domaine viticole. Depuis 1996, il a \u00e9t\u00e9 administrateur, puis secr\u00e9taire g\u00e9n\u00e9ral de la Fondation franco-japonaise Sasakawa. Il a \u00e9galement cr\u00e9\u00e9 la Fondation pour M\u00e9nerbes. En 1993, il est \u00e9lu d\u00e9put\u00e9 du Vaucluse et deux ans plus tard, il est \u00e9lu maire de M\u00e9nerbes pour le premier de trois mandats. En tant que maire, il a \u00e9t\u00e9 \u00e0 l\u2019origine de nombreux projets de restauration et de d\u00e9veloppement culturel dont le village a grandement b\u00e9n\u00e9fici\u00e9. Il est \u00e0 l\u2019origine du concept et du projet de restauration de la Maison de la Truffe et du Vin du Luberon, une maison du XVIIe si\u00e8cle transform\u00e9e en centre du vin et de la truffe. Gr\u00e2ce \u00e0 son leadership, M\u00e9nerbes est renomm\u00e9 en tant que village central de la truffe, accueillant le march\u00e9 annuel de la truffe en d\u00e9cembre de chaque ann\u00e9e. Il a \u00e9t\u00e9 d\u00e9cor\u00e9 Chevalier de la L\u00e9gion d\u2019honneur et de l\u2019ordre national M\u00e9rite, Officier des Arts et des Lettres, Chevalier du M\u00e9rite Agricole, Etoiles d\u2019or et d\u2019argent de l\u2019ordre du Tr\u00e9sor Sacr\u00e9 (au Japon).<\/p>\n<\/div>\n<\/div>\n<\/div>\n\n\n\n<div class=\"wp-block-group alignwide is-layout-constrained wp-block-group-is-layout-constrained\">\n<div class=\"wp-block-columns alignwide is-layout-flex wp-container-core-columns-is-layout-28f84493 wp-block-columns-is-layout-flex\">\n<div class=\"wp-block-column is-layout-flow wp-block-column-is-layout-flow\" style=\"flex-basis:33.33%\">\n<figure class=\"wp-block-image size-full wp-duotone-grayscale\"><img loading=\"lazy\" decoding=\"async\" width=\"820\" height=\"820\" src=\"https:\/\/maisondoramaar.org\/wp-content\/uploads\/2025\/12\/Patricia-Barbizet-7-1.jpeg.avif\" alt=\"\" class=\"wp-image-8844\" srcset=\"https:\/\/maisondoramaar.org\/wp-content\/uploads\/2025\/12\/Patricia-Barbizet-7-1.jpeg.avif 820w, https:\/\/maisondoramaar.org\/wp-content\/uploads\/2025\/12\/Patricia-Barbizet-7-1.jpeg-300x300.avif 300w, https:\/\/maisondoramaar.org\/wp-content\/uploads\/2025\/12\/Patricia-Barbizet-7-1.jpeg-150x150.avif 150w, https:\/\/maisondoramaar.org\/wp-content\/uploads\/2025\/12\/Patricia-Barbizet-7-1.jpeg-768x768.avif 768w, https:\/\/maisondoramaar.org\/wp-content\/uploads\/2025\/12\/Patricia-Barbizet-7-1.jpeg-500x500.avif 500w, https:\/\/maisondoramaar.org\/wp-content\/uploads\/2025\/12\/Patricia-Barbizet-7-1.jpeg-800x800.avif 800w\" sizes=\"auto, (max-width: 820px) 100vw, 820px\" \/><\/figure>\n<\/div>\n\n\n\n<div class=\"wp-block-column is-layout-flow wp-block-column-is-layout-flow\" style=\"flex-basis:66.66%\">\n<h3 class=\"wp-block-heading\"><strong>PATRICIA<\/strong> BARBIZET<\/h3>\n\n\n\n<p>Patricia&nbsp;Barbizet&nbsp;est une femme d&#8217;affaires fran\u00e7aise de premier plan, connue pour ses fonctions influentes dans les secteurs du luxe et de la finance. Elle a \u00e9t\u00e9 PDG d&#8217;Artcurial, la premi\u00e8re maison de ventes aux ench\u00e8res en France, et a pr\u00e9c\u00e9demment occup\u00e9 le poste de PDG du Groupe Art\u00e9mis, la soci\u00e9t\u00e9 d&#8217;investissement de Fran\u00e7ois Pinault, o\u00f9 elle g\u00e9rait des actifs dans les domaines du luxe, de l&#8217;art et des m\u00e9dias. Mme&nbsp;Barbizet&nbsp;est \u00e9galement entr\u00e9e dans l&#8217;histoire en devenant la premi\u00e8re femme \u00e0 pr\u00e9sider le conseil d&#8217;administration d&#8217;une entreprise du CAC 40.&nbsp;Tout au long de sa carri\u00e8re, elle a occup\u00e9 des postes au sein des conseils d&#8217;administration de grandes entreprises telles que&nbsp;TotalEnergies, AXA et Air France-KLM, o\u00f9 elle s&#8217;est forg\u00e9 une r\u00e9putation gr\u00e2ce \u00e0 son leadership, sa vision strat\u00e9gique et son r\u00f4le pionnier dans la promotion de la diversit\u00e9 des genres dans la gouvernance d&#8217;entreprise.&nbsp;<\/p>\n<\/div>\n<\/div>\n<\/div>\n\n\n\n<div class=\"wp-block-group alignwide is-layout-constrained wp-block-group-is-layout-constrained\">\n<div class=\"wp-block-columns alignwide is-layout-flex wp-container-core-columns-is-layout-28f84493 wp-block-columns-is-layout-flex\">\n<div class=\"wp-block-column is-layout-flow wp-block-column-is-layout-flow\" style=\"flex-basis:33.33%\">\n<figure class=\"wp-block-image size-full wp-duotone-grayscale\"><img loading=\"lazy\" decoding=\"async\" width=\"400\" height=\"560\" src=\"https:\/\/maisondoramaar.org\/wp-content\/uploads\/2022\/12\/Dr-Celeste-Schenck.jpeg\" alt=\"\" class=\"wp-image-3814\" srcset=\"https:\/\/maisondoramaar.org\/wp-content\/uploads\/2022\/12\/Dr-Celeste-Schenck.jpeg 400w, https:\/\/maisondoramaar.org\/wp-content\/uploads\/2022\/12\/Dr-Celeste-Schenck-214x300.jpeg 214w\" sizes=\"auto, (max-width: 400px) 100vw, 400px\" \/><\/figure>\n<\/div>\n\n\n\n<div class=\"wp-block-column is-layout-flow wp-block-column-is-layout-flow\" style=\"flex-basis:66.66%\">\n<h3 class=\"wp-block-heading\"><strong>Celeste<\/strong> Schenck<\/h3>\n\n\n\n<p>Celeste Schenck, douzi\u00e8me pr\u00e9sidente de l\u2019Universit\u00e9 am\u00e9ricaine de Paris, en \u00e9tait auparavant la doyenne et la doyenne, ainsi que professeur de litt\u00e9rature compar\u00e9e. Elle est titulaire d\u2019une licence de l\u2019universit\u00e9 de Princeton et d\u2019un doctorat de l\u2019universit\u00e9 de Brown. Elle a dirig\u00e9 deux s\u00e9ries internationales, Reading Women Writing et le Barnard New Women Poets Prize, et a publi\u00e9 de nombreux ouvrages sur l\u2019autobiographie et la po\u00e9sie des femmes, la th\u00e9orie critique, le d\u00e9veloppement international et les questions \u00e9ducatives et p\u00e9dagogiques. Leader dans le domaine de l\u2019enseignement sup\u00e9rieur international, Mme Schenck a fond\u00e9 AMICAL en 2004, un consortium d\u2019universit\u00e9s am\u00e9ricaines d\u2019Europe, du Moyen-Orient, d\u2019Asie centrale et d\u2019Afrique du Nord, dont la mission commune est de partager des ressources, des technologies, des projets de programmes d\u2019\u00e9tudes et des \u00e9changes de professeurs et d\u2019\u00e9tudiants entre 29 institutions, 21 pays et 19 langues. Elle a \u00e9galement \u00e9t\u00e9 pr\u00e9sidente de l\u2019AAICU (Association of American International Colleges and Universities), une organisation de pr\u00e9sidents regroupant des universit\u00e9s de type am\u00e9ricain dans le monde entier. Pr\u00e9sidente de l\u2019Universit\u00e9 am\u00e9ricaine de Paris depuis 2008, elle \u00e9crit et donne des conf\u00e9rences sur l\u2019enseignement sup\u00e9rieur international, les arts lib\u00e9raux mondiaux et le leadership des femmes.<\/p>\n<\/div>\n<\/div>\n<\/div>\n\n\n\n<div class=\"wp-block-group alignwide is-layout-constrained wp-block-group-is-layout-constrained\">\n<div class=\"wp-block-columns alignwide is-layout-flex wp-container-core-columns-is-layout-28f84493 wp-block-columns-is-layout-flex\">\n<div class=\"wp-block-column is-layout-flow wp-block-column-is-layout-flow\" style=\"flex-basis:33.33%\">\n<figure class=\"wp-block-image size-full wp-duotone-grayscale\"><img loading=\"lazy\" decoding=\"async\" width=\"280\" height=\"353\" src=\"https:\/\/maisondoramaar.org\/wp-content\/uploads\/2022\/12\/havel_nbnarp_headshot.jpeg\" alt=\"\" class=\"wp-image-3798\" srcset=\"https:\/\/maisondoramaar.org\/wp-content\/uploads\/2022\/12\/havel_nbnarp_headshot.jpeg 280w, https:\/\/maisondoramaar.org\/wp-content\/uploads\/2022\/12\/havel_nbnarp_headshot-238x300.jpeg 238w\" sizes=\"auto, (max-width: 280px) 100vw, 280px\" \/><\/figure>\n<\/div>\n\n\n\n<div class=\"wp-block-column is-layout-flow wp-block-column-is-layout-flow\" style=\"flex-basis:66.66%\">\n<h3 class=\"wp-block-heading\"><strong>Joseph<\/strong> Havel<\/h3>\n\n\n\n<p>Joseph Havel est un artiste mondialement connu qui vit et travaille \u00e0 Houston au Texas. En plus de sa pratique artistique, il est le directeur de la Glassell School of Art et de son c\u00e9l\u00e8bre programme de r\u00e9sidence: le Core Residency Program. Ses \u0153uvres ont \u00e9t\u00e9 expos\u00e9es \u00e0 travers les \u00c9tats-Unis et l\u2019Europe, notamment dans le cadre d\u2019expositions individuelles au Centre d\u2019Art Contemporain Baltic \u00e0 Gateshead au Royaume-Uni, au Mus\u00e9e des Beaux-Arts de Houston, au Palais de Tokyo \u00e0 Paris, au Centre d\u2019Art Contemporain Baltic \u00e0 Kiev et au Centre d\u2019\u00c9tudes Curatoriales au Bard College \u00e0 New York. Son art a aussi fait l\u2019objet de nombreuses expositions collectives, dont la Whitney Biennale en 2000. Ses \u0153uvres font partie de plusieurs collections publiques aux \u00c9tats-Unis et ailleurs, dont le Mus\u00e9e Whitney \u00e0 New York, le Mus\u00e9e d\u2019Art Moderne de Fort Worth, le Centre Pompidou \u00e0 Paris, la Galerie nationale d\u2019art \u00e0 Washington, le Mus\u00e9e municipal d\u2019art actuel (Stedelijk voor Actuele Kunst) \u00e0 Gand en Belgique, le Minist\u00e8re de la Culture de Paris, la Collection Menil \u00e0 Houston, le Mus\u00e9e d\u2019Art de Dallas, et l\u2019Universit\u00e9 Rice et le Mus\u00e9e des Beaux-Arts \u00e0 Houston.<\/p>\n<\/div>\n<\/div>\n<\/div>\n\n\n\n<div class=\"wp-block-group alignwide is-layout-constrained wp-block-group-is-layout-constrained\">\n<div class=\"wp-block-columns alignwide is-layout-flex wp-container-core-columns-is-layout-28f84493 wp-block-columns-is-layout-flex\">\n<div class=\"wp-block-column is-layout-flow wp-block-column-is-layout-flow\" style=\"flex-basis:33.33%\">\n<figure class=\"wp-block-image size-full wp-duotone-grayscale\"><img loading=\"lazy\" decoding=\"async\" width=\"440\" height=\"587\" src=\"https:\/\/maisondoramaar.org\/wp-content\/uploads\/2022\/12\/Franc\u2560ooiseNyssen.jpeg\" alt=\"\" class=\"wp-image-3817\" srcset=\"https:\/\/maisondoramaar.org\/wp-content\/uploads\/2022\/12\/Franc\u2560ooiseNyssen.jpeg 440w, https:\/\/maisondoramaar.org\/wp-content\/uploads\/2022\/12\/Franc\u2560ooiseNyssen-225x300.jpeg 225w, https:\/\/maisondoramaar.org\/wp-content\/uploads\/2022\/12\/Franc\u2560ooiseNyssen-346x461.jpeg 346w\" sizes=\"auto, (max-width: 440px) 100vw, 440px\" \/><\/figure>\n<\/div>\n\n\n\n<div class=\"wp-block-column is-layout-flow wp-block-column-is-layout-flow\" style=\"flex-basis:66.66%\">\n<h3 class=\"wp-block-heading\"><strong>Fran\u00e7oise<\/strong> Nyssen<\/h3>\n\n\n\n<p>Fran\u00e7oise Nyssen est une \u00e9ditrice et femme politique franco-belge, ancienne directrice de la maison d\u2019\u00e9dition Actes Sud. De 2017 \u00e0 2018, elle a \u00e9t\u00e9 ministre de la Culture de la France dans le gouvernement du Premier ministre \u00c9douard Philippe. Au d\u00e9but de sa carri\u00e8re, Nyssen a d\u2019abord travaill\u00e9 comme urbaniste \u00e0 Paris. En 1987, Nyssen est devenue associ\u00e9e et pr\u00e9sidente des \u00e9ditions Actes Sud, situ\u00e9es \u00e0 Arles. Fran\u00e7oise Nyssen et son mari ont fond\u00e9 l\u2019\u00e9cole Steiner-Waldorf Domaine du possible en 2014. L\u2019\u00e9cole s\u2019est install\u00e9e dans une ferme \u00e0 quelques kilom\u00e8tres du centre d\u2019Arles. F\u00e9ministe engag\u00e9e, elle a re\u00e7u le prix Veuve Clicquot pour les femmes d\u2019affaires en 1991. Elle est \u00e9galement Officier de la L\u00e9gion d\u2019honneur, Commandeur de l\u2019ordre national du M\u00e9rite, et Commandeur de l\u2019ordre des Arts et des Lettres.<\/p>\n<\/div>\n<\/div>\n<\/div>\n\n\n\n<div class=\"wp-block-group alignwide is-layout-constrained wp-block-group-is-layout-constrained\">\n<div class=\"wp-block-columns alignwide is-layout-flex wp-container-core-columns-is-layout-28f84493 wp-block-columns-is-layout-flex\">\n<div class=\"wp-block-column is-layout-flow wp-block-column-is-layout-flow\" style=\"flex-basis:33.33%\">\n<figure class=\"wp-block-image size-full wp-duotone-grayscale\"><img loading=\"lazy\" decoding=\"async\" width=\"764\" height=\"914\" src=\"https:\/\/maisondoramaar.org\/wp-content\/uploads\/2022\/12\/Malika.jpg\" alt=\"\" class=\"wp-image-3819\" srcset=\"https:\/\/maisondoramaar.org\/wp-content\/uploads\/2022\/12\/Malika.jpg 764w, https:\/\/maisondoramaar.org\/wp-content\/uploads\/2022\/12\/Malika-251x300.jpg 251w, https:\/\/maisondoramaar.org\/wp-content\/uploads\/2022\/12\/Malika-480x574.jpg 480w\" sizes=\"auto, (max-width: 764px) 100vw, 764px\" \/><\/figure>\n<\/div>\n\n\n\n<div class=\"wp-block-column is-layout-flow wp-block-column-is-layout-flow\" style=\"flex-basis:66.66%\">\n<h3 class=\"wp-block-heading\"><strong>Malika<\/strong> Noui<\/h3>\n\n\n\n<p>Malika Noui est Charg\u00e9e de production au Centre Pompidou depuis 2004. De 1993 \u00e0 2003, elle a \u00e9t\u00e9 responsable de la Phototh\u00e8que du Mus\u00e9e national d\u2019art moderne \/ Centre de cr\u00e9ation industrielle du Centre Pompidou. Auparavant, elle a r\u00e9alis\u00e9 le catalogue raisonn\u00e9 d\u2019Albert Gleizes dans le cadre de ses \u00e9tudes doctorales \u00e0 la Sorbonne, \u00e0 Paris. Elle a obtenu une ma\u00eetrise d\u2019histoire de l\u2019art \u00e0 l\u2019Universit\u00e9 Paul Val\u00e9ry de Montpellier et un DEA en histoire de l\u2019art \u00e0 l\u2019universit\u00e9 Paris 1 Panth\u00e9on-Sorbonne. Elle est secr\u00e9taire du Fonds de dotation Genevi\u00e8ve Asse et en charge de l\u2019atelier de Genevi\u00e8ve Asse \u00e0 Paris. Elle a une maison \u00e0 M\u00e9nerbes.<\/p>\n<\/div>\n<\/div>\n<\/div>\n\n\n\n<div class=\"wp-block-group alignwide is-layout-constrained wp-block-group-is-layout-constrained\">\n<div class=\"wp-block-columns alignwide is-layout-flex wp-container-core-columns-is-layout-28f84493 wp-block-columns-is-layout-flex\">\n<div class=\"wp-block-column is-layout-flow wp-block-column-is-layout-flow\" style=\"flex-basis:33.33%\">\n<figure class=\"wp-block-image size-full wp-duotone-grayscale\"><img loading=\"lazy\" decoding=\"async\" width=\"500\" height=\"667\" src=\"https:\/\/maisondoramaar.org\/wp-content\/uploads\/2022\/12\/Jerome-1.jpg\" alt=\"\" class=\"wp-image-3823\" srcset=\"https:\/\/maisondoramaar.org\/wp-content\/uploads\/2022\/12\/Jerome-1.jpg 500w, https:\/\/maisondoramaar.org\/wp-content\/uploads\/2022\/12\/Jerome-1-225x300.jpg 225w, https:\/\/maisondoramaar.org\/wp-content\/uploads\/2022\/12\/Jerome-1-480x640.jpg 480w, https:\/\/maisondoramaar.org\/wp-content\/uploads\/2022\/12\/Jerome-1-346x461.jpg 346w\" sizes=\"auto, (max-width: 500px) 100vw, 500px\" \/><\/figure>\n<\/div>\n\n\n\n<div class=\"wp-block-column is-layout-flow wp-block-column-is-layout-flow\" style=\"flex-basis:66.66%\">\n<h3 class=\"wp-block-heading\"><strong>J\u00e9r\u00f4me<\/strong> de Sta\u00ebl<\/h3>\n\n\n\n<p>J\u00e9r\u00f4me de Sta\u00ebl s\u2019est install\u00e9 \u00e0 M\u00e9nerbes alors qu\u2019il \u00e9tait un tr\u00e8s jeune enfant, lorsque son p\u00e8re Nicolas de Sta\u00ebl a achet\u00e9 le \u00ab Castellet \u00bb dans le village, avec les encouragements de son amie Dora Maar. Jeune adulte, J\u00e9r\u00f4me voyage en Am\u00e9rique du Sud et d\u00e9couvre la photographie. Il devient ensuite \u00e9b\u00e9niste et finit par revenir \u00e0 M\u00e9nerbes. Il a cr\u00e9\u00e9 les \u00ab Rencontres des Toiles \u00bb, un festival d\u2019art, de musique et de cin\u00e9ma \u00e0 but non lucratif d\u2019une semaine dans le village.<\/p>\n<\/div>\n<\/div>\n<\/div>\n\n\n\n<div class=\"wp-block-group alignwide is-layout-constrained wp-block-group-is-layout-constrained\">\n<div class=\"wp-block-columns alignwide is-layout-flex wp-container-core-columns-is-layout-28f84493 wp-block-columns-is-layout-flex\">\n<div class=\"wp-block-column is-layout-flow wp-block-column-is-layout-flow\" style=\"flex-basis:33.33%\">\n<figure class=\"wp-block-image size-full wp-duotone-grayscale\"><img loading=\"lazy\" decoding=\"async\" width=\"281\" height=\"354\" src=\"https:\/\/maisondoramaar.org\/wp-content\/uploads\/2022\/12\/negley_nbnarp_headshot.jpeg\" alt=\"\" class=\"wp-image-3793\" srcset=\"https:\/\/maisondoramaar.org\/wp-content\/uploads\/2022\/12\/negley_nbnarp_headshot.jpeg 281w, https:\/\/maisondoramaar.org\/wp-content\/uploads\/2022\/12\/negley_nbnarp_headshot-238x300.jpeg 238w\" sizes=\"auto, (max-width: 281px) 100vw, 281px\" \/><\/figure>\n<\/div>\n\n\n\n<div class=\"wp-block-column is-layout-flow wp-block-column-is-layout-flow\" style=\"flex-basis:66.66%\">\n<h3 class=\"wp-block-heading\"><strong>Walter<\/strong> Negley<\/h3>\n\n\n\n<p>Walter Negley est le pr\u00e9sident de WN Global, une soci\u00e9t\u00e9 de portefeuille g\u00e9rant deux entreprises de fabrication de produits d\u2019industrie lourde bas\u00e9es \u00e0 Houston, au Texas. Il a aussi fait partie du bureau d\u2019administration de Highland Ressources, une compagnie familiale d\u2019immobilier fond\u00e9e par Herman et George R. Brown, et du bureau d\u2019administration du A. S. Gage Ranch, qui a \u00e9t\u00e9 fond\u00e9 par des membres de sa famille dans les comt\u00e9s de Brewster et Presidio dans l\u2019ouest du Texas en 1883. Il a aussi servi comme pr\u00e9sident du conseil d\u2019administration de la Kinkaid School, du M.D. Anderson Cancer Center, du Neuhaus Center, et du Houston Museum of Natural Science. Walter a \u00e9t\u00e9 dipl\u00f4m\u00e9 d\u2019une licence d\u2019\u00e9conomie \u00e0 l\u2019Universit\u00e9 Trinity en 1977 et a ensuite suivi un master en commerce \u00e0 l\u2019Universit\u00e9 du Texas \u00e0 Austin. Walter a v\u00e9cu son enfance en San Antonio mais r\u00e9side actuellement \u00e0 Houston avec sa femme, Suzette, et leurs trois filles.<\/p>\n<\/div>\n<\/div>\n<\/div>\n\n\n\n<div class=\"wp-block-buttons is-content-justification-center is-layout-flex wp-container-core-buttons-is-layout-a89b3969 wp-block-buttons-is-layout-flex\">\n<div class=\"wp-block-button\"><a class=\"wp-block-button__link wp-element-button\">T\u00e9l\u00e9charger le rapport d\u2019activites et bilan<\/a><\/div>\n<\/div>\n\n\n\n<div style=\"height:60px\" aria-hidden=\"true\" class=\"wp-block-spacer\"><\/div>\n\n\n\n<div style=\"height:60px\" aria-hidden=\"true\" class=\"wp-block-spacer\"><\/div>\n","protected":false},"excerpt":{"rendered":"<p>Cette page pr\u00e9sente les membres du conseil d&#8217;administration.<\/p>\n","protected":false},"author":7,"featured_media":7228,"parent":7366,"menu_order":0,"comment_status":"closed","ping_status":"closed","template":"","meta":{"_acf_changed":false,"_uag_custom_page_level_css":"","site-sidebar-layout":"default","site-content-layout":"","ast-site-content-layout":"default","site-content-style":"default","site-sidebar-style":"default","ast-global-header-display":"","ast-banner-title-visibility":"","ast-main-header-display":"","ast-hfb-above-header-display":"","ast-hfb-below-header-display":"","ast-hfb-mobile-header-display":"","site-post-title":"","ast-breadcrumbs-content":"","ast-featured-img":"","footer-sml-layout":"","theme-transparent-header-meta":"","adv-header-id-meta":"","stick-header-meta":"","header-above-stick-meta":"","header-main-stick-meta":"","header-below-stick-meta":"","astra-migrate-meta-layouts":"default","ast-page-background-enabled":"default","ast-page-background-meta":{"desktop":{"background-color":"var(--ast-global-color-4)","background-image":"","background-repeat":"repeat","background-position":"center center","background-size":"auto","background-attachment":"scroll","background-type":"","background-media":"","overlay-type":"","overlay-color":"","overlay-opacity":"","overlay-gradient":""},"tablet":{"background-color":"","background-image":"","background-repeat":"repeat","background-position":"center center","background-size":"auto","background-attachment":"scroll","background-type":"","background-media":"","overlay-type":"","overlay-color":"","overlay-opacity":"","overlay-gradient":""},"mobile":{"background-color":"","background-image":"","background-repeat":"repeat","background-position":"center center","background-size":"auto","background-attachment":"scroll","background-type":"","background-media":"","overlay-type":"","overlay-color":"","overlay-opacity":"","overlay-gradient":""}},"ast-content-background-meta":{"desktop":{"background-color":"var(--ast-global-color-5)","background-image":"","background-repeat":"repeat","background-position":"center center","background-size":"auto","background-attachment":"scroll","background-type":"","background-media":"","overlay-type":"","overlay-color":"","overlay-opacity":"","overlay-gradient":""},"tablet":{"background-color":"var(--ast-global-color-5)","background-image":"","background-repeat":"repeat","background-position":"center center","background-size":"auto","background-attachment":"scroll","background-type":"","background-media":"","overlay-type":"","overlay-color":"","overlay-opacity":"","overlay-gradient":""},"mobile":{"background-color":"var(--ast-global-color-5)","background-image":"","background-repeat":"repeat","background-position":"center center","background-size":"auto","background-attachment":"scroll","background-type":"","background-media":"","overlay-type":"","overlay-color":"","overlay-opacity":"","overlay-gradient":""}},"footnotes":"","_links_to":"","_links_to_target":""},"class_list":["post-7384","page","type-page","status-publish","has-post-thumbnail","hentry"],"acf":[],"yoast_head":"<!-- This site is optimized with the Yoast SEO plugin v26.8 - https:\/\/yoast.com\/product\/yoast-seo-wordpress\/ -->\n<title>Conseil d\u2019administration - La Maison Dora Maar et L&#039;H\u00f4tel Tingry<\/title>\n<meta name=\"robots\" content=\"index, follow, max-snippet:-1, max-image-preview:large, max-video-preview:-1\" \/>\n<link rel=\"canonical\" href=\"https:\/\/maisondoramaar.org\/fr\/rencontre-lequipe-du-dmcc\/conseil-dadministration\/\" \/>\n<meta property=\"og:locale\" content=\"fr_FR\" \/>\n<meta property=\"og:type\" content=\"article\" \/>\n<meta property=\"og:title\" content=\"Conseil d\u2019administration - La Maison Dora Maar et L&#039;H\u00f4tel Tingry\" \/>\n<meta property=\"og:description\" content=\"Cette page pr\u00e9sente les membres du conseil d&#039;administration.\" \/>\n<meta property=\"og:url\" content=\"https:\/\/maisondoramaar.org\/fr\/rencontre-lequipe-du-dmcc\/conseil-dadministration\/\" \/>\n<meta property=\"og:site_name\" content=\"La Maison Dora Maar et L&#039;H\u00f4tel Tingry\" \/>\n<meta property=\"article:publisher\" content=\"https:\/\/fr-fr.facebook.com\/doramaarhouse\/\" \/>\n<meta property=\"article:modified_time\" content=\"2025-12-17T13:24:06+00:00\" \/>\n<meta property=\"og:image\" content=\"https:\/\/maisondoramaar.org\/wp-content\/uploads\/2024\/10\/IMG_1696-rotated.jpg\" \/>\n\t<meta property=\"og:image:width\" content=\"960\" \/>\n\t<meta property=\"og:image:height\" content=\"1280\" \/>\n\t<meta property=\"og:image:type\" content=\"image\/jpeg\" \/>\n<meta name=\"twitter:card\" content=\"summary_large_image\" \/>\n<meta name=\"twitter:label1\" content=\"Est. reading time\" \/>\n\t<meta name=\"twitter:data1\" content=\"21 minutes\" \/>\n<script type=\"application\/ld+json\" class=\"yoast-schema-graph\">{\"@context\":\"https:\/\/schema.org\",\"@graph\":[{\"@type\":\"WebPage\",\"@id\":\"https:\/\/maisondoramaar.org\/fr\/rencontre-lequipe-du-dmcc\/conseil-dadministration\/\",\"url\":\"https:\/\/maisondoramaar.org\/fr\/rencontre-lequipe-du-dmcc\/conseil-dadministration\/\",\"name\":\"Conseil d\u2019administration - La Maison Dora Maar et L&#039;H\u00f4tel Tingry\",\"isPartOf\":{\"@id\":\"https:\/\/maisondoramaar.org\/#website\"},\"primaryImageOfPage\":{\"@id\":\"https:\/\/maisondoramaar.org\/fr\/rencontre-lequipe-du-dmcc\/conseil-dadministration\/#primaryimage\"},\"image\":{\"@id\":\"https:\/\/maisondoramaar.org\/fr\/rencontre-lequipe-du-dmcc\/conseil-dadministration\/#primaryimage\"},\"thumbnailUrl\":\"https:\/\/maisondoramaar.org\/wp-content\/uploads\/2024\/10\/IMG_1696-rotated.jpg\",\"datePublished\":\"2024-10-21T18:51:28+00:00\",\"dateModified\":\"2025-12-17T13:24:06+00:00\",\"breadcrumb\":{\"@id\":\"https:\/\/maisondoramaar.org\/fr\/rencontre-lequipe-du-dmcc\/conseil-dadministration\/#breadcrumb\"},\"inLanguage\":\"fr-FR\",\"potentialAction\":[{\"@type\":\"ReadAction\",\"target\":[\"https:\/\/maisondoramaar.org\/fr\/rencontre-lequipe-du-dmcc\/conseil-dadministration\/\"]}]},{\"@type\":\"ImageObject\",\"inLanguage\":\"fr-FR\",\"@id\":\"https:\/\/maisondoramaar.org\/fr\/rencontre-lequipe-du-dmcc\/conseil-dadministration\/#primaryimage\",\"url\":\"https:\/\/maisondoramaar.org\/wp-content\/uploads\/2024\/10\/IMG_1696-rotated.jpg\",\"contentUrl\":\"https:\/\/maisondoramaar.org\/wp-content\/uploads\/2024\/10\/IMG_1696-rotated.jpg\",\"width\":960,\"height\":1280},{\"@type\":\"BreadcrumbList\",\"@id\":\"https:\/\/maisondoramaar.org\/fr\/rencontre-lequipe-du-dmcc\/conseil-dadministration\/#breadcrumb\",\"itemListElement\":[{\"@type\":\"ListItem\",\"position\":1,\"name\":\"Accueil\",\"item\":\"https:\/\/maisondoramaar.org\/fr\/\"},{\"@type\":\"ListItem\",\"position\":2,\"name\":\"Rencontre\",\"item\":\"https:\/\/maisondoramaar.org\/fr\/rencontre-lequipe-du-dmcc\/\"},{\"@type\":\"ListItem\",\"position\":3,\"name\":\"Conseil d\u2019administration\"}]},{\"@type\":\"WebSite\",\"@id\":\"https:\/\/maisondoramaar.org\/#website\",\"url\":\"https:\/\/maisondoramaar.org\/\",\"name\":\"La Maison Dora Maar et L&#039;H\u00f4tel Tingry\",\"description\":\"Des lieux d&#039;arts de la Fondation Nancy Brown Negley \u00e0 M\u00e9nerbes (Vaucluse), France\",\"publisher\":{\"@id\":\"https:\/\/maisondoramaar.org\/#organization\"},\"potentialAction\":[{\"@type\":\"SearchAction\",\"target\":{\"@type\":\"EntryPoint\",\"urlTemplate\":\"https:\/\/maisondoramaar.org\/?s={search_term_string}\"},\"query-input\":{\"@type\":\"PropertyValueSpecification\",\"valueRequired\":true,\"valueName\":\"search_term_string\"}}],\"inLanguage\":\"fr-FR\"},{\"@type\":\"Organization\",\"@id\":\"https:\/\/maisondoramaar.org\/#organization\",\"name\":\"La Maison Dora Maar et L&#039;H\u00f4tel Tingry\",\"url\":\"https:\/\/maisondoramaar.org\/\",\"logo\":{\"@type\":\"ImageObject\",\"inLanguage\":\"fr-FR\",\"@id\":\"https:\/\/maisondoramaar.org\/#\/schema\/logo\/image\/\",\"url\":\"https:\/\/maisondoramaar.org\/wp-content\/uploads\/2024\/06\/DMCC_logo.png\",\"contentUrl\":\"https:\/\/maisondoramaar.org\/wp-content\/uploads\/2024\/06\/DMCC_logo.png\",\"width\":521,\"height\":362,\"caption\":\"La Maison Dora Maar et L&#039;H\u00f4tel Tingry\"},\"image\":{\"@id\":\"https:\/\/maisondoramaar.org\/#\/schema\/logo\/image\/\"},\"sameAs\":[\"https:\/\/fr-fr.facebook.com\/doramaarhouse\/\",\"https:\/\/www.instagram.com\/lamaisondoramaar\"]}]}<\/script>\n<!-- \/ Yoast SEO plugin. -->","yoast_head_json":{"title":"Conseil d\u2019administration - La Maison Dora Maar et L&#039;H\u00f4tel Tingry","robots":{"index":"index","follow":"follow","max-snippet":"max-snippet:-1","max-image-preview":"max-image-preview:large","max-video-preview":"max-video-preview:-1"},"canonical":"https:\/\/maisondoramaar.org\/fr\/rencontre-lequipe-du-dmcc\/conseil-dadministration\/","og_locale":"fr_FR","og_type":"article","og_title":"Conseil d\u2019administration - La Maison Dora Maar et L&#039;H\u00f4tel Tingry","og_description":"Cette page pr\u00e9sente les membres du conseil d'administration.","og_url":"https:\/\/maisondoramaar.org\/fr\/rencontre-lequipe-du-dmcc\/conseil-dadministration\/","og_site_name":"La Maison Dora Maar et L&#039;H\u00f4tel Tingry","article_publisher":"https:\/\/fr-fr.facebook.com\/doramaarhouse\/","article_modified_time":"2025-12-17T13:24:06+00:00","og_image":[{"width":960,"height":1280,"url":"https:\/\/maisondoramaar.org\/wp-content\/uploads\/2024\/10\/IMG_1696-rotated.jpg","type":"image\/jpeg"}],"twitter_card":"summary_large_image","twitter_misc":{"Est. reading time":"21 minutes"},"schema":{"@context":"https:\/\/schema.org","@graph":[{"@type":"WebPage","@id":"https:\/\/maisondoramaar.org\/fr\/rencontre-lequipe-du-dmcc\/conseil-dadministration\/","url":"https:\/\/maisondoramaar.org\/fr\/rencontre-lequipe-du-dmcc\/conseil-dadministration\/","name":"Conseil d\u2019administration - La Maison Dora Maar et L&#039;H\u00f4tel Tingry","isPartOf":{"@id":"https:\/\/maisondoramaar.org\/#website"},"primaryImageOfPage":{"@id":"https:\/\/maisondoramaar.org\/fr\/rencontre-lequipe-du-dmcc\/conseil-dadministration\/#primaryimage"},"image":{"@id":"https:\/\/maisondoramaar.org\/fr\/rencontre-lequipe-du-dmcc\/conseil-dadministration\/#primaryimage"},"thumbnailUrl":"https:\/\/maisondoramaar.org\/wp-content\/uploads\/2024\/10\/IMG_1696-rotated.jpg","datePublished":"2024-10-21T18:51:28+00:00","dateModified":"2025-12-17T13:24:06+00:00","breadcrumb":{"@id":"https:\/\/maisondoramaar.org\/fr\/rencontre-lequipe-du-dmcc\/conseil-dadministration\/#breadcrumb"},"inLanguage":"fr-FR","potentialAction":[{"@type":"ReadAction","target":["https:\/\/maisondoramaar.org\/fr\/rencontre-lequipe-du-dmcc\/conseil-dadministration\/"]}]},{"@type":"ImageObject","inLanguage":"fr-FR","@id":"https:\/\/maisondoramaar.org\/fr\/rencontre-lequipe-du-dmcc\/conseil-dadministration\/#primaryimage","url":"https:\/\/maisondoramaar.org\/wp-content\/uploads\/2024\/10\/IMG_1696-rotated.jpg","contentUrl":"https:\/\/maisondoramaar.org\/wp-content\/uploads\/2024\/10\/IMG_1696-rotated.jpg","width":960,"height":1280},{"@type":"BreadcrumbList","@id":"https:\/\/maisondoramaar.org\/fr\/rencontre-lequipe-du-dmcc\/conseil-dadministration\/#breadcrumb","itemListElement":[{"@type":"ListItem","position":1,"name":"Accueil","item":"https:\/\/maisondoramaar.org\/fr\/"},{"@type":"ListItem","position":2,"name":"Rencontre","item":"https:\/\/maisondoramaar.org\/fr\/rencontre-lequipe-du-dmcc\/"},{"@type":"ListItem","position":3,"name":"Conseil d\u2019administration"}]},{"@type":"WebSite","@id":"https:\/\/maisondoramaar.org\/#website","url":"https:\/\/maisondoramaar.org\/","name":"La Maison Dora Maar et L&#039;H\u00f4tel Tingry","description":"Des lieux d&#039;arts de la Fondation Nancy Brown Negley \u00e0 M\u00e9nerbes (Vaucluse), France","publisher":{"@id":"https:\/\/maisondoramaar.org\/#organization"},"potentialAction":[{"@type":"SearchAction","target":{"@type":"EntryPoint","urlTemplate":"https:\/\/maisondoramaar.org\/?s={search_term_string}"},"query-input":{"@type":"PropertyValueSpecification","valueRequired":true,"valueName":"search_term_string"}}],"inLanguage":"fr-FR"},{"@type":"Organization","@id":"https:\/\/maisondoramaar.org\/#organization","name":"La Maison Dora Maar et L&#039;H\u00f4tel Tingry","url":"https:\/\/maisondoramaar.org\/","logo":{"@type":"ImageObject","inLanguage":"fr-FR","@id":"https:\/\/maisondoramaar.org\/#\/schema\/logo\/image\/","url":"https:\/\/maisondoramaar.org\/wp-content\/uploads\/2024\/06\/DMCC_logo.png","contentUrl":"https:\/\/maisondoramaar.org\/wp-content\/uploads\/2024\/06\/DMCC_logo.png","width":521,"height":362,"caption":"La Maison Dora Maar et L&#039;H\u00f4tel Tingry"},"image":{"@id":"https:\/\/maisondoramaar.org\/#\/schema\/logo\/image\/"},"sameAs":["https:\/\/fr-fr.facebook.com\/doramaarhouse\/","https:\/\/www.instagram.com\/lamaisondoramaar"]}]}},"uagb_featured_image_src":{"full":["https:\/\/maisondoramaar.org\/wp-content\/uploads\/2024\/10\/IMG_1696-rotated.jpg",960,1280,false],"thumbnail":["https:\/\/maisondoramaar.org\/wp-content\/uploads\/2024\/10\/IMG_1696-150x150.jpg",150,150,true],"medium":["https:\/\/maisondoramaar.org\/wp-content\/uploads\/2024\/10\/IMG_1696-225x300.jpg",225,300,true],"medium_large":["https:\/\/maisondoramaar.org\/wp-content\/uploads\/2024\/10\/IMG_1696-768x1024.jpg",768,1024,true],"large":["https:\/\/maisondoramaar.org\/wp-content\/uploads\/2024\/10\/IMG_1696-768x1024.jpg",768,1024,true],"1536x1536":["https:\/\/maisondoramaar.org\/wp-content\/uploads\/2024\/10\/IMG_1696-rotated.jpg",960,1280,false],"2048x2048":["https:\/\/maisondoramaar.org\/wp-content\/uploads\/2024\/10\/IMG_1696-rotated.jpg",960,1280,false],"featured":["https:\/\/maisondoramaar.org\/wp-content\/uploads\/2024\/10\/IMG_1696-1000x565.jpg",1000,565,true],"gform-image-choice-sm":["https:\/\/maisondoramaar.org\/wp-content\/uploads\/2024\/10\/IMG_1696-rotated.jpg",225,300,false],"gform-image-choice-md":["https:\/\/maisondoramaar.org\/wp-content\/uploads\/2024\/10\/IMG_1696-rotated.jpg",300,400,false],"gform-image-choice-lg":["https:\/\/maisondoramaar.org\/wp-content\/uploads\/2024\/10\/IMG_1696-rotated.jpg",450,600,false],"xl":["https:\/\/maisondoramaar.org\/wp-content\/uploads\/2024\/10\/IMG_1696-rotated.jpg",960,1280,false],"xxl":["https:\/\/maisondoramaar.org\/wp-content\/uploads\/2024\/10\/IMG_1696-rotated.jpg",960,1280,false],"xxxl":["https:\/\/maisondoramaar.org\/wp-content\/uploads\/2024\/10\/IMG_1696-rotated.jpg",960,1280,false],"xxxxl":["https:\/\/maisondoramaar.org\/wp-content\/uploads\/2024\/10\/IMG_1696-rotated.jpg",960,1280,false],"xxxxxl":["https:\/\/maisondoramaar.org\/wp-content\/uploads\/2024\/10\/IMG_1696-rotated.jpg",960,1280,false],"awb_sm":["https:\/\/maisondoramaar.org\/wp-content\/uploads\/2024\/10\/IMG_1696-500x667.jpg",500,667,true],"awb_md":["https:\/\/maisondoramaar.org\/wp-content\/uploads\/2024\/10\/IMG_1696-800x1067.jpg",800,1067,true],"awb_lg":["https:\/\/maisondoramaar.org\/wp-content\/uploads\/2024\/10\/IMG_1696-rotated.jpg",960,1280,false],"awb_xl":["https:\/\/maisondoramaar.org\/wp-content\/uploads\/2024\/10\/IMG_1696-rotated.jpg",960,1280,false]},"uagb_author_info":{"display_name":"Benjamin","author_link":"https:\/\/maisondoramaar.org\/fr\/author\/benjamin\/"},"uagb_comment_info":0,"uagb_excerpt":"Cette page pr\u00e9sente les membres du conseil d'administration.","_links":{"self":[{"href":"https:\/\/maisondoramaar.org\/fr\/wp-json\/wp\/v2\/pages\/7384","targetHints":{"allow":["GET"]}}],"collection":[{"href":"https:\/\/maisondoramaar.org\/fr\/wp-json\/wp\/v2\/pages"}],"about":[{"href":"https:\/\/maisondoramaar.org\/fr\/wp-json\/wp\/v2\/types\/page"}],"author":[{"embeddable":true,"href":"https:\/\/maisondoramaar.org\/fr\/wp-json\/wp\/v2\/users\/7"}],"replies":[{"embeddable":true,"href":"https:\/\/maisondoramaar.org\/fr\/wp-json\/wp\/v2\/comments?post=7384"}],"version-history":[{"count":14,"href":"https:\/\/maisondoramaar.org\/fr\/wp-json\/wp\/v2\/pages\/7384\/revisions"}],"predecessor-version":[{"id":8848,"href":"https:\/\/maisondoramaar.org\/fr\/wp-json\/wp\/v2\/pages\/7384\/revisions\/8848"}],"up":[{"embeddable":true,"href":"https:\/\/maisondoramaar.org\/fr\/wp-json\/wp\/v2\/pages\/7366"}],"wp:featuredmedia":[{"embeddable":true,"href":"https:\/\/maisondoramaar.org\/fr\/wp-json\/wp\/v2\/media\/7228"}],"wp:attachment":[{"href":"https:\/\/maisondoramaar.org\/fr\/wp-json\/wp\/v2\/media?parent=7384"}],"curies":[{"name":"wp","href":"https:\/\/api.w.org\/{rel}","templated":true}]}}