{"id":7386,"date":"2024-10-21T20:59:21","date_gmt":"2024-10-21T18:59:21","guid":{"rendered":"https:\/\/staging.maisondoramaar.org\/rencontre-lequipe-du-dmcc\/personnelle\/"},"modified":"2025-10-28T15:36:45","modified_gmt":"2025-10-28T14:36:45","slug":"personnelle","status":"publish","type":"page","link":"https:\/\/maisondoramaar.org\/fr\/rencontre-lequipe-du-dmcc\/personnelle\/","title":{"rendered":"L&#8217;\u00c9quipe"},"content":{"rendered":"\n<div style=\"height:60px\" aria-hidden=\"true\" class=\"wp-block-spacer\"><\/div>\n\n\n\n<h2 class=\"wp-block-heading has-text-align-center\">l&#8217;\u00c9quipe<\/h2>\n\n\n\n<div class=\"wp-block-group alignwide is-layout-constrained wp-block-group-is-layout-constrained\">\n<div class=\"wp-block-columns alignwide is-layout-flex wp-container-core-columns-is-layout-28f84493 wp-block-columns-is-layout-flex\">\n<div class=\"wp-block-column is-layout-flow wp-block-column-is-layout-flow\" style=\"flex-basis:33.33%\">\n<figure class=\"wp-block-image size-full\"><img loading=\"lazy\" decoding=\"async\" width=\"400\" height=\"504\" src=\"https:\/\/maisondoramaar.org\/wp-content\/uploads\/2024\/07\/gwen_headshot.jpg\" alt=\"\" class=\"wp-image-5788\" srcset=\"https:\/\/maisondoramaar.org\/wp-content\/uploads\/2024\/07\/gwen_headshot.jpg 400w, https:\/\/maisondoramaar.org\/wp-content\/uploads\/2024\/07\/gwen_headshot-238x300.jpg 238w\" sizes=\"auto, (max-width: 400px) 100vw, 400px\" \/><\/figure>\n<\/div>\n\n\n\n<div class=\"wp-block-column is-layout-flow wp-block-column-is-layout-flow\" style=\"flex-basis:66.66%\">\n<h3 class=\"wp-block-heading\"><strong>Gwen<\/strong> Strauss<\/h3>\n\n\n\n<p>Directrice g\u00e9n\u00e9rale depuis la cr\u00e9ation du programme de r\u00e9sidence \u00e0 la Maison Dora Maar en 2007, Gwen Strauss a jou\u00e9 un r\u00f4le de premier plan dans ce projet, d\u2019abord en tant que directrice adjointe, puis en tant que directrice. Avant de travailler \u00e0 la Maison Dora Maar, Gwen Strauss a \u00e9t\u00e9 directrice du campus du Savannah College of Art and Design \u00e0 Lacoste. Elle est \u00e9galement \u00e9crivain. Parmi ses livres figurent : <em>The Hiding Game<\/em>, un Middle Grade Reader portant sur des artistes r\u00e9fugi\u00e9s \u00e0 Marseille gr\u00e2ce \u00e0 l\u2019aide de Varian Fry en 1940 ; <em>Trail of Stones<\/em>, un recueil de po\u00e9sie ; <em>The Night Shimmy<\/em>, un livre pour enfants ; et <em>Ruth and the Green Book<\/em>, qui a re\u00e7u une importante reconnaissance, notamment le <em>ALA 2011 Most Notable Middle Grade Reader<\/em> et le <em>Honor book for the Jane Adam\u2019s Peace Prize<\/em>. Elle a \u00e9galement \u00e9crit <em>The Nine<\/em> (<em>Elles \u00c9taient Neuf<\/em>, 2021), et son ouvrage le plus r\u00e9cent est <em>Milena And Margarete<\/em> (2025).<\/p>\n<\/div>\n<\/div>\n<\/div>\n\n\n\n<div class=\"wp-block-group alignwide is-layout-constrained wp-block-group-is-layout-constrained\">\n<div class=\"wp-block-columns alignwide is-layout-flex wp-container-core-columns-is-layout-28f84493 wp-block-columns-is-layout-flex\">\n<div class=\"wp-block-column is-layout-flow wp-block-column-is-layout-flow\" style=\"flex-basis:33.33%\">\n<figure class=\"wp-block-image size-full\"><img loading=\"lazy\" decoding=\"async\" width=\"988\" height=\"1174\" src=\"https:\/\/maisondoramaar.org\/wp-content\/uploads\/2025\/07\/Capture-decran-2025-07-08-a-17.00.10.png\" alt=\"\" class=\"wp-image-8386\" srcset=\"https:\/\/maisondoramaar.org\/wp-content\/uploads\/2025\/07\/Capture-decran-2025-07-08-a-17.00.10.png 988w, https:\/\/maisondoramaar.org\/wp-content\/uploads\/2025\/07\/Capture-decran-2025-07-08-a-17.00.10-252x300.png 252w, https:\/\/maisondoramaar.org\/wp-content\/uploads\/2025\/07\/Capture-decran-2025-07-08-a-17.00.10-862x1024.png 862w, https:\/\/maisondoramaar.org\/wp-content\/uploads\/2025\/07\/Capture-decran-2025-07-08-a-17.00.10-768x913.png 768w, https:\/\/maisondoramaar.org\/wp-content\/uploads\/2025\/07\/Capture-decran-2025-07-08-a-17.00.10-500x594.png 500w, https:\/\/maisondoramaar.org\/wp-content\/uploads\/2025\/07\/Capture-decran-2025-07-08-a-17.00.10-800x951.png 800w\" sizes=\"auto, (max-width: 988px) 100vw, 988px\" \/><\/figure>\n<\/div>\n\n\n\n<div class=\"wp-block-column is-layout-flow wp-block-column-is-layout-flow\" style=\"flex-basis:66.66%\">\n<h3 class=\"wp-block-heading\"><strong>Frauke<\/strong> V. Josenhans<\/h3>\n\n\n\n<p>Frauke V. Josenhans est la directrice adjointe et conservatrice en chef du DMCC. Dans le cadre de cette nouvelle fonction, Mme Josenhans contribuera \u00e0 renforcer et \u00e0 d\u00e9velopper la mission du DMCC, qui accueille le c\u00e9l\u00e8bre programme de r\u00e9sidence et propose d&#8217;autres activit\u00e9s culturelles dynamiques tout au long de l&#8217;ann\u00e9e. Frauke V. Josenhans est une historienne de l\u2019art internationale et curatrice avec une carri\u00e8re en France et aux Etats-Unis. Elle a travaill\u00e9 dans la recherche et dans diff\u00e9rents mus\u00e9es, notamment Moody Center for the Arts \u00e0 la Rice University, Yale University Art Gallery, Los Angeles County Museum of Art, J. Paul Getty Museum et l\u2019Universit\u00e9 Fran\u00e7ois-Rabelais \u00e0 Tours, France. Elle est l\u2019autrice de plusieurs livres et articles portant notamment sur le th\u00e8me de l\u2019exil, le d\u00e9placement et les artistes femmes dans l\u2019art moderne et contemporain. Elle a obtenu sa th\u00e8se de doctorat de l\u2019Universit\u00e9 d\u2019Aix-Marseille.<\/p>\n<\/div>\n<\/div>\n<\/div>\n\n\n\n<div class=\"wp-block-group alignwide is-layout-constrained wp-block-group-is-layout-constrained\">\n<div class=\"wp-block-columns alignwide is-layout-flex wp-container-core-columns-is-layout-28f84493 wp-block-columns-is-layout-flex\">\n<div class=\"wp-block-column is-layout-flow wp-block-column-is-layout-flow\" style=\"flex-basis:33.33%\">\n<figure class=\"wp-block-image size-full\"><img loading=\"lazy\" decoding=\"async\" width=\"400\" height=\"504\" src=\"https:\/\/maisondoramaar.org\/wp-content\/uploads\/2024\/07\/Laurence_headshot.jpg\" alt=\"\" class=\"wp-image-5793\" srcset=\"https:\/\/maisondoramaar.org\/wp-content\/uploads\/2024\/07\/Laurence_headshot.jpg 400w, https:\/\/maisondoramaar.org\/wp-content\/uploads\/2024\/07\/Laurence_headshot-238x300.jpg 238w\" sizes=\"auto, (max-width: 400px) 100vw, 400px\" \/><\/figure>\n<\/div>\n\n\n\n<div class=\"wp-block-column is-layout-flow wp-block-column-is-layout-flow\" style=\"flex-basis:66.66%\">\n<h3 class=\"wp-block-heading\"><strong>Laurence <\/strong>Varenik<\/h3>\n\n\n\n<p>Laurence Varenik est la \u00ab gouvernante \u00bb de la Maison Dora Maar et de l&#8217;H\u00f4tel de Tingry. Elle a grandi dans les montagnes des Alpes, mais il y a vingt ans, elle a \u00e9t\u00e9 attir\u00e9e par le sud ensoleill\u00e9. \u00c0 cette \u00e9poque, Laurence commence \u00e0 d\u00e9velopper son activit\u00e9 de gouvernante dans diverses maisons. Elle passe le relais de son entreprise \u00e0 un jeune entrepreneur et rejoint l\u2019\u00e9quipe DMCC en 2020 aux c\u00f4t\u00e9s de Gwen. A part \u00e7a, Laurence trouve toujours de quoi s&#8217;occuper, entre la couture, les balades \u00e0 v\u00e9lo, son potager et ses poules ador\u00e9es.<\/p>\n<\/div>\n<\/div>\n<\/div>\n\n\n\n<div class=\"wp-block-group alignwide is-layout-constrained wp-block-group-is-layout-constrained\">\n<div class=\"wp-block-columns alignwide is-layout-flex wp-container-core-columns-is-layout-28f84493 wp-block-columns-is-layout-flex\">\n<div class=\"wp-block-column is-layout-flow wp-block-column-is-layout-flow\" style=\"flex-basis:33.33%\">\n<figure class=\"wp-block-image size-full\"><img decoding=\"async\" src=\"https:\/\/maisondoramaar.org\/wp-content\/uploads\/2025\/10\/IMG_8279-e1761662135167.jpg\" alt=\"\" class=\"wp-image-8752\"\/><\/figure>\n<\/div>\n\n\n\n<div class=\"wp-block-column is-layout-flow wp-block-column-is-layout-flow\" style=\"flex-basis:66.66%\">\n<h3 class=\"wp-block-heading\"><strong>camille<\/strong> Bergagnini<\/h3>\n\n\n\n<p>Camille Bergagnini est originaire du sud-ouest de la France. Elle a \u00e9tudi\u00e9 \u00e0 Bordeaux, o\u00f9 elle a obtenu un Master en Management culturel en 2023. Apr\u00e8s avoir r\u00e9alis\u00e9 un stage au Centre Culturel Dora Maar en 2022, elle a eu diff\u00e9rentes exp\u00e9riences professionnelles, notamment \u00e0 la Villa Albertine \u00e0 New York au d\u00e9partement des \u00c9changes artistiques ainsi qu\u2019\u00e0 la Villa Gillet \u00e0 Lyon o\u00f9 elle s&#8217;occupait des projets d&#8217;EAC (\u00c9ducation Artistique et Culturelle) en litt\u00e9rature. Ayant eu un coup de coeur pour la Provence, elle occupe d\u00e9sormais depuis octobre 2024 le poste de Coordinatrice Communications &amp; Op\u00e9rations au DMCC. Elle est notamment en charge de la galerie-boutique La Mob, de la communication ainsi que de l&#8217;accompagnement des stagiaires.<\/p>\n<\/div>\n<\/div>\n<\/div>\n\n\n\n<div class=\"wp-block-group alignwide is-layout-constrained wp-block-group-is-layout-constrained\">\n<div class=\"wp-block-columns alignwide is-layout-flex wp-container-core-columns-is-layout-28f84493 wp-block-columns-is-layout-flex\">\n<div class=\"wp-block-column is-layout-flow wp-block-column-is-layout-flow\" style=\"flex-basis:33.33%\">\n<figure class=\"wp-block-image size-large\"><img loading=\"lazy\" decoding=\"async\" width=\"862\" height=\"1024\" src=\"https:\/\/maisondoramaar.org\/wp-content\/uploads\/2025\/09\/OB-photo-web-1-862x1024.jpg\" alt=\"\" class=\"wp-image-8655\" srcset=\"https:\/\/maisondoramaar.org\/wp-content\/uploads\/2025\/09\/OB-photo-web-1-862x1024.jpg 862w, https:\/\/maisondoramaar.org\/wp-content\/uploads\/2025\/09\/OB-photo-web-1-252x300.jpg 252w, https:\/\/maisondoramaar.org\/wp-content\/uploads\/2025\/09\/OB-photo-web-1-768x913.jpg 768w, https:\/\/maisondoramaar.org\/wp-content\/uploads\/2025\/09\/OB-photo-web-1-500x594.jpg 500w, https:\/\/maisondoramaar.org\/wp-content\/uploads\/2025\/09\/OB-photo-web-1-800x951.jpg 800w, https:\/\/maisondoramaar.org\/wp-content\/uploads\/2025\/09\/OB-photo-web-1.jpg 988w\" sizes=\"auto, (max-width: 862px) 100vw, 862px\" \/><\/figure>\n<\/div>\n\n\n\n<div class=\"wp-block-column is-layout-flow wp-block-column-is-layout-flow\" style=\"flex-basis:66.66%\">\n<h3 class=\"wp-block-heading\"><strong>oph\u00e9lie<\/strong> Brisset<\/h3>\n\n\n\n<p>Oph\u00e9lie Brisset est manageur de la r\u00e9sidence et de la programmation. Originaire d&#8217;Anjou, elle a toujours plong\u00e9 dans le monde de l&#8217;art et de la culture pour trouver ce qui relie nos humanit\u00e9s. Dipl\u00f4m\u00e9e de l&#8217;Universit\u00e9 de Lyon (M\u00e9tiers des arts et de la culture &#8211; Facult\u00e9 d&#8217;anthropologie et de sociologie) elle arrive en Provence apr\u00e8s de multiples engagements associatifs et exp\u00e9riences en compagnies ou institutions culturelles, pour travailler au CDCN d&#8217;Avignon Les Hivernales, qui lui cr\u00e9e un poste. Elle officie ensuite \u00e0&nbsp;la Sc\u00e8ne nationale La Garance, \u00e0 Cavaillon. Dans ces structures, elle d\u00e9veloppe des projets avec les artistes, au th\u00e9\u00e2tre ou dans des h\u00f4pitaux, des entreprises, sur des places publiques, en appartements ou en&nbsp;prison. Elle s&#8217;est \u00e9galement sp\u00e9cialis\u00e9e dans l&#8217;accessibilit\u00e9 du spectacle pour les personnes en situation de handicap visuel ou auditif. Elle est par ailleurs autrice illustratrice, notamment de romans graphiques :&nbsp;<em>Les rebonds<\/em>&nbsp;(sujet de la danse \u00e0 l&#8217;\u00e9cole),&nbsp;<em>Constellation<\/em>&nbsp;(racontant l&#8217;aventure de la&nbsp;<em>Ma\u00eetrise populaire&nbsp;<\/em>de l&#8217;Op\u00e9ra Grand Avignon)&nbsp;et poursuit un acte de po\u00e9sie par le collage photographique, l&#8217;\u00e9criture, ou le glanage de m\u00e9moire.<\/p>\n<\/div>\n<\/div>\n<\/div>\n\n\n\n<p><\/p>\n","protected":false},"excerpt":{"rendered":"<p>Cette page pr\u00e9sente les membres de l&#8217;\u00e9quipe.<\/p>\n","protected":false},"author":7,"featured_media":8757,"parent":7366,"menu_order":1,"comment_status":"closed","ping_status":"closed","template":"","meta":{"_acf_changed":false,"_uag_custom_page_level_css":"","site-sidebar-layout":"default","site-content-layout":"","ast-site-content-layout":"default","site-content-style":"default","site-sidebar-style":"default","ast-global-header-display":"","ast-banner-title-visibility":"","ast-main-header-display":"","ast-hfb-above-header-display":"","ast-hfb-below-header-display":"","ast-hfb-mobile-header-display":"","site-post-title":"","ast-breadcrumbs-content":"","ast-featured-img":"","footer-sml-layout":"","theme-transparent-header-meta":"","adv-header-id-meta":"","stick-header-meta":"","header-above-stick-meta":"","header-main-stick-meta":"","header-below-stick-meta":"","astra-migrate-meta-layouts":"default","ast-page-background-enabled":"default","ast-page-background-meta":{"desktop":{"background-color":"var(--ast-global-color-4)","background-image":"","background-repeat":"repeat","background-position":"center center","background-size":"auto","background-attachment":"scroll","background-type":"","background-media":"","overlay-type":"","overlay-color":"","overlay-opacity":"","overlay-gradient":""},"tablet":{"background-color":"","background-image":"","background-repeat":"repeat","background-position":"center center","background-size":"auto","background-attachment":"scroll","background-type":"","background-media":"","overlay-type":"","overlay-color":"","overlay-opacity":"","overlay-gradient":""},"mobile":{"background-color":"","background-image":"","background-repeat":"repeat","background-position":"center center","background-size":"auto","background-attachment":"scroll","background-type":"","background-media":"","overlay-type":"","overlay-color":"","overlay-opacity":"","overlay-gradient":""}},"ast-content-background-meta":{"desktop":{"background-color":"var(--ast-global-color-5)","background-image":"","background-repeat":"repeat","background-position":"center center","background-size":"auto","background-attachment":"scroll","background-type":"","background-media":"","overlay-type":"","overlay-color":"","overlay-opacity":"","overlay-gradient":""},"tablet":{"background-color":"var(--ast-global-color-5)","background-image":"","background-repeat":"repeat","background-position":"center center","background-size":"auto","background-attachment":"scroll","background-type":"","background-media":"","overlay-type":"","overlay-color":"","overlay-opacity":"","overlay-gradient":""},"mobile":{"background-color":"var(--ast-global-color-5)","background-image":"","background-repeat":"repeat","background-position":"center center","background-size":"auto","background-attachment":"scroll","background-type":"","background-media":"","overlay-type":"","overlay-color":"","overlay-opacity":"","overlay-gradient":""}},"footnotes":"","_links_to":"","_links_to_target":""},"class_list":["post-7386","page","type-page","status-publish","has-post-thumbnail","hentry"],"acf":[],"yoast_head":"<!-- This site is optimized with the Yoast SEO plugin v26.8 - https:\/\/yoast.com\/product\/yoast-seo-wordpress\/ -->\n<title>L&#039;\u00c9quipe - La Maison Dora Maar et L&#039;H\u00f4tel Tingry<\/title>\n<meta name=\"robots\" content=\"index, follow, max-snippet:-1, max-image-preview:large, max-video-preview:-1\" \/>\n<link rel=\"canonical\" href=\"https:\/\/maisondoramaar.org\/fr\/rencontre-lequipe-du-dmcc\/personnelle\/\" \/>\n<meta property=\"og:locale\" content=\"fr_FR\" \/>\n<meta property=\"og:type\" content=\"article\" \/>\n<meta property=\"og:title\" content=\"L&#039;\u00c9quipe - La Maison Dora Maar et L&#039;H\u00f4tel Tingry\" \/>\n<meta property=\"og:description\" content=\"Cette page pr\u00e9sente les membres de l&#039;\u00e9quipe.\" \/>\n<meta property=\"og:url\" content=\"https:\/\/maisondoramaar.org\/fr\/rencontre-lequipe-du-dmcc\/personnelle\/\" \/>\n<meta property=\"og:site_name\" content=\"La Maison Dora Maar et L&#039;H\u00f4tel Tingry\" \/>\n<meta property=\"article:publisher\" content=\"https:\/\/fr-fr.facebook.com\/doramaarhouse\/\" \/>\n<meta property=\"article:modified_time\" content=\"2025-10-28T14:36:45+00:00\" \/>\n<meta property=\"og:image\" content=\"https:\/\/maisondoramaar.org\/wp-content\/uploads\/2024\/10\/lequipe-xmas1.jpeg\" \/>\n\t<meta property=\"og:image:width\" content=\"768\" \/>\n\t<meta property=\"og:image:height\" content=\"576\" \/>\n\t<meta property=\"og:image:type\" content=\"image\/jpeg\" \/>\n<meta name=\"twitter:card\" content=\"summary_large_image\" \/>\n<meta name=\"twitter:label1\" content=\"Est. reading time\" \/>\n\t<meta name=\"twitter:data1\" content=\"5 minutes\" \/>\n<script type=\"application\/ld+json\" class=\"yoast-schema-graph\">{\"@context\":\"https:\/\/schema.org\",\"@graph\":[{\"@type\":\"WebPage\",\"@id\":\"https:\/\/maisondoramaar.org\/fr\/rencontre-lequipe-du-dmcc\/personnelle\/\",\"url\":\"https:\/\/maisondoramaar.org\/fr\/rencontre-lequipe-du-dmcc\/personnelle\/\",\"name\":\"L'\u00c9quipe - La Maison Dora Maar et L&#039;H\u00f4tel Tingry\",\"isPartOf\":{\"@id\":\"https:\/\/maisondoramaar.org\/#website\"},\"primaryImageOfPage\":{\"@id\":\"https:\/\/maisondoramaar.org\/fr\/rencontre-lequipe-du-dmcc\/personnelle\/#primaryimage\"},\"image\":{\"@id\":\"https:\/\/maisondoramaar.org\/fr\/rencontre-lequipe-du-dmcc\/personnelle\/#primaryimage\"},\"thumbnailUrl\":\"https:\/\/maisondoramaar.org\/wp-content\/uploads\/2025\/10\/team.jpg\",\"datePublished\":\"2024-10-21T18:59:21+00:00\",\"dateModified\":\"2025-10-28T14:36:45+00:00\",\"breadcrumb\":{\"@id\":\"https:\/\/maisondoramaar.org\/fr\/rencontre-lequipe-du-dmcc\/personnelle\/#breadcrumb\"},\"inLanguage\":\"fr-FR\",\"potentialAction\":[{\"@type\":\"ReadAction\",\"target\":[\"https:\/\/maisondoramaar.org\/fr\/rencontre-lequipe-du-dmcc\/personnelle\/\"]}]},{\"@type\":\"ImageObject\",\"inLanguage\":\"fr-FR\",\"@id\":\"https:\/\/maisondoramaar.org\/fr\/rencontre-lequipe-du-dmcc\/personnelle\/#primaryimage\",\"url\":\"https:\/\/maisondoramaar.org\/wp-content\/uploads\/2025\/10\/team.jpg\",\"contentUrl\":\"https:\/\/maisondoramaar.org\/wp-content\/uploads\/2025\/10\/team.jpg\",\"width\":2048,\"height\":1536},{\"@type\":\"BreadcrumbList\",\"@id\":\"https:\/\/maisondoramaar.org\/fr\/rencontre-lequipe-du-dmcc\/personnelle\/#breadcrumb\",\"itemListElement\":[{\"@type\":\"ListItem\",\"position\":1,\"name\":\"Accueil\",\"item\":\"https:\/\/maisondoramaar.org\/fr\/\"},{\"@type\":\"ListItem\",\"position\":2,\"name\":\"Rencontre\",\"item\":\"https:\/\/maisondoramaar.org\/fr\/rencontre-lequipe-du-dmcc\/\"},{\"@type\":\"ListItem\",\"position\":3,\"name\":\"L&#8217;\u00c9quipe\"}]},{\"@type\":\"WebSite\",\"@id\":\"https:\/\/maisondoramaar.org\/#website\",\"url\":\"https:\/\/maisondoramaar.org\/\",\"name\":\"La Maison Dora Maar et L&#039;H\u00f4tel Tingry\",\"description\":\"Des lieux d&#039;arts de la Fondation Nancy Brown Negley \u00e0 M\u00e9nerbes (Vaucluse), France\",\"publisher\":{\"@id\":\"https:\/\/maisondoramaar.org\/#organization\"},\"potentialAction\":[{\"@type\":\"SearchAction\",\"target\":{\"@type\":\"EntryPoint\",\"urlTemplate\":\"https:\/\/maisondoramaar.org\/?s={search_term_string}\"},\"query-input\":{\"@type\":\"PropertyValueSpecification\",\"valueRequired\":true,\"valueName\":\"search_term_string\"}}],\"inLanguage\":\"fr-FR\"},{\"@type\":\"Organization\",\"@id\":\"https:\/\/maisondoramaar.org\/#organization\",\"name\":\"La Maison Dora Maar et L&#039;H\u00f4tel Tingry\",\"url\":\"https:\/\/maisondoramaar.org\/\",\"logo\":{\"@type\":\"ImageObject\",\"inLanguage\":\"fr-FR\",\"@id\":\"https:\/\/maisondoramaar.org\/#\/schema\/logo\/image\/\",\"url\":\"https:\/\/maisondoramaar.org\/wp-content\/uploads\/2024\/06\/DMCC_logo.png\",\"contentUrl\":\"https:\/\/maisondoramaar.org\/wp-content\/uploads\/2024\/06\/DMCC_logo.png\",\"width\":521,\"height\":362,\"caption\":\"La Maison Dora Maar et L&#039;H\u00f4tel Tingry\"},\"image\":{\"@id\":\"https:\/\/maisondoramaar.org\/#\/schema\/logo\/image\/\"},\"sameAs\":[\"https:\/\/fr-fr.facebook.com\/doramaarhouse\/\",\"https:\/\/www.instagram.com\/lamaisondoramaar\"]}]}<\/script>\n<!-- \/ Yoast SEO plugin. -->","yoast_head_json":{"title":"L'\u00c9quipe - La Maison Dora Maar et L&#039;H\u00f4tel Tingry","robots":{"index":"index","follow":"follow","max-snippet":"max-snippet:-1","max-image-preview":"max-image-preview:large","max-video-preview":"max-video-preview:-1"},"canonical":"https:\/\/maisondoramaar.org\/fr\/rencontre-lequipe-du-dmcc\/personnelle\/","og_locale":"fr_FR","og_type":"article","og_title":"L'\u00c9quipe - La Maison Dora Maar et L&#039;H\u00f4tel Tingry","og_description":"Cette page pr\u00e9sente les membres de l'\u00e9quipe.","og_url":"https:\/\/maisondoramaar.org\/fr\/rencontre-lequipe-du-dmcc\/personnelle\/","og_site_name":"La Maison Dora Maar et L&#039;H\u00f4tel Tingry","article_publisher":"https:\/\/fr-fr.facebook.com\/doramaarhouse\/","article_modified_time":"2025-10-28T14:36:45+00:00","og_image":[{"width":768,"height":576,"url":"https:\/\/maisondoramaar.org\/wp-content\/uploads\/2024\/10\/lequipe-xmas1.jpeg","type":"image\/jpeg"}],"twitter_card":"summary_large_image","twitter_misc":{"Est. reading time":"5 minutes"},"schema":{"@context":"https:\/\/schema.org","@graph":[{"@type":"WebPage","@id":"https:\/\/maisondoramaar.org\/fr\/rencontre-lequipe-du-dmcc\/personnelle\/","url":"https:\/\/maisondoramaar.org\/fr\/rencontre-lequipe-du-dmcc\/personnelle\/","name":"L'\u00c9quipe - La Maison Dora Maar et L&#039;H\u00f4tel Tingry","isPartOf":{"@id":"https:\/\/maisondoramaar.org\/#website"},"primaryImageOfPage":{"@id":"https:\/\/maisondoramaar.org\/fr\/rencontre-lequipe-du-dmcc\/personnelle\/#primaryimage"},"image":{"@id":"https:\/\/maisondoramaar.org\/fr\/rencontre-lequipe-du-dmcc\/personnelle\/#primaryimage"},"thumbnailUrl":"https:\/\/maisondoramaar.org\/wp-content\/uploads\/2025\/10\/team.jpg","datePublished":"2024-10-21T18:59:21+00:00","dateModified":"2025-10-28T14:36:45+00:00","breadcrumb":{"@id":"https:\/\/maisondoramaar.org\/fr\/rencontre-lequipe-du-dmcc\/personnelle\/#breadcrumb"},"inLanguage":"fr-FR","potentialAction":[{"@type":"ReadAction","target":["https:\/\/maisondoramaar.org\/fr\/rencontre-lequipe-du-dmcc\/personnelle\/"]}]},{"@type":"ImageObject","inLanguage":"fr-FR","@id":"https:\/\/maisondoramaar.org\/fr\/rencontre-lequipe-du-dmcc\/personnelle\/#primaryimage","url":"https:\/\/maisondoramaar.org\/wp-content\/uploads\/2025\/10\/team.jpg","contentUrl":"https:\/\/maisondoramaar.org\/wp-content\/uploads\/2025\/10\/team.jpg","width":2048,"height":1536},{"@type":"BreadcrumbList","@id":"https:\/\/maisondoramaar.org\/fr\/rencontre-lequipe-du-dmcc\/personnelle\/#breadcrumb","itemListElement":[{"@type":"ListItem","position":1,"name":"Accueil","item":"https:\/\/maisondoramaar.org\/fr\/"},{"@type":"ListItem","position":2,"name":"Rencontre","item":"https:\/\/maisondoramaar.org\/fr\/rencontre-lequipe-du-dmcc\/"},{"@type":"ListItem","position":3,"name":"L&#8217;\u00c9quipe"}]},{"@type":"WebSite","@id":"https:\/\/maisondoramaar.org\/#website","url":"https:\/\/maisondoramaar.org\/","name":"La Maison Dora Maar et L&#039;H\u00f4tel Tingry","description":"Des lieux d&#039;arts de la Fondation Nancy Brown Negley \u00e0 M\u00e9nerbes (Vaucluse), France","publisher":{"@id":"https:\/\/maisondoramaar.org\/#organization"},"potentialAction":[{"@type":"SearchAction","target":{"@type":"EntryPoint","urlTemplate":"https:\/\/maisondoramaar.org\/?s={search_term_string}"},"query-input":{"@type":"PropertyValueSpecification","valueRequired":true,"valueName":"search_term_string"}}],"inLanguage":"fr-FR"},{"@type":"Organization","@id":"https:\/\/maisondoramaar.org\/#organization","name":"La Maison Dora Maar et L&#039;H\u00f4tel Tingry","url":"https:\/\/maisondoramaar.org\/","logo":{"@type":"ImageObject","inLanguage":"fr-FR","@id":"https:\/\/maisondoramaar.org\/#\/schema\/logo\/image\/","url":"https:\/\/maisondoramaar.org\/wp-content\/uploads\/2024\/06\/DMCC_logo.png","contentUrl":"https:\/\/maisondoramaar.org\/wp-content\/uploads\/2024\/06\/DMCC_logo.png","width":521,"height":362,"caption":"La Maison Dora Maar et L&#039;H\u00f4tel Tingry"},"image":{"@id":"https:\/\/maisondoramaar.org\/#\/schema\/logo\/image\/"},"sameAs":["https:\/\/fr-fr.facebook.com\/doramaarhouse\/","https:\/\/www.instagram.com\/lamaisondoramaar"]}]}},"uagb_featured_image_src":{"full":["https:\/\/maisondoramaar.org\/wp-content\/uploads\/2025\/10\/team.jpg",2048,1536,false],"thumbnail":["https:\/\/maisondoramaar.org\/wp-content\/uploads\/2025\/10\/team-150x150.jpg",150,150,true],"medium":["https:\/\/maisondoramaar.org\/wp-content\/uploads\/2025\/10\/team-300x225.jpg",300,225,true],"medium_large":["https:\/\/maisondoramaar.org\/wp-content\/uploads\/2025\/10\/team-768x576.jpg",768,576,true],"large":["https:\/\/maisondoramaar.org\/wp-content\/uploads\/2025\/10\/team-1024x768.jpg",1024,768,true],"1536x1536":["https:\/\/maisondoramaar.org\/wp-content\/uploads\/2025\/10\/team-1536x1152.jpg",1536,1152,true],"2048x2048":["https:\/\/maisondoramaar.org\/wp-content\/uploads\/2025\/10\/team.jpg",2048,1536,false],"featured":["https:\/\/maisondoramaar.org\/wp-content\/uploads\/2025\/10\/team-1000x565.jpg",1000,565,true],"gform-image-choice-sm":["https:\/\/maisondoramaar.org\/wp-content\/uploads\/2025\/10\/team.jpg",300,225,false],"gform-image-choice-md":["https:\/\/maisondoramaar.org\/wp-content\/uploads\/2025\/10\/team.jpg",400,300,false],"gform-image-choice-lg":["https:\/\/maisondoramaar.org\/wp-content\/uploads\/2025\/10\/team.jpg",600,450,false],"xl":["https:\/\/maisondoramaar.org\/wp-content\/uploads\/2025\/10\/team-1600x1200.jpg",1600,1200,true],"xxl":["https:\/\/maisondoramaar.org\/wp-content\/uploads\/2025\/10\/team.jpg",2048,1536,false],"xxxl":["https:\/\/maisondoramaar.org\/wp-content\/uploads\/2025\/10\/team.jpg",2048,1536,false],"xxxxl":["https:\/\/maisondoramaar.org\/wp-content\/uploads\/2025\/10\/team.jpg",2048,1536,false],"xxxxxl":["https:\/\/maisondoramaar.org\/wp-content\/uploads\/2025\/10\/team.jpg",2048,1536,false],"awb_sm":["https:\/\/maisondoramaar.org\/wp-content\/uploads\/2025\/10\/team-500x375.jpg",500,375,true],"awb_md":["https:\/\/maisondoramaar.org\/wp-content\/uploads\/2025\/10\/team-800x600.jpg",800,600,true],"awb_lg":["https:\/\/maisondoramaar.org\/wp-content\/uploads\/2025\/10\/team-1280x960.jpg",1280,960,true],"awb_xl":["https:\/\/maisondoramaar.org\/wp-content\/uploads\/2025\/10\/team-1920x1440.jpg",1920,1440,true]},"uagb_author_info":{"display_name":"Benjamin","author_link":"https:\/\/maisondoramaar.org\/fr\/author\/benjamin\/"},"uagb_comment_info":0,"uagb_excerpt":"Cette page pr\u00e9sente les membres de l'\u00e9quipe.","_links":{"self":[{"href":"https:\/\/maisondoramaar.org\/fr\/wp-json\/wp\/v2\/pages\/7386","targetHints":{"allow":["GET"]}}],"collection":[{"href":"https:\/\/maisondoramaar.org\/fr\/wp-json\/wp\/v2\/pages"}],"about":[{"href":"https:\/\/maisondoramaar.org\/fr\/wp-json\/wp\/v2\/types\/page"}],"author":[{"embeddable":true,"href":"https:\/\/maisondoramaar.org\/fr\/wp-json\/wp\/v2\/users\/7"}],"replies":[{"embeddable":true,"href":"https:\/\/maisondoramaar.org\/fr\/wp-json\/wp\/v2\/comments?post=7386"}],"version-history":[{"count":14,"href":"https:\/\/maisondoramaar.org\/fr\/wp-json\/wp\/v2\/pages\/7386\/revisions"}],"predecessor-version":[{"id":8755,"href":"https:\/\/maisondoramaar.org\/fr\/wp-json\/wp\/v2\/pages\/7386\/revisions\/8755"}],"up":[{"embeddable":true,"href":"https:\/\/maisondoramaar.org\/fr\/wp-json\/wp\/v2\/pages\/7366"}],"wp:featuredmedia":[{"embeddable":true,"href":"https:\/\/maisondoramaar.org\/fr\/wp-json\/wp\/v2\/media\/8757"}],"wp:attachment":[{"href":"https:\/\/maisondoramaar.org\/fr\/wp-json\/wp\/v2\/media?parent=7386"}],"curies":[{"name":"wp","href":"https:\/\/api.w.org\/{rel}","templated":true}]}}